[{"id":39026,"date":"2026-04-29T16:14:53","date_gmt":"2026-04-29T20:14:53","guid":{"rendered":"https:\/\/miamibookfair.com\/?post_type=program&#038;p=39026"},"modified":"2026-04-29T16:21:26","modified_gmt":"2026-04-29T20:21:26","slug":"premio-paz-de-poesia","status":"publish","type":"program","link":"http:\/\/miamibookfair.com\/es\/program\/premio-paz-de-poesia\/","title":{"rendered":"Premio Paz de Poes\u00eda"},"content":{"rendered":"<div data-elementor-type=\"wp-post\" data-elementor-id=\"39026\" class=\"elementor elementor-39026\" data-elementor-post-type=\"program\">\n\t\t\t\t<div class=\"elementor-element elementor-element-a748465 e-flex e-con-boxed e-con e-parent\" data-id=\"a748465\" data-element_type=\"container\" data-e-type=\"container\">\n\t\t\t\t\t<div class=\"e-con-inner\">\n\t\t\t\t<div class=\"elementor-element elementor-element-a219b43 elementor-widget elementor-widget-text-editor\" data-id=\"a219b43\" data-element_type=\"widget\" data-e-type=\"widget\" data-widget_type=\"text-editor.default\">\n\t\t\t\t\t\t<div class=\"elementor-widget-container\">\n\t\t\t\t\t\t\t\t\t<p class=\"MsoNormal\" style=\"margin: 0in 0in 12pt; border: none; padding: 0in; font-size: 12pt; font-family: 'Times New Roman', serif; color: #000000;\"><b><span lang=\"EN\" style=\"font-size: 11pt; font-family: Arial, sans-serif;\">\u00a1Atenci\u00f3n, poetas! <\/span><\/b><span lang=\"EN\" style=\"font-size: 11pt; font-family: Arial, sans-serif;\">La prestigiosa <b>Feria del Libro de Miami <\/b>(MBF) del <b>Miami Dade College <\/b>(MDC), en colaboraci\u00f3n con <b>The National Poetry Series<\/b>, anuncia el regreso del <b>Premio Paz de Poes\u00eda. <\/b>El plazo de presentaci\u00f3n de solicitudes para la edici\u00f3n de este a\u00f1o es del <b>1 de mayo al 15 de junio.<\/b><\/span><\/p><div style=\"color: #000000; font-size: medium; border: 1pt none black; padding: 0in;\"><p class=\"MsoNormal\" style=\"margin: 0in; border-top: none; border-right: none; border-bottom: 0in none black; border-left: none; border-image: initial; padding: 0in; font-size: 12pt; font-family: 'Times New Roman', serif;\"><span lang=\"EN\" style=\"font-size: 11pt; font-family: Arial, sans-serif;\">El\u00a0premio bienal, que lleva el nombre del fallecido poeta mexicano y <b>Premio Nobel\u00a0Octavio Paz<\/b>, se le otorgar\u00e1 a un\u00a0poemario que no haya sido\u00a0publicado\u00a0previamente, escrito originalmente en espa\u00f1ol por un(a)\u00a0poeta\u00a0residente en los Estados Unidos.\u00a0<b>El libro ganador\u00a0ser\u00e1 publicado en una\u00a0edici\u00f3n\u00a0biling\u00fce por la ilustre editorial\u00a0independiente Akashic Press, y su autor(a) recibir\u00e1 un premio de\u00a0$2.000 en efectivo.\u00a0<\/b>El destacado poeta y acad\u00e9mico <\/span><span lang=\"EN\" style=\"font-size: 11pt; font-family: Arial, sans-serif; color: #292a2e; background-image: initial; background-position: initial; background-size: initial; background-repeat: initial; background-attachment: initial; background-origin: initial; background-clip: initial;\">Miguel \u00c1ngel Zapata <\/span><span lang=\"EN\" style=\"font-size: 11pt; font-family: Arial, sans-serif;\">se\u00a0desempe\u00f1ar\u00e1 como <\/span><span lang=\"EN\" style=\"font-size: 11pt; font-family: Arial, sans-serif;\">juez. Entre los ganadores de ediciones anteriores se encuentran Maria Auxiliadora Alvarez por su manuscrito <i>Un sol\u00a0ca\u00eddo\u00a0Avanza<\/i>, Oneyda Gonz\u00e1lez<b> <\/b>por\u00a0<i>El lazo infinito<\/i>, Dinapiera\u00a0Di Donato por \u00a0<i>Colaterales<\/i>, Carlos Pintado por\u00a0\u00a0<i>Nueve<\/i> <i>Monedas\/Nine coins<\/i>,\u00a0Legna\u00a0Rodr\u00edguez Iglesias por <i>Miami Century\u00a0Fox<\/i>\u00a0y\u00a0Johanny V\u00e1zquez Paz con\u00a0<i>Ofrezco mi coraz\u00f3n como una diana<\/i>.<\/span><\/p><p class=\"MsoNormal\" style=\"margin: 0in; border: none; padding: 0in; font-size: 12pt; font-family: 'Times New Roman', serif;\"><span lang=\"EN\" style=\"font-size: 11pt; font-family: Arial, sans-serif;\">\u00a0<\/span><\/p><\/div><p class=\"MsoNormal\" style=\"margin: 0in 0in 12pt; border: none; padding: 0in; font-size: 12pt; font-family: 'Times New Roman', serif; color: #000000;\"><span lang=\"EN\" style=\"font-size: 11pt; font-family: Arial, sans-serif;\">En ediciones previas han participado m\u00e1s de doscientos poetas estadounidenses. Adem\u00e1s del premio en efectivo, los ganadores son invitados a leer sus poemas en la Feria del Libro de Miami y tienen la oportunidad de presentar sus libros en otros eventos nacionales.<\/span><\/p><div style=\"color: #000000; font-size: medium; border: 1pt none black; padding: 0in;\"><p class=\"MsoNormal\" style=\"margin: 0in; border-top: none; border-right: none; border-bottom: 0in none black; border-left: none; border-image: initial; padding: 0in; font-size: 12pt; font-family: 'Times New Roman', serif;\"><span lang=\"EN\" style=\"font-size: 11pt; font-family: Arial, sans-serif;\">\u201cEl Premio Paz de Poes\u00eda reafirma, en su edici\u00f3n 2026, algo que a veces se olvida: que escribir en espa\u00f1ol en Estados Unidos no es un gesto marginal, sino una forma activa de intervenir en la cultura. Este premio no solo reconoce un libro in\u00e9dito, sino que lo proyecta \u2014en edici\u00f3n biling\u00fce\u2014 hacia nuevos lectores y territorios, ampliando el alcance de voces que merecen ser escuchadas en ambos idiomas.\u201d &#8211; Mariela Gal, Directora de Programas en Espa\u00f1ol, Miami Book Fair &#8211;<\/span><\/p><\/div>\t\t\t\t\t\t\t\t<\/div>\n\t\t\t\t<\/div>\n\t\t\t\t<div class=\"elementor-element elementor-element-92eed72 elementor-widget elementor-widget-spacer\" data-id=\"92eed72\" data-element_type=\"widget\" data-e-type=\"widget\" data-widget_type=\"spacer.default\">\n\t\t\t\t\t\t<div class=\"elementor-widget-container\">\n\t\t\t\t\t\t\t<div class=\"elementor-spacer\">\n\t\t\t<div class=\"elementor-spacer-inner\"><\/div>\n\t\t<\/div>\n\t\t\t\t\t\t<\/div>\n\t\t\t\t<\/div>\n\t\t\t\t\t<\/div>\n\t\t\t\t<\/div>\n\t\t<div class=\"elementor-element elementor-element-e793866 e-flex e-con-boxed e-con e-parent\" data-id=\"e793866\" data-element_type=\"container\" data-e-type=\"container\">\n\t\t\t\t\t<div class=\"e-con-inner\">\n\t\t\t\t<div class=\"elementor-element elementor-element-898b651 elementor-align-center elementor-widget elementor-widget-button\" data-id=\"898b651\" data-element_type=\"widget\" data-e-type=\"widget\" data-widget_type=\"button.default\">\n\t\t\t\t\t\t<div class=\"elementor-widget-container\">\n\t\t\t\t\t\t\t\t\t<div class=\"elementor-button-wrapper\">\n\t\t\t\t\t<a class=\"elementor-button elementor-button-link elementor-size-sm\" href=\"https:\/\/thenationalpoetryseries.submittable.com\/submit\">\n\t\t\t\t\t\t<span class=\"elementor-button-content-wrapper\">\n\t\t\t\t\t\t<span class=\"elementor-button-icon\">\n\t\t\t\t<i aria-hidden=\"true\" class=\"fas fa-paper-plane\"><\/i>\t\t\t<\/span>\n\t\t\t\t\t\t\t\t\t<span class=\"elementor-button-text\">Aplica aqu\u00ed<\/span>\n\t\t\t\t\t<\/span>\n\t\t\t\t\t<\/a>\n\t\t\t\t<\/div>\n\t\t\t\t\t\t\t\t<\/div>\n\t\t\t\t<\/div>\n\t\t\t\t\t<\/div>\n\t\t\t\t<\/div>\n\t\t<div class=\"elementor-element elementor-element-6121ca5 e-flex e-con-boxed e-con e-parent\" data-id=\"6121ca5\" data-element_type=\"container\" data-e-type=\"container\">\n\t\t\t\t\t<div class=\"e-con-inner\">\n\t\t\t\t<div class=\"elementor-element elementor-element-37db171 elementor-widget elementor-widget-spacer\" data-id=\"37db171\" data-element_type=\"widget\" data-e-type=\"widget\" data-widget_type=\"spacer.default\">\n\t\t\t\t\t\t<div class=\"elementor-widget-container\">\n\t\t\t\t\t\t\t<div class=\"elementor-spacer\">\n\t\t\t<div class=\"elementor-spacer-inner\"><\/div>\n\t\t<\/div>\n\t\t\t\t\t\t<\/div>\n\t\t\t\t<\/div>\n\t\t\t\t<div class=\"elementor-element elementor-element-6b75583 elementor-widget elementor-widget-text-editor\" data-id=\"6b75583\" data-element_type=\"widget\" data-e-type=\"widget\" data-widget_type=\"text-editor.default\">\n\t\t\t\t\t\t<div class=\"elementor-widget-container\">\n\t\t\t\t\t\t\t\t\t<p>Para m\u00e1s informaci\u00f3n puede contactar a Gabi Graceffo: <a href=\"mailto:gabigraceffo@nationalpoetryseries.org\">gabigraceffo@nationalpoetryseries.org<\/a><\/p><p><strong>Los manuscritos ser\u00e1n recibidos entre el 1 de mayo y el 15 de junio<\/strong> <strong>\u00fanicamente en: <a href=\"https:\/\/thenationalpoetryseries.submittable.com\/submit\">https:\/\/thenationalpoetryseries.submittable.com\/submit<\/a><\/strong><\/p><p><strong>The National Poetry Series<\/strong> fue creada en 1978 por Daniel Halpern y James Michener para garantizar la publicaci\u00f3n de cinco poemarios anualmente mediante casas editoriales participantes. Desde la fundaci\u00f3n de la Serie se han premiado m\u00e1s de 175 libros. Entre los miembros de la junta asesora para el otorgamiento del premio est\u00e1n Julia Alvarez, Sandra Cisneros, Cristina Garc\u00eda, Mitchell Kaplan, Campbell McGrath, Pablo Medina, Gary Soto, Ilan Stavans y Luisa Valenzuela.<\/p><p><strong>La Feria del Libro de Miami,<\/strong> considerada como la reuni\u00f3n literaria m\u00e1s grande y mejor de los Estados Unidos, es parte del Departamento de Asuntos Culturales del Miami Dade College. Adem\u00e1s del festival de ocho d\u00edas que se realiza en el Wolfson Campus del College en Downtown Miami, la Feria del Libro de Miami presenta programas literarios durante todo el a\u00f1o. La Feria del Libro de Miami es posible gracias al apoyo generoso del Estado de la Florida y el National Endowment for the Arts; la Ciudad de Miami; el Departamento de Asuntos Culturales y el Consejo de Asuntos Culturales del Condado Miami-Dade; el Alcalde y la Junta de Comisionados del Condado Miami-Dade; las Escuelas P\u00fablicas del Condado Miami-Dade; la Oficina de Convenciones y Visitantes del Gran Miami; el Departamento de Desarrollo del Downtown de Miami y los Amigos de la Feria, as\u00ed como numerosos colaboradores corporativos.<\/p><p><strong>Miami Dade College<\/strong> (MDC) es la instituci\u00f3n universitaria radicada en el campus m\u00e1s grande de la naci\u00f3n, con una matr\u00edcula superior a los 120,000 alumnos. Es, adem\u00e1s, la principal instituci\u00f3n en cuanto a\u00a0 entrega de diplomas de Asociados en Artes y Asociados en Ciencias de la Naci\u00f3n, y otorga m\u00e1s t\u00edtulos a alumnos pertenecientes a las minor\u00edas \u00e9tnicas que los dem\u00e1s colleges y universidades del pa\u00eds. Los ocho campus y centros de apoyo del College ofrecen m\u00e1s de 300 programas diferentes, entre ellos, varios diplomas de licenciaturas en Educaci\u00f3n, Administraci\u00f3n de Seguridad P\u00fablica, Supervisi\u00f3n y Gerencia, Enfermer\u00eda, Estudios de Asistente M\u00e9dico, Cine e Ingenier\u00eda. Sus programas acad\u00e9micos y de capacitaci\u00f3n de la fuerza laboral han servido como modelos nacionales de excelencia. El MDC es reconocido por su rica programaci\u00f3n cultural. Es sede de la Feria del Libro de Miami, del Festival de Cine de Miami, de la serie de presentaciones esc\u00e9nicas <em>Artes en Vivo Miami<\/em>, de la Torre de la Libertad, monumento hist\u00f3rico nacional; de un parque de esculturas y de un extenso sistema de galer\u00edas de arte y teatros. Desde su inauguraci\u00f3n en 1960, el MDC ha prestado servicios a m\u00e1s de dos millones de estudiantes.\u00a0<\/p>\t\t\t\t\t\t\t\t<\/div>\n\t\t\t\t<\/div>\n\t\t\t\t\t<\/div>\n\t\t\t\t<\/div>\n\t\t\t\t<\/div>","protected":false},"featured_media":24674,"template":"","meta":{"_acf_changed":true,"_links_to":"","_links_to_target":""},"event-type":[],"featured-image-status":[],"program-name":[],"class_list":["post-39026","program","type-program","status-publish","has-post-thumbnail","hentry"],"acf":[],"yoast_head":"<!-- This site is optimized with the Yoast SEO plugin v27.4 - https:\/\/yoast.com\/product\/yoast-seo-wordpress\/ -->\n<title>Premio Paz de Poes\u00eda - Miami Book Fair<\/title>\n<meta name=\"robots\" content=\"index, follow, max-snippet:-1, max-image-preview:large, max-video-preview:-1\" \/>\n<link rel=\"canonical\" href=\"https:\/\/miamibookfair.com\/es\/program\/premio-paz-de-poesia\/\" \/>\n<meta property=\"og:locale\" content=\"es_ES\" \/>\n<meta property=\"og:type\" content=\"article\" \/>\n<meta property=\"og:title\" content=\"Premio Paz de Poes\u00eda - Miami Book Fair\" \/>\n<meta property=\"og:description\" content=\"\u00a1Atenci\u00f3n, poetas! La prestigiosa Feria del Libro de Miami (MBF) del Miami Dade College (MDC), en colaboraci\u00f3n con The National Poetry Series, anuncia el regreso del Premio Paz de Poes\u00eda. El plazo de presentaci\u00f3n de solicitudes para la edici\u00f3n de este a\u00f1o es del 1 de mayo al 15 de junio. El\u00a0premio bienal, que lleva [&hellip;]\" \/>\n<meta property=\"og:url\" content=\"https:\/\/miamibookfair.com\/es\/program\/premio-paz-de-poesia\/\" \/>\n<meta property=\"og:site_name\" content=\"Miami Book Fair\" \/>\n<meta property=\"article:modified_time\" content=\"2026-04-29T20:21:26+00:00\" \/>\n<meta property=\"og:image\" content=\"https:\/\/miamibookfair.com\/wp-content\/uploads\/paz-noyear.jpg\" \/>\n\t<meta property=\"og:image:width\" content=\"400\" \/>\n\t<meta property=\"og:image:height\" content=\"400\" \/>\n\t<meta property=\"og:image:type\" content=\"image\/jpeg\" \/>\n<meta name=\"twitter:card\" content=\"summary_large_image\" \/>\n<meta name=\"twitter:label1\" content=\"Est. reading time\" \/>\n\t<meta name=\"twitter:data1\" content=\"4 minutos\" \/>\n<script type=\"application\/ld+json\" class=\"yoast-schema-graph\">{\"@context\":\"https:\\\/\\\/schema.org\",\"@graph\":[{\"@type\":\"WebPage\",\"@id\":\"https:\\\/\\\/miamibookfair.com\\\/program\\\/premio-paz-de-poesia\\\/\",\"url\":\"https:\\\/\\\/miamibookfair.com\\\/program\\\/premio-paz-de-poesia\\\/\",\"name\":\"Premio Paz de Poes\u00eda - Miami Book Fair\",\"isPartOf\":{\"@id\":\"https:\\\/\\\/miamibookfair.com\\\/#website\"},\"primaryImageOfPage\":{\"@id\":\"https:\\\/\\\/miamibookfair.com\\\/program\\\/premio-paz-de-poesia\\\/#primaryimage\"},\"image\":{\"@id\":\"https:\\\/\\\/miamibookfair.com\\\/program\\\/premio-paz-de-poesia\\\/#primaryimage\"},\"thumbnailUrl\":\"https:\\\/\\\/miamibookfair.com\\\/wp-content\\\/uploads\\\/paz-noyear.jpg\",\"datePublished\":\"2026-04-29T20:14:53+00:00\",\"dateModified\":\"2026-04-29T20:21:26+00:00\",\"breadcrumb\":{\"@id\":\"https:\\\/\\\/miamibookfair.com\\\/program\\\/premio-paz-de-poesia\\\/#breadcrumb\"},\"inLanguage\":\"es-DO\",\"potentialAction\":[{\"@type\":\"ReadAction\",\"target\":[\"https:\\\/\\\/miamibookfair.com\\\/program\\\/premio-paz-de-poesia\\\/\"]}]},{\"@type\":\"ImageObject\",\"inLanguage\":\"es-DO\",\"@id\":\"https:\\\/\\\/miamibookfair.com\\\/program\\\/premio-paz-de-poesia\\\/#primaryimage\",\"url\":\"https:\\\/\\\/miamibookfair.com\\\/wp-content\\\/uploads\\\/paz-noyear.jpg\",\"contentUrl\":\"https:\\\/\\\/miamibookfair.com\\\/wp-content\\\/uploads\\\/paz-noyear.jpg\",\"width\":400,\"height\":400},{\"@type\":\"BreadcrumbList\",\"@id\":\"https:\\\/\\\/miamibookfair.com\\\/program\\\/premio-paz-de-poesia\\\/#breadcrumb\",\"itemListElement\":[{\"@type\":\"ListItem\",\"position\":1,\"name\":\"Home\",\"item\":\"https:\\\/\\\/miamibookfair.com\\\/\"},{\"@type\":\"ListItem\",\"position\":2,\"name\":\"Premio Paz de Poes\u00eda\"}]},{\"@type\":\"WebSite\",\"@id\":\"https:\\\/\\\/miamibookfair.com\\\/#website\",\"url\":\"https:\\\/\\\/miamibookfair.com\\\/\",\"name\":\"Miami Book Fair\",\"description\":\"\",\"potentialAction\":[{\"@type\":\"SearchAction\",\"target\":{\"@type\":\"EntryPoint\",\"urlTemplate\":\"https:\\\/\\\/miamibookfair.com\\\/?s={search_term_string}\"},\"query-input\":{\"@type\":\"PropertyValueSpecification\",\"valueRequired\":true,\"valueName\":\"search_term_string\"}}],\"inLanguage\":\"es-DO\"}]}<\/script>\n<!-- \/ Yoast SEO plugin. -->","yoast_head_json":{"title":"Premio Paz de Poes\u00eda - Miami Book Fair","robots":{"index":"index","follow":"follow","max-snippet":"max-snippet:-1","max-image-preview":"max-image-preview:large","max-video-preview":"max-video-preview:-1"},"canonical":"https:\/\/miamibookfair.com\/es\/program\/premio-paz-de-poesia\/","og_locale":"es_ES","og_type":"article","og_title":"Premio Paz de Poes\u00eda - Miami Book Fair","og_description":"\u00a1Atenci\u00f3n, poetas! La prestigiosa Feria del Libro de Miami (MBF) del Miami Dade College (MDC), en colaboraci\u00f3n con The National Poetry Series, anuncia el regreso del Premio Paz de Poes\u00eda. El plazo de presentaci\u00f3n de solicitudes para la edici\u00f3n de este a\u00f1o es del 1 de mayo al 15 de junio. El\u00a0premio bienal, que lleva [&hellip;]","og_url":"https:\/\/miamibookfair.com\/es\/program\/premio-paz-de-poesia\/","og_site_name":"Miami Book Fair","article_modified_time":"2026-04-29T20:21:26+00:00","og_image":[{"width":400,"height":400,"url":"https:\/\/miamibookfair.com\/wp-content\/uploads\/paz-noyear.jpg","type":"image\/jpeg"}],"twitter_card":"summary_large_image","twitter_misc":{"Est. reading time":"4 minutos"},"schema":{"@context":"https:\/\/schema.org","@graph":[{"@type":"WebPage","@id":"https:\/\/miamibookfair.com\/program\/premio-paz-de-poesia\/","url":"https:\/\/miamibookfair.com\/program\/premio-paz-de-poesia\/","name":"Premio Paz de Poes\u00eda - Miami Book Fair","isPartOf":{"@id":"https:\/\/miamibookfair.com\/#website"},"primaryImageOfPage":{"@id":"https:\/\/miamibookfair.com\/program\/premio-paz-de-poesia\/#primaryimage"},"image":{"@id":"https:\/\/miamibookfair.com\/program\/premio-paz-de-poesia\/#primaryimage"},"thumbnailUrl":"https:\/\/miamibookfair.com\/wp-content\/uploads\/paz-noyear.jpg","datePublished":"2026-04-29T20:14:53+00:00","dateModified":"2026-04-29T20:21:26+00:00","breadcrumb":{"@id":"https:\/\/miamibookfair.com\/program\/premio-paz-de-poesia\/#breadcrumb"},"inLanguage":"es-DO","potentialAction":[{"@type":"ReadAction","target":["https:\/\/miamibookfair.com\/program\/premio-paz-de-poesia\/"]}]},{"@type":"ImageObject","inLanguage":"es-DO","@id":"https:\/\/miamibookfair.com\/program\/premio-paz-de-poesia\/#primaryimage","url":"https:\/\/miamibookfair.com\/wp-content\/uploads\/paz-noyear.jpg","contentUrl":"https:\/\/miamibookfair.com\/wp-content\/uploads\/paz-noyear.jpg","width":400,"height":400},{"@type":"BreadcrumbList","@id":"https:\/\/miamibookfair.com\/program\/premio-paz-de-poesia\/#breadcrumb","itemListElement":[{"@type":"ListItem","position":1,"name":"Home","item":"https:\/\/miamibookfair.com\/"},{"@type":"ListItem","position":2,"name":"Premio Paz de Poes\u00eda"}]},{"@type":"WebSite","@id":"https:\/\/miamibookfair.com\/#website","url":"https:\/\/miamibookfair.com\/","name":"Miami Book Fair","description":"","potentialAction":[{"@type":"SearchAction","target":{"@type":"EntryPoint","urlTemplate":"https:\/\/miamibookfair.com\/?s={search_term_string}"},"query-input":{"@type":"PropertyValueSpecification","valueRequired":true,"valueName":"search_term_string"}}],"inLanguage":"es-DO"}]}},"_links":{"self":[{"href":"http:\/\/miamibookfair.com\/es\/wp-json\/wp\/v2\/program\/39026","targetHints":{"allow":["GET"]}}],"collection":[{"href":"http:\/\/miamibookfair.com\/es\/wp-json\/wp\/v2\/program"}],"about":[{"href":"http:\/\/miamibookfair.com\/es\/wp-json\/wp\/v2\/types\/program"}],"version-history":[{"count":0,"href":"http:\/\/miamibookfair.com\/es\/wp-json\/wp\/v2\/program\/39026\/revisions"}],"wp:featuredmedia":[{"embeddable":true,"href":"http:\/\/miamibookfair.com\/es\/wp-json\/wp\/v2\/media\/24674"}],"wp:attachment":[{"href":"http:\/\/miamibookfair.com\/es\/wp-json\/wp\/v2\/media?parent=39026"}],"wp:term":[{"taxonomy":"event-type","embeddable":true,"href":"http:\/\/miamibookfair.com\/es\/wp-json\/wp\/v2\/event-type?post=39026"},{"taxonomy":"featured-image-status","embeddable":true,"href":"http:\/\/miamibookfair.com\/es\/wp-json\/wp\/v2\/featured-image-status?post=39026"},{"taxonomy":"program-name","embeddable":true,"href":"http:\/\/miamibookfair.com\/es\/wp-json\/wp\/v2\/program-name?post=39026"}],"curies":[{"name":"wp","href":"https:\/\/api.w.org\/{rel}","templated":true}]}},{"id":38723,"date":"2026-04-06T16:13:00","date_gmt":"2026-04-06T20:13:00","guid":{"rendered":"https:\/\/miamibookfair.com\/?post_type=program&#038;p=38723"},"modified":"2026-04-26T17:41:24","modified_gmt":"2026-04-26T21:41:24","slug":"little-haiti-book-festival","status":"publish","type":"program","link":"http:\/\/miamibookfair.com\/es\/program\/little-haiti-book-festival\/","title":{"rendered":"Festival de Libros de Little Haiti"},"content":{"rendered":"<div data-elementor-type=\"wp-post\" data-elementor-id=\"38723\" class=\"elementor elementor-38723\" data-elementor-post-type=\"program\">\n\t\t\t\t<div class=\"elementor-element elementor-element-fbaabbf e-con-full e-flex e-con e-parent\" data-id=\"fbaabbf\" data-element_type=\"container\" data-e-type=\"container\">\n\t\t\t\t<div class=\"elementor-element elementor-element-089c218 elementor-widget elementor-widget-text-editor\" data-id=\"089c218\" data-element_type=\"widget\" data-e-type=\"widget\" data-widget_type=\"text-editor.default\">\n\t\t\t\t\t\t<div class=\"elementor-widget-container\">\n\t\t\t\t\t\t\t\t\t<p><strong><img decoding=\"async\" class=\"size-full wp-image-38730 alignright\" src=\"https:\/\/miamibookfair.com\/wp-content\/uploads\/whlchr-n-100x100-2.jpg\" alt=\"\" width=\"100\" height=\"100\" srcset=\"https:\/\/miamibookfair.com\/wp-content\/uploads\/whlchr-n-100x100-2.jpg 100w, https:\/\/miamibookfair.com\/wp-content\/uploads\/whlchr-n-100x100-2-12x12.jpg 12w\" sizes=\"(max-width: 100px) 100vw, 100px\" \/>Feria del Libro de Miami<\/strong> y <strong>Sociedad Koukouy<\/strong> \u00a1se enorgullecen de presentar el Festival del Libro de Little Haiti 2026! \u00dananse a nosotros para celebrar la rica cultura y el talento literario de Hait\u00ed y la di\u00e1spora haitiana. Este a\u00f1o, el festival se llevar\u00e1 a cabo tanto en persona como en l\u00ednea, brindando una plataforma vibrante para que autores, artistas y l\u00edderes comunitarios compartan su trabajo y perspectivas. El LHBF presenta un programa diverso que abarca narraci\u00f3n de cuentos y actividades pr\u00e1cticas para ni\u00f1os, din\u00e1micas presentaciones de danza y m\u00fasica, juegos tradicionales haitianos y un espect\u00e1culo de comedia. Las atractivas mesas redondas, complementadas con sesiones interactivas, analizar\u00e1n temas que invitan a la reflexi\u00f3n. Un encuentro comunitario brinda la oportunidad de conectarse con invitados distinguidos y l\u00edderes locales de Little Haiti. Esta selecci\u00f3n curada de eventos est\u00e1 dise\u00f1ada para entretener y educar, reflejando la dedicaci\u00f3n del festival a la celebraci\u00f3n cultural y el discurso intelectual.<\/p>\t\t\t\t\t\t\t\t<\/div>\n\t\t\t\t<\/div>\n\t\t\t\t<div class=\"elementor-element elementor-element-2215c83 elementor-widget-divider--view-line elementor-widget elementor-widget-divider\" data-id=\"2215c83\" data-element_type=\"widget\" data-e-type=\"widget\" data-widget_type=\"divider.default\">\n\t\t\t\t\t\t<div class=\"elementor-widget-container\">\n\t\t\t\t\t\t\t<div class=\"elementor-divider\">\n\t\t\t<span class=\"elementor-divider-separator\">\n\t\t\t\t\t\t<\/span>\n\t\t<\/div>\n\t\t\t\t\t\t<\/div>\n\t\t\t\t<\/div>\n\t\t\t\t<div class=\"elementor-element elementor-element-4d35378 elementor-widget elementor-widget-spacer\" data-id=\"4d35378\" data-element_type=\"widget\" data-e-type=\"widget\" data-widget_type=\"spacer.default\">\n\t\t\t\t\t\t<div class=\"elementor-widget-container\">\n\t\t\t\t\t\t\t<div class=\"elementor-spacer\">\n\t\t\t<div class=\"elementor-spacer-inner\"><\/div>\n\t\t<\/div>\n\t\t\t\t\t\t<\/div>\n\t\t\t\t<\/div>\n\t\t\t\t<div class=\"elementor-element elementor-element-0d82300 elementor-align-center elementor-widget elementor-widget-button\" data-id=\"0d82300\" data-element_type=\"widget\" data-e-type=\"widget\" data-widget_type=\"button.default\">\n\t\t\t\t\t\t<div class=\"elementor-widget-container\">\n\t\t\t\t\t\t\t\t\t<div class=\"elementor-button-wrapper\">\n\t\t\t\t\t<a class=\"elementor-button elementor-button-link elementor-size-sm\" href=\"https:\/\/miamibookfair.com\/wp-content\/uploads\/LHBF-Guide-2026_ONLINE-VS02.pdf\">\n\t\t\t\t\t\t<span class=\"elementor-button-content-wrapper\">\n\t\t\t\t\t\t<span class=\"elementor-button-icon\">\n\t\t\t\t<i aria-hidden=\"true\" class=\"far fa-file-pdf\"><\/i>\t\t\t<\/span>\n\t\t\t\t\t\t\t\t\t<span class=\"elementor-button-text\">Download 2026 LHBF Guide<\/span>\n\t\t\t\t\t<\/span>\n\t\t\t\t\t<\/a>\n\t\t\t\t<\/div>\n\t\t\t\t\t\t\t\t<\/div>\n\t\t\t\t<\/div>\n\t\t\t\t<div class=\"elementor-element elementor-element-0a35e6c elementor-widget elementor-widget-spacer\" data-id=\"0a35e6c\" data-element_type=\"widget\" data-e-type=\"widget\" data-widget_type=\"spacer.default\">\n\t\t\t\t\t\t<div class=\"elementor-widget-container\">\n\t\t\t\t\t\t\t<div class=\"elementor-spacer\">\n\t\t\t<div class=\"elementor-spacer-inner\"><\/div>\n\t\t<\/div>\n\t\t\t\t\t\t<\/div>\n\t\t\t\t<\/div>\n\t\t\t\t<div class=\"elementor-element elementor-element-1091fa8 elementor-widget elementor-widget-menu-anchor\" data-id=\"1091fa8\" data-element_type=\"widget\" data-e-type=\"widget\" data-widget_type=\"menu-anchor.default\">\n\t\t\t\t\t\t<div class=\"elementor-widget-container\">\n\t\t\t\t\t\t\t<div class=\"elementor-menu-anchor\" id=\"schedule\"><\/div>\n\t\t\t\t\t\t<\/div>\n\t\t\t\t<\/div>\n\t\t\t\t<div class=\"elementor-element elementor-element-b5901cd elementor-widget elementor-widget-text-editor\" data-id=\"b5901cd\" data-element_type=\"widget\" data-e-type=\"widget\" data-widget_type=\"text-editor.default\">\n\t\t\t\t\t\t<div class=\"elementor-widget-container\">\n\t\t\t\t\t\t\t\t\t<h3>PROGRAMA PRESENCIAL 2026 \u2013 3 DE MAYO<\/h3><h5>MERCADO<\/h5><p><b>Todo el d\u00eda<\/b><span style=\"font-weight: 400;\"> Un destino vibrante con expositores, vendedores de comida y una feria del libro con autores y editoriales locales que ofrecen libros en ingl\u00e9s, criollo haitiano y franc\u00e9s.<\/span><\/p><p><span style=\"color: inherit; font-family: Midiet, sans-serif; font-size: 48px; font-weight: bold;\">\u00a0<\/span><\/p><h5><span style=\"font-weight: 400;\">PATIO<\/span><\/h5><p><b>Todo el d\u00eda: Ritmos haitianos que te har\u00e1n latir el coraz\u00f3n con DJ Nickymix<br \/><\/b>Desde los sonidos din\u00e1micos del konpa hasta los ritmos conmovedores del roots y los ecos ancestrales del rara, <b>DJ Nickymix<\/b> selecciona con maestr\u00eda una lista de reproducci\u00f3n que encarna el esp\u00edritu de Hait\u00ed.\u00a0<\/p><p><b>Todo el d\u00eda: Descubre la magia<br \/><\/b>Embajador cultural y defensor de la creatividad, <b>Mecca \u201cGrimo\u201d Marcelin<\/b> te entretendr\u00e1 y te guiar\u00e1 a lo largo de la experiencia del festival mientras disfrutas de la m\u00fasica de fondo del DJ Nickymix.\u00a0<\/p><p><b>Todo el d\u00eda: Libros gratis para ni\u00f1os<br \/><\/b>Cortes\u00eda de la Feria del Libro de Miami y el programa Libros Gratis de The Children\u2019s Trust.\u00a0<\/p><p><b>12 p. m. Koukouy a la Mode<br \/><\/b>Un desfile de moda din\u00e1mico presentado por Sosyete Koukouy, con dise\u00f1os audaces inspirados en la cultura haitiana, fusionando tradici\u00f3n y estilo contempor\u00e1neo en una celebraci\u00f3n de identidad.<\/p><p><b>3 p. m. Presentaci\u00f3n de NSL Danse Ensemble<br \/><\/b>Presentando aut\u00e9nticas danzas folkl\u00f3ricas haitianas que te transportar\u00e1n a otro tiempo y lugar.<\/p><p><b>4 p. m. M\u00fasica en vivo con Ralph Caze<br \/><\/b>Una actuaci\u00f3n de alta energ\u00eda que fusiona jazz, funk y ritmos haitianos, ofreciendo un set electrizante que celebra la riqueza y versatilidad del sonido caribe\u00f1o.\u00a0<\/p><p><span style=\"color: inherit; font-family: Midiet, sans-serif; font-size: 48px; font-weight: bold;\">\u00a0<\/span><\/p><h5><span style=\"font-weight: 400;\">CALLEJ\u00d3N INFANTIL<\/span><\/h5><p><b>Todo el D\u00eda: Crea! Estudio de Arte para Ni\u00f1os con GO GO MOAD<\/b><span style=\"font-weight: 400;\">\u00a0<br \/>Sumerge a los ni\u00f1os en el arte y la cultura haitiana a trav\u00e9s de actividades pr\u00e1cticas y l\u00fadicas dise\u00f1adas para despertar la imaginaci\u00f3n. La experiencia de este a\u00f1o invita a los participantes a crear, explorar y moverse mientras dan vida a sus ideas a trav\u00e9s de obras de arte colaborativas. Adem\u00e1s, disfruta de interesantes rompecabezas hist\u00f3ricos de <\/span><b>Hora de Juego Hait\u00ed,<\/b><span style=\"font-weight: 400;\"> aportando una dosis extra de diversi\u00f3n y descubrimiento inspirada en el vibrante pasado de Hait\u00ed.<\/span><\/p><p><b>11 a.m. Cuentacuentos con Liliane N\u00e9rette Louis<br \/><\/b>Embajador cultural <b>Liliane N\u00e9rette Louis <\/b>da vida a la tradici\u00f3n con cuentos populares haitianos muy queridos. Re\u00fananse para una animada sesi\u00f3n de tim-tim bwa s\u00e8ch, donde las historias, el ritmo y la participaci\u00f3n del p\u00fablico mantienen vivo el esp\u00edritu de la tradici\u00f3n oral haitiana para ni\u00f1os y familias por igual.\u00a0<\/p><p><b>12 p.m. Cuentacuentos, Ritmo y Tambores con Yanui<br \/><\/b>Siente el pulso de Hait\u00ed a trav\u00e9s de <b>Yanui<\/b>\u2019su din\u00e1mica mezcla de historias y percusi\u00f3n. Una favorita de <b>Tradici\u00f3n de la Casa de la Comunidad<\/b>, ella invita a los ni\u00f1os a moverse, escuchar y crear ritmo juntos.\u00a0\u00a0<\/p><p><b>1 p. m. Hora del cuento con Annick Duvivier<br \/><\/b>Artista y autora haitiano-estadounidense <b>Annick Duvivier<\/b> invita a los ni\u00f1os al colorido mundo de su historia biling\u00fce <i>James y Marie se hacen amigos<\/i>, un cuento alegre que celebra la amistad, la cultura y la conexi\u00f3n entre Hait\u00ed y los Estados Unidos. A trav\u00e9s de narraciones cautivadoras e interacci\u00f3n animada, los j\u00f3venes lectores descubren el poder de la bondad, la curiosidad y el orgullo cultural.\u00a0<\/p><p><b>2 p. m. <\/b><b><i>Voy a preparar t\u00e9 <\/i><\/b><b>With M. Ketsia Theodore-Pharel<\/b><b><br \/><\/b>Una sesi\u00f3n de cuentos c\u00e1lida y cautivadora en la que se invita a los ni\u00f1os a escuchar, imaginar y participar. Perfecta para que los peque\u00f1os lectores y sus familias disfruten juntos.\u00a0<\/p><p><b>3 P.M. Storytime With North Miami Beach Commissioner Daniela Jean<br \/><\/b><span style=\"font-weight: 400;\">Author, educator, and public servant Commissioner Daniela Jean invites children and families to a special reading of her children\u2019s book <\/span><i><span style=\"font-weight: 400;\">From the Classroom to City Hall<\/span><\/i><span style=\"font-weight: 400;\">. Through storytelling and conversation, she shares a journey built on education, leadership, and community, encouraging young readers to imagine their own paths and possibilities. This interactive session offers a moment for children to listen, ask questions, and connect with a story that highlights growth, purpose, and the power of learning.<br \/><span style=\"color: inherit; font-family: Midiet, sans-serif; font-size: 48px; font-weight: bold;\">\u00a0<\/span><br \/><\/span><\/p><h5><span style=\"font-weight: 400;\">EN EL EDIFICIO<\/span><\/h5><p><b>11 a.m. - 3 p.m. Laboratorio Descubrimiento Tierra y Mar: Explorando la Costa de Miami a Trav\u00e9s de la Ciencia y la Historia<br \/><\/b>A trav\u00e9s de experimentos pr\u00e1cticos y exploraci\u00f3n interactiva, Frost Science y el Museo de Historia de Miami invitan a las familias a descubrir c\u00f3mo la naturaleza y la actividad humana dan forma a las comunidades costeras.<\/p><p><b>Frost Science<\/b><span style=\"font-weight: 400;\"> demostrar\u00e1 c\u00f3mo las olas, los arrecifes de coral, los \u00e1rboles y los malecones ayudan a proteger las costas a trav\u00e9s de su actividad Costas Constructivas, mientras que <\/span><b>HistoryMiami <\/b><span style=\"font-weight: 400;\">exploraremos c\u00f3mo Miami y sus comunidades caribe\u00f1as se desarrollaron a lo largo de la costa, destacando las formas en que la tierra y el mar han influido en la cultura, el asentamiento y la vida cotidiana. <\/span><i><span style=\"font-weight: 400;\">En el sal\u00f3n de ciencias.<\/span><\/i><\/p><p><b>11 a.m. \u2013 2 p.m. Taller de Zine para Adolescentes con EXILE Projects<br \/><\/b>Liderado por el artista haitiano <b>Edny Jean Joseph<\/b> y presentado por <b>Proyectos EXILE<\/b>, este taller pr\u00e1ctico invita a j\u00f3venes de 12 a 18 a\u00f1os a crear sus propios fanzines (revistas independientes) utilizando collage, dibujo y narraci\u00f3n. A trav\u00e9s de cortar, pegar y la experimentaci\u00f3n creativa, los participantes exploran la autoexpresi\u00f3n, la publicaci\u00f3n independiente y el poder de compartir sus voces a trav\u00e9s del arte. Los adolescentes se ir\u00e1n con un fanzine hecho a mano y una nueva apreciaci\u00f3n por la creatividad DIY (hazlo t\u00fa mismo).\u00a0 <i>En la Sala Comunitaria.\u00a0<\/i><\/p><p><b>2:00-3:30 p.m. Emprendimiento Haitiano para Adolescentes Con Phelicia Dell y Delphine Nephtalie Dauphin<br \/><\/b>Dise\u00f1ador y empresario reconocido internacionalmente <b>Phelicia Dell<\/b>, fundador de <b>Colecciones V\u00e8v\u00e8<\/b>, comparte c\u00f3mo construy\u00f3 una marca arraigada en la cultura, la artesan\u00eda y la identidad haitiana. Se une a la conversaci\u00f3n una invitada recurrente, la CEO de Joy\u2019s Yummy Cupcakes y Born Ready Cosmetics, <b>Delphine Nephtalie Dauphin<\/b>. Juntos, ofrecen a los adolescentes inspiraci\u00f3n y una perspectiva pr\u00e1ctica para convertir la creatividad, la cultura y la pasi\u00f3n en oportunidades de negocio reales.\u00a0 <i>En la Sala Comunitaria.\u00a0<\/i><\/p><h5><span style=\"font-weight: 400;\">ESTUDIO DE BAILE<\/span><\/h5><p><b>11 a.m. Meditaci\u00f3n y Yoga para Todas las Edades<br \/><\/b>Educador de Arte Consciente <b>Alexandra Jeanty-Leclerc<\/b> comparte t\u00e9cnicas sencillas pero efectivas para calmar la mente, reducir el estr\u00e9s y aumentar la concentraci\u00f3n. Apto para todos los niveles de experiencia, este taller ofrece un espacio acogedor e inclusivo para explorar los beneficios de una pr\u00e1ctica de yoga consciente.\u00a0<\/p><p><b>1 p.m. Danza Contempor\u00e1nea Haitiana con Nancy St. Leger<br \/><\/b>La fundadora del NSL Danse Ensemble dirige una serie de movimientos y coreograf\u00edas dise\u00f1adas para ayudar a los participantes a conectar con el ritmo y el esp\u00edritu de Hait\u00ed, profundizando la comprensi\u00f3n de esta forma de arte llena de alma.\u00a0<\/p><h5>\u00a0<\/h5><h5><span style=\"font-weight: 400;\">TEATRO<\/span><\/h5><p><b>12 p. m. Las contribuciones hist\u00f3ricas de Hait\u00ed en la conformaci\u00f3n de Am\u00e9rica y el Mundo<br \/><\/b>Un panel que destaca el tremendo papel que los haitianos han jugado en la conformaci\u00f3n de Am\u00e9rica y en la configuraci\u00f3n del mundo entero. Desde batallas como Savannah y momentos clave en la historia de Estados Unidos, hasta el impacto de Hait\u00ed en los movimientos independentistas de Am\u00e9rica Latina, el Caribe, \u00c1frica, y las ideas globales de libertad y derechos humanos, la discusi\u00f3n se centra en c\u00f3mo el coraje, el pensamiento y la cultura haitianos han influenciado luchas pol\u00edticas, movimientos sociales y comunidades a trav\u00e9s de los continentes. Periodista <b>Ernst Julmeus, <\/b>y los historiadores <b>Alin Louis Hall <\/b>y<b> Anthony Georges-Pierre <\/b>conectar estas contribuciones pasadas con el presente, ilustrando c\u00f3mo la historia haitiana contin\u00faa inspirando y transformando el mundo hoy. <span style=\"font-weight: 400;\">Moderated by journalist <\/span><b>Philippe St. Louis. <\/b><i>En criollo haitiano con interpretaci\u00f3n en ingl\u00e9s.<\/i><\/p><p><b>2 p. m.<\/b> <b>Paw\u00f2l Granmoun: La sabidur\u00eda de los proverbios haitianos<br \/><\/b>\u00danase a historiadores, soci\u00f3logos y expertos culturales para una conversaci\u00f3n sobre la rica tradici\u00f3n de los proverbios haitianos y el papel que desempe\u00f1an en la vida cotidiana, la educaci\u00f3n y la identidad. Aprenda c\u00f3mo los proverbios condensan la sabidur\u00eda colectiva; dan forma a c\u00f3mo los haitianos hablan sobre el amor, el trabajo, la pol\u00edtica y la supervivencia; y transmiten valores a trav\u00e9s de las generaciones. Akademi Krey\u00f2l Ayisyen <b>Rosilia Fran\u00e7ois Corneille,<\/b> poeta <b>Miguel<\/b> <b>\u201cMingolove\u201d <\/b><b>Romain<\/b><b>, <\/b>y letrista\/artista <b>San Luis Jean Peludo<\/b> tambi\u00e9n destacar\u00e1 c\u00f3mo los proverbios han evolucionado con el tiempo, c\u00f3mo se usan en canciones, narraciones y conversaciones diarias, y qu\u00e9 revelan sobre la historia y la visi\u00f3n del mundo de Hait\u00ed. Moderado por un defensor del idioma y la cultura criolla haitiana. <b>Maybeline Dugue-Despagne<\/b>. <i>En criollo haitiano con interpretaci\u00f3n en ingl\u00e9s.<\/i><\/p><p><b>5 p.m. <\/b><b><i>The Last Songs of My Mother and Tonton<\/i><\/b><b> With Celeste Landeros<br \/><\/b><span style=\"font-weight: 400;\">Written and performed by <\/span><b>Celeste Landeros<\/b><span style=\"font-weight: 400;\">, <\/span><i><span style=\"font-weight: 400;\">The Last Songs of My Mother and Tonton<\/span><\/i><span style=\"font-weight: 400;\"> is a moving theatrical work rooted in the final year of Landeros\u2019 mother, Jean Fraser, and Haitian percussionist Catelus \u201cTonton\u201d Laguerre, who lived together under her care. Through music, storytelling, and shared memory, the performance traces their intertwined lives, exploring caregiving, loss, and the bonds that form across generations and cultures. Blending Haitian, Scottish, Cuban, and Irish musical traditions, the piece invites audience participation, creating a collective experience shaped by rhythm, voice, and presence. Intimate and immersive, it reflects on how music carries memory forward, holding onto what might otherwise be lost while honoring the lives that continue to shape us.<\/span><\/p><div><em><img decoding=\"async\" class=\"alignright\" src=\"https:\/\/miamibookfair.com\/wp-content\/uploads\/miami-dade-county.png\" alt=\"Miami Dade County\" width=\"152\" height=\"69\" \/>This play was developed through the Playwright Development Program with the support of the South Florida Theatre League and the Miami-Dade County Department of Cultural Affairs and the Cultural Affairs Council, the Miami-Dade County Mayor, and Board of County Commissioners.<\/em><\/div><p><i>\u00a0<\/i><\/p><h5><span style=\"font-weight: 400;\">LAKOU LOUNGE Y REUNI\u00d3N COMUNITARIA<\/span><\/h5><p><b>Todo el d\u00eda <br \/><\/b><span style=\"font-weight: 400;\">A pocos pasos del Complejo Cultural de Little Haiti, <\/span><b>Casa<\/b><span style=\"font-weight: 400;\"> se convierte en un espacio de reuni\u00f3n relajado durante el festival donde los invitados pueden disfrutar de comida, bebidas, juegos y conversaci\u00f3n. Conozca a los VIP del festival y a los l\u00edderes de la comunidad durante las apariciones programadas, escuche entrevistas de podcast en vivo con autores e invitados especiales, y rel\u00e1jese en un animado ambiente caribe\u00f1o. Despu\u00e9s del festival, contin\u00fae la celebraci\u00f3n en Lakou con una fiesta posterior con DJ, comida y bebidas.<\/span><\/p><p><span style=\"font-weight: 400;\">\u00a0<\/span><\/p><h3>PROGRAMA EN L\u00cdNEA 2026 \u2013 17 DE MAYO<\/h3><p><span style=\"font-weight: 400;\">MiamiBookFair.com<\/span><span style=\"font-weight: 400;\"> + Transmisi\u00f3n en directo en Facebook a trav\u00e9s de las p\u00e1ginas de la Feria del Libro de Miami y Sosyete Koukouy de Miami.<\/span><\/p><p><b>11 a.m. Panel \u2013 Corrientes Cruzadas: Hait\u00ed, Jamaica y la Imaginaci\u00f3n del Caribe<\/b><span style=\"font-weight: 400;\">, con <\/span><b>Edwidge Danticat<\/b><span style=\"font-weight: 400;\"> (<\/span><i><span style=\"font-weight: 400;\">Cuidado con las iguanas que caen<\/span><\/i><span style=\"font-weight: 400;\">), <\/span><b>Fabienne Josaphat<\/b><span style=\"font-weight: 400;\"> (<\/span><i><span style=\"font-weight: 400;\">Reino de Nunca Jam\u00e1s: Una Novela<\/span><\/i><span style=\"font-weight: 400;\">), <\/span><b>Diana McCaulay<\/b><span style=\"font-weight: 400;\"> (<\/span><i><span style=\"font-weight: 400;\">Una casa para la se\u00f1orita Pauline: Una novela<\/span><\/i><span style=\"font-weight: 400;\">), y <\/span><b>Dwight Thompson<\/b><span style=\"font-weight: 400;\"> (<\/span><i><span style=\"font-weight: 400;\">Mi gente querida<\/span><\/i><span style=\"font-weight: 400;\">. Esta conversaci\u00f3n explora el di\u00e1logo literario en el Caribe, examinando la identidad, la migraci\u00f3n y el sentido de pertenencia a trav\u00e9s de la ficci\u00f3n y la narraci\u00f3n oral. Moderada por<\/span> <span style=\"font-weight: 400;\">periodista<\/span><b> Fabian Lyon<\/b><span style=\"font-weight: 400;\">. <\/span><i><span style=\"font-weight: 400;\">En ingl\u00e9s.<\/span><\/i><\/p><p><b>12 p.m. Panel \u2013 Salud Haitiana: Mente, Cuerpo y Comunidad<\/b><span style=\"font-weight: 400;\">, con <\/span><b>Doctora Judite Blanc<\/b><span style=\"font-weight: 400;\">, <\/span><b>Dr. Jean-Baptiste Charlot<\/b><span style=\"font-weight: 400;\">, y <\/span><b>Dr. Angelo Gousse<\/b><span style=\"font-weight: 400;\">. Una discusi\u00f3n sobre bienestar mental, salud f\u00edsica y los factores culturales que dan forma a la sanaci\u00f3n y la resiliencia en las comunidades haitianas. Moderado por <\/span><b>Carel Pedre<\/b><span style=\"font-weight: 400;\">, anfitri\u00f3n de <\/span><i><span style=\"font-weight: 400;\">Chokarella<\/span><\/i><span style=\"font-weight: 400;\">. <\/span><i><span style=\"font-weight: 400;\">En ingl\u00e9s.<\/span><\/i><\/p><p><b>1 p. m. Panel \u2013 Vod\u00fa en la Di\u00e1spora: Manteniendo Vivo el Esp\u00edritu<\/b><span style=\"font-weight: 400;\">, con <\/span><b>Carole Demesmin<\/b><span style=\"font-weight: 400;\"> y <\/span><b>Dr. Jerry M. Gilles<\/b><span style=\"font-weight: 400;\">. Moderado por <\/span><b>Carel Pedre<\/b><span style=\"font-weight: 400;\">, anfitri\u00f3n de <\/span><i><span style=\"font-weight: 400;\">Chokarella<\/span><\/i><span style=\"font-weight: 400;\">. Una reflexi\u00f3n sobre el Vud\u00fa como una tradici\u00f3n cultural y espiritual viva que sostiene la identidad haitiana a trav\u00e9s de generaciones y fronteras. <\/span><i><span style=\"font-weight: 400;\">En ingl\u00e9s y criollo haitiano.<\/span><\/i><\/p><p><b>2 p.m. Panel \u2013 Atravesando Mares, Atravesando Generaciones: El Caribe en Transformaci\u00f3n<\/b><span style=\"font-weight: 400;\">, con <\/span><b>Edwidge Danticat<\/b><span style=\"font-weight: 400;\"> (<\/span><i><span style=\"font-weight: 400;\">Cuidado con las iguanas que caen<\/span><\/i><span style=\"font-weight: 400;\">), <\/span><b>Ryan Bachoo<\/b><span style=\"font-weight: 400;\"> (<\/span><i><span style=\"font-weight: 400;\">Una b\u00fasqueda interminable<\/span><\/i><span style=\"font-weight: 400;\">), y <\/span><b>Dwight Thompson<\/b><span style=\"font-weight: 400;\"> (<\/span><i><span style=\"font-weight: 400;\">Mi gente querida<\/span><\/i><span style=\"font-weight: 400;\">). Este panel explora c\u00f3mo evoluciona la identidad caribe\u00f1a a trav\u00e9s del tiempo, la geograf\u00eda y las generaciones mediante la literatura. Moderado por el periodista <\/span><b>Anjanette Delgado<\/b><span style=\"font-weight: 400;\">. <\/span><i><span style=\"font-weight: 400;\">En ingl\u00e9s.<\/span><\/i><\/p><p><b>3 p. m. Panel \u2013 Recuperando la historia: Poder, resistencia y memoria cultural<\/b><span style=\"font-weight: 400;\">, con <\/span><b>Marlene Daut<\/b><span style=\"font-weight: 400;\"> (<\/span><i><span style=\"font-weight: 400;\">El primer y \u00faltimo rey de Hait\u00ed: el auge y la ca\u00edda de Henry Christophe<\/span><\/i><span style=\"font-weight: 400;\">), <\/span><b>Julia Gaffield<\/b><span style=\"font-weight: 400;\"> (<\/span><i><span style=\"font-weight: 400;\">He vengado a Am\u00e9rica: Jean-Jacques Dessalines y la lucha por la libertad de Hait\u00ed<\/span><\/i><span style=\"font-weight: 400;\">, y <\/span><b>Olive Senior<\/b><span style=\"font-weight: 400;\"> (<\/span><i><span style=\"font-weight: 400;\">Para\u00edso una vez: Una novela<\/span><\/i><span style=\"font-weight: 400;\">. Una conversaci\u00f3n sobre historia revolucionaria, memoria cultural y las voces que dan forma a la comprensi\u00f3n del pasado de Hait\u00ed. Moderado por <\/span><b>Chantalle F. Verna, <\/b><span style=\"font-weight: 400;\">profesor asociado de pol\u00edtica y relaciones internacionales en la Universidad Internacional de Florida y autor de <\/span><i><span style=\"font-weight: 400;\">Hait\u00ed y los usos de Am\u00e9rica: Promesas posteriores a la ocupaci\u00f3n estadounidense<\/span><\/i><span style=\"font-weight: 400;\">. <\/span><i><span style=\"font-weight: 400;\">En ingl\u00e9s.<\/span><\/i><\/p><p><b>4 p. m. Panel \u2013 Ra\u00edces y Recuentos: Familia, Memoria e Identidad Caribe\u00f1a<\/b><span style=\"font-weight: 400;\">, con <\/span><b>Camille U. Adams<\/b><span style=\"font-weight: 400;\"> (<\/span><i><span style=\"font-weight: 400;\">C\u00f3mo ser \"no madre\" (o c\u00f3mo vivir sin esa figura de madre)<\/span><\/i><span style=\"font-weight: 400;\">), <\/span><b>Geoffrey Philp<\/b><span style=\"font-weight: 400;\"> (<\/span><i><span style=\"font-weight: 400;\">Imparable t\u00fa: 50 citas de Marcus Garvey para inspirar la grandeza<\/span><\/i><span style=\"font-weight: 400;\">), y <\/span><b>Monique Clesca<\/b><span style=\"font-weight: 400;\"> (<\/span><i><span style=\"font-weight: 400;\">Silencio y Resistencia: Memorias de una infancia en Hait\u00ed<\/span><\/i><span style=\"font-weight: 400;\">. Escritores reflexionan sobre la familia, el trauma, la supervivencia y la formaci\u00f3n de la identidad caribe\u00f1a a trav\u00e9s de memorias. Moderado por <\/span><b>Chantalle F. Verna, <\/b><span style=\"font-weight: 400;\">profesor asociado de pol\u00edtica y relaciones internacionales en la Universidad Internacional de Florida y autor de <\/span><i><span style=\"font-weight: 400;\">Hait\u00ed y los usos de Am\u00e9rica: Promesas posteriores a la ocupaci\u00f3n estadounidense<\/span><\/i><span style=\"font-weight: 400;\">. <\/span><i><span style=\"font-weight: 400;\">En ingl\u00e9s.<\/span><\/i><\/p><p><b>5 p.m. Panel \u2013 Contribuciones Hist\u00f3ricas de Hait\u00ed en la Formaci\u00f3n de Am\u00e9rica y el Mundo<\/b><span style=\"font-weight: 400;\">, una discusi\u00f3n que resalta el papel que los haitianos han desempe\u00f1ado en la configuraci\u00f3n de los Estados Unidos y los movimientos globales por la libertad, desde la Batalla de Savannah hasta la influencia de Hait\u00ed en los movimientos de independencia en Am\u00e9rica Latina, el Caribe y \u00c1frica. <\/span><i><span style=\"font-weight: 400;\">En criollo haitiano con interpretaci\u00f3n en ingl\u00e9s.<\/span><\/i><\/p><p><b>6 p. m. Panel \u2013 Paw\u00f2l Granmoun: La sabidur\u00eda de los proverbios haitianos<\/b><span style=\"font-weight: 400;\">. Historiadores y expertos culturales exploran la rica tradici\u00f3n de los proverbios haitianos y c\u00f3mo transmiten sabidur\u00eda colectiva a trav\u00e9s de generaciones, moldeando conversaciones sobre el amor, el trabajo, la pol\u00edtica y la supervivencia en la vida cotidiana. <\/span><i><span style=\"font-weight: 400;\">En criollo haitiano con interpretaci\u00f3n en ingl\u00e9s<\/span><\/i><\/p>\t\t\t\t\t\t\t\t<\/div>\n\t\t\t\t<\/div>\n\t\t\t\t<\/div>\n\t\t<div class=\"elementor-element elementor-element-b0f8bf6 space-xl cmp cmp-text-image-col-left mobile-margins e-con-full e-flex e-con e-parent\" data-id=\"b0f8bf6\" data-element_type=\"container\" data-e-type=\"container\">\n\t\t\t\t<div class=\"elementor-element elementor-element-3023e8c elementor-widget elementor-widget-menu-anchor\" data-id=\"3023e8c\" data-element_type=\"widget\" data-e-type=\"widget\" data-widget_type=\"menu-anchor.default\">\n\t\t\t\t\t\t<div class=\"elementor-widget-container\">\n\t\t\t\t\t\t\t<div class=\"elementor-menu-anchor\" id=\"apps\"><\/div>\n\t\t\t\t\t\t<\/div>\n\t\t\t\t<\/div>\n\t\t<div class=\"elementor-element elementor-element-fe73635 e-flex e-con-boxed e-con e-child\" data-id=\"fe73635\" data-element_type=\"container\" data-e-type=\"container\">\n\t\t\t\t\t<div class=\"e-con-inner\">\n\t\t<div class=\"elementor-element elementor-element-b57522d e-con-full e-flex e-con e-child\" data-id=\"b57522d\" data-element_type=\"container\" data-e-type=\"container\">\n\t\t\t\t<div class=\"elementor-element elementor-element-31eaed3 elementor-widget elementor-widget-heading\" data-id=\"31eaed3\" data-element_type=\"widget\" data-e-type=\"widget\" data-widget_type=\"heading.default\">\n\t\t\t\t\t\t<div class=\"elementor-widget-container\">\n\t\t\t\t\t<h3 class=\"elementor-heading-title elementor-size-default\">Favor de consultar los enlaces a continuaci\u00f3n para ver los detalles completos, los requisitos de elegibilidad y los formularios de env\u00edo.<\/h3>\t\t\t\t<\/div>\n\t\t\t\t<\/div>\n\t\t\t\t<div class=\"elementor-element elementor-element-ac1ce85 elementor-widget elementor-widget-text-editor\" data-id=\"ac1ce85\" data-element_type=\"widget\" data-e-type=\"widget\" data-widget_type=\"text-editor.default\">\n\t\t\t\t\t\t<div class=\"elementor-widget-container\">\n\t\t\t\t\t\t\t\t\t<p>Las solicitudes para expositores y vendedores de comida ya est\u00e1n abiertas para el Festival del Libro de Little Haiti. Autores, editores, artistas, organizaciones comunitarias y vendedores de comida est\u00e1n invitados a postularse para participar en la celebraci\u00f3n de la cultura, la literatura y la comunidad de este a\u00f1o. Las solicitudes se aceptar\u00e1n hasta el 15 de abril de 2026.<\/p>\t\t\t\t\t\t\t\t<\/div>\n\t\t\t\t<\/div>\n\t\t\t\t<div class=\"elementor-element elementor-element-ee42b2e elementor-align-justify elementor-widget__width-initial btn-solid text-image-btn elementor-widget elementor-widget-button\" data-id=\"ee42b2e\" data-element_type=\"widget\" data-e-type=\"widget\" data-widget_type=\"button.default\">\n\t\t\t\t\t\t<div class=\"elementor-widget-container\">\n\t\t\t\t\t\t\t\t\t<div class=\"elementor-button-wrapper\">\n\t\t\t\t\t<a class=\"elementor-button elementor-button-link elementor-size-sm\" href=\"https:\/\/mdc.formstack.com\/forms\/little_haiti_book_festival_exhibitor_application\" target=\"_blank\">\n\t\t\t\t\t\t<span class=\"elementor-button-content-wrapper\">\n\t\t\t\t\t\t<span class=\"elementor-button-icon\">\n\t\t\t\t<i aria-hidden=\"true\" class=\"fas fa-arrow-right\"><\/i>\t\t\t<\/span>\n\t\t\t\t\t\t\t\t\t<span class=\"elementor-button-text\"> Solicitud de Expositores 2026<\/span>\n\t\t\t\t\t<\/span>\n\t\t\t\t\t<\/a>\n\t\t\t\t<\/div>\n\t\t\t\t\t\t\t\t<\/div>\n\t\t\t\t<\/div>\n\t\t\t\t<div class=\"elementor-element elementor-element-457741f elementor-align-justify elementor-widget__width-initial btn-solid text-image-btn elementor-widget elementor-widget-button\" data-id=\"457741f\" data-element_type=\"widget\" data-e-type=\"widget\" data-widget_type=\"button.default\">\n\t\t\t\t\t\t<div class=\"elementor-widget-container\">\n\t\t\t\t\t\t\t\t\t<div class=\"elementor-button-wrapper\">\n\t\t\t\t\t<a class=\"elementor-button elementor-button-link elementor-size-sm\" href=\"https:\/\/mdc.formstack.com\/forms\/little_haiti_book_festival_food_vendor_application\" target=\"_blank\">\n\t\t\t\t\t\t<span class=\"elementor-button-content-wrapper\">\n\t\t\t\t\t\t<span class=\"elementor-button-icon\">\n\t\t\t\t<i aria-hidden=\"true\" class=\"fas fa-arrow-right\"><\/i>\t\t\t<\/span>\n\t\t\t\t\t\t\t\t\t<span class=\"elementor-button-text\">Solicitud de Vendedor de Comida 2026<\/span>\n\t\t\t\t\t<\/span>\n\t\t\t\t\t<\/a>\n\t\t\t\t<\/div>\n\t\t\t\t\t\t\t\t<\/div>\n\t\t\t\t<\/div>\n\t\t\t\t<\/div>\n\t\t\t\t\t<\/div>\n\t\t\t\t<\/div>\n\t\t\t\t<\/div>\n\t\t<div class=\"elementor-element elementor-element-1fdea4a e-con-full cmp cmp-blank mobile-margins e-flex e-con e-parent\" data-id=\"1fdea4a\" data-element_type=\"container\" data-e-type=\"container\">\n\t\t\t\t<div class=\"elementor-element elementor-element-31160dc elementor-widget elementor-widget-menu-anchor\" data-id=\"31160dc\" data-element_type=\"widget\" data-e-type=\"widget\" data-widget_type=\"menu-anchor.default\">\n\t\t\t\t\t\t<div class=\"elementor-widget-container\">\n\t\t\t\t\t\t\t<div class=\"elementor-menu-anchor\" id=\"signup\"><\/div>\n\t\t\t\t\t\t<\/div>\n\t\t\t\t<\/div>\n\t\t<div class=\"elementor-element elementor-element-ea9ec2f e-flex e-con-boxed e-con e-child\" data-id=\"ea9ec2f\" data-element_type=\"container\" data-e-type=\"container\">\n\t\t\t\t\t<div class=\"e-con-inner\">\n\t\t\t\t<div class=\"elementor-element elementor-element-cf33c60 elementor-widget elementor-widget-heading\" data-id=\"cf33c60\" data-element_type=\"widget\" data-e-type=\"widget\" data-widget_type=\"heading.default\">\n\t\t\t\t\t\t<div class=\"elementor-widget-container\">\n\t\t\t\t\t<h4 class=\"elementor-heading-title elementor-size-default\">Reg\u00edstrate para recibir actualizaciones<\/h4>\t\t\t\t<\/div>\n\t\t\t\t<\/div>\n\t\t<!-- dce invisible element 8385a5c -->\t\t<div class=\"elementor-element elementor-element-413a94d elementor-widget elementor-widget-html\" data-id=\"413a94d\" data-element_type=\"widget\" data-e-type=\"widget\" data-widget_type=\"html.default\">\n\t\t\t\t\t\t<div class=\"elementor-widget-container\">\n\t\t\t\t\t<div id=\"mc_embed_shell\">\r\n      <link href=\"\/\/cdn-images.mailchimp.com\/embedcode\/classic-061523.css\" rel=\"stylesheet\" type=\"text\/css\">\r\n  <style type=\"text\/css\">\r\n        #mc_embed_signup{background:#fff; false;clear:left; font:14px Helvetica,Arial,sans-serif; width: 600px;}\r\n        \/* Add your own Mailchimp form style overrides in your site stylesheet or in this style block.\r\n           We recommend moving this block and the preceding CSS link to the HEAD of your HTML file. *\/\r\n<\/style>\r\n<div id=\"mc_embed_signup\">\r\n    <form action=\"https:\/\/miamibookfair.us10.list-manage.com\/subscribe\/post?u=7cf12860aca5beffc7c5aeefb&amp;id=16581c218b&amp;f_id=004218e2f0\" method=\"post\" id=\"mc-embedded-subscribe-form\" name=\"mc-embedded-subscribe-form\" class=\"validate\" target=\"_self\" novalidate=\"\">\r\n        <div id=\"mc_embed_signup_scroll\">\r\n            <div class=\"indicates-required\"><span class=\"asterisk\">*<\/span> indica requerido<\/div>\r\n            <div class=\"mc-field-group\"><label for=\"mce-EMAIL\">Direcci\u00f3n de correo electr\u00f3nico <span class=\"asterisk\">*<\/span><\/label><input type=\"email\" name=\"EMAIL\" class=\"required email\" id=\"mce-EMAIL\" required=\"\" value=\"\"><\/div>\r\n<div hidden=\"\"><input type=\"hidden\" name=\"tags\" value=\"12615106\"><\/div>\r\n        <div id=\"mce-responses\" class=\"clear\">\r\n            <div class=\"response\" id=\"mce-error-response\" style=\"display: none;\"><\/div>\r\n            <div class=\"response\" id=\"mce-success-response\" style=\"display: none;\"><\/div>\r\n        <\/div><div aria-hidden=\"true\" style=\"position: absolute; left: -5000px;\"><input type=\"text\" name=\"b_7cf12860aca5beffc7c5aeefb_16581c218b\" tabindex=\"-1\" value=\"\"><\/div><div class=\"clear\"><input type=\"submit\" name=\"subscribe\" id=\"mc-embedded-subscribe\" class=\"button\" value=\"Suscribirse\"><\/div>\r\n    <\/div>\r\n<\/form>\t\t\t\t<\/div>\n\t\t\t\t<\/div>\n\t\t\t\t\t<\/div>\n\t\t\t\t<\/div>\n\t\t\t\t<\/div>\n\t\t<div class=\"elementor-element elementor-element-1ee765b e-con-full cmp cmp-blank mobile-margins e-flex e-con e-parent\" data-id=\"1ee765b\" data-element_type=\"container\" data-e-type=\"container\">\n\t\t\t\t<div class=\"elementor-element elementor-element-1d3d7c1 elementor-widget elementor-widget-menu-anchor\" data-id=\"1d3d7c1\" data-element_type=\"widget\" data-e-type=\"widget\" data-widget_type=\"menu-anchor.default\">\n\t\t\t\t\t\t<div class=\"elementor-widget-container\">\n\t\t\t\t\t\t\t<div class=\"elementor-menu-anchor\" id=\"sponsors\"><\/div>\n\t\t\t\t\t\t<\/div>\n\t\t\t\t<\/div>\n\t\t<div class=\"elementor-element elementor-element-7a28dca e-flex e-con-boxed e-con e-child\" data-id=\"7a28dca\" data-element_type=\"container\" data-e-type=\"container\">\n\t\t\t\t\t<div class=\"e-con-inner\">\n\t\t\t\t<div class=\"elementor-element elementor-element-c82585e dce_masking-none elementor-widget elementor-widget-image\" data-id=\"c82585e\" data-element_type=\"widget\" data-e-type=\"widget\" data-widget_type=\"image.default\">\n\t\t\t\t\t\t<div class=\"elementor-widget-container\">\n\t\t\t\t\t\t\t\t\t\t\t\t\t\t\t<img fetchpriority=\"high\" decoding=\"async\" width=\"800\" height=\"298\" src=\"https:\/\/miamibookfair.com\/wp-content\/uploads\/LHBF-sponsor-banner-2026.jpg\" class=\"attachment-large size-large wp-image-39012\" alt=\"Little Haiti Book Festival 2026 Sponsors\" srcset=\"https:\/\/miamibookfair.com\/wp-content\/uploads\/LHBF-sponsor-banner-2026.jpg 1000w, https:\/\/miamibookfair.com\/wp-content\/uploads\/LHBF-sponsor-banner-2026-300x112.jpg 300w, https:\/\/miamibookfair.com\/wp-content\/uploads\/LHBF-sponsor-banner-2026-768x286.jpg 768w, https:\/\/miamibookfair.com\/wp-content\/uploads\/LHBF-sponsor-banner-2026-18x7.jpg 18w\" sizes=\"(max-width: 800px) 100vw, 800px\" \/>\t\t\t\t\t\t\t\t\t\t\t\t\t\t\t<\/div>\n\t\t\t\t<\/div>\n\t\t\t\t\t<\/div>\n\t\t\t\t<\/div>\n\t\t\t\t<\/div>\n\t\t<div class=\"elementor-element elementor-element-ee5a603 space-xl cmp cmp-text mobile-margins e-con-full e-flex e-con e-parent\" data-id=\"ee5a603\" data-element_type=\"container\" data-e-type=\"container\">\n\t\t\t\t<div class=\"elementor-element elementor-element-c7831d7 elementor-widget elementor-widget-menu-anchor\" data-id=\"c7831d7\" data-element_type=\"widget\" data-e-type=\"widget\" data-widget_type=\"menu-anchor.default\">\n\t\t\t\t\t\t<div class=\"elementor-widget-container\">\n\t\t\t\t\t\t\t<div class=\"elementor-menu-anchor\" id=\"thanks\"><\/div>\n\t\t\t\t\t\t<\/div>\n\t\t\t\t<\/div>\n\t\t<div class=\"elementor-element elementor-element-7723b7b e-flex e-con-boxed e-con e-child\" data-id=\"7723b7b\" data-element_type=\"container\" data-e-type=\"container\">\n\t\t\t\t\t<div class=\"e-con-inner\">\n\t\t<div class=\"elementor-element elementor-element-6ac41c4 e-con-full e-flex e-con e-child\" data-id=\"6ac41c4\" data-element_type=\"container\" data-e-type=\"container\">\n\t\t\t\t<div class=\"elementor-element elementor-element-98463ca elementor-widget__width-inherit elementor-widget elementor-widget-text-editor\" data-id=\"98463ca\" data-element_type=\"widget\" data-e-type=\"widget\" data-widget_type=\"text-editor.default\">\n\t\t\t\t\t\t<div class=\"elementor-widget-container\">\n\t\t\t\t\t\t\t\t\t<p><span style=\"font-weight: 400;\">Little Haiti Book Festival, formerly known as the Haitian-Caribbean Book Festival, has been presented in part by Sosyete Koukouy of Miami for the past 12 years. The organization now partners with Miami Dade College\u2019s Miami Book Fair, widely considered one of the leading book festivals in the country, to produce LHBF.<\/span><\/p><p><span style=\"font-weight: 400;\">LHBF depende del generoso apoyo de nuestros <\/span><b>Patrocinadores Prestige<\/b><span style=\"font-weight: 400;\">, our highest-level sponsors whose major support helps make the festival possible and sustains LHBF as a signature Haitian Heritage Month celebration: the Green Family Foundation, FIU Kimberly Green Latin American and Caribbean Center, Miami-Dade County, and Libreri Mapou.<\/span><\/p><p><span style=\"font-weight: 400;\">Tambi\u00e9n estamos profundamente agradecidos por las contribuciones de nuestros <\/span><b>Luminarias literarias<\/b><span style=\"font-weight: 400;\">, key civic, cultural, and institutional supporters whose contributions strengthen the festival\u2019s public impact, visibility, and community reach:<\/span> <span style=\"font-weight: 400;\">El<\/span> <span style=\"font-weight: 400;\">City of Miami | Little Haiti Cultural Complex, Miami-Dade County Mayor Daniella Levine Cava, the Miami-Dade County Board of County Commissioners, Miami-Dade County District 2 Commissioner Marleine Bastien, Miami-Dade County District 3 Commissioner Keon Hardemon, Miami-Dade County District 4 Commissioner Micky Steinberg, the Little Haiti Revitalization Trust, Miami-Dade County Goodwill Ambassadors\/Office of Community Advocacy, the Miami-Dade County Office of the Tax Collector Dariel Fernandez, City of Miami Mayor Eileen Higgins, City of Miami Commissioner Christine King, City of North Miami Mayor Alix Desulme, and Supervisor of Elections Alina Garcia.<\/span><\/p><p><span style=\"font-weight: 400;\">Nuestro<\/span><b> Campeones Comunitarios<\/b><span style=\"font-weight: 400;\"> \u2013 organizations and partners whose work directly supports families, youth, literacy, culture, education, and community engagement throughout the festival \u2013 include: The Children\u2019s Trust Books for Free program, in partnership with Miami Book Fair; The Children\u2019s Trust Book Club; the Museum of Art and Design (MOAD) at Miami Dade College; Family Action Network Movement; Sant La Haitian Neighborhood Center; KLOTA (Konscious Leaders of Ti Ayiti); Iris Photo Collective; Logan Masterworks; EXILE Projects; Mindful Art Education (MAE); HistoryMiami Museum; the Phillip and Patricia Frost Museum of Science; and Akademi Krey\u00f2l Ayisyen.<\/span><\/p><p><span style=\"font-weight: 400;\">Estamos orgullosos de contar con el apoyo de nuestros <\/span><b>Generous Guardians<\/b><span style=\"font-weight: 400;\">, supporters whose contributions help protect, nourish, and sustain the festival experience through services, resources, hospitality, and community care: Dr. Angelo Gousse\/Gousse Urology; Columbus Clinical Services; Center for Self-Sufficiency; Kingston 3 Consulting; Center for Haitian Studies, Health &amp; Human Services; You Are Not Alone; eXp Realty\/Anglade Consulting; Midgard Group; Lakou; Little Haiti Village; Elio\u2019s Kitchen; Chal\u00e8 Lakay; and Cano Snacks.<\/span><\/p><p><span style=\"font-weight: 400;\">Nuestro <\/span><b>Medios colaboradores <\/b><span style=\"font-weight: 400;\">help extend our reach and impact: L\u2019Union Suite, <\/span><i><span style=\"font-weight: 400;\">Chokarella<\/span><\/i><span style=\"font-weight: 400;\">, Haitian Ladies Network, Pikliz.com, Imaginart, Island TV, Ayiti TV, WLRN\/Radyo Lek\u00f2l, WSRF Radio, <\/span><i><span style=\"font-weight: 400;\">Game Changers with Fabian Lyon<\/span><\/i><span style=\"font-weight: 400;\">, Family Action Network Movement\/Radyo FANM, Radio Veye Yo, <\/span><i><span style=\"font-weight: 400;\">Ha\u00efti en March\u00e9<\/span><\/i><span style=\"font-weight: 400;\">, <\/span><i><span style=\"font-weight: 400;\">Le<\/span><\/i> <i><span style=\"font-weight: 400;\">Floridien<\/span><\/i><span style=\"font-weight: 400;\">, y <\/span><i><span style=\"font-weight: 400;\">The Haitian Times<\/span><\/i><span style=\"font-weight: 400;\">. These media platforms and communications partners help amplify the festival, promote Haitian voices, and extend LHBF\u2019s reach across South Florida and the diaspora.<\/span><\/p><p><b>Sosyete Koukouy de Miami<\/b><span style=\"font-weight: 400;\"> Established in 1985, Sosyete Koukouy of Miami is dedicated to preserving Haitian culture in the United States through education, arts, and cultural presentations. Its mission is to preserve, perpetuate, and present Haitian cultural performances and exhibitions to Creole and non-Creole speaking audiences. In support of that mission, Sosyete Koukouy presents and produces cultural programs that increase awareness of Haitian people, their language, rituals, traditions, and deep roots in the African continent. It also produces programs that foster greater understanding between Haitian people and people of other diverse ethnicities, cultures, and heritage, while encouraging respect for the arts and artists of Haiti, Africa, and the Caribbean by raising awareness of their historical and artistic contributions to the national and international cultural landscape. Contact: Jan Mapou, 305.757.9922.<\/span><\/p>\t\t\t\t\t\t\t\t<\/div>\n\t\t\t\t<\/div>\n\t\t\t\t<\/div>\n\t\t\t\t\t<\/div>\n\t\t\t\t<\/div>\n\t\t\t\t<\/div>\n\t\t\t\t<\/div>","protected":false},"featured_media":38724,"template":"","meta":{"_acf_changed":false,"_links_to":"","_links_to_target":""},"event-type":[],"featured-image-status":[],"program-name":[860],"class_list":["post-38723","program","type-program","status-publish","has-post-thumbnail","hentry","program-name-little-haiti-book-festival"],"acf":[],"yoast_head":"<!-- This site is optimized with the Yoast SEO plugin v27.4 - https:\/\/yoast.com\/product\/yoast-seo-wordpress\/ -->\n<title>Little Haiti Book Festival - Miami Book Fair<\/title>\n<meta name=\"robots\" content=\"index, follow, max-snippet:-1, max-image-preview:large, max-video-preview:-1\" \/>\n<link rel=\"canonical\" href=\"https:\/\/miamibookfair.com\/es\/program\/little-haiti-book-festival\/\" \/>\n<meta property=\"og:locale\" content=\"es_ES\" \/>\n<meta property=\"og:type\" content=\"article\" \/>\n<meta property=\"og:title\" content=\"Little Haiti Book Festival - Miami Book Fair\" \/>\n<meta property=\"og:description\" content=\"Miami Book Fair and Sosyete Koukouy are proud to present the 2026 Little Haiti Book Festival! Join us in celebrating the rich culture and literary talent of Haiti and the Haitian diaspora. This year, the festival will be held both in-person and online, providing a vibrant platform for authors, artists, and community leaders to share [&hellip;]\" \/>\n<meta property=\"og:url\" content=\"https:\/\/miamibookfair.com\/es\/program\/little-haiti-book-festival\/\" \/>\n<meta property=\"og:site_name\" content=\"Miami Book Fair\" \/>\n<meta property=\"article:modified_time\" content=\"2026-04-26T21:41:24+00:00\" \/>\n<meta property=\"og:image\" content=\"https:\/\/miamibookfair.com\/wp-content\/uploads\/DSC_0532-scaled.jpg\" \/>\n\t<meta property=\"og:image:width\" content=\"2560\" \/>\n\t<meta property=\"og:image:height\" content=\"1700\" \/>\n\t<meta property=\"og:image:type\" content=\"image\/jpeg\" \/>\n<meta name=\"twitter:card\" content=\"summary_large_image\" \/>\n<meta name=\"twitter:label1\" content=\"Est. reading time\" \/>\n\t<meta name=\"twitter:data1\" content=\"13 minutos\" \/>\n<script type=\"application\/ld+json\" class=\"yoast-schema-graph\">{\"@context\":\"https:\\\/\\\/schema.org\",\"@graph\":[{\"@type\":\"WebPage\",\"@id\":\"https:\\\/\\\/miamibookfair.com\\\/program\\\/little-haiti-book-festival\\\/\",\"url\":\"https:\\\/\\\/miamibookfair.com\\\/program\\\/little-haiti-book-festival\\\/\",\"name\":\"Little Haiti Book Festival - Miami Book Fair\",\"isPartOf\":{\"@id\":\"https:\\\/\\\/miamibookfair.com\\\/#website\"},\"primaryImageOfPage\":{\"@id\":\"https:\\\/\\\/miamibookfair.com\\\/program\\\/little-haiti-book-festival\\\/#primaryimage\"},\"image\":{\"@id\":\"https:\\\/\\\/miamibookfair.com\\\/program\\\/little-haiti-book-festival\\\/#primaryimage\"},\"thumbnailUrl\":\"https:\\\/\\\/miamibookfair.com\\\/wp-content\\\/uploads\\\/DSC_0532-scaled.jpg\",\"datePublished\":\"2026-04-06T20:13:00+00:00\",\"dateModified\":\"2026-04-26T21:41:24+00:00\",\"breadcrumb\":{\"@id\":\"https:\\\/\\\/miamibookfair.com\\\/program\\\/little-haiti-book-festival\\\/#breadcrumb\"},\"inLanguage\":\"es-DO\",\"potentialAction\":[{\"@type\":\"ReadAction\",\"target\":[\"https:\\\/\\\/miamibookfair.com\\\/program\\\/little-haiti-book-festival\\\/\"]}]},{\"@type\":\"ImageObject\",\"inLanguage\":\"es-DO\",\"@id\":\"https:\\\/\\\/miamibookfair.com\\\/program\\\/little-haiti-book-festival\\\/#primaryimage\",\"url\":\"https:\\\/\\\/miamibookfair.com\\\/wp-content\\\/uploads\\\/DSC_0532-scaled.jpg\",\"contentUrl\":\"https:\\\/\\\/miamibookfair.com\\\/wp-content\\\/uploads\\\/DSC_0532-scaled.jpg\",\"width\":2560,\"height\":1700},{\"@type\":\"BreadcrumbList\",\"@id\":\"https:\\\/\\\/miamibookfair.com\\\/program\\\/little-haiti-book-festival\\\/#breadcrumb\",\"itemListElement\":[{\"@type\":\"ListItem\",\"position\":1,\"name\":\"Home\",\"item\":\"https:\\\/\\\/miamibookfair.com\\\/\"},{\"@type\":\"ListItem\",\"position\":2,\"name\":\"Little Haiti Book Festival\"}]},{\"@type\":\"WebSite\",\"@id\":\"https:\\\/\\\/miamibookfair.com\\\/#website\",\"url\":\"https:\\\/\\\/miamibookfair.com\\\/\",\"name\":\"Miami Book Fair\",\"description\":\"\",\"potentialAction\":[{\"@type\":\"SearchAction\",\"target\":{\"@type\":\"EntryPoint\",\"urlTemplate\":\"https:\\\/\\\/miamibookfair.com\\\/?s={search_term_string}\"},\"query-input\":{\"@type\":\"PropertyValueSpecification\",\"valueRequired\":true,\"valueName\":\"search_term_string\"}}],\"inLanguage\":\"es-DO\"}]}<\/script>\n<!-- \/ Yoast SEO plugin. -->","yoast_head_json":{"title":"Little Haiti Book Festival - Miami Book Fair","robots":{"index":"index","follow":"follow","max-snippet":"max-snippet:-1","max-image-preview":"max-image-preview:large","max-video-preview":"max-video-preview:-1"},"canonical":"https:\/\/miamibookfair.com\/es\/program\/little-haiti-book-festival\/","og_locale":"es_ES","og_type":"article","og_title":"Little Haiti Book Festival - Miami Book Fair","og_description":"Miami Book Fair and Sosyete Koukouy are proud to present the 2026 Little Haiti Book Festival! Join us in celebrating the rich culture and literary talent of Haiti and the Haitian diaspora. This year, the festival will be held both in-person and online, providing a vibrant platform for authors, artists, and community leaders to share [&hellip;]","og_url":"https:\/\/miamibookfair.com\/es\/program\/little-haiti-book-festival\/","og_site_name":"Miami Book Fair","article_modified_time":"2026-04-26T21:41:24+00:00","og_image":[{"width":2560,"height":1700,"url":"https:\/\/miamibookfair.com\/wp-content\/uploads\/DSC_0532-scaled.jpg","type":"image\/jpeg"}],"twitter_card":"summary_large_image","twitter_misc":{"Est. reading time":"13 minutos"},"schema":{"@context":"https:\/\/schema.org","@graph":[{"@type":"WebPage","@id":"https:\/\/miamibookfair.com\/program\/little-haiti-book-festival\/","url":"https:\/\/miamibookfair.com\/program\/little-haiti-book-festival\/","name":"Little Haiti Book Festival - Miami Book Fair","isPartOf":{"@id":"https:\/\/miamibookfair.com\/#website"},"primaryImageOfPage":{"@id":"https:\/\/miamibookfair.com\/program\/little-haiti-book-festival\/#primaryimage"},"image":{"@id":"https:\/\/miamibookfair.com\/program\/little-haiti-book-festival\/#primaryimage"},"thumbnailUrl":"https:\/\/miamibookfair.com\/wp-content\/uploads\/DSC_0532-scaled.jpg","datePublished":"2026-04-06T20:13:00+00:00","dateModified":"2026-04-26T21:41:24+00:00","breadcrumb":{"@id":"https:\/\/miamibookfair.com\/program\/little-haiti-book-festival\/#breadcrumb"},"inLanguage":"es-DO","potentialAction":[{"@type":"ReadAction","target":["https:\/\/miamibookfair.com\/program\/little-haiti-book-festival\/"]}]},{"@type":"ImageObject","inLanguage":"es-DO","@id":"https:\/\/miamibookfair.com\/program\/little-haiti-book-festival\/#primaryimage","url":"https:\/\/miamibookfair.com\/wp-content\/uploads\/DSC_0532-scaled.jpg","contentUrl":"https:\/\/miamibookfair.com\/wp-content\/uploads\/DSC_0532-scaled.jpg","width":2560,"height":1700},{"@type":"BreadcrumbList","@id":"https:\/\/miamibookfair.com\/program\/little-haiti-book-festival\/#breadcrumb","itemListElement":[{"@type":"ListItem","position":1,"name":"Home","item":"https:\/\/miamibookfair.com\/"},{"@type":"ListItem","position":2,"name":"Little Haiti Book Festival"}]},{"@type":"WebSite","@id":"https:\/\/miamibookfair.com\/#website","url":"https:\/\/miamibookfair.com\/","name":"Miami Book Fair","description":"","potentialAction":[{"@type":"SearchAction","target":{"@type":"EntryPoint","urlTemplate":"https:\/\/miamibookfair.com\/?s={search_term_string}"},"query-input":{"@type":"PropertyValueSpecification","valueRequired":true,"valueName":"search_term_string"}}],"inLanguage":"es-DO"}]}},"_links":{"self":[{"href":"http:\/\/miamibookfair.com\/es\/wp-json\/wp\/v2\/program\/38723","targetHints":{"allow":["GET"]}}],"collection":[{"href":"http:\/\/miamibookfair.com\/es\/wp-json\/wp\/v2\/program"}],"about":[{"href":"http:\/\/miamibookfair.com\/es\/wp-json\/wp\/v2\/types\/program"}],"version-history":[{"count":0,"href":"http:\/\/miamibookfair.com\/es\/wp-json\/wp\/v2\/program\/38723\/revisions"}],"wp:featuredmedia":[{"embeddable":true,"href":"http:\/\/miamibookfair.com\/es\/wp-json\/wp\/v2\/media\/38724"}],"wp:attachment":[{"href":"http:\/\/miamibookfair.com\/es\/wp-json\/wp\/v2\/media?parent=38723"}],"wp:term":[{"taxonomy":"event-type","embeddable":true,"href":"http:\/\/miamibookfair.com\/es\/wp-json\/wp\/v2\/event-type?post=38723"},{"taxonomy":"featured-image-status","embeddable":true,"href":"http:\/\/miamibookfair.com\/es\/wp-json\/wp\/v2\/featured-image-status?post=38723"},{"taxonomy":"program-name","embeddable":true,"href":"http:\/\/miamibookfair.com\/es\/wp-json\/wp\/v2\/program-name?post=38723"}],"curies":[{"name":"wp","href":"https:\/\/api.w.org\/{rel}","templated":true}]}},{"id":37898,"date":"2025-11-11T15:06:37","date_gmt":"2025-11-11T20:06:37","guid":{"rendered":"https:\/\/miamibookfair.wpenginepowered.com\/?post_type=program&#038;p=37898"},"modified":"2025-11-11T15:06:37","modified_gmt":"2025-11-11T20:06:37","slug":"jewish-life-culture","status":"publish","type":"program","link":"http:\/\/miamibookfair.com\/es\/program\/jewish-life-culture\/","title":{"rendered":"Vida y Cultura Jud\u00eda"},"content":{"rendered":"","protected":false},"featured_media":4403,"template":"","meta":{"_acf_changed":false,"_links_to":"","_links_to_target":""},"event-type":[94],"featured-image-status":[],"program-name":[],"class_list":["post-37898","program","type-program","status-publish","has-post-thumbnail","hentry","event-type-miami-book-fair-2025"],"acf":[],"yoast_head":"<!-- This site is optimized with the Yoast SEO plugin v27.4 - https:\/\/yoast.com\/product\/yoast-seo-wordpress\/ -->\n<title>Jewish Life &amp; Culture - Miami Book Fair<\/title>\n<meta name=\"robots\" content=\"index, follow, max-snippet:-1, max-image-preview:large, max-video-preview:-1\" \/>\n<link rel=\"canonical\" href=\"https:\/\/miamibookfair.com\/es\/program\/jewish-life-culture\/\" \/>\n<meta property=\"og:locale\" content=\"es_ES\" \/>\n<meta property=\"og:type\" content=\"article\" \/>\n<meta property=\"og:title\" content=\"Jewish Life &amp; Culture - Miami Book Fair\" \/>\n<meta property=\"og:url\" content=\"https:\/\/miamibookfair.com\/es\/program\/jewish-life-culture\/\" \/>\n<meta property=\"og:site_name\" content=\"Miami Book Fair\" \/>\n<meta property=\"og:image\" content=\"https:\/\/miamibookfair.com\/wp-content\/uploads\/mbf-logo.jpg\" \/>\n\t<meta property=\"og:image:width\" content=\"1600\" \/>\n\t<meta property=\"og:image:height\" content=\"1113\" \/>\n\t<meta property=\"og:image:type\" content=\"image\/jpeg\" \/>\n<meta name=\"twitter:card\" content=\"summary_large_image\" \/>\n<script type=\"application\/ld+json\" class=\"yoast-schema-graph\">{\"@context\":\"https:\\\/\\\/schema.org\",\"@graph\":[{\"@type\":\"WebPage\",\"@id\":\"https:\\\/\\\/miamibookfair.com\\\/program\\\/jewish-life-culture\\\/\",\"url\":\"https:\\\/\\\/miamibookfair.com\\\/program\\\/jewish-life-culture\\\/\",\"name\":\"Jewish Life & Culture - Miami Book Fair\",\"isPartOf\":{\"@id\":\"https:\\\/\\\/miamibookfair.com\\\/#website\"},\"primaryImageOfPage\":{\"@id\":\"https:\\\/\\\/miamibookfair.com\\\/program\\\/jewish-life-culture\\\/#primaryimage\"},\"image\":{\"@id\":\"https:\\\/\\\/miamibookfair.com\\\/program\\\/jewish-life-culture\\\/#primaryimage\"},\"thumbnailUrl\":\"https:\\\/\\\/miamibookfair.com\\\/wp-content\\\/uploads\\\/mbf-logo.jpg\",\"datePublished\":\"2025-11-11T20:06:37+00:00\",\"breadcrumb\":{\"@id\":\"https:\\\/\\\/miamibookfair.com\\\/program\\\/jewish-life-culture\\\/#breadcrumb\"},\"inLanguage\":\"es-DO\",\"potentialAction\":[{\"@type\":\"ReadAction\",\"target\":[\"https:\\\/\\\/miamibookfair.com\\\/program\\\/jewish-life-culture\\\/\"]}]},{\"@type\":\"ImageObject\",\"inLanguage\":\"es-DO\",\"@id\":\"https:\\\/\\\/miamibookfair.com\\\/program\\\/jewish-life-culture\\\/#primaryimage\",\"url\":\"https:\\\/\\\/miamibookfair.com\\\/wp-content\\\/uploads\\\/mbf-logo.jpg\",\"contentUrl\":\"https:\\\/\\\/miamibookfair.com\\\/wp-content\\\/uploads\\\/mbf-logo.jpg\",\"width\":1600,\"height\":1113,\"caption\":\"Miami Book Fair Logo\"},{\"@type\":\"BreadcrumbList\",\"@id\":\"https:\\\/\\\/miamibookfair.com\\\/program\\\/jewish-life-culture\\\/#breadcrumb\",\"itemListElement\":[{\"@type\":\"ListItem\",\"position\":1,\"name\":\"Home\",\"item\":\"https:\\\/\\\/miamibookfair.com\\\/\"},{\"@type\":\"ListItem\",\"position\":2,\"name\":\"Jewish Life &#038; Culture\"}]},{\"@type\":\"WebSite\",\"@id\":\"https:\\\/\\\/miamibookfair.com\\\/#website\",\"url\":\"https:\\\/\\\/miamibookfair.com\\\/\",\"name\":\"Miami Book Fair\",\"description\":\"\",\"potentialAction\":[{\"@type\":\"SearchAction\",\"target\":{\"@type\":\"EntryPoint\",\"urlTemplate\":\"https:\\\/\\\/miamibookfair.com\\\/?s={search_term_string}\"},\"query-input\":{\"@type\":\"PropertyValueSpecification\",\"valueRequired\":true,\"valueName\":\"search_term_string\"}}],\"inLanguage\":\"es-DO\"}]}<\/script>\n<!-- \/ Yoast SEO plugin. -->","yoast_head_json":{"title":"Jewish Life & Culture - Miami Book Fair","robots":{"index":"index","follow":"follow","max-snippet":"max-snippet:-1","max-image-preview":"max-image-preview:large","max-video-preview":"max-video-preview:-1"},"canonical":"https:\/\/miamibookfair.com\/es\/program\/jewish-life-culture\/","og_locale":"es_ES","og_type":"article","og_title":"Jewish Life & Culture - Miami Book Fair","og_url":"https:\/\/miamibookfair.com\/es\/program\/jewish-life-culture\/","og_site_name":"Miami Book Fair","og_image":[{"width":1600,"height":1113,"url":"https:\/\/miamibookfair.com\/wp-content\/uploads\/mbf-logo.jpg","type":"image\/jpeg"}],"twitter_card":"summary_large_image","schema":{"@context":"https:\/\/schema.org","@graph":[{"@type":"WebPage","@id":"https:\/\/miamibookfair.com\/program\/jewish-life-culture\/","url":"https:\/\/miamibookfair.com\/program\/jewish-life-culture\/","name":"Jewish Life & Culture - Miami Book Fair","isPartOf":{"@id":"https:\/\/miamibookfair.com\/#website"},"primaryImageOfPage":{"@id":"https:\/\/miamibookfair.com\/program\/jewish-life-culture\/#primaryimage"},"image":{"@id":"https:\/\/miamibookfair.com\/program\/jewish-life-culture\/#primaryimage"},"thumbnailUrl":"https:\/\/miamibookfair.com\/wp-content\/uploads\/mbf-logo.jpg","datePublished":"2025-11-11T20:06:37+00:00","breadcrumb":{"@id":"https:\/\/miamibookfair.com\/program\/jewish-life-culture\/#breadcrumb"},"inLanguage":"es-DO","potentialAction":[{"@type":"ReadAction","target":["https:\/\/miamibookfair.com\/program\/jewish-life-culture\/"]}]},{"@type":"ImageObject","inLanguage":"es-DO","@id":"https:\/\/miamibookfair.com\/program\/jewish-life-culture\/#primaryimage","url":"https:\/\/miamibookfair.com\/wp-content\/uploads\/mbf-logo.jpg","contentUrl":"https:\/\/miamibookfair.com\/wp-content\/uploads\/mbf-logo.jpg","width":1600,"height":1113,"caption":"Miami Book Fair Logo"},{"@type":"BreadcrumbList","@id":"https:\/\/miamibookfair.com\/program\/jewish-life-culture\/#breadcrumb","itemListElement":[{"@type":"ListItem","position":1,"name":"Home","item":"https:\/\/miamibookfair.com\/"},{"@type":"ListItem","position":2,"name":"Jewish Life &#038; Culture"}]},{"@type":"WebSite","@id":"https:\/\/miamibookfair.com\/#website","url":"https:\/\/miamibookfair.com\/","name":"Miami Book Fair","description":"","potentialAction":[{"@type":"SearchAction","target":{"@type":"EntryPoint","urlTemplate":"https:\/\/miamibookfair.com\/?s={search_term_string}"},"query-input":{"@type":"PropertyValueSpecification","valueRequired":true,"valueName":"search_term_string"}}],"inLanguage":"es-DO"}]}},"_links":{"self":[{"href":"http:\/\/miamibookfair.com\/es\/wp-json\/wp\/v2\/program\/37898","targetHints":{"allow":["GET"]}}],"collection":[{"href":"http:\/\/miamibookfair.com\/es\/wp-json\/wp\/v2\/program"}],"about":[{"href":"http:\/\/miamibookfair.com\/es\/wp-json\/wp\/v2\/types\/program"}],"version-history":[{"count":0,"href":"http:\/\/miamibookfair.com\/es\/wp-json\/wp\/v2\/program\/37898\/revisions"}],"wp:featuredmedia":[{"embeddable":true,"href":"http:\/\/miamibookfair.com\/es\/wp-json\/wp\/v2\/media\/4403"}],"wp:attachment":[{"href":"http:\/\/miamibookfair.com\/es\/wp-json\/wp\/v2\/media?parent=37898"}],"wp:term":[{"taxonomy":"event-type","embeddable":true,"href":"http:\/\/miamibookfair.com\/es\/wp-json\/wp\/v2\/event-type?post=37898"},{"taxonomy":"featured-image-status","embeddable":true,"href":"http:\/\/miamibookfair.com\/es\/wp-json\/wp\/v2\/featured-image-status?post=37898"},{"taxonomy":"program-name","embeddable":true,"href":"http:\/\/miamibookfair.com\/es\/wp-json\/wp\/v2\/program-name?post=37898"}],"curies":[{"name":"wp","href":"https:\/\/api.w.org\/{rel}","templated":true}]}},{"id":37896,"date":"2025-11-11T15:05:15","date_gmt":"2025-11-11T20:05:15","guid":{"rendered":"https:\/\/miamibookfair.wpenginepowered.com\/?post_type=program&#038;p=37896"},"modified":"2025-11-11T15:05:15","modified_gmt":"2025-11-11T20:05:15","slug":"readingcuban","status":"publish","type":"program","link":"http:\/\/miamibookfair.com\/es\/program\/readingcuban\/","title":{"rendered":"Lectura Cubana"},"content":{"rendered":"","protected":false},"featured_media":4403,"template":"","meta":{"_acf_changed":false,"_links_to":"","_links_to_target":""},"event-type":[94],"featured-image-status":[],"program-name":[283],"class_list":["post-37896","program","type-program","status-publish","has-post-thumbnail","hentry","event-type-miami-book-fair-2025","program-name-readingcuban"],"acf":[],"yoast_head":"<!-- This site is optimized with the Yoast SEO plugin v27.4 - https:\/\/yoast.com\/product\/yoast-seo-wordpress\/ -->\n<title>ReadingCuban - Miami Book Fair<\/title>\n<meta name=\"robots\" content=\"index, follow, max-snippet:-1, max-image-preview:large, max-video-preview:-1\" \/>\n<link rel=\"canonical\" href=\"https:\/\/miamibookfair.com\/es\/program\/readingcuban\/\" \/>\n<meta property=\"og:locale\" content=\"es_ES\" \/>\n<meta property=\"og:type\" content=\"article\" \/>\n<meta property=\"og:title\" content=\"ReadingCuban - Miami Book Fair\" \/>\n<meta property=\"og:url\" content=\"https:\/\/miamibookfair.com\/es\/program\/readingcuban\/\" \/>\n<meta property=\"og:site_name\" content=\"Miami Book Fair\" \/>\n<meta property=\"og:image\" content=\"https:\/\/miamibookfair.com\/wp-content\/uploads\/mbf-logo.jpg\" \/>\n\t<meta property=\"og:image:width\" content=\"1600\" \/>\n\t<meta property=\"og:image:height\" content=\"1113\" \/>\n\t<meta property=\"og:image:type\" content=\"image\/jpeg\" \/>\n<meta name=\"twitter:card\" content=\"summary_large_image\" \/>\n<script type=\"application\/ld+json\" class=\"yoast-schema-graph\">{\"@context\":\"https:\\\/\\\/schema.org\",\"@graph\":[{\"@type\":\"WebPage\",\"@id\":\"https:\\\/\\\/miamibookfair.com\\\/program\\\/readingcuban\\\/\",\"url\":\"https:\\\/\\\/miamibookfair.com\\\/program\\\/readingcuban\\\/\",\"name\":\"ReadingCuban - Miami Book Fair\",\"isPartOf\":{\"@id\":\"https:\\\/\\\/miamibookfair.com\\\/#website\"},\"primaryImageOfPage\":{\"@id\":\"https:\\\/\\\/miamibookfair.com\\\/program\\\/readingcuban\\\/#primaryimage\"},\"image\":{\"@id\":\"https:\\\/\\\/miamibookfair.com\\\/program\\\/readingcuban\\\/#primaryimage\"},\"thumbnailUrl\":\"https:\\\/\\\/miamibookfair.com\\\/wp-content\\\/uploads\\\/mbf-logo.jpg\",\"datePublished\":\"2025-11-11T20:05:15+00:00\",\"breadcrumb\":{\"@id\":\"https:\\\/\\\/miamibookfair.com\\\/program\\\/readingcuban\\\/#breadcrumb\"},\"inLanguage\":\"es-DO\",\"potentialAction\":[{\"@type\":\"ReadAction\",\"target\":[\"https:\\\/\\\/miamibookfair.com\\\/program\\\/readingcuban\\\/\"]}]},{\"@type\":\"ImageObject\",\"inLanguage\":\"es-DO\",\"@id\":\"https:\\\/\\\/miamibookfair.com\\\/program\\\/readingcuban\\\/#primaryimage\",\"url\":\"https:\\\/\\\/miamibookfair.com\\\/wp-content\\\/uploads\\\/mbf-logo.jpg\",\"contentUrl\":\"https:\\\/\\\/miamibookfair.com\\\/wp-content\\\/uploads\\\/mbf-logo.jpg\",\"width\":1600,\"height\":1113,\"caption\":\"Miami Book Fair Logo\"},{\"@type\":\"BreadcrumbList\",\"@id\":\"https:\\\/\\\/miamibookfair.com\\\/program\\\/readingcuban\\\/#breadcrumb\",\"itemListElement\":[{\"@type\":\"ListItem\",\"position\":1,\"name\":\"Home\",\"item\":\"https:\\\/\\\/miamibookfair.com\\\/\"},{\"@type\":\"ListItem\",\"position\":2,\"name\":\"ReadingCuban\"}]},{\"@type\":\"WebSite\",\"@id\":\"https:\\\/\\\/miamibookfair.com\\\/#website\",\"url\":\"https:\\\/\\\/miamibookfair.com\\\/\",\"name\":\"Miami Book Fair\",\"description\":\"\",\"potentialAction\":[{\"@type\":\"SearchAction\",\"target\":{\"@type\":\"EntryPoint\",\"urlTemplate\":\"https:\\\/\\\/miamibookfair.com\\\/?s={search_term_string}\"},\"query-input\":{\"@type\":\"PropertyValueSpecification\",\"valueRequired\":true,\"valueName\":\"search_term_string\"}}],\"inLanguage\":\"es-DO\"}]}<\/script>\n<!-- \/ Yoast SEO plugin. -->","yoast_head_json":{"title":"ReadingCuban - Miami Book Fair","robots":{"index":"index","follow":"follow","max-snippet":"max-snippet:-1","max-image-preview":"max-image-preview:large","max-video-preview":"max-video-preview:-1"},"canonical":"https:\/\/miamibookfair.com\/es\/program\/readingcuban\/","og_locale":"es_ES","og_type":"article","og_title":"ReadingCuban - Miami Book Fair","og_url":"https:\/\/miamibookfair.com\/es\/program\/readingcuban\/","og_site_name":"Miami Book Fair","og_image":[{"width":1600,"height":1113,"url":"https:\/\/miamibookfair.com\/wp-content\/uploads\/mbf-logo.jpg","type":"image\/jpeg"}],"twitter_card":"summary_large_image","schema":{"@context":"https:\/\/schema.org","@graph":[{"@type":"WebPage","@id":"https:\/\/miamibookfair.com\/program\/readingcuban\/","url":"https:\/\/miamibookfair.com\/program\/readingcuban\/","name":"ReadingCuban - Miami Book Fair","isPartOf":{"@id":"https:\/\/miamibookfair.com\/#website"},"primaryImageOfPage":{"@id":"https:\/\/miamibookfair.com\/program\/readingcuban\/#primaryimage"},"image":{"@id":"https:\/\/miamibookfair.com\/program\/readingcuban\/#primaryimage"},"thumbnailUrl":"https:\/\/miamibookfair.com\/wp-content\/uploads\/mbf-logo.jpg","datePublished":"2025-11-11T20:05:15+00:00","breadcrumb":{"@id":"https:\/\/miamibookfair.com\/program\/readingcuban\/#breadcrumb"},"inLanguage":"es-DO","potentialAction":[{"@type":"ReadAction","target":["https:\/\/miamibookfair.com\/program\/readingcuban\/"]}]},{"@type":"ImageObject","inLanguage":"es-DO","@id":"https:\/\/miamibookfair.com\/program\/readingcuban\/#primaryimage","url":"https:\/\/miamibookfair.com\/wp-content\/uploads\/mbf-logo.jpg","contentUrl":"https:\/\/miamibookfair.com\/wp-content\/uploads\/mbf-logo.jpg","width":1600,"height":1113,"caption":"Miami Book Fair Logo"},{"@type":"BreadcrumbList","@id":"https:\/\/miamibookfair.com\/program\/readingcuban\/#breadcrumb","itemListElement":[{"@type":"ListItem","position":1,"name":"Home","item":"https:\/\/miamibookfair.com\/"},{"@type":"ListItem","position":2,"name":"ReadingCuban"}]},{"@type":"WebSite","@id":"https:\/\/miamibookfair.com\/#website","url":"https:\/\/miamibookfair.com\/","name":"Miami Book Fair","description":"","potentialAction":[{"@type":"SearchAction","target":{"@type":"EntryPoint","urlTemplate":"https:\/\/miamibookfair.com\/?s={search_term_string}"},"query-input":{"@type":"PropertyValueSpecification","valueRequired":true,"valueName":"search_term_string"}}],"inLanguage":"es-DO"}]}},"_links":{"self":[{"href":"http:\/\/miamibookfair.com\/es\/wp-json\/wp\/v2\/program\/37896","targetHints":{"allow":["GET"]}}],"collection":[{"href":"http:\/\/miamibookfair.com\/es\/wp-json\/wp\/v2\/program"}],"about":[{"href":"http:\/\/miamibookfair.com\/es\/wp-json\/wp\/v2\/types\/program"}],"version-history":[{"count":0,"href":"http:\/\/miamibookfair.com\/es\/wp-json\/wp\/v2\/program\/37896\/revisions"}],"wp:featuredmedia":[{"embeddable":true,"href":"http:\/\/miamibookfair.com\/es\/wp-json\/wp\/v2\/media\/4403"}],"wp:attachment":[{"href":"http:\/\/miamibookfair.com\/es\/wp-json\/wp\/v2\/media?parent=37896"}],"wp:term":[{"taxonomy":"event-type","embeddable":true,"href":"http:\/\/miamibookfair.com\/es\/wp-json\/wp\/v2\/event-type?post=37896"},{"taxonomy":"featured-image-status","embeddable":true,"href":"http:\/\/miamibookfair.com\/es\/wp-json\/wp\/v2\/featured-image-status?post=37896"},{"taxonomy":"program-name","embeddable":true,"href":"http:\/\/miamibookfair.com\/es\/wp-json\/wp\/v2\/program-name?post=37896"}],"curies":[{"name":"wp","href":"https:\/\/api.w.org\/{rel}","templated":true}]}},{"id":37895,"date":"2025-11-11T15:04:17","date_gmt":"2025-11-11T20:04:17","guid":{"rendered":"https:\/\/miamibookfair.wpenginepowered.com\/?post_type=program&#038;p=37895"},"modified":"2025-11-11T15:04:17","modified_gmt":"2025-11-11T20:04:17","slug":"off-the-shelf","status":"publish","type":"program","link":"http:\/\/miamibookfair.com\/es\/program\/off-the-shelf\/","title":{"rendered":"De estante"},"content":{"rendered":"","protected":false},"featured_media":4403,"template":"","meta":{"_acf_changed":false,"_links_to":"","_links_to_target":""},"event-type":[94],"featured-image-status":[],"program-name":[336],"class_list":["post-37895","program","type-program","status-publish","has-post-thumbnail","hentry","event-type-miami-book-fair-2025","program-name-off-the-shelf"],"acf":[],"yoast_head":"<!-- This site is optimized with the Yoast SEO plugin v27.4 - https:\/\/yoast.com\/product\/yoast-seo-wordpress\/ -->\n<title>Off the Shelf - Miami Book Fair<\/title>\n<meta name=\"robots\" content=\"index, follow, max-snippet:-1, max-image-preview:large, max-video-preview:-1\" \/>\n<link rel=\"canonical\" href=\"https:\/\/miamibookfair.com\/es\/program\/off-the-shelf\/\" \/>\n<meta property=\"og:locale\" content=\"es_ES\" \/>\n<meta property=\"og:type\" content=\"article\" \/>\n<meta property=\"og:title\" content=\"Off the Shelf - Miami Book Fair\" \/>\n<meta property=\"og:url\" content=\"https:\/\/miamibookfair.com\/es\/program\/off-the-shelf\/\" \/>\n<meta property=\"og:site_name\" content=\"Miami Book Fair\" \/>\n<meta property=\"og:image\" content=\"https:\/\/miamibookfair.com\/wp-content\/uploads\/mbf-logo.jpg\" \/>\n\t<meta property=\"og:image:width\" content=\"1600\" \/>\n\t<meta property=\"og:image:height\" content=\"1113\" \/>\n\t<meta property=\"og:image:type\" content=\"image\/jpeg\" \/>\n<meta name=\"twitter:card\" content=\"summary_large_image\" \/>\n<script type=\"application\/ld+json\" class=\"yoast-schema-graph\">{\"@context\":\"https:\\\/\\\/schema.org\",\"@graph\":[{\"@type\":\"WebPage\",\"@id\":\"https:\\\/\\\/miamibookfair.com\\\/program\\\/off-the-shelf\\\/\",\"url\":\"https:\\\/\\\/miamibookfair.com\\\/program\\\/off-the-shelf\\\/\",\"name\":\"Off the Shelf - Miami Book Fair\",\"isPartOf\":{\"@id\":\"https:\\\/\\\/miamibookfair.com\\\/#website\"},\"primaryImageOfPage\":{\"@id\":\"https:\\\/\\\/miamibookfair.com\\\/program\\\/off-the-shelf\\\/#primaryimage\"},\"image\":{\"@id\":\"https:\\\/\\\/miamibookfair.com\\\/program\\\/off-the-shelf\\\/#primaryimage\"},\"thumbnailUrl\":\"https:\\\/\\\/miamibookfair.com\\\/wp-content\\\/uploads\\\/mbf-logo.jpg\",\"datePublished\":\"2025-11-11T20:04:17+00:00\",\"breadcrumb\":{\"@id\":\"https:\\\/\\\/miamibookfair.com\\\/program\\\/off-the-shelf\\\/#breadcrumb\"},\"inLanguage\":\"es-DO\",\"potentialAction\":[{\"@type\":\"ReadAction\",\"target\":[\"https:\\\/\\\/miamibookfair.com\\\/program\\\/off-the-shelf\\\/\"]}]},{\"@type\":\"ImageObject\",\"inLanguage\":\"es-DO\",\"@id\":\"https:\\\/\\\/miamibookfair.com\\\/program\\\/off-the-shelf\\\/#primaryimage\",\"url\":\"https:\\\/\\\/miamibookfair.com\\\/wp-content\\\/uploads\\\/mbf-logo.jpg\",\"contentUrl\":\"https:\\\/\\\/miamibookfair.com\\\/wp-content\\\/uploads\\\/mbf-logo.jpg\",\"width\":1600,\"height\":1113,\"caption\":\"Miami Book Fair Logo\"},{\"@type\":\"BreadcrumbList\",\"@id\":\"https:\\\/\\\/miamibookfair.com\\\/program\\\/off-the-shelf\\\/#breadcrumb\",\"itemListElement\":[{\"@type\":\"ListItem\",\"position\":1,\"name\":\"Home\",\"item\":\"https:\\\/\\\/miamibookfair.com\\\/\"},{\"@type\":\"ListItem\",\"position\":2,\"name\":\"Off the Shelf\"}]},{\"@type\":\"WebSite\",\"@id\":\"https:\\\/\\\/miamibookfair.com\\\/#website\",\"url\":\"https:\\\/\\\/miamibookfair.com\\\/\",\"name\":\"Miami Book Fair\",\"description\":\"\",\"potentialAction\":[{\"@type\":\"SearchAction\",\"target\":{\"@type\":\"EntryPoint\",\"urlTemplate\":\"https:\\\/\\\/miamibookfair.com\\\/?s={search_term_string}\"},\"query-input\":{\"@type\":\"PropertyValueSpecification\",\"valueRequired\":true,\"valueName\":\"search_term_string\"}}],\"inLanguage\":\"es-DO\"}]}<\/script>\n<!-- \/ Yoast SEO plugin. -->","yoast_head_json":{"title":"Off the Shelf - Miami Book Fair","robots":{"index":"index","follow":"follow","max-snippet":"max-snippet:-1","max-image-preview":"max-image-preview:large","max-video-preview":"max-video-preview:-1"},"canonical":"https:\/\/miamibookfair.com\/es\/program\/off-the-shelf\/","og_locale":"es_ES","og_type":"article","og_title":"Off the Shelf - Miami Book Fair","og_url":"https:\/\/miamibookfair.com\/es\/program\/off-the-shelf\/","og_site_name":"Miami Book Fair","og_image":[{"width":1600,"height":1113,"url":"https:\/\/miamibookfair.com\/wp-content\/uploads\/mbf-logo.jpg","type":"image\/jpeg"}],"twitter_card":"summary_large_image","schema":{"@context":"https:\/\/schema.org","@graph":[{"@type":"WebPage","@id":"https:\/\/miamibookfair.com\/program\/off-the-shelf\/","url":"https:\/\/miamibookfair.com\/program\/off-the-shelf\/","name":"Off the Shelf - Miami Book Fair","isPartOf":{"@id":"https:\/\/miamibookfair.com\/#website"},"primaryImageOfPage":{"@id":"https:\/\/miamibookfair.com\/program\/off-the-shelf\/#primaryimage"},"image":{"@id":"https:\/\/miamibookfair.com\/program\/off-the-shelf\/#primaryimage"},"thumbnailUrl":"https:\/\/miamibookfair.com\/wp-content\/uploads\/mbf-logo.jpg","datePublished":"2025-11-11T20:04:17+00:00","breadcrumb":{"@id":"https:\/\/miamibookfair.com\/program\/off-the-shelf\/#breadcrumb"},"inLanguage":"es-DO","potentialAction":[{"@type":"ReadAction","target":["https:\/\/miamibookfair.com\/program\/off-the-shelf\/"]}]},{"@type":"ImageObject","inLanguage":"es-DO","@id":"https:\/\/miamibookfair.com\/program\/off-the-shelf\/#primaryimage","url":"https:\/\/miamibookfair.com\/wp-content\/uploads\/mbf-logo.jpg","contentUrl":"https:\/\/miamibookfair.com\/wp-content\/uploads\/mbf-logo.jpg","width":1600,"height":1113,"caption":"Miami Book Fair Logo"},{"@type":"BreadcrumbList","@id":"https:\/\/miamibookfair.com\/program\/off-the-shelf\/#breadcrumb","itemListElement":[{"@type":"ListItem","position":1,"name":"Home","item":"https:\/\/miamibookfair.com\/"},{"@type":"ListItem","position":2,"name":"Off the Shelf"}]},{"@type":"WebSite","@id":"https:\/\/miamibookfair.com\/#website","url":"https:\/\/miamibookfair.com\/","name":"Miami Book Fair","description":"","potentialAction":[{"@type":"SearchAction","target":{"@type":"EntryPoint","urlTemplate":"https:\/\/miamibookfair.com\/?s={search_term_string}"},"query-input":{"@type":"PropertyValueSpecification","valueRequired":true,"valueName":"search_term_string"}}],"inLanguage":"es-DO"}]}},"_links":{"self":[{"href":"http:\/\/miamibookfair.com\/es\/wp-json\/wp\/v2\/program\/37895","targetHints":{"allow":["GET"]}}],"collection":[{"href":"http:\/\/miamibookfair.com\/es\/wp-json\/wp\/v2\/program"}],"about":[{"href":"http:\/\/miamibookfair.com\/es\/wp-json\/wp\/v2\/types\/program"}],"version-history":[{"count":0,"href":"http:\/\/miamibookfair.com\/es\/wp-json\/wp\/v2\/program\/37895\/revisions"}],"wp:featuredmedia":[{"embeddable":true,"href":"http:\/\/miamibookfair.com\/es\/wp-json\/wp\/v2\/media\/4403"}],"wp:attachment":[{"href":"http:\/\/miamibookfair.com\/es\/wp-json\/wp\/v2\/media?parent=37895"}],"wp:term":[{"taxonomy":"event-type","embeddable":true,"href":"http:\/\/miamibookfair.com\/es\/wp-json\/wp\/v2\/event-type?post=37895"},{"taxonomy":"featured-image-status","embeddable":true,"href":"http:\/\/miamibookfair.com\/es\/wp-json\/wp\/v2\/featured-image-status?post=37895"},{"taxonomy":"program-name","embeddable":true,"href":"http:\/\/miamibookfair.com\/es\/wp-json\/wp\/v2\/program-name?post=37895"}],"curies":[{"name":"wp","href":"https:\/\/api.w.org\/{rel}","templated":true}]}},{"id":37894,"date":"2025-11-11T15:03:55","date_gmt":"2025-11-11T20:03:55","guid":{"rendered":"https:\/\/miamibookfair.wpenginepowered.com\/?post_type=program&#038;p=37894"},"modified":"2025-11-11T15:03:55","modified_gmt":"2025-11-11T20:03:55","slug":"readingeast","status":"publish","type":"program","link":"http:\/\/miamibookfair.com\/es\/program\/readingeast\/","title":{"rendered":"LecturaEste"},"content":{"rendered":"","protected":false},"featured_media":4403,"template":"","meta":{"_acf_changed":false,"_links_to":"","_links_to_target":""},"event-type":[94],"featured-image-status":[],"program-name":[312],"class_list":["post-37894","program","type-program","status-publish","has-post-thumbnail","hentry","event-type-miami-book-fair-2025","program-name-readingeast"],"acf":[],"yoast_head":"<!-- This site is optimized with the Yoast SEO plugin v27.4 - https:\/\/yoast.com\/product\/yoast-seo-wordpress\/ -->\n<title>ReadingEast - Miami Book Fair<\/title>\n<meta name=\"robots\" content=\"index, follow, max-snippet:-1, max-image-preview:large, max-video-preview:-1\" \/>\n<link rel=\"canonical\" href=\"https:\/\/miamibookfair.com\/es\/program\/readingeast\/\" \/>\n<meta property=\"og:locale\" content=\"es_ES\" \/>\n<meta property=\"og:type\" content=\"article\" \/>\n<meta property=\"og:title\" content=\"ReadingEast - Miami Book Fair\" \/>\n<meta property=\"og:url\" content=\"https:\/\/miamibookfair.com\/es\/program\/readingeast\/\" \/>\n<meta property=\"og:site_name\" content=\"Miami Book Fair\" \/>\n<meta property=\"og:image\" content=\"https:\/\/miamibookfair.com\/wp-content\/uploads\/mbf-logo.jpg\" \/>\n\t<meta property=\"og:image:width\" content=\"1600\" \/>\n\t<meta property=\"og:image:height\" content=\"1113\" \/>\n\t<meta property=\"og:image:type\" content=\"image\/jpeg\" \/>\n<meta name=\"twitter:card\" content=\"summary_large_image\" \/>\n<script type=\"application\/ld+json\" class=\"yoast-schema-graph\">{\"@context\":\"https:\\\/\\\/schema.org\",\"@graph\":[{\"@type\":\"WebPage\",\"@id\":\"https:\\\/\\\/miamibookfair.com\\\/program\\\/readingeast\\\/\",\"url\":\"https:\\\/\\\/miamibookfair.com\\\/program\\\/readingeast\\\/\",\"name\":\"ReadingEast - Miami Book Fair\",\"isPartOf\":{\"@id\":\"https:\\\/\\\/miamibookfair.com\\\/#website\"},\"primaryImageOfPage\":{\"@id\":\"https:\\\/\\\/miamibookfair.com\\\/program\\\/readingeast\\\/#primaryimage\"},\"image\":{\"@id\":\"https:\\\/\\\/miamibookfair.com\\\/program\\\/readingeast\\\/#primaryimage\"},\"thumbnailUrl\":\"https:\\\/\\\/miamibookfair.com\\\/wp-content\\\/uploads\\\/mbf-logo.jpg\",\"datePublished\":\"2025-11-11T20:03:55+00:00\",\"breadcrumb\":{\"@id\":\"https:\\\/\\\/miamibookfair.com\\\/program\\\/readingeast\\\/#breadcrumb\"},\"inLanguage\":\"es-DO\",\"potentialAction\":[{\"@type\":\"ReadAction\",\"target\":[\"https:\\\/\\\/miamibookfair.com\\\/program\\\/readingeast\\\/\"]}]},{\"@type\":\"ImageObject\",\"inLanguage\":\"es-DO\",\"@id\":\"https:\\\/\\\/miamibookfair.com\\\/program\\\/readingeast\\\/#primaryimage\",\"url\":\"https:\\\/\\\/miamibookfair.com\\\/wp-content\\\/uploads\\\/mbf-logo.jpg\",\"contentUrl\":\"https:\\\/\\\/miamibookfair.com\\\/wp-content\\\/uploads\\\/mbf-logo.jpg\",\"width\":1600,\"height\":1113,\"caption\":\"Miami Book Fair Logo\"},{\"@type\":\"BreadcrumbList\",\"@id\":\"https:\\\/\\\/miamibookfair.com\\\/program\\\/readingeast\\\/#breadcrumb\",\"itemListElement\":[{\"@type\":\"ListItem\",\"position\":1,\"name\":\"Home\",\"item\":\"https:\\\/\\\/miamibookfair.com\\\/\"},{\"@type\":\"ListItem\",\"position\":2,\"name\":\"ReadingEast\"}]},{\"@type\":\"WebSite\",\"@id\":\"https:\\\/\\\/miamibookfair.com\\\/#website\",\"url\":\"https:\\\/\\\/miamibookfair.com\\\/\",\"name\":\"Miami Book Fair\",\"description\":\"\",\"potentialAction\":[{\"@type\":\"SearchAction\",\"target\":{\"@type\":\"EntryPoint\",\"urlTemplate\":\"https:\\\/\\\/miamibookfair.com\\\/?s={search_term_string}\"},\"query-input\":{\"@type\":\"PropertyValueSpecification\",\"valueRequired\":true,\"valueName\":\"search_term_string\"}}],\"inLanguage\":\"es-DO\"}]}<\/script>\n<!-- \/ Yoast SEO plugin. -->","yoast_head_json":{"title":"ReadingEast - Miami Book Fair","robots":{"index":"index","follow":"follow","max-snippet":"max-snippet:-1","max-image-preview":"max-image-preview:large","max-video-preview":"max-video-preview:-1"},"canonical":"https:\/\/miamibookfair.com\/es\/program\/readingeast\/","og_locale":"es_ES","og_type":"article","og_title":"ReadingEast - Miami Book Fair","og_url":"https:\/\/miamibookfair.com\/es\/program\/readingeast\/","og_site_name":"Miami Book Fair","og_image":[{"width":1600,"height":1113,"url":"https:\/\/miamibookfair.com\/wp-content\/uploads\/mbf-logo.jpg","type":"image\/jpeg"}],"twitter_card":"summary_large_image","schema":{"@context":"https:\/\/schema.org","@graph":[{"@type":"WebPage","@id":"https:\/\/miamibookfair.com\/program\/readingeast\/","url":"https:\/\/miamibookfair.com\/program\/readingeast\/","name":"ReadingEast - Miami Book Fair","isPartOf":{"@id":"https:\/\/miamibookfair.com\/#website"},"primaryImageOfPage":{"@id":"https:\/\/miamibookfair.com\/program\/readingeast\/#primaryimage"},"image":{"@id":"https:\/\/miamibookfair.com\/program\/readingeast\/#primaryimage"},"thumbnailUrl":"https:\/\/miamibookfair.com\/wp-content\/uploads\/mbf-logo.jpg","datePublished":"2025-11-11T20:03:55+00:00","breadcrumb":{"@id":"https:\/\/miamibookfair.com\/program\/readingeast\/#breadcrumb"},"inLanguage":"es-DO","potentialAction":[{"@type":"ReadAction","target":["https:\/\/miamibookfair.com\/program\/readingeast\/"]}]},{"@type":"ImageObject","inLanguage":"es-DO","@id":"https:\/\/miamibookfair.com\/program\/readingeast\/#primaryimage","url":"https:\/\/miamibookfair.com\/wp-content\/uploads\/mbf-logo.jpg","contentUrl":"https:\/\/miamibookfair.com\/wp-content\/uploads\/mbf-logo.jpg","width":1600,"height":1113,"caption":"Miami Book Fair Logo"},{"@type":"BreadcrumbList","@id":"https:\/\/miamibookfair.com\/program\/readingeast\/#breadcrumb","itemListElement":[{"@type":"ListItem","position":1,"name":"Home","item":"https:\/\/miamibookfair.com\/"},{"@type":"ListItem","position":2,"name":"ReadingEast"}]},{"@type":"WebSite","@id":"https:\/\/miamibookfair.com\/#website","url":"https:\/\/miamibookfair.com\/","name":"Miami Book Fair","description":"","potentialAction":[{"@type":"SearchAction","target":{"@type":"EntryPoint","urlTemplate":"https:\/\/miamibookfair.com\/?s={search_term_string}"},"query-input":{"@type":"PropertyValueSpecification","valueRequired":true,"valueName":"search_term_string"}}],"inLanguage":"es-DO"}]}},"_links":{"self":[{"href":"http:\/\/miamibookfair.com\/es\/wp-json\/wp\/v2\/program\/37894","targetHints":{"allow":["GET"]}}],"collection":[{"href":"http:\/\/miamibookfair.com\/es\/wp-json\/wp\/v2\/program"}],"about":[{"href":"http:\/\/miamibookfair.com\/es\/wp-json\/wp\/v2\/types\/program"}],"version-history":[{"count":0,"href":"http:\/\/miamibookfair.com\/es\/wp-json\/wp\/v2\/program\/37894\/revisions"}],"wp:featuredmedia":[{"embeddable":true,"href":"http:\/\/miamibookfair.com\/es\/wp-json\/wp\/v2\/media\/4403"}],"wp:attachment":[{"href":"http:\/\/miamibookfair.com\/es\/wp-json\/wp\/v2\/media?parent=37894"}],"wp:term":[{"taxonomy":"event-type","embeddable":true,"href":"http:\/\/miamibookfair.com\/es\/wp-json\/wp\/v2\/event-type?post=37894"},{"taxonomy":"featured-image-status","embeddable":true,"href":"http:\/\/miamibookfair.com\/es\/wp-json\/wp\/v2\/featured-image-status?post=37894"},{"taxonomy":"program-name","embeddable":true,"href":"http:\/\/miamibookfair.com\/es\/wp-json\/wp\/v2\/program-name?post=37894"}],"curies":[{"name":"wp","href":"https:\/\/api.w.org\/{rel}","templated":true}]}},{"id":30534,"date":"2025-10-29T16:33:08","date_gmt":"2025-10-29T20:33:08","guid":{"rendered":"https:\/\/miamibookfair.wpenginepowered.com\/?post_type=program&#038;p=30534"},"modified":"2025-10-29T16:33:08","modified_gmt":"2025-10-29T20:33:08","slug":"authors-for-children-teens","status":"publish","type":"program","link":"http:\/\/miamibookfair.com\/es\/program\/authors-for-children-teens\/","title":{"rendered":"Autores para ni\u00f1os y adolescentes"},"content":{"rendered":"","protected":false},"featured_media":30536,"template":"","meta":{"_acf_changed":false,"_links_to":"","_links_to_target":""},"event-type":[],"featured-image-status":[],"program-name":[353],"class_list":["post-30534","program","type-program","status-publish","has-post-thumbnail","hentry","program-name-authors-for-children-teens"],"acf":[],"yoast_head":"<!-- This site is optimized with the Yoast SEO plugin v27.4 - https:\/\/yoast.com\/product\/yoast-seo-wordpress\/ -->\n<title>Authors For Children + Teens - Miami Book Fair<\/title>\n<meta name=\"robots\" content=\"index, follow, max-snippet:-1, max-image-preview:large, max-video-preview:-1\" \/>\n<link rel=\"canonical\" href=\"https:\/\/miamibookfair.com\/es\/program\/authors-for-children-teens\/\" \/>\n<meta property=\"og:locale\" content=\"es_ES\" \/>\n<meta property=\"og:type\" content=\"article\" \/>\n<meta property=\"og:title\" content=\"Authors For Children + Teens - Miami Book Fair\" \/>\n<meta property=\"og:url\" content=\"https:\/\/miamibookfair.com\/es\/program\/authors-for-children-teens\/\" \/>\n<meta property=\"og:site_name\" content=\"Miami Book Fair\" \/>\n<meta property=\"og:image\" content=\"https:\/\/miamibookfair.com\/wp-content\/uploads\/mbf-logo.jpg\" \/>\n\t<meta property=\"og:image:width\" content=\"1600\" \/>\n\t<meta property=\"og:image:height\" content=\"1113\" \/>\n\t<meta property=\"og:image:type\" content=\"image\/jpeg\" \/>\n<meta name=\"twitter:card\" content=\"summary_large_image\" \/>\n<script type=\"application\/ld+json\" class=\"yoast-schema-graph\">{\"@context\":\"https:\\\/\\\/schema.org\",\"@graph\":[{\"@type\":\"WebPage\",\"@id\":\"https:\\\/\\\/miamibookfair.com\\\/program\\\/authors-for-children-teens\\\/\",\"url\":\"https:\\\/\\\/miamibookfair.com\\\/program\\\/authors-for-children-teens\\\/\",\"name\":\"Authors For Children + Teens - Miami Book Fair\",\"isPartOf\":{\"@id\":\"https:\\\/\\\/miamibookfair.com\\\/#website\"},\"primaryImageOfPage\":{\"@id\":\"https:\\\/\\\/miamibookfair.com\\\/program\\\/authors-for-children-teens\\\/#primaryimage\"},\"image\":{\"@id\":\"https:\\\/\\\/miamibookfair.com\\\/program\\\/authors-for-children-teens\\\/#primaryimage\"},\"thumbnailUrl\":\"https:\\\/\\\/miamibookfair.com\\\/wp-content\\\/uploads\\\/program-gga-1.jpg\",\"datePublished\":\"2025-10-29T20:33:08+00:00\",\"breadcrumb\":{\"@id\":\"https:\\\/\\\/miamibookfair.com\\\/program\\\/authors-for-children-teens\\\/#breadcrumb\"},\"inLanguage\":\"es-DO\",\"potentialAction\":[{\"@type\":\"ReadAction\",\"target\":[\"https:\\\/\\\/miamibookfair.com\\\/program\\\/authors-for-children-teens\\\/\"]}]},{\"@type\":\"ImageObject\",\"inLanguage\":\"es-DO\",\"@id\":\"https:\\\/\\\/miamibookfair.com\\\/program\\\/authors-for-children-teens\\\/#primaryimage\",\"url\":\"https:\\\/\\\/miamibookfair.com\\\/wp-content\\\/uploads\\\/program-gga-1.jpg\",\"contentUrl\":\"https:\\\/\\\/miamibookfair.com\\\/wp-content\\\/uploads\\\/program-gga-1.jpg\",\"width\":1000,\"height\":500},{\"@type\":\"BreadcrumbList\",\"@id\":\"https:\\\/\\\/miamibookfair.com\\\/program\\\/authors-for-children-teens\\\/#breadcrumb\",\"itemListElement\":[{\"@type\":\"ListItem\",\"position\":1,\"name\":\"Home\",\"item\":\"https:\\\/\\\/miamibookfair.com\\\/\"},{\"@type\":\"ListItem\",\"position\":2,\"name\":\"Authors For Children + Teens\"}]},{\"@type\":\"WebSite\",\"@id\":\"https:\\\/\\\/miamibookfair.com\\\/#website\",\"url\":\"https:\\\/\\\/miamibookfair.com\\\/\",\"name\":\"Miami Book Fair\",\"description\":\"\",\"potentialAction\":[{\"@type\":\"SearchAction\",\"target\":{\"@type\":\"EntryPoint\",\"urlTemplate\":\"https:\\\/\\\/miamibookfair.com\\\/?s={search_term_string}\"},\"query-input\":{\"@type\":\"PropertyValueSpecification\",\"valueRequired\":true,\"valueName\":\"search_term_string\"}}],\"inLanguage\":\"es-DO\"}]}<\/script>\n<!-- \/ Yoast SEO plugin. -->","yoast_head_json":{"title":"Authors For Children + Teens - Miami Book Fair","robots":{"index":"index","follow":"follow","max-snippet":"max-snippet:-1","max-image-preview":"max-image-preview:large","max-video-preview":"max-video-preview:-1"},"canonical":"https:\/\/miamibookfair.com\/es\/program\/authors-for-children-teens\/","og_locale":"es_ES","og_type":"article","og_title":"Authors For Children + Teens - Miami Book Fair","og_url":"https:\/\/miamibookfair.com\/es\/program\/authors-for-children-teens\/","og_site_name":"Miami Book Fair","og_image":[{"width":1600,"height":1113,"url":"https:\/\/miamibookfair.com\/wp-content\/uploads\/mbf-logo.jpg","type":"image\/jpeg"}],"twitter_card":"summary_large_image","schema":{"@context":"https:\/\/schema.org","@graph":[{"@type":"WebPage","@id":"https:\/\/miamibookfair.com\/program\/authors-for-children-teens\/","url":"https:\/\/miamibookfair.com\/program\/authors-for-children-teens\/","name":"Authors For Children + Teens - Miami Book Fair","isPartOf":{"@id":"https:\/\/miamibookfair.com\/#website"},"primaryImageOfPage":{"@id":"https:\/\/miamibookfair.com\/program\/authors-for-children-teens\/#primaryimage"},"image":{"@id":"https:\/\/miamibookfair.com\/program\/authors-for-children-teens\/#primaryimage"},"thumbnailUrl":"https:\/\/miamibookfair.com\/wp-content\/uploads\/program-gga-1.jpg","datePublished":"2025-10-29T20:33:08+00:00","breadcrumb":{"@id":"https:\/\/miamibookfair.com\/program\/authors-for-children-teens\/#breadcrumb"},"inLanguage":"es-DO","potentialAction":[{"@type":"ReadAction","target":["https:\/\/miamibookfair.com\/program\/authors-for-children-teens\/"]}]},{"@type":"ImageObject","inLanguage":"es-DO","@id":"https:\/\/miamibookfair.com\/program\/authors-for-children-teens\/#primaryimage","url":"https:\/\/miamibookfair.com\/wp-content\/uploads\/program-gga-1.jpg","contentUrl":"https:\/\/miamibookfair.com\/wp-content\/uploads\/program-gga-1.jpg","width":1000,"height":500},{"@type":"BreadcrumbList","@id":"https:\/\/miamibookfair.com\/program\/authors-for-children-teens\/#breadcrumb","itemListElement":[{"@type":"ListItem","position":1,"name":"Home","item":"https:\/\/miamibookfair.com\/"},{"@type":"ListItem","position":2,"name":"Authors For Children + Teens"}]},{"@type":"WebSite","@id":"https:\/\/miamibookfair.com\/#website","url":"https:\/\/miamibookfair.com\/","name":"Miami Book Fair","description":"","potentialAction":[{"@type":"SearchAction","target":{"@type":"EntryPoint","urlTemplate":"https:\/\/miamibookfair.com\/?s={search_term_string}"},"query-input":{"@type":"PropertyValueSpecification","valueRequired":true,"valueName":"search_term_string"}}],"inLanguage":"es-DO"}]}},"_links":{"self":[{"href":"http:\/\/miamibookfair.com\/es\/wp-json\/wp\/v2\/program\/30534","targetHints":{"allow":["GET"]}}],"collection":[{"href":"http:\/\/miamibookfair.com\/es\/wp-json\/wp\/v2\/program"}],"about":[{"href":"http:\/\/miamibookfair.com\/es\/wp-json\/wp\/v2\/types\/program"}],"version-history":[{"count":0,"href":"http:\/\/miamibookfair.com\/es\/wp-json\/wp\/v2\/program\/30534\/revisions"}],"wp:featuredmedia":[{"embeddable":true,"href":"http:\/\/miamibookfair.com\/es\/wp-json\/wp\/v2\/media\/30536"}],"wp:attachment":[{"href":"http:\/\/miamibookfair.com\/es\/wp-json\/wp\/v2\/media?parent=30534"}],"wp:term":[{"taxonomy":"event-type","embeddable":true,"href":"http:\/\/miamibookfair.com\/es\/wp-json\/wp\/v2\/event-type?post=30534"},{"taxonomy":"featured-image-status","embeddable":true,"href":"http:\/\/miamibookfair.com\/es\/wp-json\/wp\/v2\/featured-image-status?post=30534"},{"taxonomy":"program-name","embeddable":true,"href":"http:\/\/miamibookfair.com\/es\/wp-json\/wp\/v2\/program-name?post=30534"}],"curies":[{"name":"wp","href":"https:\/\/api.w.org\/{rel}","templated":true}]}},{"id":9703,"date":"2025-09-30T13:43:50","date_gmt":"2025-09-30T17:43:50","guid":{"rendered":"https:\/\/miamibookfair.wpenginepowered.com\/?post_type=program&#038;p=9703"},"modified":"2026-01-29T14:03:19","modified_gmt":"2026-01-29T19:03:19","slug":"first-draft","status":"publish","type":"program","link":"http:\/\/miamibookfair.com\/es\/program\/first-draft\/","title":{"rendered":"Primer borrador"},"content":{"rendered":"<p><em>Presentado con el apoyo de<\/em><\/p>\n\n\n\n<figure class=\"wp-block-image size-full\"><img loading=\"lazy\" decoding=\"async\" width=\"300\" height=\"26\" src=\"https:\/\/miamibookfair.com\/wp-content\/uploads\/Moleskine_Black_LogoMonogramma-Orizzontale-300x26-1.jpg\" alt=\"\" class=\"wp-image-9142\"\/><\/figure>","protected":false},"featured_media":9705,"template":"","meta":{"_acf_changed":false,"_links_to":"","_links_to_target":""},"event-type":[95],"featured-image-status":[],"program-name":[442],"class_list":["post-9703","program","type-program","status-publish","has-post-thumbnail","hentry","event-type-year-round-events","program-name-first-draft"],"acf":[],"yoast_head":"<!-- This site is optimized with the Yoast SEO plugin v27.4 - https:\/\/yoast.com\/product\/yoast-seo-wordpress\/ -->\n<title>First Draft - Miami Book Fair<\/title>\n<meta name=\"robots\" content=\"index, follow, max-snippet:-1, max-image-preview:large, max-video-preview:-1\" \/>\n<link rel=\"canonical\" href=\"https:\/\/miamibookfair.com\/es\/program\/first-draft\/\" \/>\n<meta property=\"og:locale\" content=\"es_ES\" \/>\n<meta property=\"og:type\" content=\"article\" \/>\n<meta property=\"og:title\" content=\"First Draft - Miami Book Fair\" \/>\n<meta property=\"og:description\" content=\"Community, craft, and rapid-fire creativity meet at our First Draft workshop series, monthly virtual salons where writers get social, share their work, and leave with great stories.\" \/>\n<meta property=\"og:url\" content=\"https:\/\/miamibookfair.com\/es\/program\/first-draft\/\" \/>\n<meta property=\"og:site_name\" content=\"Miami Book Fair\" \/>\n<meta property=\"article:modified_time\" content=\"2026-01-29T19:03:19+00:00\" \/>\n<meta property=\"og:image\" content=\"https:\/\/miamibookfair.com\/wp-content\/uploads\/first-draft-264x264-1.jpg\" \/>\n\t<meta property=\"og:image:width\" content=\"264\" \/>\n\t<meta property=\"og:image:height\" content=\"264\" \/>\n\t<meta property=\"og:image:type\" content=\"image\/jpeg\" \/>\n<meta name=\"twitter:card\" content=\"summary_large_image\" \/>\n<meta name=\"twitter:label1\" content=\"Est. reading time\" \/>\n\t<meta name=\"twitter:data1\" content=\"1 minuto\" \/>\n<script type=\"application\/ld+json\" class=\"yoast-schema-graph\">{\"@context\":\"https:\\\/\\\/schema.org\",\"@graph\":[{\"@type\":\"WebPage\",\"@id\":\"https:\\\/\\\/miamibookfair.com\\\/program\\\/first-draft\\\/\",\"url\":\"https:\\\/\\\/miamibookfair.com\\\/program\\\/first-draft\\\/\",\"name\":\"First Draft - Miami Book Fair\",\"isPartOf\":{\"@id\":\"https:\\\/\\\/miamibookfair.com\\\/#website\"},\"primaryImageOfPage\":{\"@id\":\"https:\\\/\\\/miamibookfair.com\\\/program\\\/first-draft\\\/#primaryimage\"},\"image\":{\"@id\":\"https:\\\/\\\/miamibookfair.com\\\/program\\\/first-draft\\\/#primaryimage\"},\"thumbnailUrl\":\"https:\\\/\\\/miamibookfair.com\\\/wp-content\\\/uploads\\\/first-draft-264x264-1.jpg\",\"datePublished\":\"2025-09-30T17:43:50+00:00\",\"dateModified\":\"2026-01-29T19:03:19+00:00\",\"breadcrumb\":{\"@id\":\"https:\\\/\\\/miamibookfair.com\\\/program\\\/first-draft\\\/#breadcrumb\"},\"inLanguage\":\"es-DO\",\"potentialAction\":[{\"@type\":\"ReadAction\",\"target\":[\"https:\\\/\\\/miamibookfair.com\\\/program\\\/first-draft\\\/\"]}]},{\"@type\":\"ImageObject\",\"inLanguage\":\"es-DO\",\"@id\":\"https:\\\/\\\/miamibookfair.com\\\/program\\\/first-draft\\\/#primaryimage\",\"url\":\"https:\\\/\\\/miamibookfair.com\\\/wp-content\\\/uploads\\\/first-draft-264x264-1.jpg\",\"contentUrl\":\"https:\\\/\\\/miamibookfair.com\\\/wp-content\\\/uploads\\\/first-draft-264x264-1.jpg\",\"width\":264,\"height\":264},{\"@type\":\"BreadcrumbList\",\"@id\":\"https:\\\/\\\/miamibookfair.com\\\/program\\\/first-draft\\\/#breadcrumb\",\"itemListElement\":[{\"@type\":\"ListItem\",\"position\":1,\"name\":\"Home\",\"item\":\"https:\\\/\\\/miamibookfair.com\\\/\"},{\"@type\":\"ListItem\",\"position\":2,\"name\":\"First Draft\"}]},{\"@type\":\"WebSite\",\"@id\":\"https:\\\/\\\/miamibookfair.com\\\/#website\",\"url\":\"https:\\\/\\\/miamibookfair.com\\\/\",\"name\":\"Miami Book Fair\",\"description\":\"\",\"potentialAction\":[{\"@type\":\"SearchAction\",\"target\":{\"@type\":\"EntryPoint\",\"urlTemplate\":\"https:\\\/\\\/miamibookfair.com\\\/?s={search_term_string}\"},\"query-input\":{\"@type\":\"PropertyValueSpecification\",\"valueRequired\":true,\"valueName\":\"search_term_string\"}}],\"inLanguage\":\"es-DO\"}]}<\/script>\n<!-- \/ Yoast SEO plugin. -->","yoast_head_json":{"title":"First Draft - Miami Book Fair","robots":{"index":"index","follow":"follow","max-snippet":"max-snippet:-1","max-image-preview":"max-image-preview:large","max-video-preview":"max-video-preview:-1"},"canonical":"https:\/\/miamibookfair.com\/es\/program\/first-draft\/","og_locale":"es_ES","og_type":"article","og_title":"First Draft - Miami Book Fair","og_description":"Community, craft, and rapid-fire creativity meet at our First Draft workshop series, monthly virtual salons where writers get social, share their work, and leave with great stories.","og_url":"https:\/\/miamibookfair.com\/es\/program\/first-draft\/","og_site_name":"Miami Book Fair","article_modified_time":"2026-01-29T19:03:19+00:00","og_image":[{"width":264,"height":264,"url":"https:\/\/miamibookfair.com\/wp-content\/uploads\/first-draft-264x264-1.jpg","type":"image\/jpeg"}],"twitter_card":"summary_large_image","twitter_misc":{"Est. reading time":"1 minuto"},"schema":{"@context":"https:\/\/schema.org","@graph":[{"@type":"WebPage","@id":"https:\/\/miamibookfair.com\/program\/first-draft\/","url":"https:\/\/miamibookfair.com\/program\/first-draft\/","name":"First Draft - Miami Book Fair","isPartOf":{"@id":"https:\/\/miamibookfair.com\/#website"},"primaryImageOfPage":{"@id":"https:\/\/miamibookfair.com\/program\/first-draft\/#primaryimage"},"image":{"@id":"https:\/\/miamibookfair.com\/program\/first-draft\/#primaryimage"},"thumbnailUrl":"https:\/\/miamibookfair.com\/wp-content\/uploads\/first-draft-264x264-1.jpg","datePublished":"2025-09-30T17:43:50+00:00","dateModified":"2026-01-29T19:03:19+00:00","breadcrumb":{"@id":"https:\/\/miamibookfair.com\/program\/first-draft\/#breadcrumb"},"inLanguage":"es-DO","potentialAction":[{"@type":"ReadAction","target":["https:\/\/miamibookfair.com\/program\/first-draft\/"]}]},{"@type":"ImageObject","inLanguage":"es-DO","@id":"https:\/\/miamibookfair.com\/program\/first-draft\/#primaryimage","url":"https:\/\/miamibookfair.com\/wp-content\/uploads\/first-draft-264x264-1.jpg","contentUrl":"https:\/\/miamibookfair.com\/wp-content\/uploads\/first-draft-264x264-1.jpg","width":264,"height":264},{"@type":"BreadcrumbList","@id":"https:\/\/miamibookfair.com\/program\/first-draft\/#breadcrumb","itemListElement":[{"@type":"ListItem","position":1,"name":"Home","item":"https:\/\/miamibookfair.com\/"},{"@type":"ListItem","position":2,"name":"First Draft"}]},{"@type":"WebSite","@id":"https:\/\/miamibookfair.com\/#website","url":"https:\/\/miamibookfair.com\/","name":"Miami Book Fair","description":"","potentialAction":[{"@type":"SearchAction","target":{"@type":"EntryPoint","urlTemplate":"https:\/\/miamibookfair.com\/?s={search_term_string}"},"query-input":{"@type":"PropertyValueSpecification","valueRequired":true,"valueName":"search_term_string"}}],"inLanguage":"es-DO"}]}},"_links":{"self":[{"href":"http:\/\/miamibookfair.com\/es\/wp-json\/wp\/v2\/program\/9703","targetHints":{"allow":["GET"]}}],"collection":[{"href":"http:\/\/miamibookfair.com\/es\/wp-json\/wp\/v2\/program"}],"about":[{"href":"http:\/\/miamibookfair.com\/es\/wp-json\/wp\/v2\/types\/program"}],"version-history":[{"count":0,"href":"http:\/\/miamibookfair.com\/es\/wp-json\/wp\/v2\/program\/9703\/revisions"}],"wp:featuredmedia":[{"embeddable":true,"href":"http:\/\/miamibookfair.com\/es\/wp-json\/wp\/v2\/media\/9705"}],"wp:attachment":[{"href":"http:\/\/miamibookfair.com\/es\/wp-json\/wp\/v2\/media?parent=9703"}],"wp:term":[{"taxonomy":"event-type","embeddable":true,"href":"http:\/\/miamibookfair.com\/es\/wp-json\/wp\/v2\/event-type?post=9703"},{"taxonomy":"featured-image-status","embeddable":true,"href":"http:\/\/miamibookfair.com\/es\/wp-json\/wp\/v2\/featured-image-status?post=9703"},{"taxonomy":"program-name","embeddable":true,"href":"http:\/\/miamibookfair.com\/es\/wp-json\/wp\/v2\/program-name?post=9703"}],"curies":[{"name":"wp","href":"https:\/\/api.w.org\/{rel}","templated":true}]}},{"id":9693,"date":"2025-09-30T13:22:44","date_gmt":"2025-09-30T17:22:44","guid":{"rendered":"https:\/\/miamibookfair.wpenginepowered.com\/?post_type=program&#038;p=9693"},"modified":"2025-11-10T10:25:56","modified_gmt":"2025-11-10T15:25:56","slug":"iberoamerican-authors","status":"publish","type":"program","link":"http:\/\/miamibookfair.com\/es\/program\/iberoamerican-authors\/","title":{"rendered":"Autores Iberoamericanos"},"content":{"rendered":"","protected":false},"featured_media":9695,"template":"","meta":{"_acf_changed":true,"_links_to":"","_links_to_target":""},"event-type":[94],"featured-image-status":[],"program-name":[859],"class_list":["post-9693","program","type-program","status-publish","has-post-thumbnail","hentry","event-type-miami-book-fair-2025","program-name-iberoamerican"],"acf":[],"yoast_head":"<!-- This site is optimized with the Yoast SEO plugin v27.4 - https:\/\/yoast.com\/product\/yoast-seo-wordpress\/ -->\n<title>IberoAmerican Authors - Miami Book Fair<\/title>\n<meta name=\"robots\" content=\"index, follow, max-snippet:-1, max-image-preview:large, max-video-preview:-1\" \/>\n<link rel=\"canonical\" href=\"https:\/\/miamibookfair.com\/es\/program\/iberoamerican-authors\/\" \/>\n<meta property=\"og:locale\" content=\"es_ES\" \/>\n<meta property=\"og:type\" content=\"article\" \/>\n<meta property=\"og:title\" content=\"IberoAmerican Authors - Miami Book Fair\" \/>\n<meta property=\"og:url\" content=\"https:\/\/miamibookfair.com\/es\/program\/iberoamerican-authors\/\" \/>\n<meta property=\"og:site_name\" content=\"Miami Book Fair\" \/>\n<meta property=\"article:modified_time\" content=\"2025-11-10T15:25:56+00:00\" \/>\n<meta property=\"og:image\" content=\"https:\/\/miamibookfair.com\/wp-content\/uploads\/image001.jpg\" \/>\n\t<meta property=\"og:image:width\" content=\"568\" \/>\n\t<meta property=\"og:image:height\" content=\"378\" \/>\n\t<meta property=\"og:image:type\" content=\"image\/jpeg\" \/>\n<meta name=\"twitter:card\" content=\"summary_large_image\" \/>\n<meta name=\"twitter:label1\" content=\"Est. reading time\" \/>\n\t<meta name=\"twitter:data1\" content=\"1 minuto\" \/>\n<script type=\"application\/ld+json\" class=\"yoast-schema-graph\">{\"@context\":\"https:\\\/\\\/schema.org\",\"@graph\":[{\"@type\":\"WebPage\",\"@id\":\"https:\\\/\\\/miamibookfair.com\\\/program\\\/iberoamerican-authors\\\/\",\"url\":\"https:\\\/\\\/miamibookfair.com\\\/program\\\/iberoamerican-authors\\\/\",\"name\":\"IberoAmerican Authors - Miami Book Fair\",\"isPartOf\":{\"@id\":\"https:\\\/\\\/miamibookfair.com\\\/#website\"},\"primaryImageOfPage\":{\"@id\":\"https:\\\/\\\/miamibookfair.com\\\/program\\\/iberoamerican-authors\\\/#primaryimage\"},\"image\":{\"@id\":\"https:\\\/\\\/miamibookfair.com\\\/program\\\/iberoamerican-authors\\\/#primaryimage\"},\"thumbnailUrl\":\"https:\\\/\\\/miamibookfair.com\\\/wp-content\\\/uploads\\\/image001.jpg\",\"datePublished\":\"2025-09-30T17:22:44+00:00\",\"dateModified\":\"2025-11-10T15:25:56+00:00\",\"breadcrumb\":{\"@id\":\"https:\\\/\\\/miamibookfair.com\\\/program\\\/iberoamerican-authors\\\/#breadcrumb\"},\"inLanguage\":\"es-DO\",\"potentialAction\":[{\"@type\":\"ReadAction\",\"target\":[\"https:\\\/\\\/miamibookfair.com\\\/program\\\/iberoamerican-authors\\\/\"]}]},{\"@type\":\"ImageObject\",\"inLanguage\":\"es-DO\",\"@id\":\"https:\\\/\\\/miamibookfair.com\\\/program\\\/iberoamerican-authors\\\/#primaryimage\",\"url\":\"https:\\\/\\\/miamibookfair.com\\\/wp-content\\\/uploads\\\/image001.jpg\",\"contentUrl\":\"https:\\\/\\\/miamibookfair.com\\\/wp-content\\\/uploads\\\/image001.jpg\",\"width\":568,\"height\":378},{\"@type\":\"BreadcrumbList\",\"@id\":\"https:\\\/\\\/miamibookfair.com\\\/program\\\/iberoamerican-authors\\\/#breadcrumb\",\"itemListElement\":[{\"@type\":\"ListItem\",\"position\":1,\"name\":\"Home\",\"item\":\"https:\\\/\\\/miamibookfair.com\\\/\"},{\"@type\":\"ListItem\",\"position\":2,\"name\":\"IberoAmerican Authors\"}]},{\"@type\":\"WebSite\",\"@id\":\"https:\\\/\\\/miamibookfair.com\\\/#website\",\"url\":\"https:\\\/\\\/miamibookfair.com\\\/\",\"name\":\"Miami Book Fair\",\"description\":\"\",\"potentialAction\":[{\"@type\":\"SearchAction\",\"target\":{\"@type\":\"EntryPoint\",\"urlTemplate\":\"https:\\\/\\\/miamibookfair.com\\\/?s={search_term_string}\"},\"query-input\":{\"@type\":\"PropertyValueSpecification\",\"valueRequired\":true,\"valueName\":\"search_term_string\"}}],\"inLanguage\":\"es-DO\"}]}<\/script>\n<!-- \/ Yoast SEO plugin. -->","yoast_head_json":{"title":"IberoAmerican Authors - Miami Book Fair","robots":{"index":"index","follow":"follow","max-snippet":"max-snippet:-1","max-image-preview":"max-image-preview:large","max-video-preview":"max-video-preview:-1"},"canonical":"https:\/\/miamibookfair.com\/es\/program\/iberoamerican-authors\/","og_locale":"es_ES","og_type":"article","og_title":"IberoAmerican Authors - Miami Book Fair","og_url":"https:\/\/miamibookfair.com\/es\/program\/iberoamerican-authors\/","og_site_name":"Miami Book Fair","article_modified_time":"2025-11-10T15:25:56+00:00","og_image":[{"width":568,"height":378,"url":"https:\/\/miamibookfair.com\/wp-content\/uploads\/image001.jpg","type":"image\/jpeg"}],"twitter_card":"summary_large_image","twitter_misc":{"Est. reading time":"1 minuto"},"schema":{"@context":"https:\/\/schema.org","@graph":[{"@type":"WebPage","@id":"https:\/\/miamibookfair.com\/program\/iberoamerican-authors\/","url":"https:\/\/miamibookfair.com\/program\/iberoamerican-authors\/","name":"IberoAmerican Authors - Miami Book Fair","isPartOf":{"@id":"https:\/\/miamibookfair.com\/#website"},"primaryImageOfPage":{"@id":"https:\/\/miamibookfair.com\/program\/iberoamerican-authors\/#primaryimage"},"image":{"@id":"https:\/\/miamibookfair.com\/program\/iberoamerican-authors\/#primaryimage"},"thumbnailUrl":"https:\/\/miamibookfair.com\/wp-content\/uploads\/image001.jpg","datePublished":"2025-09-30T17:22:44+00:00","dateModified":"2025-11-10T15:25:56+00:00","breadcrumb":{"@id":"https:\/\/miamibookfair.com\/program\/iberoamerican-authors\/#breadcrumb"},"inLanguage":"es-DO","potentialAction":[{"@type":"ReadAction","target":["https:\/\/miamibookfair.com\/program\/iberoamerican-authors\/"]}]},{"@type":"ImageObject","inLanguage":"es-DO","@id":"https:\/\/miamibookfair.com\/program\/iberoamerican-authors\/#primaryimage","url":"https:\/\/miamibookfair.com\/wp-content\/uploads\/image001.jpg","contentUrl":"https:\/\/miamibookfair.com\/wp-content\/uploads\/image001.jpg","width":568,"height":378},{"@type":"BreadcrumbList","@id":"https:\/\/miamibookfair.com\/program\/iberoamerican-authors\/#breadcrumb","itemListElement":[{"@type":"ListItem","position":1,"name":"Home","item":"https:\/\/miamibookfair.com\/"},{"@type":"ListItem","position":2,"name":"IberoAmerican Authors"}]},{"@type":"WebSite","@id":"https:\/\/miamibookfair.com\/#website","url":"https:\/\/miamibookfair.com\/","name":"Miami Book Fair","description":"","potentialAction":[{"@type":"SearchAction","target":{"@type":"EntryPoint","urlTemplate":"https:\/\/miamibookfair.com\/?s={search_term_string}"},"query-input":{"@type":"PropertyValueSpecification","valueRequired":true,"valueName":"search_term_string"}}],"inLanguage":"es-DO"}]}},"_links":{"self":[{"href":"http:\/\/miamibookfair.com\/es\/wp-json\/wp\/v2\/program\/9693","targetHints":{"allow":["GET"]}}],"collection":[{"href":"http:\/\/miamibookfair.com\/es\/wp-json\/wp\/v2\/program"}],"about":[{"href":"http:\/\/miamibookfair.com\/es\/wp-json\/wp\/v2\/types\/program"}],"version-history":[{"count":0,"href":"http:\/\/miamibookfair.com\/es\/wp-json\/wp\/v2\/program\/9693\/revisions"}],"wp:featuredmedia":[{"embeddable":true,"href":"http:\/\/miamibookfair.com\/es\/wp-json\/wp\/v2\/media\/9695"}],"wp:attachment":[{"href":"http:\/\/miamibookfair.com\/es\/wp-json\/wp\/v2\/media?parent=9693"}],"wp:term":[{"taxonomy":"event-type","embeddable":true,"href":"http:\/\/miamibookfair.com\/es\/wp-json\/wp\/v2\/event-type?post=9693"},{"taxonomy":"featured-image-status","embeddable":true,"href":"http:\/\/miamibookfair.com\/es\/wp-json\/wp\/v2\/featured-image-status?post=9693"},{"taxonomy":"program-name","embeddable":true,"href":"http:\/\/miamibookfair.com\/es\/wp-json\/wp\/v2\/program-name?post=9693"}],"curies":[{"name":"wp","href":"https:\/\/api.w.org\/{rel}","templated":true}]}},{"id":9612,"date":"2025-09-29T17:37:29","date_gmt":"2025-09-29T21:37:29","guid":{"rendered":"https:\/\/miamibookfair.wpenginepowered.com\/?post_type=program&#038;p=9612"},"modified":"2026-01-29T14:02:18","modified_gmt":"2026-01-29T19:02:18","slug":"participate-with-miami-book-fair","status":"publish","type":"program","link":"http:\/\/miamibookfair.com\/es\/program\/participate-with-miami-book-fair\/","title":{"rendered":"\u00a1PARTICIPA! Con la Feria del Libro de Miami"},"content":{"rendered":"<p>Re\u00fanete con otros aventureros y que comience la fiesta. Baila hasta el escenario PARTICIPA! para aplaudir y zapatear con entretenimiento seguido, que incluye teatro, danza, m\u00fasica, magia, un espect\u00e1culo y \u00a1m\u00e1s!<br><\/p>","protected":false},"featured_media":4403,"template":"","meta":{"_acf_changed":false,"_links_to":"","_links_to_target":""},"event-type":[94],"featured-image-status":[147],"program-name":[339],"class_list":["post-9612","program","type-program","status-publish","has-post-thumbnail","hentry","event-type-miami-book-fair-2025","featured-image-status-do-not-display","program-name-participate-with-miami-book-fair"],"acf":[],"yoast_head":"<!-- This site is optimized with the Yoast SEO plugin v27.4 - https:\/\/yoast.com\/product\/yoast-seo-wordpress\/ -->\n<title>PARTICIPATE! With Miami Book Fair - Miami Book Fair<\/title>\n<meta name=\"robots\" content=\"index, follow, max-snippet:-1, max-image-preview:large, max-video-preview:-1\" \/>\n<link rel=\"canonical\" href=\"https:\/\/miamibookfair.com\/es\/program\/participate-with-miami-book-fair\/\" \/>\n<meta property=\"og:locale\" content=\"es_ES\" \/>\n<meta property=\"og:type\" content=\"article\" \/>\n<meta property=\"og:title\" content=\"PARTICIPATE! With Miami Book Fair - Miami Book Fair\" \/>\n<meta property=\"og:description\" content=\"Commune with other adventurers and get the party started \u2013 dance your way to the PARTICIPATE! stage.\" \/>\n<meta property=\"og:url\" content=\"https:\/\/miamibookfair.com\/es\/program\/participate-with-miami-book-fair\/\" \/>\n<meta property=\"og:site_name\" content=\"Miami Book Fair\" \/>\n<meta property=\"article:modified_time\" content=\"2026-01-29T19:02:18+00:00\" \/>\n<meta property=\"og:image\" content=\"https:\/\/miamibookfair.com\/wp-content\/uploads\/mbf-logo.jpg\" \/>\n\t<meta property=\"og:image:width\" content=\"1600\" \/>\n\t<meta property=\"og:image:height\" content=\"1113\" \/>\n\t<meta property=\"og:image:type\" content=\"image\/jpeg\" \/>\n<meta name=\"twitter:card\" content=\"summary_large_image\" \/>\n<meta name=\"twitter:label1\" content=\"Est. reading time\" \/>\n\t<meta name=\"twitter:data1\" content=\"1 minuto\" \/>\n<script type=\"application\/ld+json\" class=\"yoast-schema-graph\">{\"@context\":\"https:\\\/\\\/schema.org\",\"@graph\":[{\"@type\":\"WebPage\",\"@id\":\"https:\\\/\\\/miamibookfair.com\\\/program\\\/participate-with-miami-book-fair\\\/\",\"url\":\"https:\\\/\\\/miamibookfair.com\\\/program\\\/participate-with-miami-book-fair\\\/\",\"name\":\"PARTICIPATE! With Miami Book Fair - Miami Book Fair\",\"isPartOf\":{\"@id\":\"https:\\\/\\\/miamibookfair.com\\\/#website\"},\"primaryImageOfPage\":{\"@id\":\"https:\\\/\\\/miamibookfair.com\\\/program\\\/participate-with-miami-book-fair\\\/#primaryimage\"},\"image\":{\"@id\":\"https:\\\/\\\/miamibookfair.com\\\/program\\\/participate-with-miami-book-fair\\\/#primaryimage\"},\"thumbnailUrl\":\"https:\\\/\\\/miamibookfair.com\\\/wp-content\\\/uploads\\\/mbf-logo.jpg\",\"datePublished\":\"2025-09-29T21:37:29+00:00\",\"dateModified\":\"2026-01-29T19:02:18+00:00\",\"breadcrumb\":{\"@id\":\"https:\\\/\\\/miamibookfair.com\\\/program\\\/participate-with-miami-book-fair\\\/#breadcrumb\"},\"inLanguage\":\"es-DO\",\"potentialAction\":[{\"@type\":\"ReadAction\",\"target\":[\"https:\\\/\\\/miamibookfair.com\\\/program\\\/participate-with-miami-book-fair\\\/\"]}]},{\"@type\":\"ImageObject\",\"inLanguage\":\"es-DO\",\"@id\":\"https:\\\/\\\/miamibookfair.com\\\/program\\\/participate-with-miami-book-fair\\\/#primaryimage\",\"url\":\"https:\\\/\\\/miamibookfair.com\\\/wp-content\\\/uploads\\\/mbf-logo.jpg\",\"contentUrl\":\"https:\\\/\\\/miamibookfair.com\\\/wp-content\\\/uploads\\\/mbf-logo.jpg\",\"width\":1600,\"height\":1113,\"caption\":\"Miami Book Fair Logo\"},{\"@type\":\"BreadcrumbList\",\"@id\":\"https:\\\/\\\/miamibookfair.com\\\/program\\\/participate-with-miami-book-fair\\\/#breadcrumb\",\"itemListElement\":[{\"@type\":\"ListItem\",\"position\":1,\"name\":\"Home\",\"item\":\"https:\\\/\\\/miamibookfair.com\\\/\"},{\"@type\":\"ListItem\",\"position\":2,\"name\":\"PARTICIPATE! With Miami Book Fair\"}]},{\"@type\":\"WebSite\",\"@id\":\"https:\\\/\\\/miamibookfair.com\\\/#website\",\"url\":\"https:\\\/\\\/miamibookfair.com\\\/\",\"name\":\"Miami Book Fair\",\"description\":\"\",\"potentialAction\":[{\"@type\":\"SearchAction\",\"target\":{\"@type\":\"EntryPoint\",\"urlTemplate\":\"https:\\\/\\\/miamibookfair.com\\\/?s={search_term_string}\"},\"query-input\":{\"@type\":\"PropertyValueSpecification\",\"valueRequired\":true,\"valueName\":\"search_term_string\"}}],\"inLanguage\":\"es-DO\"}]}<\/script>\n<!-- \/ Yoast SEO plugin. -->","yoast_head_json":{"title":"PARTICIPATE! With Miami Book Fair - Miami Book Fair","robots":{"index":"index","follow":"follow","max-snippet":"max-snippet:-1","max-image-preview":"max-image-preview:large","max-video-preview":"max-video-preview:-1"},"canonical":"https:\/\/miamibookfair.com\/es\/program\/participate-with-miami-book-fair\/","og_locale":"es_ES","og_type":"article","og_title":"PARTICIPATE! With Miami Book Fair - Miami Book Fair","og_description":"Commune with other adventurers and get the party started \u2013 dance your way to the PARTICIPATE! stage.","og_url":"https:\/\/miamibookfair.com\/es\/program\/participate-with-miami-book-fair\/","og_site_name":"Miami Book Fair","article_modified_time":"2026-01-29T19:02:18+00:00","og_image":[{"width":1600,"height":1113,"url":"https:\/\/miamibookfair.com\/wp-content\/uploads\/mbf-logo.jpg","type":"image\/jpeg"}],"twitter_card":"summary_large_image","twitter_misc":{"Est. reading time":"1 minuto"},"schema":{"@context":"https:\/\/schema.org","@graph":[{"@type":"WebPage","@id":"https:\/\/miamibookfair.com\/program\/participate-with-miami-book-fair\/","url":"https:\/\/miamibookfair.com\/program\/participate-with-miami-book-fair\/","name":"PARTICIPATE! With Miami Book Fair - Miami Book Fair","isPartOf":{"@id":"https:\/\/miamibookfair.com\/#website"},"primaryImageOfPage":{"@id":"https:\/\/miamibookfair.com\/program\/participate-with-miami-book-fair\/#primaryimage"},"image":{"@id":"https:\/\/miamibookfair.com\/program\/participate-with-miami-book-fair\/#primaryimage"},"thumbnailUrl":"https:\/\/miamibookfair.com\/wp-content\/uploads\/mbf-logo.jpg","datePublished":"2025-09-29T21:37:29+00:00","dateModified":"2026-01-29T19:02:18+00:00","breadcrumb":{"@id":"https:\/\/miamibookfair.com\/program\/participate-with-miami-book-fair\/#breadcrumb"},"inLanguage":"es-DO","potentialAction":[{"@type":"ReadAction","target":["https:\/\/miamibookfair.com\/program\/participate-with-miami-book-fair\/"]}]},{"@type":"ImageObject","inLanguage":"es-DO","@id":"https:\/\/miamibookfair.com\/program\/participate-with-miami-book-fair\/#primaryimage","url":"https:\/\/miamibookfair.com\/wp-content\/uploads\/mbf-logo.jpg","contentUrl":"https:\/\/miamibookfair.com\/wp-content\/uploads\/mbf-logo.jpg","width":1600,"height":1113,"caption":"Miami Book Fair Logo"},{"@type":"BreadcrumbList","@id":"https:\/\/miamibookfair.com\/program\/participate-with-miami-book-fair\/#breadcrumb","itemListElement":[{"@type":"ListItem","position":1,"name":"Home","item":"https:\/\/miamibookfair.com\/"},{"@type":"ListItem","position":2,"name":"PARTICIPATE! With Miami Book Fair"}]},{"@type":"WebSite","@id":"https:\/\/miamibookfair.com\/#website","url":"https:\/\/miamibookfair.com\/","name":"Miami Book Fair","description":"","potentialAction":[{"@type":"SearchAction","target":{"@type":"EntryPoint","urlTemplate":"https:\/\/miamibookfair.com\/?s={search_term_string}"},"query-input":{"@type":"PropertyValueSpecification","valueRequired":true,"valueName":"search_term_string"}}],"inLanguage":"es-DO"}]}},"_links":{"self":[{"href":"http:\/\/miamibookfair.com\/es\/wp-json\/wp\/v2\/program\/9612","targetHints":{"allow":["GET"]}}],"collection":[{"href":"http:\/\/miamibookfair.com\/es\/wp-json\/wp\/v2\/program"}],"about":[{"href":"http:\/\/miamibookfair.com\/es\/wp-json\/wp\/v2\/types\/program"}],"version-history":[{"count":0,"href":"http:\/\/miamibookfair.com\/es\/wp-json\/wp\/v2\/program\/9612\/revisions"}],"wp:featuredmedia":[{"embeddable":true,"href":"http:\/\/miamibookfair.com\/es\/wp-json\/wp\/v2\/media\/4403"}],"wp:attachment":[{"href":"http:\/\/miamibookfair.com\/es\/wp-json\/wp\/v2\/media?parent=9612"}],"wp:term":[{"taxonomy":"event-type","embeddable":true,"href":"http:\/\/miamibookfair.com\/es\/wp-json\/wp\/v2\/event-type?post=9612"},{"taxonomy":"featured-image-status","embeddable":true,"href":"http:\/\/miamibookfair.com\/es\/wp-json\/wp\/v2\/featured-image-status?post=9612"},{"taxonomy":"program-name","embeddable":true,"href":"http:\/\/miamibookfair.com\/es\/wp-json\/wp\/v2\/program-name?post=9612"}],"curies":[{"name":"wp","href":"https:\/\/api.w.org\/{rel}","templated":true}]}}]