[{"id":39720,"date":"2026-09-01T10:04:08","date_gmt":"2026-09-01T14:04:08","guid":{"rendered":"https:\/\/miamibookfair.com\/?post_type=mec-events&#038;p=39720"},"modified":"2026-09-01T10:04:08","modified_gmt":"2026-09-01T14:04:08","slug":"the-childrens-trust-books-for-free-storytime-in-partnership-with-early-steps-southernmost","status":"publish","type":"mec-events","link":"http:\/\/miamibookfair.com\/ht\/event\/the-childrens-trust-books-for-free-storytime-in-partnership-with-early-steps-southernmost\/","title":{"rendered":"The Children\u2019s Trust Books for Free Storytime in partnership with Early Steps Southernmost"},"content":{"rendered":"<p data-renderer-start-pos=\"204\"><img decoding=\"async\" class=\"wp-image-9951 alignright\" src=\"https:\/\/miamibookfair.com\/wp-content\/uploads\/BFF-600-4-300x234.jpg\" alt=\"\" width=\"138\" height=\"108\" srcset=\"https:\/\/miamibookfair.com\/wp-content\/uploads\/BFF-600-4-300x234.jpg 300w, https:\/\/miamibookfair.com\/wp-content\/uploads\/BFF-600-4.jpg 600w\" sizes=\"(max-width: 138px) 100vw, 138px\" \/>Books for Free is celebrating National Hispanic Heritage Month during our monthly Storytime, this time in partnership with Early Steps Southernmost.<\/p>\n<p data-renderer-start-pos=\"355\">Join on us for a morning of stories, crafts and tasty snacks!<\/p>\n<p data-renderer-start-pos=\"418\">We will host a bilingual reading of <em data-renderer-mark=\"true\">Where Are You From? (\u00bfDe d\u00f3nde eres?)<\/em> by Yamile Saied M\u00e9ndez.<\/p>\n<p><img decoding=\"async\" class=\"aligncenter  wp-image-39721\" src=\"https:\/\/miamibookfair.com\/wp-content\/uploads\/Easter_Seals-300x169.jpg\" alt=\"\" width=\"215\" height=\"121\" srcset=\"https:\/\/miamibookfair.com\/wp-content\/uploads\/Easter_Seals-300x169.jpg 300w, https:\/\/miamibookfair.com\/wp-content\/uploads\/Easter_Seals-18x10.jpg 18w, https:\/\/miamibookfair.com\/wp-content\/uploads\/Easter_Seals.jpg 508w\" sizes=\"(max-width: 215px) 100vw, 215px\" \/><\/p>","protected":false},"excerpt":{"rendered":"<p>Books for Free is celebrating National Hispanic Heritage Month during our monthly Storytime, this time in partnership with Early Steps Southernmost. Join on us for a morning of stories, crafts and tasty snacks! We will host a bilingual reading of Where Are You From? (\u00bfDe d\u00f3nde eres?) by Yamile Saied M\u00e9ndez.<\/p>","protected":false},"author":8,"featured_media":39722,"template":"","meta":{"_acf_changed":false,"_links_to":"","_links_to_target":""},"tags":[],"event-format":[51],"event-genre":[59],"event-language":[63,64],"event-on-demand-status":[],"event-topic":[],"event-type":[95],"featured-image-status":[],"program-name":[397],"mec_category":[],"class_list":["post-39720","mec-events","type-mec-events","status-publish","has-post-thumbnail","hentry","event-format-reading","event-genre-children","event-language-english","event-language-spanish","event-type-year-round-events","program-name-the-childrens-trust-books-for-free"],"acf":[],"yoast_head":"<!-- This site is optimized with the Yoast SEO plugin v28.3 - https:\/\/yoast.com\/product\/yoast-seo-wordpress\/ -->\n<title>The Children\u2019s Trust Books for Free Storytime in partnership with Early Steps Southernmost - Miami Book Fair<\/title>\n<meta name=\"robots\" content=\"index, follow, max-snippet:-1, max-image-preview:large, max-video-preview:-1\" \/>\n<link rel=\"canonical\" href=\"https:\/\/miamibookfair.com\/ht\/event\/the-childrens-trust-books-for-free-storytime-in-partnership-with-early-steps-southernmost\/\" \/>\n<meta property=\"og:locale\" content=\"ht_HT\" \/>\n<meta property=\"og:type\" content=\"article\" \/>\n<meta property=\"og:title\" content=\"The Children\u2019s Trust Books for Free Storytime in partnership with Early Steps Southernmost - Miami Book Fair\" \/>\n<meta property=\"og:description\" content=\"Books for Free is celebrating National Hispanic Heritage Month during our monthly Storytime, this time in partnership with Early Steps Southernmost. Join on us for a morning of stories, crafts and tasty snacks! We will host a bilingual reading of Where Are You From? (\u00bfDe d\u00f3nde eres?) by Yamile Saied M\u00e9ndez.\" \/>\n<meta property=\"og:url\" content=\"https:\/\/miamibookfair.com\/ht\/event\/the-childrens-trust-books-for-free-storytime-in-partnership-with-early-steps-southernmost\/\" \/>\n<meta property=\"og:site_name\" content=\"Miami Book Fair\" \/>\n<meta property=\"og:image\" content=\"https:\/\/miamibookfair.com\/wp-content\/uploads\/de-donde.jpg\" \/>\n\t<meta property=\"og:image:width\" content=\"600\" \/>\n\t<meta property=\"og:image:height\" content=\"600\" \/>\n\t<meta property=\"og:image:type\" content=\"image\/jpeg\" \/>\n<meta name=\"twitter:card\" content=\"summary_large_image\" \/>\n<meta name=\"twitter:label1\" content=\"Est. reading time\" \/>\n\t<meta name=\"twitter:data1\" content=\"1 minute\" \/>\n<script type=\"application\/ld+json\" class=\"yoast-schema-graph\">{\"@context\":\"https:\\\/\\\/schema.org\",\"@graph\":[{\"@type\":\"WebPage\",\"@id\":\"https:\\\/\\\/miamibookfair.com\\\/event\\\/the-childrens-trust-books-for-free-storytime-in-partnership-with-early-steps-southernmost\\\/\",\"url\":\"https:\\\/\\\/miamibookfair.com\\\/event\\\/the-childrens-trust-books-for-free-storytime-in-partnership-with-early-steps-southernmost\\\/\",\"name\":\"The Children\u2019s Trust Books for Free Storytime in partnership with Early Steps Southernmost - Miami Book Fair\",\"isPartOf\":{\"@id\":\"https:\\\/\\\/miamibookfair.com\\\/#website\"},\"primaryImageOfPage\":{\"@id\":\"https:\\\/\\\/miamibookfair.com\\\/event\\\/the-childrens-trust-books-for-free-storytime-in-partnership-with-early-steps-southernmost\\\/#primaryimage\"},\"image\":{\"@id\":\"https:\\\/\\\/miamibookfair.com\\\/event\\\/the-childrens-trust-books-for-free-storytime-in-partnership-with-early-steps-southernmost\\\/#primaryimage\"},\"thumbnailUrl\":\"https:\\\/\\\/miamibookfair.com\\\/wp-content\\\/uploads\\\/de-donde.jpg\",\"datePublished\":\"2026-09-01T14:04:08+00:00\",\"breadcrumb\":{\"@id\":\"https:\\\/\\\/miamibookfair.com\\\/event\\\/the-childrens-trust-books-for-free-storytime-in-partnership-with-early-steps-southernmost\\\/#breadcrumb\"},\"inLanguage\":\"ht\",\"potentialAction\":[{\"@type\":\"ReadAction\",\"target\":[\"https:\\\/\\\/miamibookfair.com\\\/event\\\/the-childrens-trust-books-for-free-storytime-in-partnership-with-early-steps-southernmost\\\/\"]}]},{\"@type\":\"ImageObject\",\"inLanguage\":\"ht\",\"@id\":\"https:\\\/\\\/miamibookfair.com\\\/event\\\/the-childrens-trust-books-for-free-storytime-in-partnership-with-early-steps-southernmost\\\/#primaryimage\",\"url\":\"https:\\\/\\\/miamibookfair.com\\\/wp-content\\\/uploads\\\/de-donde.jpg\",\"contentUrl\":\"https:\\\/\\\/miamibookfair.com\\\/wp-content\\\/uploads\\\/de-donde.jpg\",\"width\":600,\"height\":600},{\"@type\":\"BreadcrumbList\",\"@id\":\"https:\\\/\\\/miamibookfair.com\\\/event\\\/the-childrens-trust-books-for-free-storytime-in-partnership-with-early-steps-southernmost\\\/#breadcrumb\",\"itemListElement\":[{\"@type\":\"ListItem\",\"position\":1,\"name\":\"Home\",\"item\":\"https:\\\/\\\/miamibookfair.com\\\/\"},{\"@type\":\"ListItem\",\"position\":2,\"name\":\"Events\",\"item\":\"https:\\\/\\\/miamibookfair.com\\\/events\\\/\"},{\"@type\":\"ListItem\",\"position\":3,\"name\":\"The Children\u2019s Trust Books for Free Storytime in partnership with Early Steps Southernmost\"}]},{\"@type\":\"WebSite\",\"@id\":\"https:\\\/\\\/miamibookfair.com\\\/#website\",\"url\":\"https:\\\/\\\/miamibookfair.com\\\/\",\"name\":\"Miami Book Fair\",\"description\":\"\",\"potentialAction\":[{\"@type\":\"SearchAction\",\"target\":{\"@type\":\"EntryPoint\",\"urlTemplate\":\"https:\\\/\\\/miamibookfair.com\\\/?s={search_term_string}\"},\"query-input\":{\"@type\":\"PropertyValueSpecification\",\"valueRequired\":true,\"valueName\":\"search_term_string\"}}],\"inLanguage\":\"ht\"}]}<\/script>\n<!-- \/ Yoast SEO plugin. -->","yoast_head_json":{"title":"The Children\u2019s Trust Books for Free Storytime in partnership with Early Steps Southernmost - Miami Book Fair","robots":{"index":"index","follow":"follow","max-snippet":"max-snippet:-1","max-image-preview":"max-image-preview:large","max-video-preview":"max-video-preview:-1"},"canonical":"https:\/\/miamibookfair.com\/ht\/event\/the-childrens-trust-books-for-free-storytime-in-partnership-with-early-steps-southernmost\/","og_locale":"ht_HT","og_type":"article","og_title":"The Children\u2019s Trust Books for Free Storytime in partnership with Early Steps Southernmost - Miami Book Fair","og_description":"Books for Free is celebrating National Hispanic Heritage Month during our monthly Storytime, this time in partnership with Early Steps Southernmost. Join on us for a morning of stories, crafts and tasty snacks! We will host a bilingual reading of Where Are You From? (\u00bfDe d\u00f3nde eres?) by Yamile Saied M\u00e9ndez.","og_url":"https:\/\/miamibookfair.com\/ht\/event\/the-childrens-trust-books-for-free-storytime-in-partnership-with-early-steps-southernmost\/","og_site_name":"Miami Book Fair","og_image":[{"width":600,"height":600,"url":"https:\/\/miamibookfair.com\/wp-content\/uploads\/de-donde.jpg","type":"image\/jpeg"}],"twitter_card":"summary_large_image","twitter_misc":{"Est. reading time":"1 minute"},"schema":{"@context":"https:\/\/schema.org","@graph":[{"@type":"WebPage","@id":"https:\/\/miamibookfair.com\/event\/the-childrens-trust-books-for-free-storytime-in-partnership-with-early-steps-southernmost\/","url":"https:\/\/miamibookfair.com\/event\/the-childrens-trust-books-for-free-storytime-in-partnership-with-early-steps-southernmost\/","name":"The Children\u2019s Trust Books for Free Storytime in partnership with Early Steps Southernmost - Miami Book Fair","isPartOf":{"@id":"https:\/\/miamibookfair.com\/#website"},"primaryImageOfPage":{"@id":"https:\/\/miamibookfair.com\/event\/the-childrens-trust-books-for-free-storytime-in-partnership-with-early-steps-southernmost\/#primaryimage"},"image":{"@id":"https:\/\/miamibookfair.com\/event\/the-childrens-trust-books-for-free-storytime-in-partnership-with-early-steps-southernmost\/#primaryimage"},"thumbnailUrl":"https:\/\/miamibookfair.com\/wp-content\/uploads\/de-donde.jpg","datePublished":"2026-09-01T14:04:08+00:00","breadcrumb":{"@id":"https:\/\/miamibookfair.com\/event\/the-childrens-trust-books-for-free-storytime-in-partnership-with-early-steps-southernmost\/#breadcrumb"},"inLanguage":"ht","potentialAction":[{"@type":"ReadAction","target":["https:\/\/miamibookfair.com\/event\/the-childrens-trust-books-for-free-storytime-in-partnership-with-early-steps-southernmost\/"]}]},{"@type":"ImageObject","inLanguage":"ht","@id":"https:\/\/miamibookfair.com\/event\/the-childrens-trust-books-for-free-storytime-in-partnership-with-early-steps-southernmost\/#primaryimage","url":"https:\/\/miamibookfair.com\/wp-content\/uploads\/de-donde.jpg","contentUrl":"https:\/\/miamibookfair.com\/wp-content\/uploads\/de-donde.jpg","width":600,"height":600},{"@type":"BreadcrumbList","@id":"https:\/\/miamibookfair.com\/event\/the-childrens-trust-books-for-free-storytime-in-partnership-with-early-steps-southernmost\/#breadcrumb","itemListElement":[{"@type":"ListItem","position":1,"name":"Home","item":"https:\/\/miamibookfair.com\/"},{"@type":"ListItem","position":2,"name":"Events","item":"https:\/\/miamibookfair.com\/events\/"},{"@type":"ListItem","position":3,"name":"The Children\u2019s Trust Books for Free Storytime in partnership with Early Steps Southernmost"}]},{"@type":"WebSite","@id":"https:\/\/miamibookfair.com\/#website","url":"https:\/\/miamibookfair.com\/","name":"Miami Book Fair","description":"","potentialAction":[{"@type":"SearchAction","target":{"@type":"EntryPoint","urlTemplate":"https:\/\/miamibookfair.com\/?s={search_term_string}"},"query-input":{"@type":"PropertyValueSpecification","valueRequired":true,"valueName":"search_term_string"}}],"inLanguage":"ht"}]}},"_links":{"self":[{"href":"http:\/\/miamibookfair.com\/ht\/wp-json\/wp\/v2\/mec-events\/39720","targetHints":{"allow":["GET"]}}],"collection":[{"href":"http:\/\/miamibookfair.com\/ht\/wp-json\/wp\/v2\/mec-events"}],"about":[{"href":"http:\/\/miamibookfair.com\/ht\/wp-json\/wp\/v2\/types\/mec-events"}],"author":[{"embeddable":true,"href":"http:\/\/miamibookfair.com\/ht\/wp-json\/wp\/v2\/users\/8"}],"version-history":[{"count":1,"href":"http:\/\/miamibookfair.com\/ht\/wp-json\/wp\/v2\/mec-events\/39720\/revisions"}],"predecessor-version":[{"id":39723,"href":"http:\/\/miamibookfair.com\/ht\/wp-json\/wp\/v2\/mec-events\/39720\/revisions\/39723"}],"wp:featuredmedia":[{"embeddable":true,"href":"http:\/\/miamibookfair.com\/ht\/wp-json\/wp\/v2\/media\/39722"}],"wp:attachment":[{"href":"http:\/\/miamibookfair.com\/ht\/wp-json\/wp\/v2\/media?parent=39720"}],"wp:term":[{"taxonomy":"post_tag","embeddable":true,"href":"http:\/\/miamibookfair.com\/ht\/wp-json\/wp\/v2\/tags?post=39720"},{"taxonomy":"event-format","embeddable":true,"href":"http:\/\/miamibookfair.com\/ht\/wp-json\/wp\/v2\/event-format?post=39720"},{"taxonomy":"event-genre","embeddable":true,"href":"http:\/\/miamibookfair.com\/ht\/wp-json\/wp\/v2\/event-genre?post=39720"},{"taxonomy":"event-language","embeddable":true,"href":"http:\/\/miamibookfair.com\/ht\/wp-json\/wp\/v2\/event-language?post=39720"},{"taxonomy":"event-on-demand-status","embeddable":true,"href":"http:\/\/miamibookfair.com\/ht\/wp-json\/wp\/v2\/event-on-demand-status?post=39720"},{"taxonomy":"event-topic","embeddable":true,"href":"http:\/\/miamibookfair.com\/ht\/wp-json\/wp\/v2\/event-topic?post=39720"},{"taxonomy":"event-type","embeddable":true,"href":"http:\/\/miamibookfair.com\/ht\/wp-json\/wp\/v2\/event-type?post=39720"},{"taxonomy":"featured-image-status","embeddable":true,"href":"http:\/\/miamibookfair.com\/ht\/wp-json\/wp\/v2\/featured-image-status?post=39720"},{"taxonomy":"program-name","embeddable":true,"href":"http:\/\/miamibookfair.com\/ht\/wp-json\/wp\/v2\/program-name?post=39720"},{"taxonomy":"mec_category","embeddable":true,"href":"http:\/\/miamibookfair.com\/ht\/wp-json\/wp\/v2\/mec_category?post=39720"}],"curies":[{"name":"wp","href":"https:\/\/api.w.org\/{rel}","templated":true}]}},{"id":39629,"date":"2026-08-20T14:02:58","date_gmt":"2026-08-20T18:02:58","guid":{"rendered":"https:\/\/miamibookfair.com\/?post_type=mec-events&#038;p=39629"},"modified":"2026-08-25T07:40:43","modified_gmt":"2026-08-25T11:40:43","slug":"stories-we-share-sukkot-curious","status":"publish","type":"mec-events","link":"http:\/\/miamibookfair.com\/ht\/event\/stories-we-share-sukkot-curious\/","title":{"rendered":"Stories We Share: Sukkot Curious"},"content":{"rendered":"<h4 data-prosemirror-content-type=\"node\" data-prosemirror-node-name=\"paragraph\" data-prosemirror-node-block=\"true\" data-pm-slice=\"1 1 []\">What <em data-prosemirror-content-type=\"mark\" data-prosemirror-mark-name=\"em\">se<\/em> Sukkot? Want to learn more? Join us for this iteration of <strong data-prosemirror-content-type=\"mark\" data-prosemirror-mark-name=\"strong\">Stories We Share: Sukkot Curious,<\/strong> in celebration of the Autumn Harvest Festival.<\/h4>\n<p data-prosemirror-content-type=\"node\" data-prosemirror-node-name=\"paragraph\" data-prosemirror-node-block=\"true\"><strong data-prosemirror-content-type=\"mark\" data-prosemirror-mark-name=\"strong\">Stories We Share: A Celebration of Jewish Voices<\/strong> is a series featuring authors, scholars, artists, and community partners in conversation with one another and with audiences. Each program invites exploration of culture, history, creativity, and lived experience through literature.<\/p>\n<p data-prosemirror-content-type=\"node\" data-prosemirror-node-name=\"paragraph\" data-prosemirror-node-block=\"true\">Storytelling has been central to Jewish identity for millennia, shaping sacred texts, preserving tradition, sustaining communities in diaspora, and passing culture forward through both written and oral forms. Through this initiative, Miami Book Fair is continuing to create space for Jewish voices to share stories that inspire cultural connection and intellectual discourse.<\/p>\n<p data-prosemirror-content-type=\"node\" data-prosemirror-node-name=\"paragraph\" data-prosemirror-node-block=\"true\">At its heart is a simple idea: <strong data-prosemirror-content-type=\"mark\" data-prosemirror-mark-name=\"strong\">Jewish stories are not one story.<\/strong> Our programming reflects Jewish experiences across generations, geographies, traditions, backgrounds, and perspectives, while creating opportunities for connection and understanding through books.<\/p>\n<p data-prosemirror-content-type=\"node\" data-prosemirror-node-name=\"paragraph\" data-prosemirror-node-block=\"true\"><a href=\"https:\/\/www.aliciajo.com\/\" target=\"_blank\" rel=\"noopener\"><strong>Alicia Jo Rabins<\/strong><\/a> is a writer, musician, performer, and feminist Torah teacher. <em data-prosemirror-content-type=\"mark\" data-prosemirror-mark-name=\"em\">Nouv\u00e8l \u00c8dikay<\/em> calls her voice \u201cgorgeous\u201d; the <em data-prosemirror-content-type=\"mark\" data-prosemirror-mark-name=\"em\">San Francisco Chronicle<\/em> calls her writing \u201ca poetry page-turner, both sexy and humble.\u201d She is the author of the spiritual memoir <em data-prosemirror-content-type=\"mark\" data-prosemirror-mark-name=\"em\">When We\u2019re Born We Forget Everything<\/em> and four additional books, including the poetry collections <em data-prosemirror-content-type=\"mark\" data-prosemirror-mark-name=\"em\">Divinity School<\/em> (winner of the APR\/Honickman First Book Prize) and <em data-prosemirror-content-type=\"mark\" data-prosemirror-mark-name=\"em\">Fruit Geode<\/em> (finalist for the National Poetry Series). As a songwriter, violinist and composer, Rabins tours internationally with Girls in Trouble, her indie-folk song cycle about women in Torah. She lives in Portland, Oregon with her family and too many houseplants.<\/p>\n<p class=\"p1\"><em>Sponsored by The Stacey and Eric Mindich Fund for Jewish Stories<\/em><\/p>\n<p data-prosemirror-content-type=\"node\" data-prosemirror-node-name=\"paragraph\" data-prosemirror-node-block=\"true\"><em>\u00a0<\/em><\/p>","protected":false},"excerpt":{"rendered":"<p>What is Sukkot? Want to learn more? Join us for this iteration of Stories We Share: Sukkot Curious, in celebration of the Autumn Harvest Festival. Stories We Share: A Celebration of Jewish Voices is a series featuring authors, scholars, artists, and community partners in conversation with one another and with audiences. Each program invites exploration [&hellip;]<\/p>\n","protected":false},"author":8,"featured_media":39630,"template":"","meta":{"_acf_changed":false,"_links_to":"","_links_to_target":""},"tags":[],"event-format":[54,522,51],"event-genre":[56],"event-language":[63],"event-on-demand-status":[],"event-topic":[465],"event-type":[95],"featured-image-status":[],"program-name":[920],"mec_category":[],"class_list":["post-39629","mec-events","type-mec-events","status-publish","has-post-thumbnail","hentry","event-format-discussion","event-format-performance","event-format-reading","event-genre-nonfiction","event-language-english","event-topic-jewish-life-culture","event-type-year-round-events","program-name-stories-we-share"],"acf":[],"yoast_head":"<!-- This site is optimized with the Yoast SEO plugin v28.3 - https:\/\/yoast.com\/product\/yoast-seo-wordpress\/ -->\n<title>Stories We Share: Sukkot Curious - Miami Book Fair<\/title>\n<meta name=\"robots\" content=\"index, follow, max-snippet:-1, max-image-preview:large, max-video-preview:-1\" \/>\n<link rel=\"canonical\" href=\"https:\/\/miamibookfair.com\/ht\/event\/stories-we-share-sukkot-curious\/\" \/>\n<meta property=\"og:locale\" content=\"ht_HT\" \/>\n<meta property=\"og:type\" content=\"article\" \/>\n<meta property=\"og:title\" content=\"Stories We Share: Sukkot Curious - Miami Book Fair\" \/>\n<meta property=\"og:description\" content=\"What is Sukkot? Want to learn more? Join us for this iteration of Stories We Share: Sukkot Curious, in celebration of the Autumn Harvest Festival. Stories We Share: A Celebration of Jewish Voices is a series featuring authors, scholars, artists, and community partners in conversation with one another and with audiences. Each program invites exploration [&hellip;]\" \/>\n<meta property=\"og:url\" content=\"https:\/\/miamibookfair.com\/ht\/event\/stories-we-share-sukkot-curious\/\" \/>\n<meta property=\"og:site_name\" content=\"Miami Book Fair\" \/>\n<meta property=\"article:modified_time\" content=\"2026-08-25T11:40:43+00:00\" \/>\n<meta property=\"og:image\" content=\"https:\/\/miamibookfair.com\/wp-content\/uploads\/64874470_aliciajocreditdaostrom.gif\" \/>\n\t<meta property=\"og:image:width\" content=\"900\" \/>\n\t<meta property=\"og:image:height\" content=\"900\" \/>\n\t<meta property=\"og:image:type\" content=\"image\/gif\" \/>\n<meta name=\"twitter:card\" content=\"summary_large_image\" \/>\n<meta name=\"twitter:label1\" content=\"Est. reading time\" \/>\n\t<meta name=\"twitter:data1\" content=\"2 minutes\" \/>\n<script type=\"application\/ld+json\" class=\"yoast-schema-graph\">{\"@context\":\"https:\\\/\\\/schema.org\",\"@graph\":[{\"@type\":\"WebPage\",\"@id\":\"https:\\\/\\\/miamibookfair.com\\\/event\\\/stories-we-share-sukkot-curious\\\/\",\"url\":\"https:\\\/\\\/miamibookfair.com\\\/event\\\/stories-we-share-sukkot-curious\\\/\",\"name\":\"Stories We Share: Sukkot Curious - Miami Book Fair\",\"isPartOf\":{\"@id\":\"https:\\\/\\\/miamibookfair.com\\\/#website\"},\"primaryImageOfPage\":{\"@id\":\"https:\\\/\\\/miamibookfair.com\\\/event\\\/stories-we-share-sukkot-curious\\\/#primaryimage\"},\"image\":{\"@id\":\"https:\\\/\\\/miamibookfair.com\\\/event\\\/stories-we-share-sukkot-curious\\\/#primaryimage\"},\"thumbnailUrl\":\"https:\\\/\\\/miamibookfair.com\\\/wp-content\\\/uploads\\\/64874470_aliciajocreditdaostrom.gif\",\"datePublished\":\"2026-08-20T18:02:58+00:00\",\"dateModified\":\"2026-08-25T11:40:43+00:00\",\"breadcrumb\":{\"@id\":\"https:\\\/\\\/miamibookfair.com\\\/event\\\/stories-we-share-sukkot-curious\\\/#breadcrumb\"},\"inLanguage\":\"ht\",\"potentialAction\":[{\"@type\":\"ReadAction\",\"target\":[\"https:\\\/\\\/miamibookfair.com\\\/event\\\/stories-we-share-sukkot-curious\\\/\"]}]},{\"@type\":\"ImageObject\",\"inLanguage\":\"ht\",\"@id\":\"https:\\\/\\\/miamibookfair.com\\\/event\\\/stories-we-share-sukkot-curious\\\/#primaryimage\",\"url\":\"https:\\\/\\\/miamibookfair.com\\\/wp-content\\\/uploads\\\/64874470_aliciajocreditdaostrom.gif\",\"contentUrl\":\"https:\\\/\\\/miamibookfair.com\\\/wp-content\\\/uploads\\\/64874470_aliciajocreditdaostrom.gif\",\"width\":900,\"height\":900},{\"@type\":\"BreadcrumbList\",\"@id\":\"https:\\\/\\\/miamibookfair.com\\\/event\\\/stories-we-share-sukkot-curious\\\/#breadcrumb\",\"itemListElement\":[{\"@type\":\"ListItem\",\"position\":1,\"name\":\"Home\",\"item\":\"https:\\\/\\\/miamibookfair.com\\\/\"},{\"@type\":\"ListItem\",\"position\":2,\"name\":\"Events\",\"item\":\"https:\\\/\\\/miamibookfair.com\\\/events\\\/\"},{\"@type\":\"ListItem\",\"position\":3,\"name\":\"Stories We Share: Sukkot Curious\"}]},{\"@type\":\"WebSite\",\"@id\":\"https:\\\/\\\/miamibookfair.com\\\/#website\",\"url\":\"https:\\\/\\\/miamibookfair.com\\\/\",\"name\":\"Miami Book Fair\",\"description\":\"\",\"potentialAction\":[{\"@type\":\"SearchAction\",\"target\":{\"@type\":\"EntryPoint\",\"urlTemplate\":\"https:\\\/\\\/miamibookfair.com\\\/?s={search_term_string}\"},\"query-input\":{\"@type\":\"PropertyValueSpecification\",\"valueRequired\":true,\"valueName\":\"search_term_string\"}}],\"inLanguage\":\"ht\"}]}<\/script>\n<!-- \/ Yoast SEO plugin. -->","yoast_head_json":{"title":"Stories We Share: Sukkot Curious - Miami Book Fair","robots":{"index":"index","follow":"follow","max-snippet":"max-snippet:-1","max-image-preview":"max-image-preview:large","max-video-preview":"max-video-preview:-1"},"canonical":"https:\/\/miamibookfair.com\/ht\/event\/stories-we-share-sukkot-curious\/","og_locale":"ht_HT","og_type":"article","og_title":"Stories We Share: Sukkot Curious - Miami Book Fair","og_description":"What is Sukkot? Want to learn more? Join us for this iteration of Stories We Share: Sukkot Curious, in celebration of the Autumn Harvest Festival. Stories We Share: A Celebration of Jewish Voices is a series featuring authors, scholars, artists, and community partners in conversation with one another and with audiences. Each program invites exploration [&hellip;]","og_url":"https:\/\/miamibookfair.com\/ht\/event\/stories-we-share-sukkot-curious\/","og_site_name":"Miami Book Fair","article_modified_time":"2026-08-25T11:40:43+00:00","og_image":[{"width":900,"height":900,"url":"https:\/\/miamibookfair.com\/wp-content\/uploads\/64874470_aliciajocreditdaostrom.gif","type":"image\/gif"}],"twitter_card":"summary_large_image","twitter_misc":{"Est. reading time":"2 minutes"},"schema":{"@context":"https:\/\/schema.org","@graph":[{"@type":"WebPage","@id":"https:\/\/miamibookfair.com\/event\/stories-we-share-sukkot-curious\/","url":"https:\/\/miamibookfair.com\/event\/stories-we-share-sukkot-curious\/","name":"Stories We Share: Sukkot Curious - Miami Book Fair","isPartOf":{"@id":"https:\/\/miamibookfair.com\/#website"},"primaryImageOfPage":{"@id":"https:\/\/miamibookfair.com\/event\/stories-we-share-sukkot-curious\/#primaryimage"},"image":{"@id":"https:\/\/miamibookfair.com\/event\/stories-we-share-sukkot-curious\/#primaryimage"},"thumbnailUrl":"https:\/\/miamibookfair.com\/wp-content\/uploads\/64874470_aliciajocreditdaostrom.gif","datePublished":"2026-08-20T18:02:58+00:00","dateModified":"2026-08-25T11:40:43+00:00","breadcrumb":{"@id":"https:\/\/miamibookfair.com\/event\/stories-we-share-sukkot-curious\/#breadcrumb"},"inLanguage":"ht","potentialAction":[{"@type":"ReadAction","target":["https:\/\/miamibookfair.com\/event\/stories-we-share-sukkot-curious\/"]}]},{"@type":"ImageObject","inLanguage":"ht","@id":"https:\/\/miamibookfair.com\/event\/stories-we-share-sukkot-curious\/#primaryimage","url":"https:\/\/miamibookfair.com\/wp-content\/uploads\/64874470_aliciajocreditdaostrom.gif","contentUrl":"https:\/\/miamibookfair.com\/wp-content\/uploads\/64874470_aliciajocreditdaostrom.gif","width":900,"height":900},{"@type":"BreadcrumbList","@id":"https:\/\/miamibookfair.com\/event\/stories-we-share-sukkot-curious\/#breadcrumb","itemListElement":[{"@type":"ListItem","position":1,"name":"Home","item":"https:\/\/miamibookfair.com\/"},{"@type":"ListItem","position":2,"name":"Events","item":"https:\/\/miamibookfair.com\/events\/"},{"@type":"ListItem","position":3,"name":"Stories We Share: Sukkot Curious"}]},{"@type":"WebSite","@id":"https:\/\/miamibookfair.com\/#website","url":"https:\/\/miamibookfair.com\/","name":"Miami Book Fair","description":"","potentialAction":[{"@type":"SearchAction","target":{"@type":"EntryPoint","urlTemplate":"https:\/\/miamibookfair.com\/?s={search_term_string}"},"query-input":{"@type":"PropertyValueSpecification","valueRequired":true,"valueName":"search_term_string"}}],"inLanguage":"ht"}]}},"_links":{"self":[{"href":"http:\/\/miamibookfair.com\/ht\/wp-json\/wp\/v2\/mec-events\/39629","targetHints":{"allow":["GET"]}}],"collection":[{"href":"http:\/\/miamibookfair.com\/ht\/wp-json\/wp\/v2\/mec-events"}],"about":[{"href":"http:\/\/miamibookfair.com\/ht\/wp-json\/wp\/v2\/types\/mec-events"}],"author":[{"embeddable":true,"href":"http:\/\/miamibookfair.com\/ht\/wp-json\/wp\/v2\/users\/8"}],"version-history":[{"count":3,"href":"http:\/\/miamibookfair.com\/ht\/wp-json\/wp\/v2\/mec-events\/39629\/revisions"}],"predecessor-version":[{"id":39650,"href":"http:\/\/miamibookfair.com\/ht\/wp-json\/wp\/v2\/mec-events\/39629\/revisions\/39650"}],"wp:featuredmedia":[{"embeddable":true,"href":"http:\/\/miamibookfair.com\/ht\/wp-json\/wp\/v2\/media\/39630"}],"wp:attachment":[{"href":"http:\/\/miamibookfair.com\/ht\/wp-json\/wp\/v2\/media?parent=39629"}],"wp:term":[{"taxonomy":"post_tag","embeddable":true,"href":"http:\/\/miamibookfair.com\/ht\/wp-json\/wp\/v2\/tags?post=39629"},{"taxonomy":"event-format","embeddable":true,"href":"http:\/\/miamibookfair.com\/ht\/wp-json\/wp\/v2\/event-format?post=39629"},{"taxonomy":"event-genre","embeddable":true,"href":"http:\/\/miamibookfair.com\/ht\/wp-json\/wp\/v2\/event-genre?post=39629"},{"taxonomy":"event-language","embeddable":true,"href":"http:\/\/miamibookfair.com\/ht\/wp-json\/wp\/v2\/event-language?post=39629"},{"taxonomy":"event-on-demand-status","embeddable":true,"href":"http:\/\/miamibookfair.com\/ht\/wp-json\/wp\/v2\/event-on-demand-status?post=39629"},{"taxonomy":"event-topic","embeddable":true,"href":"http:\/\/miamibookfair.com\/ht\/wp-json\/wp\/v2\/event-topic?post=39629"},{"taxonomy":"event-type","embeddable":true,"href":"http:\/\/miamibookfair.com\/ht\/wp-json\/wp\/v2\/event-type?post=39629"},{"taxonomy":"featured-image-status","embeddable":true,"href":"http:\/\/miamibookfair.com\/ht\/wp-json\/wp\/v2\/featured-image-status?post=39629"},{"taxonomy":"program-name","embeddable":true,"href":"http:\/\/miamibookfair.com\/ht\/wp-json\/wp\/v2\/program-name?post=39629"},{"taxonomy":"mec_category","embeddable":true,"href":"http:\/\/miamibookfair.com\/ht\/wp-json\/wp\/v2\/mec_category?post=39629"}],"curies":[{"name":"wp","href":"https:\/\/api.w.org\/{rel}","templated":true}]}},{"id":39623,"date":"2026-08-19T13:39:18","date_gmt":"2026-08-19T17:39:18","guid":{"rendered":"https:\/\/miamibookfair.com\/?post_type=mec-events&#038;p=39623"},"modified":"2026-08-27T12:05:35","modified_gmt":"2026-08-27T16:05:35","slug":"speak-up-creative-writing-performance-fall-2026-7","status":"publish","type":"mec-events","link":"http:\/\/miamibookfair.com\/ht\/event\/speak-up-creative-writing-performance-fall-2026-7\/","title":{"rendered":"Speak Up: Creative Writing + Performance (Fall 2026)"},"content":{"rendered":"<h5>Thursdays, September 17-October 29, 2026<br \/>\n4 p.m.-5 p.m. EST<\/h5>\n<h4>Vin jwenn nou sou ent\u00e8n\u00e8t pou Speak Up, yon pwogram ekriti kreyatif k ap sip\u00f2te devlopman atistik ak pwofesyon\u00e8l adolesan yo\u2026.<img fetchpriority=\"high\" decoding=\"async\" class=\"size-full wp-image-38457 alignright\" src=\"https:\/\/miamibookfair.com\/wp-content\/uploads\/speak-up-with-MBFO-2-204x300-1.png\" alt=\"\" width=\"204\" height=\"300\" \/><\/h4>\n<p data-prosemirror-content-type=\"node\" data-prosemirror-node-name=\"paragraph\" data-prosemirror-node-block=\"true\">Nan sa a\u00a0<strong>Gratis<\/strong>\u00a0Nan yon mini-seri atelye ekriti kreyatif vity\u00e8l, adolesan yo pral f\u00e8 ekip ak atis-edikat\u00e8 ki gen eksperyans pou ranf\u00f2se pwosesis ekriti kreyatif la, soti nan redaksyon rive nan p\u00e8f\u00f2mans ak piblikasyon, pou ogmante alfabetizasyon epi bay j\u00e8n yo nan Miami plis f\u00f2s atrav\u00e8 aktivite ekriti ki baze nan kominote a.<\/p>\n<p data-prosemirror-content-type=\"node\" data-prosemirror-node-name=\"paragraph\" data-prosemirror-node-block=\"true\">This Fall\u2019s theme is <strong>Best of the Vault<\/strong>, a curated selection of fan-favorite presentations from previous Speak Up programs. Join us weekly for creative writing Throwback Thursdays after school!<\/p>\n<p data-prosemirror-content-type=\"node\" data-prosemirror-node-name=\"paragraph\" data-prosemirror-node-block=\"true\">Pwogram nan ouv\u00e8 pou tout adolesan (ki gen laj 13-19) epi li se <strong>gratis<\/strong>\u00a0jan l ye a\u00a0<strong>San devwa<\/strong>. Pa bezwen okenn eksperyans anvan!<\/p>\n<hr \/>\n<p><strong>October 29<br \/>\nInstructor: Literary Agent Rayhane Sanders<\/strong><\/p>","protected":false},"excerpt":{"rendered":"<p>Thursdays, September 17-October 29, 2026 4 p.m.-5 p.m. EST Join us online for Speak Up, a teen creative writing program supporting the artistic and professional growth of teens. In this\u00a0FREE\u00a0virtual creative writing workshop mini-series, teens will partner with experienced teaching artists to empower the creative writing process, from drafting to performance to publishing, to boost [&hellip;]<\/p>\n","protected":false},"author":8,"featured_media":39663,"template":"","meta":{"_acf_changed":false,"_links_to":"","_links_to_target":""},"tags":[],"event-format":[],"event-genre":[],"event-language":[63],"event-on-demand-status":[],"event-topic":[],"event-type":[95],"featured-image-status":[],"program-name":[379],"mec_category":[],"class_list":["post-39623","mec-events","type-mec-events","status-publish","has-post-thumbnail","hentry","event-language-english","event-type-year-round-events","program-name-speak-up"],"acf":[],"yoast_head":"<!-- This site is optimized with the Yoast SEO plugin v28.3 - https:\/\/yoast.com\/product\/yoast-seo-wordpress\/ -->\n<title>Speak Up: Creative Writing + Performance (Fall 2026) - Miami Book Fair<\/title>\n<meta name=\"robots\" content=\"index, follow, max-snippet:-1, max-image-preview:large, max-video-preview:-1\" \/>\n<link rel=\"canonical\" href=\"https:\/\/miamibookfair.com\/ht\/event\/speak-up-creative-writing-performance-fall-2026-7\/\" \/>\n<meta property=\"og:locale\" content=\"ht_HT\" \/>\n<meta property=\"og:type\" content=\"article\" \/>\n<meta property=\"og:title\" content=\"Speak Up: Creative Writing + Performance (Fall 2026) - Miami Book Fair\" \/>\n<meta property=\"og:description\" content=\"Thursdays, September 17-October 29, 2026 4 p.m.-5 p.m. EST Join us online for Speak Up, a teen creative writing program supporting the artistic and professional growth of teens. In this\u00a0FREE\u00a0virtual creative writing workshop mini-series, teens will partner with experienced teaching artists to empower the creative writing process, from drafting to performance to publishing, to boost [&hellip;]\" \/>\n<meta property=\"og:url\" content=\"https:\/\/miamibookfair.com\/ht\/event\/speak-up-creative-writing-performance-fall-2026-7\/\" \/>\n<meta property=\"og:site_name\" content=\"Miami Book Fair\" \/>\n<meta property=\"article:modified_time\" content=\"2026-08-27T16:05:35+00:00\" \/>\n<meta property=\"og:image\" content=\"https:\/\/miamibookfair.com\/wp-content\/uploads\/Rayhane-Sanders.jpg\" \/>\n\t<meta property=\"og:image:width\" content=\"600\" \/>\n\t<meta property=\"og:image:height\" content=\"600\" \/>\n\t<meta property=\"og:image:type\" content=\"image\/jpeg\" \/>\n<meta name=\"twitter:card\" content=\"summary_large_image\" \/>\n<meta name=\"twitter:label1\" content=\"Est. reading time\" \/>\n\t<meta name=\"twitter:data1\" content=\"1 minute\" \/>\n<script type=\"application\/ld+json\" class=\"yoast-schema-graph\">{\"@context\":\"https:\\\/\\\/schema.org\",\"@graph\":[{\"@type\":\"WebPage\",\"@id\":\"https:\\\/\\\/miamibookfair.com\\\/event\\\/speak-up-creative-writing-performance-fall-2026-7\\\/\",\"url\":\"https:\\\/\\\/miamibookfair.com\\\/event\\\/speak-up-creative-writing-performance-fall-2026-7\\\/\",\"name\":\"Speak Up: Creative Writing + Performance (Fall 2026) - Miami Book Fair\",\"isPartOf\":{\"@id\":\"https:\\\/\\\/miamibookfair.com\\\/#website\"},\"primaryImageOfPage\":{\"@id\":\"https:\\\/\\\/miamibookfair.com\\\/event\\\/speak-up-creative-writing-performance-fall-2026-7\\\/#primaryimage\"},\"image\":{\"@id\":\"https:\\\/\\\/miamibookfair.com\\\/event\\\/speak-up-creative-writing-performance-fall-2026-7\\\/#primaryimage\"},\"thumbnailUrl\":\"https:\\\/\\\/miamibookfair.com\\\/wp-content\\\/uploads\\\/Rayhane-Sanders.jpg\",\"datePublished\":\"2026-08-19T17:39:18+00:00\",\"dateModified\":\"2026-08-27T16:05:35+00:00\",\"breadcrumb\":{\"@id\":\"https:\\\/\\\/miamibookfair.com\\\/event\\\/speak-up-creative-writing-performance-fall-2026-7\\\/#breadcrumb\"},\"inLanguage\":\"ht\",\"potentialAction\":[{\"@type\":\"ReadAction\",\"target\":[\"https:\\\/\\\/miamibookfair.com\\\/event\\\/speak-up-creative-writing-performance-fall-2026-7\\\/\"]}]},{\"@type\":\"ImageObject\",\"inLanguage\":\"ht\",\"@id\":\"https:\\\/\\\/miamibookfair.com\\\/event\\\/speak-up-creative-writing-performance-fall-2026-7\\\/#primaryimage\",\"url\":\"https:\\\/\\\/miamibookfair.com\\\/wp-content\\\/uploads\\\/Rayhane-Sanders.jpg\",\"contentUrl\":\"https:\\\/\\\/miamibookfair.com\\\/wp-content\\\/uploads\\\/Rayhane-Sanders.jpg\",\"width\":600,\"height\":600},{\"@type\":\"BreadcrumbList\",\"@id\":\"https:\\\/\\\/miamibookfair.com\\\/event\\\/speak-up-creative-writing-performance-fall-2026-7\\\/#breadcrumb\",\"itemListElement\":[{\"@type\":\"ListItem\",\"position\":1,\"name\":\"Home\",\"item\":\"https:\\\/\\\/miamibookfair.com\\\/\"},{\"@type\":\"ListItem\",\"position\":2,\"name\":\"Events\",\"item\":\"https:\\\/\\\/miamibookfair.com\\\/events\\\/\"},{\"@type\":\"ListItem\",\"position\":3,\"name\":\"Speak Up: Creative Writing + Performance (Fall 2026)\"}]},{\"@type\":\"WebSite\",\"@id\":\"https:\\\/\\\/miamibookfair.com\\\/#website\",\"url\":\"https:\\\/\\\/miamibookfair.com\\\/\",\"name\":\"Miami Book Fair\",\"description\":\"\",\"potentialAction\":[{\"@type\":\"SearchAction\",\"target\":{\"@type\":\"EntryPoint\",\"urlTemplate\":\"https:\\\/\\\/miamibookfair.com\\\/?s={search_term_string}\"},\"query-input\":{\"@type\":\"PropertyValueSpecification\",\"valueRequired\":true,\"valueName\":\"search_term_string\"}}],\"inLanguage\":\"ht\"}]}<\/script>\n<!-- \/ Yoast SEO plugin. -->","yoast_head_json":{"title":"Speak Up: Creative Writing + Performance (Fall 2026) - Miami Book Fair","robots":{"index":"index","follow":"follow","max-snippet":"max-snippet:-1","max-image-preview":"max-image-preview:large","max-video-preview":"max-video-preview:-1"},"canonical":"https:\/\/miamibookfair.com\/ht\/event\/speak-up-creative-writing-performance-fall-2026-7\/","og_locale":"ht_HT","og_type":"article","og_title":"Speak Up: Creative Writing + Performance (Fall 2026) - Miami Book Fair","og_description":"Thursdays, September 17-October 29, 2026 4 p.m.-5 p.m. EST Join us online for Speak Up, a teen creative writing program supporting the artistic and professional growth of teens. In this\u00a0FREE\u00a0virtual creative writing workshop mini-series, teens will partner with experienced teaching artists to empower the creative writing process, from drafting to performance to publishing, to boost [&hellip;]","og_url":"https:\/\/miamibookfair.com\/ht\/event\/speak-up-creative-writing-performance-fall-2026-7\/","og_site_name":"Miami Book Fair","article_modified_time":"2026-08-27T16:05:35+00:00","og_image":[{"width":600,"height":600,"url":"https:\/\/miamibookfair.com\/wp-content\/uploads\/Rayhane-Sanders.jpg","type":"image\/jpeg"}],"twitter_card":"summary_large_image","twitter_misc":{"Est. reading time":"1 minute"},"schema":{"@context":"https:\/\/schema.org","@graph":[{"@type":"WebPage","@id":"https:\/\/miamibookfair.com\/event\/speak-up-creative-writing-performance-fall-2026-7\/","url":"https:\/\/miamibookfair.com\/event\/speak-up-creative-writing-performance-fall-2026-7\/","name":"Speak Up: Creative Writing + Performance (Fall 2026) - Miami Book Fair","isPartOf":{"@id":"https:\/\/miamibookfair.com\/#website"},"primaryImageOfPage":{"@id":"https:\/\/miamibookfair.com\/event\/speak-up-creative-writing-performance-fall-2026-7\/#primaryimage"},"image":{"@id":"https:\/\/miamibookfair.com\/event\/speak-up-creative-writing-performance-fall-2026-7\/#primaryimage"},"thumbnailUrl":"https:\/\/miamibookfair.com\/wp-content\/uploads\/Rayhane-Sanders.jpg","datePublished":"2026-08-19T17:39:18+00:00","dateModified":"2026-08-27T16:05:35+00:00","breadcrumb":{"@id":"https:\/\/miamibookfair.com\/event\/speak-up-creative-writing-performance-fall-2026-7\/#breadcrumb"},"inLanguage":"ht","potentialAction":[{"@type":"ReadAction","target":["https:\/\/miamibookfair.com\/event\/speak-up-creative-writing-performance-fall-2026-7\/"]}]},{"@type":"ImageObject","inLanguage":"ht","@id":"https:\/\/miamibookfair.com\/event\/speak-up-creative-writing-performance-fall-2026-7\/#primaryimage","url":"https:\/\/miamibookfair.com\/wp-content\/uploads\/Rayhane-Sanders.jpg","contentUrl":"https:\/\/miamibookfair.com\/wp-content\/uploads\/Rayhane-Sanders.jpg","width":600,"height":600},{"@type":"BreadcrumbList","@id":"https:\/\/miamibookfair.com\/event\/speak-up-creative-writing-performance-fall-2026-7\/#breadcrumb","itemListElement":[{"@type":"ListItem","position":1,"name":"Home","item":"https:\/\/miamibookfair.com\/"},{"@type":"ListItem","position":2,"name":"Events","item":"https:\/\/miamibookfair.com\/events\/"},{"@type":"ListItem","position":3,"name":"Speak Up: Creative Writing + Performance (Fall 2026)"}]},{"@type":"WebSite","@id":"https:\/\/miamibookfair.com\/#website","url":"https:\/\/miamibookfair.com\/","name":"Miami Book Fair","description":"","potentialAction":[{"@type":"SearchAction","target":{"@type":"EntryPoint","urlTemplate":"https:\/\/miamibookfair.com\/?s={search_term_string}"},"query-input":{"@type":"PropertyValueSpecification","valueRequired":true,"valueName":"search_term_string"}}],"inLanguage":"ht"}]}},"_links":{"self":[{"href":"http:\/\/miamibookfair.com\/ht\/wp-json\/wp\/v2\/mec-events\/39623","targetHints":{"allow":["GET"]}}],"collection":[{"href":"http:\/\/miamibookfair.com\/ht\/wp-json\/wp\/v2\/mec-events"}],"about":[{"href":"http:\/\/miamibookfair.com\/ht\/wp-json\/wp\/v2\/types\/mec-events"}],"author":[{"embeddable":true,"href":"http:\/\/miamibookfair.com\/ht\/wp-json\/wp\/v2\/users\/8"}],"version-history":[{"count":2,"href":"http:\/\/miamibookfair.com\/ht\/wp-json\/wp\/v2\/mec-events\/39623\/revisions"}],"predecessor-version":[{"id":39678,"href":"http:\/\/miamibookfair.com\/ht\/wp-json\/wp\/v2\/mec-events\/39623\/revisions\/39678"}],"wp:featuredmedia":[{"embeddable":true,"href":"http:\/\/miamibookfair.com\/ht\/wp-json\/wp\/v2\/media\/39663"}],"wp:attachment":[{"href":"http:\/\/miamibookfair.com\/ht\/wp-json\/wp\/v2\/media?parent=39623"}],"wp:term":[{"taxonomy":"post_tag","embeddable":true,"href":"http:\/\/miamibookfair.com\/ht\/wp-json\/wp\/v2\/tags?post=39623"},{"taxonomy":"event-format","embeddable":true,"href":"http:\/\/miamibookfair.com\/ht\/wp-json\/wp\/v2\/event-format?post=39623"},{"taxonomy":"event-genre","embeddable":true,"href":"http:\/\/miamibookfair.com\/ht\/wp-json\/wp\/v2\/event-genre?post=39623"},{"taxonomy":"event-language","embeddable":true,"href":"http:\/\/miamibookfair.com\/ht\/wp-json\/wp\/v2\/event-language?post=39623"},{"taxonomy":"event-on-demand-status","embeddable":true,"href":"http:\/\/miamibookfair.com\/ht\/wp-json\/wp\/v2\/event-on-demand-status?post=39623"},{"taxonomy":"event-topic","embeddable":true,"href":"http:\/\/miamibookfair.com\/ht\/wp-json\/wp\/v2\/event-topic?post=39623"},{"taxonomy":"event-type","embeddable":true,"href":"http:\/\/miamibookfair.com\/ht\/wp-json\/wp\/v2\/event-type?post=39623"},{"taxonomy":"featured-image-status","embeddable":true,"href":"http:\/\/miamibookfair.com\/ht\/wp-json\/wp\/v2\/featured-image-status?post=39623"},{"taxonomy":"program-name","embeddable":true,"href":"http:\/\/miamibookfair.com\/ht\/wp-json\/wp\/v2\/program-name?post=39623"},{"taxonomy":"mec_category","embeddable":true,"href":"http:\/\/miamibookfair.com\/ht\/wp-json\/wp\/v2\/mec_category?post=39623"}],"curies":[{"name":"wp","href":"https:\/\/api.w.org\/{rel}","templated":true}]}},{"id":39621,"date":"2026-08-19T13:37:23","date_gmt":"2026-08-19T17:37:23","guid":{"rendered":"https:\/\/miamibookfair.com\/?post_type=mec-events&#038;p=39621"},"modified":"2026-08-27T12:03:59","modified_gmt":"2026-08-27T16:03:59","slug":"speak-up-creative-writing-performance-fall-2026-6","status":"publish","type":"mec-events","link":"http:\/\/miamibookfair.com\/ht\/event\/speak-up-creative-writing-performance-fall-2026-6\/","title":{"rendered":"Speak Up: Creative Writing + Performance (Fall 2026)"},"content":{"rendered":"<h5>Thursdays, September 17-October 29, 2026<br \/>\n4 p.m.-5 p.m. EST<\/h5>\n<h4>Vin jwenn nou sou ent\u00e8n\u00e8t pou Speak Up, yon pwogram ekriti kreyatif k ap sip\u00f2te devlopman atistik ak pwofesyon\u00e8l adolesan yo\u2026.<img fetchpriority=\"high\" decoding=\"async\" class=\"size-full wp-image-38457 alignright\" src=\"https:\/\/miamibookfair.com\/wp-content\/uploads\/speak-up-with-MBFO-2-204x300-1.png\" alt=\"\" width=\"204\" height=\"300\" \/><\/h4>\n<p data-prosemirror-content-type=\"node\" data-prosemirror-node-name=\"paragraph\" data-prosemirror-node-block=\"true\">Nan sa a\u00a0<strong>Gratis<\/strong>\u00a0Nan yon mini-seri atelye ekriti kreyatif vity\u00e8l, adolesan yo pral f\u00e8 ekip ak atis-edikat\u00e8 ki gen eksperyans pou ranf\u00f2se pwosesis ekriti kreyatif la, soti nan redaksyon rive nan p\u00e8f\u00f2mans ak piblikasyon, pou ogmante alfabetizasyon epi bay j\u00e8n yo nan Miami plis f\u00f2s atrav\u00e8 aktivite ekriti ki baze nan kominote a.<\/p>\n<p data-prosemirror-content-type=\"node\" data-prosemirror-node-name=\"paragraph\" data-prosemirror-node-block=\"true\">This Fall\u2019s theme is <strong>Best of the Vault<\/strong>, a curated selection of fan-favorite presentations from previous Speak Up programs. Join us weekly for creative writing Throwback Thursdays after school!<\/p>\n<p data-prosemirror-content-type=\"node\" data-prosemirror-node-name=\"paragraph\" data-prosemirror-node-block=\"true\">Pwogram nan ouv\u00e8 pou tout adolesan (ki gen laj 13-19) epi li se <strong>gratis<\/strong>\u00a0jan l ye a\u00a0<strong>San devwa<\/strong>. Pa bezwen okenn eksperyans anvan!<\/p>\n<hr \/>\n<p><strong>October 22<br \/>\nInstructor: Camille Gomera-Tavarez<\/strong><\/p>","protected":false},"excerpt":{"rendered":"<p>Thursdays, September 17-October 29, 2026 4 p.m.-5 p.m. EST Join us online for Speak Up, a teen creative writing program supporting the artistic and professional growth of teens. In this\u00a0FREE\u00a0virtual creative writing workshop mini-series, teens will partner with experienced teaching artists to empower the creative writing process, from drafting to performance to publishing, to boost [&hellip;]<\/p>\n","protected":false},"author":8,"featured_media":39664,"template":"","meta":{"_acf_changed":false,"_links_to":"","_links_to_target":""},"tags":[],"event-format":[],"event-genre":[],"event-language":[63],"event-on-demand-status":[],"event-topic":[],"event-type":[95],"featured-image-status":[],"program-name":[379],"mec_category":[],"class_list":["post-39621","mec-events","type-mec-events","status-publish","has-post-thumbnail","hentry","event-language-english","event-type-year-round-events","program-name-speak-up"],"acf":[],"yoast_head":"<!-- This site is optimized with the Yoast SEO plugin v28.3 - https:\/\/yoast.com\/product\/yoast-seo-wordpress\/ -->\n<title>Speak Up: Creative Writing + Performance (Fall 2026) - Miami Book Fair<\/title>\n<meta name=\"robots\" content=\"index, follow, max-snippet:-1, max-image-preview:large, max-video-preview:-1\" \/>\n<link rel=\"canonical\" href=\"https:\/\/miamibookfair.com\/ht\/event\/speak-up-creative-writing-performance-fall-2026-6\/\" \/>\n<meta property=\"og:locale\" content=\"ht_HT\" \/>\n<meta property=\"og:type\" content=\"article\" \/>\n<meta property=\"og:title\" content=\"Speak Up: Creative Writing + Performance (Fall 2026) - Miami Book Fair\" \/>\n<meta property=\"og:description\" content=\"Thursdays, September 17-October 29, 2026 4 p.m.-5 p.m. EST Join us online for Speak Up, a teen creative writing program supporting the artistic and professional growth of teens. In this\u00a0FREE\u00a0virtual creative writing workshop mini-series, teens will partner with experienced teaching artists to empower the creative writing process, from drafting to performance to publishing, to boost [&hellip;]\" \/>\n<meta property=\"og:url\" content=\"https:\/\/miamibookfair.com\/ht\/event\/speak-up-creative-writing-performance-fall-2026-6\/\" \/>\n<meta property=\"og:site_name\" content=\"Miami Book Fair\" \/>\n<meta property=\"article:modified_time\" content=\"2026-08-27T16:03:59+00:00\" \/>\n<meta property=\"og:image\" content=\"https:\/\/miamibookfair.com\/wp-content\/uploads\/Camille_Gomera-Tavarez_Headshot_IMG_7163.jpg\" \/>\n\t<meta property=\"og:image:width\" content=\"600\" \/>\n\t<meta property=\"og:image:height\" content=\"600\" \/>\n\t<meta property=\"og:image:type\" content=\"image\/jpeg\" \/>\n<meta name=\"twitter:card\" content=\"summary_large_image\" \/>\n<meta name=\"twitter:label1\" content=\"Est. reading time\" \/>\n\t<meta name=\"twitter:data1\" content=\"1 minute\" \/>\n<script type=\"application\/ld+json\" class=\"yoast-schema-graph\">{\"@context\":\"https:\\\/\\\/schema.org\",\"@graph\":[{\"@type\":\"WebPage\",\"@id\":\"https:\\\/\\\/miamibookfair.com\\\/event\\\/speak-up-creative-writing-performance-fall-2026-6\\\/\",\"url\":\"https:\\\/\\\/miamibookfair.com\\\/event\\\/speak-up-creative-writing-performance-fall-2026-6\\\/\",\"name\":\"Speak Up: Creative Writing + Performance (Fall 2026) - Miami Book Fair\",\"isPartOf\":{\"@id\":\"https:\\\/\\\/miamibookfair.com\\\/#website\"},\"primaryImageOfPage\":{\"@id\":\"https:\\\/\\\/miamibookfair.com\\\/event\\\/speak-up-creative-writing-performance-fall-2026-6\\\/#primaryimage\"},\"image\":{\"@id\":\"https:\\\/\\\/miamibookfair.com\\\/event\\\/speak-up-creative-writing-performance-fall-2026-6\\\/#primaryimage\"},\"thumbnailUrl\":\"https:\\\/\\\/miamibookfair.com\\\/wp-content\\\/uploads\\\/Camille_Gomera-Tavarez_Headshot_IMG_7163.jpg\",\"datePublished\":\"2026-08-19T17:37:23+00:00\",\"dateModified\":\"2026-08-27T16:03:59+00:00\",\"breadcrumb\":{\"@id\":\"https:\\\/\\\/miamibookfair.com\\\/event\\\/speak-up-creative-writing-performance-fall-2026-6\\\/#breadcrumb\"},\"inLanguage\":\"ht\",\"potentialAction\":[{\"@type\":\"ReadAction\",\"target\":[\"https:\\\/\\\/miamibookfair.com\\\/event\\\/speak-up-creative-writing-performance-fall-2026-6\\\/\"]}]},{\"@type\":\"ImageObject\",\"inLanguage\":\"ht\",\"@id\":\"https:\\\/\\\/miamibookfair.com\\\/event\\\/speak-up-creative-writing-performance-fall-2026-6\\\/#primaryimage\",\"url\":\"https:\\\/\\\/miamibookfair.com\\\/wp-content\\\/uploads\\\/Camille_Gomera-Tavarez_Headshot_IMG_7163.jpg\",\"contentUrl\":\"https:\\\/\\\/miamibookfair.com\\\/wp-content\\\/uploads\\\/Camille_Gomera-Tavarez_Headshot_IMG_7163.jpg\",\"width\":600,\"height\":600},{\"@type\":\"BreadcrumbList\",\"@id\":\"https:\\\/\\\/miamibookfair.com\\\/event\\\/speak-up-creative-writing-performance-fall-2026-6\\\/#breadcrumb\",\"itemListElement\":[{\"@type\":\"ListItem\",\"position\":1,\"name\":\"Home\",\"item\":\"https:\\\/\\\/miamibookfair.com\\\/\"},{\"@type\":\"ListItem\",\"position\":2,\"name\":\"Events\",\"item\":\"https:\\\/\\\/miamibookfair.com\\\/events\\\/\"},{\"@type\":\"ListItem\",\"position\":3,\"name\":\"Speak Up: Creative Writing + Performance (Fall 2026)\"}]},{\"@type\":\"WebSite\",\"@id\":\"https:\\\/\\\/miamibookfair.com\\\/#website\",\"url\":\"https:\\\/\\\/miamibookfair.com\\\/\",\"name\":\"Miami Book Fair\",\"description\":\"\",\"potentialAction\":[{\"@type\":\"SearchAction\",\"target\":{\"@type\":\"EntryPoint\",\"urlTemplate\":\"https:\\\/\\\/miamibookfair.com\\\/?s={search_term_string}\"},\"query-input\":{\"@type\":\"PropertyValueSpecification\",\"valueRequired\":true,\"valueName\":\"search_term_string\"}}],\"inLanguage\":\"ht\"}]}<\/script>\n<!-- \/ Yoast SEO plugin. -->","yoast_head_json":{"title":"Speak Up: Creative Writing + Performance (Fall 2026) - Miami Book Fair","robots":{"index":"index","follow":"follow","max-snippet":"max-snippet:-1","max-image-preview":"max-image-preview:large","max-video-preview":"max-video-preview:-1"},"canonical":"https:\/\/miamibookfair.com\/ht\/event\/speak-up-creative-writing-performance-fall-2026-6\/","og_locale":"ht_HT","og_type":"article","og_title":"Speak Up: Creative Writing + Performance (Fall 2026) - Miami Book Fair","og_description":"Thursdays, September 17-October 29, 2026 4 p.m.-5 p.m. EST Join us online for Speak Up, a teen creative writing program supporting the artistic and professional growth of teens. In this\u00a0FREE\u00a0virtual creative writing workshop mini-series, teens will partner with experienced teaching artists to empower the creative writing process, from drafting to performance to publishing, to boost [&hellip;]","og_url":"https:\/\/miamibookfair.com\/ht\/event\/speak-up-creative-writing-performance-fall-2026-6\/","og_site_name":"Miami Book Fair","article_modified_time":"2026-08-27T16:03:59+00:00","og_image":[{"width":600,"height":600,"url":"https:\/\/miamibookfair.com\/wp-content\/uploads\/Camille_Gomera-Tavarez_Headshot_IMG_7163.jpg","type":"image\/jpeg"}],"twitter_card":"summary_large_image","twitter_misc":{"Est. reading time":"1 minute"},"schema":{"@context":"https:\/\/schema.org","@graph":[{"@type":"WebPage","@id":"https:\/\/miamibookfair.com\/event\/speak-up-creative-writing-performance-fall-2026-6\/","url":"https:\/\/miamibookfair.com\/event\/speak-up-creative-writing-performance-fall-2026-6\/","name":"Speak Up: Creative Writing + Performance (Fall 2026) - Miami Book Fair","isPartOf":{"@id":"https:\/\/miamibookfair.com\/#website"},"primaryImageOfPage":{"@id":"https:\/\/miamibookfair.com\/event\/speak-up-creative-writing-performance-fall-2026-6\/#primaryimage"},"image":{"@id":"https:\/\/miamibookfair.com\/event\/speak-up-creative-writing-performance-fall-2026-6\/#primaryimage"},"thumbnailUrl":"https:\/\/miamibookfair.com\/wp-content\/uploads\/Camille_Gomera-Tavarez_Headshot_IMG_7163.jpg","datePublished":"2026-08-19T17:37:23+00:00","dateModified":"2026-08-27T16:03:59+00:00","breadcrumb":{"@id":"https:\/\/miamibookfair.com\/event\/speak-up-creative-writing-performance-fall-2026-6\/#breadcrumb"},"inLanguage":"ht","potentialAction":[{"@type":"ReadAction","target":["https:\/\/miamibookfair.com\/event\/speak-up-creative-writing-performance-fall-2026-6\/"]}]},{"@type":"ImageObject","inLanguage":"ht","@id":"https:\/\/miamibookfair.com\/event\/speak-up-creative-writing-performance-fall-2026-6\/#primaryimage","url":"https:\/\/miamibookfair.com\/wp-content\/uploads\/Camille_Gomera-Tavarez_Headshot_IMG_7163.jpg","contentUrl":"https:\/\/miamibookfair.com\/wp-content\/uploads\/Camille_Gomera-Tavarez_Headshot_IMG_7163.jpg","width":600,"height":600},{"@type":"BreadcrumbList","@id":"https:\/\/miamibookfair.com\/event\/speak-up-creative-writing-performance-fall-2026-6\/#breadcrumb","itemListElement":[{"@type":"ListItem","position":1,"name":"Home","item":"https:\/\/miamibookfair.com\/"},{"@type":"ListItem","position":2,"name":"Events","item":"https:\/\/miamibookfair.com\/events\/"},{"@type":"ListItem","position":3,"name":"Speak Up: Creative Writing + Performance (Fall 2026)"}]},{"@type":"WebSite","@id":"https:\/\/miamibookfair.com\/#website","url":"https:\/\/miamibookfair.com\/","name":"Miami Book Fair","description":"","potentialAction":[{"@type":"SearchAction","target":{"@type":"EntryPoint","urlTemplate":"https:\/\/miamibookfair.com\/?s={search_term_string}"},"query-input":{"@type":"PropertyValueSpecification","valueRequired":true,"valueName":"search_term_string"}}],"inLanguage":"ht"}]}},"_links":{"self":[{"href":"http:\/\/miamibookfair.com\/ht\/wp-json\/wp\/v2\/mec-events\/39621","targetHints":{"allow":["GET"]}}],"collection":[{"href":"http:\/\/miamibookfair.com\/ht\/wp-json\/wp\/v2\/mec-events"}],"about":[{"href":"http:\/\/miamibookfair.com\/ht\/wp-json\/wp\/v2\/types\/mec-events"}],"author":[{"embeddable":true,"href":"http:\/\/miamibookfair.com\/ht\/wp-json\/wp\/v2\/users\/8"}],"version-history":[{"count":2,"href":"http:\/\/miamibookfair.com\/ht\/wp-json\/wp\/v2\/mec-events\/39621\/revisions"}],"predecessor-version":[{"id":39677,"href":"http:\/\/miamibookfair.com\/ht\/wp-json\/wp\/v2\/mec-events\/39621\/revisions\/39677"}],"wp:featuredmedia":[{"embeddable":true,"href":"http:\/\/miamibookfair.com\/ht\/wp-json\/wp\/v2\/media\/39664"}],"wp:attachment":[{"href":"http:\/\/miamibookfair.com\/ht\/wp-json\/wp\/v2\/media?parent=39621"}],"wp:term":[{"taxonomy":"post_tag","embeddable":true,"href":"http:\/\/miamibookfair.com\/ht\/wp-json\/wp\/v2\/tags?post=39621"},{"taxonomy":"event-format","embeddable":true,"href":"http:\/\/miamibookfair.com\/ht\/wp-json\/wp\/v2\/event-format?post=39621"},{"taxonomy":"event-genre","embeddable":true,"href":"http:\/\/miamibookfair.com\/ht\/wp-json\/wp\/v2\/event-genre?post=39621"},{"taxonomy":"event-language","embeddable":true,"href":"http:\/\/miamibookfair.com\/ht\/wp-json\/wp\/v2\/event-language?post=39621"},{"taxonomy":"event-on-demand-status","embeddable":true,"href":"http:\/\/miamibookfair.com\/ht\/wp-json\/wp\/v2\/event-on-demand-status?post=39621"},{"taxonomy":"event-topic","embeddable":true,"href":"http:\/\/miamibookfair.com\/ht\/wp-json\/wp\/v2\/event-topic?post=39621"},{"taxonomy":"event-type","embeddable":true,"href":"http:\/\/miamibookfair.com\/ht\/wp-json\/wp\/v2\/event-type?post=39621"},{"taxonomy":"featured-image-status","embeddable":true,"href":"http:\/\/miamibookfair.com\/ht\/wp-json\/wp\/v2\/featured-image-status?post=39621"},{"taxonomy":"program-name","embeddable":true,"href":"http:\/\/miamibookfair.com\/ht\/wp-json\/wp\/v2\/program-name?post=39621"},{"taxonomy":"mec_category","embeddable":true,"href":"http:\/\/miamibookfair.com\/ht\/wp-json\/wp\/v2\/mec_category?post=39621"}],"curies":[{"name":"wp","href":"https:\/\/api.w.org\/{rel}","templated":true}]}},{"id":39619,"date":"2026-08-19T13:35:36","date_gmt":"2026-08-19T17:35:36","guid":{"rendered":"https:\/\/miamibookfair.com\/?post_type=mec-events&#038;p=39619"},"modified":"2026-08-27T12:02:06","modified_gmt":"2026-08-27T16:02:06","slug":"speak-up-creative-writing-performance-fall-2026-5","status":"publish","type":"mec-events","link":"http:\/\/miamibookfair.com\/ht\/event\/speak-up-creative-writing-performance-fall-2026-5\/","title":{"rendered":"Speak Up: Creative Writing + Performance (Fall 2026)"},"content":{"rendered":"<h5>Thursdays, September 17-October 29, 2026<br \/>\n4 p.m.-5 p.m. EST<\/h5>\n<h4>Vin jwenn nou sou ent\u00e8n\u00e8t pou Speak Up, yon pwogram ekriti kreyatif k ap sip\u00f2te devlopman atistik ak pwofesyon\u00e8l adolesan yo\u2026.<img fetchpriority=\"high\" decoding=\"async\" class=\"size-full wp-image-38457 alignright\" src=\"https:\/\/miamibookfair.com\/wp-content\/uploads\/speak-up-with-MBFO-2-204x300-1.png\" alt=\"\" width=\"204\" height=\"300\" \/><\/h4>\n<p data-prosemirror-content-type=\"node\" data-prosemirror-node-name=\"paragraph\" data-prosemirror-node-block=\"true\">Nan sa a\u00a0<strong>Gratis<\/strong>\u00a0Nan yon mini-seri atelye ekriti kreyatif vity\u00e8l, adolesan yo pral f\u00e8 ekip ak atis-edikat\u00e8 ki gen eksperyans pou ranf\u00f2se pwosesis ekriti kreyatif la, soti nan redaksyon rive nan p\u00e8f\u00f2mans ak piblikasyon, pou ogmante alfabetizasyon epi bay j\u00e8n yo nan Miami plis f\u00f2s atrav\u00e8 aktivite ekriti ki baze nan kominote a.<\/p>\n<p data-prosemirror-content-type=\"node\" data-prosemirror-node-name=\"paragraph\" data-prosemirror-node-block=\"true\">This Fall\u2019s theme is <strong>Best of the Vault<\/strong>, a curated selection of fan-favorite presentations from previous Speak Up programs. Join us weekly for creative writing Throwback Thursdays after school!<\/p>\n<p data-prosemirror-content-type=\"node\" data-prosemirror-node-name=\"paragraph\" data-prosemirror-node-block=\"true\">Pwogram nan ouv\u00e8 pou tout adolesan (ki gen laj 13-19) epi li se <strong>gratis<\/strong>\u00a0jan l ye a\u00a0<strong>San devwa<\/strong>. Pa bezwen okenn eksperyans anvan!<\/p>\n<hr \/>\n<div class=\"elementor-element elementor-element-e711938 elementor-widget elementor-widget-event_content\" data-id=\"e711938\" data-element_type=\"widget\" data-e-type=\"widget\" data-widget_type=\"event_content.default\">\n<div class=\"elementor-widget-container\">\n<div class=\"mec-single-event-description mec-events-content\">\n<p><strong>October 15<br \/>\nInstructor: Trungles<\/strong><\/p>\n<\/div>\n<\/div>\n<\/div>","protected":false},"excerpt":{"rendered":"<p>Thursdays, September 17-October 29, 2026 4 p.m.-5 p.m. EST Join us online for Speak Up, a teen creative writing program supporting the artistic and professional growth of teens. In this\u00a0FREE\u00a0virtual creative writing workshop mini-series, teens will partner with experienced teaching artists to empower the creative writing process, from drafting to performance to publishing, to boost [&hellip;]<\/p>\n","protected":false},"author":8,"featured_media":39662,"template":"","meta":{"_acf_changed":false,"_links_to":"","_links_to_target":""},"tags":[],"event-format":[],"event-genre":[],"event-language":[63],"event-on-demand-status":[],"event-topic":[],"event-type":[95],"featured-image-status":[],"program-name":[379],"mec_category":[],"class_list":["post-39619","mec-events","type-mec-events","status-publish","has-post-thumbnail","hentry","event-language-english","event-type-year-round-events","program-name-speak-up"],"acf":[],"yoast_head":"<!-- This site is optimized with the Yoast SEO plugin v28.3 - https:\/\/yoast.com\/product\/yoast-seo-wordpress\/ -->\n<title>Speak Up: Creative Writing + Performance (Fall 2026) - Miami Book Fair<\/title>\n<meta name=\"robots\" content=\"index, follow, max-snippet:-1, max-image-preview:large, max-video-preview:-1\" \/>\n<link rel=\"canonical\" href=\"https:\/\/miamibookfair.com\/ht\/event\/speak-up-creative-writing-performance-fall-2026-5\/\" \/>\n<meta property=\"og:locale\" content=\"ht_HT\" \/>\n<meta property=\"og:type\" content=\"article\" \/>\n<meta property=\"og:title\" content=\"Speak Up: Creative Writing + Performance (Fall 2026) - Miami Book Fair\" \/>\n<meta property=\"og:description\" content=\"Thursdays, September 17-October 29, 2026 4 p.m.-5 p.m. EST Join us online for Speak Up, a teen creative writing program supporting the artistic and professional growth of teens. In this\u00a0FREE\u00a0virtual creative writing workshop mini-series, teens will partner with experienced teaching artists to empower the creative writing process, from drafting to performance to publishing, to boost [&hellip;]\" \/>\n<meta property=\"og:url\" content=\"https:\/\/miamibookfair.com\/ht\/event\/speak-up-creative-writing-performance-fall-2026-5\/\" \/>\n<meta property=\"og:site_name\" content=\"Miami Book Fair\" \/>\n<meta property=\"article:modified_time\" content=\"2026-08-27T16:02:06+00:00\" \/>\n<meta property=\"og:image\" content=\"https:\/\/miamibookfair.com\/wp-content\/uploads\/Trung_Le_Nguyen_Author_Picture.jpeg.jpg\" \/>\n\t<meta property=\"og:image:width\" content=\"600\" \/>\n\t<meta property=\"og:image:height\" content=\"600\" \/>\n\t<meta property=\"og:image:type\" content=\"image\/jpeg\" \/>\n<meta name=\"twitter:card\" content=\"summary_large_image\" \/>\n<meta name=\"twitter:label1\" content=\"Est. reading time\" \/>\n\t<meta name=\"twitter:data1\" content=\"1 minute\" \/>\n<script type=\"application\/ld+json\" class=\"yoast-schema-graph\">{\"@context\":\"https:\\\/\\\/schema.org\",\"@graph\":[{\"@type\":\"WebPage\",\"@id\":\"https:\\\/\\\/miamibookfair.com\\\/event\\\/speak-up-creative-writing-performance-fall-2026-5\\\/\",\"url\":\"https:\\\/\\\/miamibookfair.com\\\/event\\\/speak-up-creative-writing-performance-fall-2026-5\\\/\",\"name\":\"Speak Up: Creative Writing + Performance (Fall 2026) - Miami Book Fair\",\"isPartOf\":{\"@id\":\"https:\\\/\\\/miamibookfair.com\\\/#website\"},\"primaryImageOfPage\":{\"@id\":\"https:\\\/\\\/miamibookfair.com\\\/event\\\/speak-up-creative-writing-performance-fall-2026-5\\\/#primaryimage\"},\"image\":{\"@id\":\"https:\\\/\\\/miamibookfair.com\\\/event\\\/speak-up-creative-writing-performance-fall-2026-5\\\/#primaryimage\"},\"thumbnailUrl\":\"https:\\\/\\\/miamibookfair.com\\\/wp-content\\\/uploads\\\/Trung_Le_Nguyen_Author_Picture.jpeg.jpg\",\"datePublished\":\"2026-08-19T17:35:36+00:00\",\"dateModified\":\"2026-08-27T16:02:06+00:00\",\"breadcrumb\":{\"@id\":\"https:\\\/\\\/miamibookfair.com\\\/event\\\/speak-up-creative-writing-performance-fall-2026-5\\\/#breadcrumb\"},\"inLanguage\":\"ht\",\"potentialAction\":[{\"@type\":\"ReadAction\",\"target\":[\"https:\\\/\\\/miamibookfair.com\\\/event\\\/speak-up-creative-writing-performance-fall-2026-5\\\/\"]}]},{\"@type\":\"ImageObject\",\"inLanguage\":\"ht\",\"@id\":\"https:\\\/\\\/miamibookfair.com\\\/event\\\/speak-up-creative-writing-performance-fall-2026-5\\\/#primaryimage\",\"url\":\"https:\\\/\\\/miamibookfair.com\\\/wp-content\\\/uploads\\\/Trung_Le_Nguyen_Author_Picture.jpeg.jpg\",\"contentUrl\":\"https:\\\/\\\/miamibookfair.com\\\/wp-content\\\/uploads\\\/Trung_Le_Nguyen_Author_Picture.jpeg.jpg\",\"width\":600,\"height\":600},{\"@type\":\"BreadcrumbList\",\"@id\":\"https:\\\/\\\/miamibookfair.com\\\/event\\\/speak-up-creative-writing-performance-fall-2026-5\\\/#breadcrumb\",\"itemListElement\":[{\"@type\":\"ListItem\",\"position\":1,\"name\":\"Home\",\"item\":\"https:\\\/\\\/miamibookfair.com\\\/\"},{\"@type\":\"ListItem\",\"position\":2,\"name\":\"Events\",\"item\":\"https:\\\/\\\/miamibookfair.com\\\/events\\\/\"},{\"@type\":\"ListItem\",\"position\":3,\"name\":\"Speak Up: Creative Writing + Performance (Fall 2026)\"}]},{\"@type\":\"WebSite\",\"@id\":\"https:\\\/\\\/miamibookfair.com\\\/#website\",\"url\":\"https:\\\/\\\/miamibookfair.com\\\/\",\"name\":\"Miami Book Fair\",\"description\":\"\",\"potentialAction\":[{\"@type\":\"SearchAction\",\"target\":{\"@type\":\"EntryPoint\",\"urlTemplate\":\"https:\\\/\\\/miamibookfair.com\\\/?s={search_term_string}\"},\"query-input\":{\"@type\":\"PropertyValueSpecification\",\"valueRequired\":true,\"valueName\":\"search_term_string\"}}],\"inLanguage\":\"ht\"}]}<\/script>\n<!-- \/ Yoast SEO plugin. -->","yoast_head_json":{"title":"Speak Up: Creative Writing + Performance (Fall 2026) - Miami Book Fair","robots":{"index":"index","follow":"follow","max-snippet":"max-snippet:-1","max-image-preview":"max-image-preview:large","max-video-preview":"max-video-preview:-1"},"canonical":"https:\/\/miamibookfair.com\/ht\/event\/speak-up-creative-writing-performance-fall-2026-5\/","og_locale":"ht_HT","og_type":"article","og_title":"Speak Up: Creative Writing + Performance (Fall 2026) - Miami Book Fair","og_description":"Thursdays, September 17-October 29, 2026 4 p.m.-5 p.m. EST Join us online for Speak Up, a teen creative writing program supporting the artistic and professional growth of teens. In this\u00a0FREE\u00a0virtual creative writing workshop mini-series, teens will partner with experienced teaching artists to empower the creative writing process, from drafting to performance to publishing, to boost [&hellip;]","og_url":"https:\/\/miamibookfair.com\/ht\/event\/speak-up-creative-writing-performance-fall-2026-5\/","og_site_name":"Miami Book Fair","article_modified_time":"2026-08-27T16:02:06+00:00","og_image":[{"width":600,"height":600,"url":"https:\/\/miamibookfair.com\/wp-content\/uploads\/Trung_Le_Nguyen_Author_Picture.jpeg.jpg","type":"image\/jpeg"}],"twitter_card":"summary_large_image","twitter_misc":{"Est. reading time":"1 minute"},"schema":{"@context":"https:\/\/schema.org","@graph":[{"@type":"WebPage","@id":"https:\/\/miamibookfair.com\/event\/speak-up-creative-writing-performance-fall-2026-5\/","url":"https:\/\/miamibookfair.com\/event\/speak-up-creative-writing-performance-fall-2026-5\/","name":"Speak Up: Creative Writing + Performance (Fall 2026) - Miami Book Fair","isPartOf":{"@id":"https:\/\/miamibookfair.com\/#website"},"primaryImageOfPage":{"@id":"https:\/\/miamibookfair.com\/event\/speak-up-creative-writing-performance-fall-2026-5\/#primaryimage"},"image":{"@id":"https:\/\/miamibookfair.com\/event\/speak-up-creative-writing-performance-fall-2026-5\/#primaryimage"},"thumbnailUrl":"https:\/\/miamibookfair.com\/wp-content\/uploads\/Trung_Le_Nguyen_Author_Picture.jpeg.jpg","datePublished":"2026-08-19T17:35:36+00:00","dateModified":"2026-08-27T16:02:06+00:00","breadcrumb":{"@id":"https:\/\/miamibookfair.com\/event\/speak-up-creative-writing-performance-fall-2026-5\/#breadcrumb"},"inLanguage":"ht","potentialAction":[{"@type":"ReadAction","target":["https:\/\/miamibookfair.com\/event\/speak-up-creative-writing-performance-fall-2026-5\/"]}]},{"@type":"ImageObject","inLanguage":"ht","@id":"https:\/\/miamibookfair.com\/event\/speak-up-creative-writing-performance-fall-2026-5\/#primaryimage","url":"https:\/\/miamibookfair.com\/wp-content\/uploads\/Trung_Le_Nguyen_Author_Picture.jpeg.jpg","contentUrl":"https:\/\/miamibookfair.com\/wp-content\/uploads\/Trung_Le_Nguyen_Author_Picture.jpeg.jpg","width":600,"height":600},{"@type":"BreadcrumbList","@id":"https:\/\/miamibookfair.com\/event\/speak-up-creative-writing-performance-fall-2026-5\/#breadcrumb","itemListElement":[{"@type":"ListItem","position":1,"name":"Home","item":"https:\/\/miamibookfair.com\/"},{"@type":"ListItem","position":2,"name":"Events","item":"https:\/\/miamibookfair.com\/events\/"},{"@type":"ListItem","position":3,"name":"Speak Up: Creative Writing + Performance (Fall 2026)"}]},{"@type":"WebSite","@id":"https:\/\/miamibookfair.com\/#website","url":"https:\/\/miamibookfair.com\/","name":"Miami Book Fair","description":"","potentialAction":[{"@type":"SearchAction","target":{"@type":"EntryPoint","urlTemplate":"https:\/\/miamibookfair.com\/?s={search_term_string}"},"query-input":{"@type":"PropertyValueSpecification","valueRequired":true,"valueName":"search_term_string"}}],"inLanguage":"ht"}]}},"_links":{"self":[{"href":"http:\/\/miamibookfair.com\/ht\/wp-json\/wp\/v2\/mec-events\/39619","targetHints":{"allow":["GET"]}}],"collection":[{"href":"http:\/\/miamibookfair.com\/ht\/wp-json\/wp\/v2\/mec-events"}],"about":[{"href":"http:\/\/miamibookfair.com\/ht\/wp-json\/wp\/v2\/types\/mec-events"}],"author":[{"embeddable":true,"href":"http:\/\/miamibookfair.com\/ht\/wp-json\/wp\/v2\/users\/8"}],"version-history":[{"count":3,"href":"http:\/\/miamibookfair.com\/ht\/wp-json\/wp\/v2\/mec-events\/39619\/revisions"}],"predecessor-version":[{"id":39676,"href":"http:\/\/miamibookfair.com\/ht\/wp-json\/wp\/v2\/mec-events\/39619\/revisions\/39676"}],"wp:featuredmedia":[{"embeddable":true,"href":"http:\/\/miamibookfair.com\/ht\/wp-json\/wp\/v2\/media\/39662"}],"wp:attachment":[{"href":"http:\/\/miamibookfair.com\/ht\/wp-json\/wp\/v2\/media?parent=39619"}],"wp:term":[{"taxonomy":"post_tag","embeddable":true,"href":"http:\/\/miamibookfair.com\/ht\/wp-json\/wp\/v2\/tags?post=39619"},{"taxonomy":"event-format","embeddable":true,"href":"http:\/\/miamibookfair.com\/ht\/wp-json\/wp\/v2\/event-format?post=39619"},{"taxonomy":"event-genre","embeddable":true,"href":"http:\/\/miamibookfair.com\/ht\/wp-json\/wp\/v2\/event-genre?post=39619"},{"taxonomy":"event-language","embeddable":true,"href":"http:\/\/miamibookfair.com\/ht\/wp-json\/wp\/v2\/event-language?post=39619"},{"taxonomy":"event-on-demand-status","embeddable":true,"href":"http:\/\/miamibookfair.com\/ht\/wp-json\/wp\/v2\/event-on-demand-status?post=39619"},{"taxonomy":"event-topic","embeddable":true,"href":"http:\/\/miamibookfair.com\/ht\/wp-json\/wp\/v2\/event-topic?post=39619"},{"taxonomy":"event-type","embeddable":true,"href":"http:\/\/miamibookfair.com\/ht\/wp-json\/wp\/v2\/event-type?post=39619"},{"taxonomy":"featured-image-status","embeddable":true,"href":"http:\/\/miamibookfair.com\/ht\/wp-json\/wp\/v2\/featured-image-status?post=39619"},{"taxonomy":"program-name","embeddable":true,"href":"http:\/\/miamibookfair.com\/ht\/wp-json\/wp\/v2\/program-name?post=39619"},{"taxonomy":"mec_category","embeddable":true,"href":"http:\/\/miamibookfair.com\/ht\/wp-json\/wp\/v2\/mec_category?post=39619"}],"curies":[{"name":"wp","href":"https:\/\/api.w.org\/{rel}","templated":true}]}},{"id":39617,"date":"2026-08-19T13:33:56","date_gmt":"2026-08-19T17:33:56","guid":{"rendered":"https:\/\/miamibookfair.com\/?post_type=mec-events&#038;p=39617"},"modified":"2026-08-27T11:58:40","modified_gmt":"2026-08-27T15:58:40","slug":"speak-up-creative-writing-performance-fall-2026-4","status":"publish","type":"mec-events","link":"http:\/\/miamibookfair.com\/ht\/event\/speak-up-creative-writing-performance-fall-2026-4\/","title":{"rendered":"Speak Up: Creative Writing + Performance (Fall 2026)"},"content":{"rendered":"<h5>Thursdays, September 17-October 29, 2026<br \/>\n4 p.m.-5 p.m. EST<\/h5>\n<h4>Vin jwenn nou sou ent\u00e8n\u00e8t pou Speak Up, yon pwogram ekriti kreyatif k ap sip\u00f2te devlopman atistik ak pwofesyon\u00e8l adolesan yo\u2026.<img fetchpriority=\"high\" decoding=\"async\" class=\"size-full wp-image-38457 alignright\" src=\"https:\/\/miamibookfair.com\/wp-content\/uploads\/speak-up-with-MBFO-2-204x300-1.png\" alt=\"\" width=\"204\" height=\"300\" \/><\/h4>\n<p data-prosemirror-content-type=\"node\" data-prosemirror-node-name=\"paragraph\" data-prosemirror-node-block=\"true\">Nan sa a\u00a0<strong>Gratis<\/strong>\u00a0Nan yon mini-seri atelye ekriti kreyatif vity\u00e8l, adolesan yo pral f\u00e8 ekip ak atis-edikat\u00e8 ki gen eksperyans pou ranf\u00f2se pwosesis ekriti kreyatif la, soti nan redaksyon rive nan p\u00e8f\u00f2mans ak piblikasyon, pou ogmante alfabetizasyon epi bay j\u00e8n yo nan Miami plis f\u00f2s atrav\u00e8 aktivite ekriti ki baze nan kominote a.<\/p>\n<p data-prosemirror-content-type=\"node\" data-prosemirror-node-name=\"paragraph\" data-prosemirror-node-block=\"true\">This Fall\u2019s theme is <strong>Best of the Vault<\/strong>, a curated selection of fan-favorite presentations from previous Speak Up programs. Join us weekly for creative writing Throwback Thursdays after school!<\/p>\n<p data-prosemirror-content-type=\"node\" data-prosemirror-node-name=\"paragraph\" data-prosemirror-node-block=\"true\">Pwogram nan ouv\u00e8 pou tout adolesan (ki gen laj 13-19) epi li se <strong>gratis<\/strong>\u00a0jan l ye a\u00a0<strong>San devwa<\/strong>. Pa bezwen okenn eksperyans anvan!<\/p>\n<hr \/>\n<div class=\"elementor-element elementor-element-e711938 elementor-widget elementor-widget-event_content\" data-id=\"e711938\" data-element_type=\"widget\" data-e-type=\"widget\" data-widget_type=\"event_content.default\">\n<div class=\"elementor-widget-container\">\n<div class=\"mec-single-event-description mec-events-content\">\n<p><strong>October 8<br \/>\nInstructor: Marci Calabretta Cancio-Bello<\/strong><\/p>\n<\/div>\n<\/div>\n<\/div>","protected":false},"excerpt":{"rendered":"<p>Thursdays, September 17-October 29, 2026 4 p.m.-5 p.m. EST Join us online for Speak Up, a teen creative writing program supporting the artistic and professional growth of teens. In this\u00a0FREE\u00a0virtual creative writing workshop mini-series, teens will partner with experienced teaching artists to empower the creative writing process, from drafting to performance to publishing, to boost [&hellip;]<\/p>\n","protected":false},"author":8,"featured_media":39665,"template":"","meta":{"_acf_changed":false,"_links_to":"","_links_to_target":""},"tags":[],"event-format":[],"event-genre":[],"event-language":[63],"event-on-demand-status":[],"event-topic":[],"event-type":[95],"featured-image-status":[],"program-name":[379],"mec_category":[],"class_list":["post-39617","mec-events","type-mec-events","status-publish","has-post-thumbnail","hentry","event-language-english","event-type-year-round-events","program-name-speak-up","mbf-no-location"],"acf":[],"yoast_head":"<!-- This site is optimized with the Yoast SEO plugin v28.3 - https:\/\/yoast.com\/product\/yoast-seo-wordpress\/ -->\n<title>Speak Up: Creative Writing + Performance (Fall 2026) - Miami Book Fair<\/title>\n<meta name=\"robots\" content=\"index, follow, max-snippet:-1, max-image-preview:large, max-video-preview:-1\" \/>\n<link rel=\"canonical\" href=\"https:\/\/miamibookfair.com\/ht\/event\/speak-up-creative-writing-performance-fall-2026-4\/\" \/>\n<meta property=\"og:locale\" content=\"ht_HT\" \/>\n<meta property=\"og:type\" content=\"article\" \/>\n<meta property=\"og:title\" content=\"Speak Up: Creative Writing + Performance (Fall 2026) - Miami Book Fair\" \/>\n<meta property=\"og:description\" content=\"Thursdays, September 17-October 29, 2026 4 p.m.-5 p.m. EST Join us online for Speak Up, a teen creative writing program supporting the artistic and professional growth of teens. In this\u00a0FREE\u00a0virtual creative writing workshop mini-series, teens will partner with experienced teaching artists to empower the creative writing process, from drafting to performance to publishing, to boost [&hellip;]\" \/>\n<meta property=\"og:url\" content=\"https:\/\/miamibookfair.com\/ht\/event\/speak-up-creative-writing-performance-fall-2026-4\/\" \/>\n<meta property=\"og:site_name\" content=\"Miami Book Fair\" \/>\n<meta property=\"article:modified_time\" content=\"2026-08-27T15:58:40+00:00\" \/>\n<meta property=\"og:image\" content=\"https:\/\/miamibookfair.com\/wp-content\/uploads\/marci-1.jpg\" \/>\n\t<meta property=\"og:image:width\" content=\"600\" \/>\n\t<meta property=\"og:image:height\" content=\"600\" \/>\n\t<meta property=\"og:image:type\" content=\"image\/jpeg\" \/>\n<meta name=\"twitter:card\" content=\"summary_large_image\" \/>\n<meta name=\"twitter:label1\" content=\"Est. reading time\" \/>\n\t<meta name=\"twitter:data1\" content=\"1 minute\" \/>\n<script type=\"application\/ld+json\" class=\"yoast-schema-graph\">{\"@context\":\"https:\\\/\\\/schema.org\",\"@graph\":[{\"@type\":\"WebPage\",\"@id\":\"https:\\\/\\\/miamibookfair.com\\\/event\\\/speak-up-creative-writing-performance-fall-2026-4\\\/\",\"url\":\"https:\\\/\\\/miamibookfair.com\\\/event\\\/speak-up-creative-writing-performance-fall-2026-4\\\/\",\"name\":\"Speak Up: Creative Writing + Performance (Fall 2026) - Miami Book Fair\",\"isPartOf\":{\"@id\":\"https:\\\/\\\/miamibookfair.com\\\/#website\"},\"primaryImageOfPage\":{\"@id\":\"https:\\\/\\\/miamibookfair.com\\\/event\\\/speak-up-creative-writing-performance-fall-2026-4\\\/#primaryimage\"},\"image\":{\"@id\":\"https:\\\/\\\/miamibookfair.com\\\/event\\\/speak-up-creative-writing-performance-fall-2026-4\\\/#primaryimage\"},\"thumbnailUrl\":\"https:\\\/\\\/miamibookfair.com\\\/wp-content\\\/uploads\\\/marci-1.jpg\",\"datePublished\":\"2026-08-19T17:33:56+00:00\",\"dateModified\":\"2026-08-27T15:58:40+00:00\",\"breadcrumb\":{\"@id\":\"https:\\\/\\\/miamibookfair.com\\\/event\\\/speak-up-creative-writing-performance-fall-2026-4\\\/#breadcrumb\"},\"inLanguage\":\"ht\",\"potentialAction\":[{\"@type\":\"ReadAction\",\"target\":[\"https:\\\/\\\/miamibookfair.com\\\/event\\\/speak-up-creative-writing-performance-fall-2026-4\\\/\"]}]},{\"@type\":\"ImageObject\",\"inLanguage\":\"ht\",\"@id\":\"https:\\\/\\\/miamibookfair.com\\\/event\\\/speak-up-creative-writing-performance-fall-2026-4\\\/#primaryimage\",\"url\":\"https:\\\/\\\/miamibookfair.com\\\/wp-content\\\/uploads\\\/marci-1.jpg\",\"contentUrl\":\"https:\\\/\\\/miamibookfair.com\\\/wp-content\\\/uploads\\\/marci-1.jpg\",\"width\":600,\"height\":600},{\"@type\":\"BreadcrumbList\",\"@id\":\"https:\\\/\\\/miamibookfair.com\\\/event\\\/speak-up-creative-writing-performance-fall-2026-4\\\/#breadcrumb\",\"itemListElement\":[{\"@type\":\"ListItem\",\"position\":1,\"name\":\"Home\",\"item\":\"https:\\\/\\\/miamibookfair.com\\\/\"},{\"@type\":\"ListItem\",\"position\":2,\"name\":\"Events\",\"item\":\"https:\\\/\\\/miamibookfair.com\\\/events\\\/\"},{\"@type\":\"ListItem\",\"position\":3,\"name\":\"Speak Up: Creative Writing + Performance (Fall 2026)\"}]},{\"@type\":\"WebSite\",\"@id\":\"https:\\\/\\\/miamibookfair.com\\\/#website\",\"url\":\"https:\\\/\\\/miamibookfair.com\\\/\",\"name\":\"Miami Book Fair\",\"description\":\"\",\"potentialAction\":[{\"@type\":\"SearchAction\",\"target\":{\"@type\":\"EntryPoint\",\"urlTemplate\":\"https:\\\/\\\/miamibookfair.com\\\/?s={search_term_string}\"},\"query-input\":{\"@type\":\"PropertyValueSpecification\",\"valueRequired\":true,\"valueName\":\"search_term_string\"}}],\"inLanguage\":\"ht\"}]}<\/script>\n<!-- \/ Yoast SEO plugin. -->","yoast_head_json":{"title":"Speak Up: Creative Writing + Performance (Fall 2026) - Miami Book Fair","robots":{"index":"index","follow":"follow","max-snippet":"max-snippet:-1","max-image-preview":"max-image-preview:large","max-video-preview":"max-video-preview:-1"},"canonical":"https:\/\/miamibookfair.com\/ht\/event\/speak-up-creative-writing-performance-fall-2026-4\/","og_locale":"ht_HT","og_type":"article","og_title":"Speak Up: Creative Writing + Performance (Fall 2026) - Miami Book Fair","og_description":"Thursdays, September 17-October 29, 2026 4 p.m.-5 p.m. EST Join us online for Speak Up, a teen creative writing program supporting the artistic and professional growth of teens. In this\u00a0FREE\u00a0virtual creative writing workshop mini-series, teens will partner with experienced teaching artists to empower the creative writing process, from drafting to performance to publishing, to boost [&hellip;]","og_url":"https:\/\/miamibookfair.com\/ht\/event\/speak-up-creative-writing-performance-fall-2026-4\/","og_site_name":"Miami Book Fair","article_modified_time":"2026-08-27T15:58:40+00:00","og_image":[{"width":600,"height":600,"url":"https:\/\/miamibookfair.com\/wp-content\/uploads\/marci-1.jpg","type":"image\/jpeg"}],"twitter_card":"summary_large_image","twitter_misc":{"Est. reading time":"1 minute"},"schema":{"@context":"https:\/\/schema.org","@graph":[{"@type":"WebPage","@id":"https:\/\/miamibookfair.com\/event\/speak-up-creative-writing-performance-fall-2026-4\/","url":"https:\/\/miamibookfair.com\/event\/speak-up-creative-writing-performance-fall-2026-4\/","name":"Speak Up: Creative Writing + Performance (Fall 2026) - Miami Book Fair","isPartOf":{"@id":"https:\/\/miamibookfair.com\/#website"},"primaryImageOfPage":{"@id":"https:\/\/miamibookfair.com\/event\/speak-up-creative-writing-performance-fall-2026-4\/#primaryimage"},"image":{"@id":"https:\/\/miamibookfair.com\/event\/speak-up-creative-writing-performance-fall-2026-4\/#primaryimage"},"thumbnailUrl":"https:\/\/miamibookfair.com\/wp-content\/uploads\/marci-1.jpg","datePublished":"2026-08-19T17:33:56+00:00","dateModified":"2026-08-27T15:58:40+00:00","breadcrumb":{"@id":"https:\/\/miamibookfair.com\/event\/speak-up-creative-writing-performance-fall-2026-4\/#breadcrumb"},"inLanguage":"ht","potentialAction":[{"@type":"ReadAction","target":["https:\/\/miamibookfair.com\/event\/speak-up-creative-writing-performance-fall-2026-4\/"]}]},{"@type":"ImageObject","inLanguage":"ht","@id":"https:\/\/miamibookfair.com\/event\/speak-up-creative-writing-performance-fall-2026-4\/#primaryimage","url":"https:\/\/miamibookfair.com\/wp-content\/uploads\/marci-1.jpg","contentUrl":"https:\/\/miamibookfair.com\/wp-content\/uploads\/marci-1.jpg","width":600,"height":600},{"@type":"BreadcrumbList","@id":"https:\/\/miamibookfair.com\/event\/speak-up-creative-writing-performance-fall-2026-4\/#breadcrumb","itemListElement":[{"@type":"ListItem","position":1,"name":"Home","item":"https:\/\/miamibookfair.com\/"},{"@type":"ListItem","position":2,"name":"Events","item":"https:\/\/miamibookfair.com\/events\/"},{"@type":"ListItem","position":3,"name":"Speak Up: Creative Writing + Performance (Fall 2026)"}]},{"@type":"WebSite","@id":"https:\/\/miamibookfair.com\/#website","url":"https:\/\/miamibookfair.com\/","name":"Miami Book Fair","description":"","potentialAction":[{"@type":"SearchAction","target":{"@type":"EntryPoint","urlTemplate":"https:\/\/miamibookfair.com\/?s={search_term_string}"},"query-input":{"@type":"PropertyValueSpecification","valueRequired":true,"valueName":"search_term_string"}}],"inLanguage":"ht"}]}},"_links":{"self":[{"href":"http:\/\/miamibookfair.com\/ht\/wp-json\/wp\/v2\/mec-events\/39617","targetHints":{"allow":["GET"]}}],"collection":[{"href":"http:\/\/miamibookfair.com\/ht\/wp-json\/wp\/v2\/mec-events"}],"about":[{"href":"http:\/\/miamibookfair.com\/ht\/wp-json\/wp\/v2\/types\/mec-events"}],"author":[{"embeddable":true,"href":"http:\/\/miamibookfair.com\/ht\/wp-json\/wp\/v2\/users\/8"}],"version-history":[{"count":3,"href":"http:\/\/miamibookfair.com\/ht\/wp-json\/wp\/v2\/mec-events\/39617\/revisions"}],"predecessor-version":[{"id":39674,"href":"http:\/\/miamibookfair.com\/ht\/wp-json\/wp\/v2\/mec-events\/39617\/revisions\/39674"}],"wp:featuredmedia":[{"embeddable":true,"href":"http:\/\/miamibookfair.com\/ht\/wp-json\/wp\/v2\/media\/39665"}],"wp:attachment":[{"href":"http:\/\/miamibookfair.com\/ht\/wp-json\/wp\/v2\/media?parent=39617"}],"wp:term":[{"taxonomy":"post_tag","embeddable":true,"href":"http:\/\/miamibookfair.com\/ht\/wp-json\/wp\/v2\/tags?post=39617"},{"taxonomy":"event-format","embeddable":true,"href":"http:\/\/miamibookfair.com\/ht\/wp-json\/wp\/v2\/event-format?post=39617"},{"taxonomy":"event-genre","embeddable":true,"href":"http:\/\/miamibookfair.com\/ht\/wp-json\/wp\/v2\/event-genre?post=39617"},{"taxonomy":"event-language","embeddable":true,"href":"http:\/\/miamibookfair.com\/ht\/wp-json\/wp\/v2\/event-language?post=39617"},{"taxonomy":"event-on-demand-status","embeddable":true,"href":"http:\/\/miamibookfair.com\/ht\/wp-json\/wp\/v2\/event-on-demand-status?post=39617"},{"taxonomy":"event-topic","embeddable":true,"href":"http:\/\/miamibookfair.com\/ht\/wp-json\/wp\/v2\/event-topic?post=39617"},{"taxonomy":"event-type","embeddable":true,"href":"http:\/\/miamibookfair.com\/ht\/wp-json\/wp\/v2\/event-type?post=39617"},{"taxonomy":"featured-image-status","embeddable":true,"href":"http:\/\/miamibookfair.com\/ht\/wp-json\/wp\/v2\/featured-image-status?post=39617"},{"taxonomy":"program-name","embeddable":true,"href":"http:\/\/miamibookfair.com\/ht\/wp-json\/wp\/v2\/program-name?post=39617"},{"taxonomy":"mec_category","embeddable":true,"href":"http:\/\/miamibookfair.com\/ht\/wp-json\/wp\/v2\/mec_category?post=39617"}],"curies":[{"name":"wp","href":"https:\/\/api.w.org\/{rel}","templated":true}]}},{"id":39615,"date":"2026-08-19T13:31:35","date_gmt":"2026-08-19T17:31:35","guid":{"rendered":"https:\/\/miamibookfair.com\/?post_type=mec-events&#038;p=39615"},"modified":"2026-08-27T11:55:35","modified_gmt":"2026-08-27T15:55:35","slug":"speak-up-creative-writing-performance-fall-2026-3","status":"publish","type":"mec-events","link":"http:\/\/miamibookfair.com\/ht\/event\/speak-up-creative-writing-performance-fall-2026-3\/","title":{"rendered":"Speak Up: Creative Writing + Performance (Fall 2026)"},"content":{"rendered":"<h5>Thursdays, September 17-October 29, 2026<br \/>\n4 p.m.-5 p.m. EST<\/h5>\n<h4>Vin jwenn nou sou ent\u00e8n\u00e8t pou Speak Up, yon pwogram ekriti kreyatif k ap sip\u00f2te devlopman atistik ak pwofesyon\u00e8l adolesan yo\u2026.<img fetchpriority=\"high\" decoding=\"async\" class=\"size-full wp-image-38457 alignright\" src=\"https:\/\/miamibookfair.com\/wp-content\/uploads\/speak-up-with-MBFO-2-204x300-1.png\" alt=\"\" width=\"204\" height=\"300\" \/><\/h4>\n<p data-prosemirror-content-type=\"node\" data-prosemirror-node-name=\"paragraph\" data-prosemirror-node-block=\"true\">Nan sa a\u00a0<strong>Gratis<\/strong>\u00a0Nan yon mini-seri atelye ekriti kreyatif vity\u00e8l, adolesan yo pral f\u00e8 ekip ak atis-edikat\u00e8 ki gen eksperyans pou ranf\u00f2se pwosesis ekriti kreyatif la, soti nan redaksyon rive nan p\u00e8f\u00f2mans ak piblikasyon, pou ogmante alfabetizasyon epi bay j\u00e8n yo nan Miami plis f\u00f2s atrav\u00e8 aktivite ekriti ki baze nan kominote a.<\/p>\n<p data-prosemirror-content-type=\"node\" data-prosemirror-node-name=\"paragraph\" data-prosemirror-node-block=\"true\">This Fall\u2019s theme is <strong>Best of the Vault<\/strong>, a curated selection of fan-favorite presentations from previous Speak Up programs. Join us weekly for creative writing Throwback Thursdays after school!<\/p>\n<p data-prosemirror-content-type=\"node\" data-prosemirror-node-name=\"paragraph\" data-prosemirror-node-block=\"true\">Pwogram nan ouv\u00e8 pou tout adolesan (ki gen laj 13-19) epi li se <strong>gratis<\/strong>\u00a0jan l ye a\u00a0<strong>San devwa<\/strong>. Pa bezwen okenn eksperyans anvan!<\/p>\n<hr \/>\n<div class=\"elementor-element elementor-element-e711938 elementor-widget elementor-widget-event_content\" data-id=\"e711938\" data-element_type=\"widget\" data-e-type=\"widget\" data-widget_type=\"event_content.default\">\n<div class=\"elementor-widget-container\">\n<div class=\"mec-single-event-description mec-events-content\">\n<p><strong>October 1<br \/>\nInstructor: Maika &amp; Maritza Moulite<\/strong><\/p>\n<\/div>\n<\/div>\n<\/div>","protected":false},"excerpt":{"rendered":"<p>Thursdays, September 17-October 29, 2026 4 p.m.-5 p.m. EST Join us online for Speak Up, a teen creative writing program supporting the artistic and professional growth of teens. In this\u00a0FREE\u00a0virtual creative writing workshop mini-series, teens will partner with experienced teaching artists to empower the creative writing process, from drafting to performance to publishing, to boost [&hellip;]<\/p>\n","protected":false},"author":8,"featured_media":39667,"template":"","meta":{"_acf_changed":false,"_links_to":"","_links_to_target":""},"tags":[],"event-format":[],"event-genre":[],"event-language":[63],"event-on-demand-status":[],"event-topic":[],"event-type":[95],"featured-image-status":[],"program-name":[379],"mec_category":[],"class_list":["post-39615","mec-events","type-mec-events","status-publish","has-post-thumbnail","hentry","event-language-english","event-type-year-round-events","program-name-speak-up"],"acf":[],"yoast_head":"<!-- This site is optimized with the Yoast SEO plugin v28.3 - https:\/\/yoast.com\/product\/yoast-seo-wordpress\/ -->\n<title>Speak Up: Creative Writing + Performance (Fall 2026) - Miami Book Fair<\/title>\n<meta name=\"robots\" content=\"index, follow, max-snippet:-1, max-image-preview:large, max-video-preview:-1\" \/>\n<link rel=\"canonical\" href=\"https:\/\/miamibookfair.com\/ht\/event\/speak-up-creative-writing-performance-fall-2026-3\/\" \/>\n<meta property=\"og:locale\" content=\"ht_HT\" \/>\n<meta property=\"og:type\" content=\"article\" \/>\n<meta property=\"og:title\" content=\"Speak Up: Creative Writing + Performance (Fall 2026) - Miami Book Fair\" \/>\n<meta property=\"og:description\" content=\"Thursdays, September 17-October 29, 2026 4 p.m.-5 p.m. EST Join us online for Speak Up, a teen creative writing program supporting the artistic and professional growth of teens. In this\u00a0FREE\u00a0virtual creative writing workshop mini-series, teens will partner with experienced teaching artists to empower the creative writing process, from drafting to performance to publishing, to boost [&hellip;]\" \/>\n<meta property=\"og:url\" content=\"https:\/\/miamibookfair.com\/ht\/event\/speak-up-creative-writing-performance-fall-2026-3\/\" \/>\n<meta property=\"og:site_name\" content=\"Miami Book Fair\" \/>\n<meta property=\"article:modified_time\" content=\"2026-08-27T15:55:35+00:00\" \/>\n<meta property=\"og:image\" content=\"https:\/\/miamibookfair.com\/wp-content\/uploads\/moulite-sisters.jpg\" \/>\n\t<meta property=\"og:image:width\" content=\"500\" \/>\n\t<meta property=\"og:image:height\" content=\"500\" \/>\n\t<meta property=\"og:image:type\" content=\"image\/jpeg\" \/>\n<meta name=\"twitter:card\" content=\"summary_large_image\" \/>\n<meta name=\"twitter:label1\" content=\"Est. reading time\" \/>\n\t<meta name=\"twitter:data1\" content=\"1 minute\" \/>\n<script type=\"application\/ld+json\" class=\"yoast-schema-graph\">{\"@context\":\"https:\\\/\\\/schema.org\",\"@graph\":[{\"@type\":\"WebPage\",\"@id\":\"https:\\\/\\\/miamibookfair.com\\\/event\\\/speak-up-creative-writing-performance-fall-2026-3\\\/\",\"url\":\"https:\\\/\\\/miamibookfair.com\\\/event\\\/speak-up-creative-writing-performance-fall-2026-3\\\/\",\"name\":\"Speak Up: Creative Writing + Performance (Fall 2026) - Miami Book Fair\",\"isPartOf\":{\"@id\":\"https:\\\/\\\/miamibookfair.com\\\/#website\"},\"primaryImageOfPage\":{\"@id\":\"https:\\\/\\\/miamibookfair.com\\\/event\\\/speak-up-creative-writing-performance-fall-2026-3\\\/#primaryimage\"},\"image\":{\"@id\":\"https:\\\/\\\/miamibookfair.com\\\/event\\\/speak-up-creative-writing-performance-fall-2026-3\\\/#primaryimage\"},\"thumbnailUrl\":\"https:\\\/\\\/miamibookfair.com\\\/wp-content\\\/uploads\\\/moulite-sisters.jpg\",\"datePublished\":\"2026-08-19T17:31:35+00:00\",\"dateModified\":\"2026-08-27T15:55:35+00:00\",\"breadcrumb\":{\"@id\":\"https:\\\/\\\/miamibookfair.com\\\/event\\\/speak-up-creative-writing-performance-fall-2026-3\\\/#breadcrumb\"},\"inLanguage\":\"ht\",\"potentialAction\":[{\"@type\":\"ReadAction\",\"target\":[\"https:\\\/\\\/miamibookfair.com\\\/event\\\/speak-up-creative-writing-performance-fall-2026-3\\\/\"]}]},{\"@type\":\"ImageObject\",\"inLanguage\":\"ht\",\"@id\":\"https:\\\/\\\/miamibookfair.com\\\/event\\\/speak-up-creative-writing-performance-fall-2026-3\\\/#primaryimage\",\"url\":\"https:\\\/\\\/miamibookfair.com\\\/wp-content\\\/uploads\\\/moulite-sisters.jpg\",\"contentUrl\":\"https:\\\/\\\/miamibookfair.com\\\/wp-content\\\/uploads\\\/moulite-sisters.jpg\",\"width\":500,\"height\":500},{\"@type\":\"BreadcrumbList\",\"@id\":\"https:\\\/\\\/miamibookfair.com\\\/event\\\/speak-up-creative-writing-performance-fall-2026-3\\\/#breadcrumb\",\"itemListElement\":[{\"@type\":\"ListItem\",\"position\":1,\"name\":\"Home\",\"item\":\"https:\\\/\\\/miamibookfair.com\\\/\"},{\"@type\":\"ListItem\",\"position\":2,\"name\":\"Events\",\"item\":\"https:\\\/\\\/miamibookfair.com\\\/events\\\/\"},{\"@type\":\"ListItem\",\"position\":3,\"name\":\"Speak Up: Creative Writing + Performance (Fall 2026)\"}]},{\"@type\":\"WebSite\",\"@id\":\"https:\\\/\\\/miamibookfair.com\\\/#website\",\"url\":\"https:\\\/\\\/miamibookfair.com\\\/\",\"name\":\"Miami Book Fair\",\"description\":\"\",\"potentialAction\":[{\"@type\":\"SearchAction\",\"target\":{\"@type\":\"EntryPoint\",\"urlTemplate\":\"https:\\\/\\\/miamibookfair.com\\\/?s={search_term_string}\"},\"query-input\":{\"@type\":\"PropertyValueSpecification\",\"valueRequired\":true,\"valueName\":\"search_term_string\"}}],\"inLanguage\":\"ht\"}]}<\/script>\n<!-- \/ Yoast SEO plugin. -->","yoast_head_json":{"title":"Speak Up: Creative Writing + Performance (Fall 2026) - Miami Book Fair","robots":{"index":"index","follow":"follow","max-snippet":"max-snippet:-1","max-image-preview":"max-image-preview:large","max-video-preview":"max-video-preview:-1"},"canonical":"https:\/\/miamibookfair.com\/ht\/event\/speak-up-creative-writing-performance-fall-2026-3\/","og_locale":"ht_HT","og_type":"article","og_title":"Speak Up: Creative Writing + Performance (Fall 2026) - Miami Book Fair","og_description":"Thursdays, September 17-October 29, 2026 4 p.m.-5 p.m. EST Join us online for Speak Up, a teen creative writing program supporting the artistic and professional growth of teens. In this\u00a0FREE\u00a0virtual creative writing workshop mini-series, teens will partner with experienced teaching artists to empower the creative writing process, from drafting to performance to publishing, to boost [&hellip;]","og_url":"https:\/\/miamibookfair.com\/ht\/event\/speak-up-creative-writing-performance-fall-2026-3\/","og_site_name":"Miami Book Fair","article_modified_time":"2026-08-27T15:55:35+00:00","og_image":[{"width":500,"height":500,"url":"https:\/\/miamibookfair.com\/wp-content\/uploads\/moulite-sisters.jpg","type":"image\/jpeg"}],"twitter_card":"summary_large_image","twitter_misc":{"Est. reading time":"1 minute"},"schema":{"@context":"https:\/\/schema.org","@graph":[{"@type":"WebPage","@id":"https:\/\/miamibookfair.com\/event\/speak-up-creative-writing-performance-fall-2026-3\/","url":"https:\/\/miamibookfair.com\/event\/speak-up-creative-writing-performance-fall-2026-3\/","name":"Speak Up: Creative Writing + Performance (Fall 2026) - Miami Book Fair","isPartOf":{"@id":"https:\/\/miamibookfair.com\/#website"},"primaryImageOfPage":{"@id":"https:\/\/miamibookfair.com\/event\/speak-up-creative-writing-performance-fall-2026-3\/#primaryimage"},"image":{"@id":"https:\/\/miamibookfair.com\/event\/speak-up-creative-writing-performance-fall-2026-3\/#primaryimage"},"thumbnailUrl":"https:\/\/miamibookfair.com\/wp-content\/uploads\/moulite-sisters.jpg","datePublished":"2026-08-19T17:31:35+00:00","dateModified":"2026-08-27T15:55:35+00:00","breadcrumb":{"@id":"https:\/\/miamibookfair.com\/event\/speak-up-creative-writing-performance-fall-2026-3\/#breadcrumb"},"inLanguage":"ht","potentialAction":[{"@type":"ReadAction","target":["https:\/\/miamibookfair.com\/event\/speak-up-creative-writing-performance-fall-2026-3\/"]}]},{"@type":"ImageObject","inLanguage":"ht","@id":"https:\/\/miamibookfair.com\/event\/speak-up-creative-writing-performance-fall-2026-3\/#primaryimage","url":"https:\/\/miamibookfair.com\/wp-content\/uploads\/moulite-sisters.jpg","contentUrl":"https:\/\/miamibookfair.com\/wp-content\/uploads\/moulite-sisters.jpg","width":500,"height":500},{"@type":"BreadcrumbList","@id":"https:\/\/miamibookfair.com\/event\/speak-up-creative-writing-performance-fall-2026-3\/#breadcrumb","itemListElement":[{"@type":"ListItem","position":1,"name":"Home","item":"https:\/\/miamibookfair.com\/"},{"@type":"ListItem","position":2,"name":"Events","item":"https:\/\/miamibookfair.com\/events\/"},{"@type":"ListItem","position":3,"name":"Speak Up: Creative Writing + Performance (Fall 2026)"}]},{"@type":"WebSite","@id":"https:\/\/miamibookfair.com\/#website","url":"https:\/\/miamibookfair.com\/","name":"Miami Book Fair","description":"","potentialAction":[{"@type":"SearchAction","target":{"@type":"EntryPoint","urlTemplate":"https:\/\/miamibookfair.com\/?s={search_term_string}"},"query-input":{"@type":"PropertyValueSpecification","valueRequired":true,"valueName":"search_term_string"}}],"inLanguage":"ht"}]}},"_links":{"self":[{"href":"http:\/\/miamibookfair.com\/ht\/wp-json\/wp\/v2\/mec-events\/39615","targetHints":{"allow":["GET"]}}],"collection":[{"href":"http:\/\/miamibookfair.com\/ht\/wp-json\/wp\/v2\/mec-events"}],"about":[{"href":"http:\/\/miamibookfair.com\/ht\/wp-json\/wp\/v2\/types\/mec-events"}],"author":[{"embeddable":true,"href":"http:\/\/miamibookfair.com\/ht\/wp-json\/wp\/v2\/users\/8"}],"version-history":[{"count":2,"href":"http:\/\/miamibookfair.com\/ht\/wp-json\/wp\/v2\/mec-events\/39615\/revisions"}],"predecessor-version":[{"id":39672,"href":"http:\/\/miamibookfair.com\/ht\/wp-json\/wp\/v2\/mec-events\/39615\/revisions\/39672"}],"wp:featuredmedia":[{"embeddable":true,"href":"http:\/\/miamibookfair.com\/ht\/wp-json\/wp\/v2\/media\/39667"}],"wp:attachment":[{"href":"http:\/\/miamibookfair.com\/ht\/wp-json\/wp\/v2\/media?parent=39615"}],"wp:term":[{"taxonomy":"post_tag","embeddable":true,"href":"http:\/\/miamibookfair.com\/ht\/wp-json\/wp\/v2\/tags?post=39615"},{"taxonomy":"event-format","embeddable":true,"href":"http:\/\/miamibookfair.com\/ht\/wp-json\/wp\/v2\/event-format?post=39615"},{"taxonomy":"event-genre","embeddable":true,"href":"http:\/\/miamibookfair.com\/ht\/wp-json\/wp\/v2\/event-genre?post=39615"},{"taxonomy":"event-language","embeddable":true,"href":"http:\/\/miamibookfair.com\/ht\/wp-json\/wp\/v2\/event-language?post=39615"},{"taxonomy":"event-on-demand-status","embeddable":true,"href":"http:\/\/miamibookfair.com\/ht\/wp-json\/wp\/v2\/event-on-demand-status?post=39615"},{"taxonomy":"event-topic","embeddable":true,"href":"http:\/\/miamibookfair.com\/ht\/wp-json\/wp\/v2\/event-topic?post=39615"},{"taxonomy":"event-type","embeddable":true,"href":"http:\/\/miamibookfair.com\/ht\/wp-json\/wp\/v2\/event-type?post=39615"},{"taxonomy":"featured-image-status","embeddable":true,"href":"http:\/\/miamibookfair.com\/ht\/wp-json\/wp\/v2\/featured-image-status?post=39615"},{"taxonomy":"program-name","embeddable":true,"href":"http:\/\/miamibookfair.com\/ht\/wp-json\/wp\/v2\/program-name?post=39615"},{"taxonomy":"mec_category","embeddable":true,"href":"http:\/\/miamibookfair.com\/ht\/wp-json\/wp\/v2\/mec_category?post=39615"}],"curies":[{"name":"wp","href":"https:\/\/api.w.org\/{rel}","templated":true}]}},{"id":39613,"date":"2026-08-19T13:29:27","date_gmt":"2026-08-19T17:29:27","guid":{"rendered":"https:\/\/miamibookfair.com\/?post_type=mec-events&#038;p=39613"},"modified":"2026-08-27T11:54:11","modified_gmt":"2026-08-27T15:54:11","slug":"speak-up-creative-writing-performance-fall-2026-2","status":"publish","type":"mec-events","link":"http:\/\/miamibookfair.com\/ht\/event\/speak-up-creative-writing-performance-fall-2026-2\/","title":{"rendered":"Speak Up: Creative Writing + Performance (Fall 2026)"},"content":{"rendered":"<h5>Thursdays, September 17-October 29, 2026<br \/>\n4 p.m.-5 p.m. EST<\/h5>\n<h4>Vin jwenn nou sou ent\u00e8n\u00e8t pou Speak Up, yon pwogram ekriti kreyatif k ap sip\u00f2te devlopman atistik ak pwofesyon\u00e8l adolesan yo\u2026.<img fetchpriority=\"high\" decoding=\"async\" class=\"size-full wp-image-38457 alignright\" src=\"https:\/\/miamibookfair.com\/wp-content\/uploads\/speak-up-with-MBFO-2-204x300-1.png\" alt=\"\" width=\"204\" height=\"300\" \/><\/h4>\n<p data-prosemirror-content-type=\"node\" data-prosemirror-node-name=\"paragraph\" data-prosemirror-node-block=\"true\">Nan sa a\u00a0<strong>Gratis<\/strong>\u00a0Nan yon mini-seri atelye ekriti kreyatif vity\u00e8l, adolesan yo pral f\u00e8 ekip ak atis-edikat\u00e8 ki gen eksperyans pou ranf\u00f2se pwosesis ekriti kreyatif la, soti nan redaksyon rive nan p\u00e8f\u00f2mans ak piblikasyon, pou ogmante alfabetizasyon epi bay j\u00e8n yo nan Miami plis f\u00f2s atrav\u00e8 aktivite ekriti ki baze nan kominote a.<\/p>\n<p data-prosemirror-content-type=\"node\" data-prosemirror-node-name=\"paragraph\" data-prosemirror-node-block=\"true\">This Fall\u2019s theme is <strong>Best of the Vault<\/strong>, a curated selection of fan-favorite presentations from previous Speak Up programs. Join us weekly for creative writing Throwback Thursdays after school!<\/p>\n<p data-prosemirror-content-type=\"node\" data-prosemirror-node-name=\"paragraph\" data-prosemirror-node-block=\"true\">Pwogram nan ouv\u00e8 pou tout adolesan (ki gen laj 13-19) epi li se <strong>gratis<\/strong>\u00a0jan l ye a\u00a0<strong>San devwa<\/strong>. Pa bezwen okenn eksperyans anvan!<\/p>\n<hr \/>\n<div class=\"elementor-element elementor-element-e711938 elementor-widget elementor-widget-event_content\" data-id=\"e711938\" data-element_type=\"widget\" data-e-type=\"widget\" data-widget_type=\"event_content.default\">\n<div class=\"elementor-widget-container\">\n<div class=\"mec-single-event-description mec-events-content\">\n<p><strong>September 24<br \/>\nInstructor: Keith S. Wilson<\/strong><\/p>\n<\/div>\n<\/div>\n<\/div>","protected":false},"excerpt":{"rendered":"<p>Thursdays, September 17-October 29, 2026 4 p.m.-5 p.m. EST Join us online for Speak Up, a teen creative writing program supporting the artistic and professional growth of teens. In this\u00a0FREE\u00a0virtual creative writing workshop mini-series, teens will partner with experienced teaching artists to empower the creative writing process, from drafting to performance to publishing, to boost [&hellip;]<\/p>\n","protected":false},"author":8,"featured_media":39668,"template":"","meta":{"_acf_changed":false,"_links_to":"","_links_to_target":""},"tags":[],"event-format":[],"event-genre":[],"event-language":[63],"event-on-demand-status":[],"event-topic":[],"event-type":[95],"featured-image-status":[],"program-name":[379],"mec_category":[],"class_list":["post-39613","mec-events","type-mec-events","status-publish","has-post-thumbnail","hentry","event-language-english","event-type-year-round-events","program-name-speak-up"],"acf":[],"yoast_head":"<!-- This site is optimized with the Yoast SEO plugin v28.3 - https:\/\/yoast.com\/product\/yoast-seo-wordpress\/ -->\n<title>Speak Up: Creative Writing + Performance (Fall 2026) - Miami Book Fair<\/title>\n<meta name=\"robots\" content=\"index, follow, max-snippet:-1, max-image-preview:large, max-video-preview:-1\" \/>\n<link rel=\"canonical\" href=\"https:\/\/miamibookfair.com\/ht\/event\/speak-up-creative-writing-performance-fall-2026-2\/\" \/>\n<meta property=\"og:locale\" content=\"ht_HT\" \/>\n<meta property=\"og:type\" content=\"article\" \/>\n<meta property=\"og:title\" content=\"Speak Up: Creative Writing + Performance (Fall 2026) - Miami Book Fair\" \/>\n<meta property=\"og:description\" content=\"Thursdays, September 17-October 29, 2026 4 p.m.-5 p.m. EST Join us online for Speak Up, a teen creative writing program supporting the artistic and professional growth of teens. In this\u00a0FREE\u00a0virtual creative writing workshop mini-series, teens will partner with experienced teaching artists to empower the creative writing process, from drafting to performance to publishing, to boost [&hellip;]\" \/>\n<meta property=\"og:url\" content=\"https:\/\/miamibookfair.com\/ht\/event\/speak-up-creative-writing-performance-fall-2026-2\/\" \/>\n<meta property=\"og:site_name\" content=\"Miami Book Fair\" \/>\n<meta property=\"article:modified_time\" content=\"2026-08-27T15:54:11+00:00\" \/>\n<meta property=\"og:image\" content=\"https:\/\/miamibookfair.com\/wp-content\/uploads\/KeithSWilson_credit_KeithSWilson-1.jpg\" \/>\n\t<meta property=\"og:image:width\" content=\"500\" \/>\n\t<meta property=\"og:image:height\" content=\"500\" \/>\n\t<meta property=\"og:image:type\" content=\"image\/jpeg\" \/>\n<meta name=\"twitter:card\" content=\"summary_large_image\" \/>\n<meta name=\"twitter:label1\" content=\"Est. reading time\" \/>\n\t<meta name=\"twitter:data1\" content=\"1 minute\" \/>\n<script type=\"application\/ld+json\" class=\"yoast-schema-graph\">{\"@context\":\"https:\\\/\\\/schema.org\",\"@graph\":[{\"@type\":\"WebPage\",\"@id\":\"https:\\\/\\\/miamibookfair.com\\\/event\\\/speak-up-creative-writing-performance-fall-2026-2\\\/\",\"url\":\"https:\\\/\\\/miamibookfair.com\\\/event\\\/speak-up-creative-writing-performance-fall-2026-2\\\/\",\"name\":\"Speak Up: Creative Writing + Performance (Fall 2026) - Miami Book Fair\",\"isPartOf\":{\"@id\":\"https:\\\/\\\/miamibookfair.com\\\/#website\"},\"primaryImageOfPage\":{\"@id\":\"https:\\\/\\\/miamibookfair.com\\\/event\\\/speak-up-creative-writing-performance-fall-2026-2\\\/#primaryimage\"},\"image\":{\"@id\":\"https:\\\/\\\/miamibookfair.com\\\/event\\\/speak-up-creative-writing-performance-fall-2026-2\\\/#primaryimage\"},\"thumbnailUrl\":\"https:\\\/\\\/miamibookfair.com\\\/wp-content\\\/uploads\\\/KeithSWilson_credit_KeithSWilson-1.jpg\",\"datePublished\":\"2026-08-19T17:29:27+00:00\",\"dateModified\":\"2026-08-27T15:54:11+00:00\",\"breadcrumb\":{\"@id\":\"https:\\\/\\\/miamibookfair.com\\\/event\\\/speak-up-creative-writing-performance-fall-2026-2\\\/#breadcrumb\"},\"inLanguage\":\"ht\",\"potentialAction\":[{\"@type\":\"ReadAction\",\"target\":[\"https:\\\/\\\/miamibookfair.com\\\/event\\\/speak-up-creative-writing-performance-fall-2026-2\\\/\"]}]},{\"@type\":\"ImageObject\",\"inLanguage\":\"ht\",\"@id\":\"https:\\\/\\\/miamibookfair.com\\\/event\\\/speak-up-creative-writing-performance-fall-2026-2\\\/#primaryimage\",\"url\":\"https:\\\/\\\/miamibookfair.com\\\/wp-content\\\/uploads\\\/KeithSWilson_credit_KeithSWilson-1.jpg\",\"contentUrl\":\"https:\\\/\\\/miamibookfair.com\\\/wp-content\\\/uploads\\\/KeithSWilson_credit_KeithSWilson-1.jpg\",\"width\":500,\"height\":500},{\"@type\":\"BreadcrumbList\",\"@id\":\"https:\\\/\\\/miamibookfair.com\\\/event\\\/speak-up-creative-writing-performance-fall-2026-2\\\/#breadcrumb\",\"itemListElement\":[{\"@type\":\"ListItem\",\"position\":1,\"name\":\"Home\",\"item\":\"https:\\\/\\\/miamibookfair.com\\\/\"},{\"@type\":\"ListItem\",\"position\":2,\"name\":\"Events\",\"item\":\"https:\\\/\\\/miamibookfair.com\\\/events\\\/\"},{\"@type\":\"ListItem\",\"position\":3,\"name\":\"Speak Up: Creative Writing + Performance (Fall 2026)\"}]},{\"@type\":\"WebSite\",\"@id\":\"https:\\\/\\\/miamibookfair.com\\\/#website\",\"url\":\"https:\\\/\\\/miamibookfair.com\\\/\",\"name\":\"Miami Book Fair\",\"description\":\"\",\"potentialAction\":[{\"@type\":\"SearchAction\",\"target\":{\"@type\":\"EntryPoint\",\"urlTemplate\":\"https:\\\/\\\/miamibookfair.com\\\/?s={search_term_string}\"},\"query-input\":{\"@type\":\"PropertyValueSpecification\",\"valueRequired\":true,\"valueName\":\"search_term_string\"}}],\"inLanguage\":\"ht\"}]}<\/script>\n<!-- \/ Yoast SEO plugin. -->","yoast_head_json":{"title":"Speak Up: Creative Writing + Performance (Fall 2026) - Miami Book Fair","robots":{"index":"index","follow":"follow","max-snippet":"max-snippet:-1","max-image-preview":"max-image-preview:large","max-video-preview":"max-video-preview:-1"},"canonical":"https:\/\/miamibookfair.com\/ht\/event\/speak-up-creative-writing-performance-fall-2026-2\/","og_locale":"ht_HT","og_type":"article","og_title":"Speak Up: Creative Writing + Performance (Fall 2026) - Miami Book Fair","og_description":"Thursdays, September 17-October 29, 2026 4 p.m.-5 p.m. EST Join us online for Speak Up, a teen creative writing program supporting the artistic and professional growth of teens. In this\u00a0FREE\u00a0virtual creative writing workshop mini-series, teens will partner with experienced teaching artists to empower the creative writing process, from drafting to performance to publishing, to boost [&hellip;]","og_url":"https:\/\/miamibookfair.com\/ht\/event\/speak-up-creative-writing-performance-fall-2026-2\/","og_site_name":"Miami Book Fair","article_modified_time":"2026-08-27T15:54:11+00:00","og_image":[{"width":500,"height":500,"url":"https:\/\/miamibookfair.com\/wp-content\/uploads\/KeithSWilson_credit_KeithSWilson-1.jpg","type":"image\/jpeg"}],"twitter_card":"summary_large_image","twitter_misc":{"Est. reading time":"1 minute"},"schema":{"@context":"https:\/\/schema.org","@graph":[{"@type":"WebPage","@id":"https:\/\/miamibookfair.com\/event\/speak-up-creative-writing-performance-fall-2026-2\/","url":"https:\/\/miamibookfair.com\/event\/speak-up-creative-writing-performance-fall-2026-2\/","name":"Speak Up: Creative Writing + Performance (Fall 2026) - Miami Book Fair","isPartOf":{"@id":"https:\/\/miamibookfair.com\/#website"},"primaryImageOfPage":{"@id":"https:\/\/miamibookfair.com\/event\/speak-up-creative-writing-performance-fall-2026-2\/#primaryimage"},"image":{"@id":"https:\/\/miamibookfair.com\/event\/speak-up-creative-writing-performance-fall-2026-2\/#primaryimage"},"thumbnailUrl":"https:\/\/miamibookfair.com\/wp-content\/uploads\/KeithSWilson_credit_KeithSWilson-1.jpg","datePublished":"2026-08-19T17:29:27+00:00","dateModified":"2026-08-27T15:54:11+00:00","breadcrumb":{"@id":"https:\/\/miamibookfair.com\/event\/speak-up-creative-writing-performance-fall-2026-2\/#breadcrumb"},"inLanguage":"ht","potentialAction":[{"@type":"ReadAction","target":["https:\/\/miamibookfair.com\/event\/speak-up-creative-writing-performance-fall-2026-2\/"]}]},{"@type":"ImageObject","inLanguage":"ht","@id":"https:\/\/miamibookfair.com\/event\/speak-up-creative-writing-performance-fall-2026-2\/#primaryimage","url":"https:\/\/miamibookfair.com\/wp-content\/uploads\/KeithSWilson_credit_KeithSWilson-1.jpg","contentUrl":"https:\/\/miamibookfair.com\/wp-content\/uploads\/KeithSWilson_credit_KeithSWilson-1.jpg","width":500,"height":500},{"@type":"BreadcrumbList","@id":"https:\/\/miamibookfair.com\/event\/speak-up-creative-writing-performance-fall-2026-2\/#breadcrumb","itemListElement":[{"@type":"ListItem","position":1,"name":"Home","item":"https:\/\/miamibookfair.com\/"},{"@type":"ListItem","position":2,"name":"Events","item":"https:\/\/miamibookfair.com\/events\/"},{"@type":"ListItem","position":3,"name":"Speak Up: Creative Writing + Performance (Fall 2026)"}]},{"@type":"WebSite","@id":"https:\/\/miamibookfair.com\/#website","url":"https:\/\/miamibookfair.com\/","name":"Miami Book Fair","description":"","potentialAction":[{"@type":"SearchAction","target":{"@type":"EntryPoint","urlTemplate":"https:\/\/miamibookfair.com\/?s={search_term_string}"},"query-input":{"@type":"PropertyValueSpecification","valueRequired":true,"valueName":"search_term_string"}}],"inLanguage":"ht"}]}},"_links":{"self":[{"href":"http:\/\/miamibookfair.com\/ht\/wp-json\/wp\/v2\/mec-events\/39613","targetHints":{"allow":["GET"]}}],"collection":[{"href":"http:\/\/miamibookfair.com\/ht\/wp-json\/wp\/v2\/mec-events"}],"about":[{"href":"http:\/\/miamibookfair.com\/ht\/wp-json\/wp\/v2\/types\/mec-events"}],"author":[{"embeddable":true,"href":"http:\/\/miamibookfair.com\/ht\/wp-json\/wp\/v2\/users\/8"}],"version-history":[{"count":2,"href":"http:\/\/miamibookfair.com\/ht\/wp-json\/wp\/v2\/mec-events\/39613\/revisions"}],"predecessor-version":[{"id":39671,"href":"http:\/\/miamibookfair.com\/ht\/wp-json\/wp\/v2\/mec-events\/39613\/revisions\/39671"}],"wp:featuredmedia":[{"embeddable":true,"href":"http:\/\/miamibookfair.com\/ht\/wp-json\/wp\/v2\/media\/39668"}],"wp:attachment":[{"href":"http:\/\/miamibookfair.com\/ht\/wp-json\/wp\/v2\/media?parent=39613"}],"wp:term":[{"taxonomy":"post_tag","embeddable":true,"href":"http:\/\/miamibookfair.com\/ht\/wp-json\/wp\/v2\/tags?post=39613"},{"taxonomy":"event-format","embeddable":true,"href":"http:\/\/miamibookfair.com\/ht\/wp-json\/wp\/v2\/event-format?post=39613"},{"taxonomy":"event-genre","embeddable":true,"href":"http:\/\/miamibookfair.com\/ht\/wp-json\/wp\/v2\/event-genre?post=39613"},{"taxonomy":"event-language","embeddable":true,"href":"http:\/\/miamibookfair.com\/ht\/wp-json\/wp\/v2\/event-language?post=39613"},{"taxonomy":"event-on-demand-status","embeddable":true,"href":"http:\/\/miamibookfair.com\/ht\/wp-json\/wp\/v2\/event-on-demand-status?post=39613"},{"taxonomy":"event-topic","embeddable":true,"href":"http:\/\/miamibookfair.com\/ht\/wp-json\/wp\/v2\/event-topic?post=39613"},{"taxonomy":"event-type","embeddable":true,"href":"http:\/\/miamibookfair.com\/ht\/wp-json\/wp\/v2\/event-type?post=39613"},{"taxonomy":"featured-image-status","embeddable":true,"href":"http:\/\/miamibookfair.com\/ht\/wp-json\/wp\/v2\/featured-image-status?post=39613"},{"taxonomy":"program-name","embeddable":true,"href":"http:\/\/miamibookfair.com\/ht\/wp-json\/wp\/v2\/program-name?post=39613"},{"taxonomy":"mec_category","embeddable":true,"href":"http:\/\/miamibookfair.com\/ht\/wp-json\/wp\/v2\/mec_category?post=39613"}],"curies":[{"name":"wp","href":"https:\/\/api.w.org\/{rel}","templated":true}]}},{"id":39610,"date":"2026-08-19T13:23:29","date_gmt":"2026-08-19T17:23:29","guid":{"rendered":"https:\/\/miamibookfair.com\/?post_type=mec-events&#038;p=39610"},"modified":"2026-08-27T11:52:14","modified_gmt":"2026-08-27T15:52:14","slug":"speak-up-creative-writing-performance-fall-2026","status":"publish","type":"mec-events","link":"http:\/\/miamibookfair.com\/ht\/event\/speak-up-creative-writing-performance-fall-2026\/","title":{"rendered":"Speak Up: Creative Writing + Performance (Fall 2026)"},"content":{"rendered":"<h5>Thursdays, September 17-October 29, 2026<br \/>\n4 p.m.-5 p.m. EST<\/h5>\n<h4>Vin jwenn nou sou ent\u00e8n\u00e8t pou Speak Up, yon pwogram ekriti kreyatif k ap sip\u00f2te devlopman atistik ak pwofesyon\u00e8l adolesan yo\u2026.<img fetchpriority=\"high\" decoding=\"async\" class=\"size-full wp-image-38457 alignright\" src=\"https:\/\/miamibookfair.com\/wp-content\/uploads\/speak-up-with-MBFO-2-204x300-1.png\" alt=\"\" width=\"204\" height=\"300\" \/><\/h4>\n<p data-prosemirror-content-type=\"node\" data-prosemirror-node-name=\"paragraph\" data-prosemirror-node-block=\"true\">Nan sa a\u00a0<strong>Gratis<\/strong>\u00a0Nan yon mini-seri atelye ekriti kreyatif vity\u00e8l, adolesan yo pral f\u00e8 ekip ak atis-edikat\u00e8 ki gen eksperyans pou ranf\u00f2se pwosesis ekriti kreyatif la, soti nan redaksyon rive nan p\u00e8f\u00f2mans ak piblikasyon, pou ogmante alfabetizasyon epi bay j\u00e8n yo nan Miami plis f\u00f2s atrav\u00e8 aktivite ekriti ki baze nan kominote a.<\/p>\n<p data-prosemirror-content-type=\"node\" data-prosemirror-node-name=\"paragraph\" data-prosemirror-node-block=\"true\">This Fall\u2019s theme is <strong>Best of the Vault<\/strong>, a curated selection of fan-favorite presentations from previous Speak Up programs. Join us weekly for creative writing Throwback Thursdays after school!<\/p>\n<p data-prosemirror-content-type=\"node\" data-prosemirror-node-name=\"paragraph\" data-prosemirror-node-block=\"true\">Pwogram nan ouv\u00e8 pou tout adolesan (ki gen laj 13-19) epi li se <strong>gratis<\/strong>\u00a0jan l ye a\u00a0<strong>San devwa<\/strong>. Pa bezwen okenn eksperyans anvan!<\/p>\n<hr \/>\n<div class=\"elementor-element elementor-element-e711938 elementor-widget elementor-widget-event_content\" data-id=\"e711938\" data-element_type=\"widget\" data-e-type=\"widget\" data-widget_type=\"event_content.default\">\n<div class=\"elementor-widget-container\">\n<div class=\"mec-single-event-description mec-events-content\">\n<p><strong>September 17<br \/>\nInstructor: Maggie Stiefvater<\/strong><\/p>\n<\/div>\n<\/div>\n<\/div>","protected":false},"excerpt":{"rendered":"<p>Thursdays, September 17-October 29, 2026 4 p.m.-5 p.m. EST Join us online for Speak Up, a teen creative writing program supporting the artistic and professional growth of teens. In this\u00a0FREE\u00a0virtual creative writing workshop mini-series, teens will partner with experienced teaching artists to empower the creative writing process, from drafting to performance to publishing, to boost [&hellip;]<\/p>\n","protected":false},"author":8,"featured_media":39669,"template":"","meta":{"_acf_changed":false,"_links_to":"","_links_to_target":""},"tags":[],"event-format":[],"event-genre":[],"event-language":[],"event-on-demand-status":[],"event-topic":[],"event-type":[95],"featured-image-status":[],"program-name":[379],"mec_category":[],"class_list":["post-39610","mec-events","type-mec-events","status-publish","has-post-thumbnail","hentry","event-type-year-round-events","program-name-speak-up"],"acf":[],"yoast_head":"<!-- This site is optimized with the Yoast SEO plugin v28.3 - https:\/\/yoast.com\/product\/yoast-seo-wordpress\/ -->\n<title>Speak Up: Creative Writing + Performance (Fall 2026) - Miami Book Fair<\/title>\n<meta name=\"robots\" content=\"index, follow, max-snippet:-1, max-image-preview:large, max-video-preview:-1\" \/>\n<link rel=\"canonical\" href=\"https:\/\/miamibookfair.com\/ht\/event\/speak-up-creative-writing-performance-fall-2026\/\" \/>\n<meta property=\"og:locale\" content=\"ht_HT\" \/>\n<meta property=\"og:type\" content=\"article\" \/>\n<meta property=\"og:title\" content=\"Speak Up: Creative Writing + Performance (Fall 2026) - Miami Book Fair\" \/>\n<meta property=\"og:description\" content=\"Thursdays, September 17-October 29, 2026 4 p.m.-5 p.m. EST Join us online for Speak Up, a teen creative writing program supporting the artistic and professional growth of teens. In this\u00a0FREE\u00a0virtual creative writing workshop mini-series, teens will partner with experienced teaching artists to empower the creative writing process, from drafting to performance to publishing, to boost [&hellip;]\" \/>\n<meta property=\"og:url\" content=\"https:\/\/miamibookfair.com\/ht\/event\/speak-up-creative-writing-performance-fall-2026\/\" \/>\n<meta property=\"og:site_name\" content=\"Miami Book Fair\" \/>\n<meta property=\"article:modified_time\" content=\"2026-08-27T15:52:14+00:00\" \/>\n<meta property=\"og:image\" content=\"https:\/\/miamibookfair.com\/wp-content\/uploads\/Stiefvater_Maggie_2025.jpg\" \/>\n\t<meta property=\"og:image:width\" content=\"500\" \/>\n\t<meta property=\"og:image:height\" content=\"500\" \/>\n\t<meta property=\"og:image:type\" content=\"image\/jpeg\" \/>\n<meta name=\"twitter:card\" content=\"summary_large_image\" \/>\n<meta name=\"twitter:label1\" content=\"Est. reading time\" \/>\n\t<meta name=\"twitter:data1\" content=\"1 minute\" \/>\n<script type=\"application\/ld+json\" class=\"yoast-schema-graph\">{\"@context\":\"https:\\\/\\\/schema.org\",\"@graph\":[{\"@type\":\"WebPage\",\"@id\":\"https:\\\/\\\/miamibookfair.com\\\/event\\\/speak-up-creative-writing-performance-fall-2026\\\/\",\"url\":\"https:\\\/\\\/miamibookfair.com\\\/event\\\/speak-up-creative-writing-performance-fall-2026\\\/\",\"name\":\"Speak Up: Creative Writing + Performance (Fall 2026) - Miami Book Fair\",\"isPartOf\":{\"@id\":\"https:\\\/\\\/miamibookfair.com\\\/#website\"},\"primaryImageOfPage\":{\"@id\":\"https:\\\/\\\/miamibookfair.com\\\/event\\\/speak-up-creative-writing-performance-fall-2026\\\/#primaryimage\"},\"image\":{\"@id\":\"https:\\\/\\\/miamibookfair.com\\\/event\\\/speak-up-creative-writing-performance-fall-2026\\\/#primaryimage\"},\"thumbnailUrl\":\"https:\\\/\\\/miamibookfair.com\\\/wp-content\\\/uploads\\\/Stiefvater_Maggie_2025.jpg\",\"datePublished\":\"2026-08-19T17:23:29+00:00\",\"dateModified\":\"2026-08-27T15:52:14+00:00\",\"breadcrumb\":{\"@id\":\"https:\\\/\\\/miamibookfair.com\\\/event\\\/speak-up-creative-writing-performance-fall-2026\\\/#breadcrumb\"},\"inLanguage\":\"ht\",\"potentialAction\":[{\"@type\":\"ReadAction\",\"target\":[\"https:\\\/\\\/miamibookfair.com\\\/event\\\/speak-up-creative-writing-performance-fall-2026\\\/\"]}]},{\"@type\":\"ImageObject\",\"inLanguage\":\"ht\",\"@id\":\"https:\\\/\\\/miamibookfair.com\\\/event\\\/speak-up-creative-writing-performance-fall-2026\\\/#primaryimage\",\"url\":\"https:\\\/\\\/miamibookfair.com\\\/wp-content\\\/uploads\\\/Stiefvater_Maggie_2025.jpg\",\"contentUrl\":\"https:\\\/\\\/miamibookfair.com\\\/wp-content\\\/uploads\\\/Stiefvater_Maggie_2025.jpg\",\"width\":500,\"height\":500},{\"@type\":\"BreadcrumbList\",\"@id\":\"https:\\\/\\\/miamibookfair.com\\\/event\\\/speak-up-creative-writing-performance-fall-2026\\\/#breadcrumb\",\"itemListElement\":[{\"@type\":\"ListItem\",\"position\":1,\"name\":\"Home\",\"item\":\"https:\\\/\\\/miamibookfair.com\\\/\"},{\"@type\":\"ListItem\",\"position\":2,\"name\":\"Events\",\"item\":\"https:\\\/\\\/miamibookfair.com\\\/events\\\/\"},{\"@type\":\"ListItem\",\"position\":3,\"name\":\"Speak Up: Creative Writing + Performance (Fall 2026)\"}]},{\"@type\":\"WebSite\",\"@id\":\"https:\\\/\\\/miamibookfair.com\\\/#website\",\"url\":\"https:\\\/\\\/miamibookfair.com\\\/\",\"name\":\"Miami Book Fair\",\"description\":\"\",\"potentialAction\":[{\"@type\":\"SearchAction\",\"target\":{\"@type\":\"EntryPoint\",\"urlTemplate\":\"https:\\\/\\\/miamibookfair.com\\\/?s={search_term_string}\"},\"query-input\":{\"@type\":\"PropertyValueSpecification\",\"valueRequired\":true,\"valueName\":\"search_term_string\"}}],\"inLanguage\":\"ht\"}]}<\/script>\n<!-- \/ Yoast SEO plugin. -->","yoast_head_json":{"title":"Speak Up: Creative Writing + Performance (Fall 2026) - Miami Book Fair","robots":{"index":"index","follow":"follow","max-snippet":"max-snippet:-1","max-image-preview":"max-image-preview:large","max-video-preview":"max-video-preview:-1"},"canonical":"https:\/\/miamibookfair.com\/ht\/event\/speak-up-creative-writing-performance-fall-2026\/","og_locale":"ht_HT","og_type":"article","og_title":"Speak Up: Creative Writing + Performance (Fall 2026) - Miami Book Fair","og_description":"Thursdays, September 17-October 29, 2026 4 p.m.-5 p.m. EST Join us online for Speak Up, a teen creative writing program supporting the artistic and professional growth of teens. In this\u00a0FREE\u00a0virtual creative writing workshop mini-series, teens will partner with experienced teaching artists to empower the creative writing process, from drafting to performance to publishing, to boost [&hellip;]","og_url":"https:\/\/miamibookfair.com\/ht\/event\/speak-up-creative-writing-performance-fall-2026\/","og_site_name":"Miami Book Fair","article_modified_time":"2026-08-27T15:52:14+00:00","og_image":[{"width":500,"height":500,"url":"https:\/\/miamibookfair.com\/wp-content\/uploads\/Stiefvater_Maggie_2025.jpg","type":"image\/jpeg"}],"twitter_card":"summary_large_image","twitter_misc":{"Est. reading time":"1 minute"},"schema":{"@context":"https:\/\/schema.org","@graph":[{"@type":"WebPage","@id":"https:\/\/miamibookfair.com\/event\/speak-up-creative-writing-performance-fall-2026\/","url":"https:\/\/miamibookfair.com\/event\/speak-up-creative-writing-performance-fall-2026\/","name":"Speak Up: Creative Writing + Performance (Fall 2026) - Miami Book Fair","isPartOf":{"@id":"https:\/\/miamibookfair.com\/#website"},"primaryImageOfPage":{"@id":"https:\/\/miamibookfair.com\/event\/speak-up-creative-writing-performance-fall-2026\/#primaryimage"},"image":{"@id":"https:\/\/miamibookfair.com\/event\/speak-up-creative-writing-performance-fall-2026\/#primaryimage"},"thumbnailUrl":"https:\/\/miamibookfair.com\/wp-content\/uploads\/Stiefvater_Maggie_2025.jpg","datePublished":"2026-08-19T17:23:29+00:00","dateModified":"2026-08-27T15:52:14+00:00","breadcrumb":{"@id":"https:\/\/miamibookfair.com\/event\/speak-up-creative-writing-performance-fall-2026\/#breadcrumb"},"inLanguage":"ht","potentialAction":[{"@type":"ReadAction","target":["https:\/\/miamibookfair.com\/event\/speak-up-creative-writing-performance-fall-2026\/"]}]},{"@type":"ImageObject","inLanguage":"ht","@id":"https:\/\/miamibookfair.com\/event\/speak-up-creative-writing-performance-fall-2026\/#primaryimage","url":"https:\/\/miamibookfair.com\/wp-content\/uploads\/Stiefvater_Maggie_2025.jpg","contentUrl":"https:\/\/miamibookfair.com\/wp-content\/uploads\/Stiefvater_Maggie_2025.jpg","width":500,"height":500},{"@type":"BreadcrumbList","@id":"https:\/\/miamibookfair.com\/event\/speak-up-creative-writing-performance-fall-2026\/#breadcrumb","itemListElement":[{"@type":"ListItem","position":1,"name":"Home","item":"https:\/\/miamibookfair.com\/"},{"@type":"ListItem","position":2,"name":"Events","item":"https:\/\/miamibookfair.com\/events\/"},{"@type":"ListItem","position":3,"name":"Speak Up: Creative Writing + Performance (Fall 2026)"}]},{"@type":"WebSite","@id":"https:\/\/miamibookfair.com\/#website","url":"https:\/\/miamibookfair.com\/","name":"Miami Book Fair","description":"","potentialAction":[{"@type":"SearchAction","target":{"@type":"EntryPoint","urlTemplate":"https:\/\/miamibookfair.com\/?s={search_term_string}"},"query-input":{"@type":"PropertyValueSpecification","valueRequired":true,"valueName":"search_term_string"}}],"inLanguage":"ht"}]}},"_links":{"self":[{"href":"http:\/\/miamibookfair.com\/ht\/wp-json\/wp\/v2\/mec-events\/39610","targetHints":{"allow":["GET"]}}],"collection":[{"href":"http:\/\/miamibookfair.com\/ht\/wp-json\/wp\/v2\/mec-events"}],"about":[{"href":"http:\/\/miamibookfair.com\/ht\/wp-json\/wp\/v2\/types\/mec-events"}],"author":[{"embeddable":true,"href":"http:\/\/miamibookfair.com\/ht\/wp-json\/wp\/v2\/users\/8"}],"version-history":[{"count":3,"href":"http:\/\/miamibookfair.com\/ht\/wp-json\/wp\/v2\/mec-events\/39610\/revisions"}],"predecessor-version":[{"id":39670,"href":"http:\/\/miamibookfair.com\/ht\/wp-json\/wp\/v2\/mec-events\/39610\/revisions\/39670"}],"wp:featuredmedia":[{"embeddable":true,"href":"http:\/\/miamibookfair.com\/ht\/wp-json\/wp\/v2\/media\/39669"}],"wp:attachment":[{"href":"http:\/\/miamibookfair.com\/ht\/wp-json\/wp\/v2\/media?parent=39610"}],"wp:term":[{"taxonomy":"post_tag","embeddable":true,"href":"http:\/\/miamibookfair.com\/ht\/wp-json\/wp\/v2\/tags?post=39610"},{"taxonomy":"event-format","embeddable":true,"href":"http:\/\/miamibookfair.com\/ht\/wp-json\/wp\/v2\/event-format?post=39610"},{"taxonomy":"event-genre","embeddable":true,"href":"http:\/\/miamibookfair.com\/ht\/wp-json\/wp\/v2\/event-genre?post=39610"},{"taxonomy":"event-language","embeddable":true,"href":"http:\/\/miamibookfair.com\/ht\/wp-json\/wp\/v2\/event-language?post=39610"},{"taxonomy":"event-on-demand-status","embeddable":true,"href":"http:\/\/miamibookfair.com\/ht\/wp-json\/wp\/v2\/event-on-demand-status?post=39610"},{"taxonomy":"event-topic","embeddable":true,"href":"http:\/\/miamibookfair.com\/ht\/wp-json\/wp\/v2\/event-topic?post=39610"},{"taxonomy":"event-type","embeddable":true,"href":"http:\/\/miamibookfair.com\/ht\/wp-json\/wp\/v2\/event-type?post=39610"},{"taxonomy":"featured-image-status","embeddable":true,"href":"http:\/\/miamibookfair.com\/ht\/wp-json\/wp\/v2\/featured-image-status?post=39610"},{"taxonomy":"program-name","embeddable":true,"href":"http:\/\/miamibookfair.com\/ht\/wp-json\/wp\/v2\/program-name?post=39610"},{"taxonomy":"mec_category","embeddable":true,"href":"http:\/\/miamibookfair.com\/ht\/wp-json\/wp\/v2\/mec_category?post=39610"}],"curies":[{"name":"wp","href":"https:\/\/api.w.org\/{rel}","templated":true}]}},{"id":39575,"date":"2026-08-12T14:00:49","date_gmt":"2026-08-12T18:00:49","guid":{"rendered":"https:\/\/miamibookfair.com\/?post_type=mec-events&#038;p=39575"},"modified":"2026-08-12T14:00:49","modified_gmt":"2026-08-12T18:00:49","slug":"the-childrens-trust-books-for-free-storytime-at-the-ymca-allapattah","status":"publish","type":"mec-events","link":"http:\/\/miamibookfair.com\/ht\/event\/the-childrens-trust-books-for-free-storytime-at-the-ymca-allapattah\/","title":{"rendered":"The Children\u2019s Trust Books for Free Storytime at the YMCA Allapattah"},"content":{"rendered":"<p class=\"p1\"><span class=\"s1\">Join us for a special storytime and pick up some free books!\u00a0<\/span><\/p>\n<p class=\"p1\"><span class=\"s1\">Featuring <i>I Voted: Making a Choice Makes a Difference<\/i> by Mark Shulman and <i>How Women Won the Vote: Alice Paul, Lucy Burns, and Their Big Idea<\/i> by Susan Campbell Bartoletti.<\/span><\/p>\n<p><img loading=\"lazy\" decoding=\"async\" class=\"aligncenter wp-image-6990\" src=\"https:\/\/miamibookfair.com\/wp-content\/uploads\/BFF-600-1-300x234.jpg\" alt=\"\" width=\"142\" height=\"111\" srcset=\"https:\/\/miamibookfair.com\/wp-content\/uploads\/BFF-600-1-300x234.jpg 300w, https:\/\/miamibookfair.com\/wp-content\/uploads\/BFF-600-1.jpg 600w\" sizes=\"(max-width: 142px) 100vw, 142px\" \/><\/p>","protected":false},"excerpt":{"rendered":"<p>Join us for a special storytime and pick up some free books!\u00a0 Featuring I Voted: Making a Choice Makes a Difference by Mark Shulman and How Women Won the Vote: Alice Paul, Lucy Burns, and Their Big Idea by Susan Campbell Bartoletti.<\/p>","protected":false},"author":9,"featured_media":39576,"template":"","meta":{"_acf_changed":false,"_links_to":"","_links_to_target":""},"tags":[],"event-format":[],"event-genre":[],"event-language":[63],"event-on-demand-status":[],"event-topic":[],"event-type":[95],"featured-image-status":[],"program-name":[397],"mec_category":[],"class_list":["post-39575","mec-events","type-mec-events","status-publish","has-post-thumbnail","hentry","event-language-english","event-type-year-round-events","program-name-the-childrens-trust-books-for-free","mbf-event-has-passed"],"acf":[],"yoast_head":"<!-- This site is optimized with the Yoast SEO plugin v28.3 - https:\/\/yoast.com\/product\/yoast-seo-wordpress\/ -->\n<title>The Children\u2019s Trust Books for Free Storytime at the YMCA Allapattah - Miami Book Fair<\/title>\n<meta name=\"robots\" content=\"index, follow, max-snippet:-1, max-image-preview:large, max-video-preview:-1\" \/>\n<link rel=\"canonical\" href=\"https:\/\/miamibookfair.com\/ht\/event\/the-childrens-trust-books-for-free-storytime-at-the-ymca-allapattah\/\" \/>\n<meta property=\"og:locale\" content=\"ht_HT\" \/>\n<meta property=\"og:type\" content=\"article\" \/>\n<meta property=\"og:title\" content=\"The Children\u2019s Trust Books for Free Storytime at the YMCA Allapattah - Miami Book Fair\" \/>\n<meta property=\"og:description\" content=\"Join us for a special storytime and pick up some free books!\u00a0 Featuring I Voted: Making a Choice Makes a Difference by Mark Shulman and How Women Won the Vote: Alice Paul, Lucy Burns, and Their Big Idea by Susan Campbell Bartoletti.\" \/>\n<meta property=\"og:url\" content=\"https:\/\/miamibookfair.com\/ht\/event\/the-childrens-trust-books-for-free-storytime-at-the-ymca-allapattah\/\" \/>\n<meta property=\"og:site_name\" content=\"Miami Book Fair\" \/>\n<meta property=\"og:image\" content=\"https:\/\/miamibookfair.com\/wp-content\/uploads\/Free-Story-Time-at-YMCA_08-12-2026.gif\" \/>\n\t<meta property=\"og:image:width\" content=\"600\" \/>\n\t<meta property=\"og:image:height\" content=\"600\" \/>\n\t<meta property=\"og:image:type\" content=\"image\/gif\" \/>\n<meta name=\"twitter:card\" content=\"summary_large_image\" \/>\n<meta name=\"twitter:label1\" content=\"Est. reading time\" \/>\n\t<meta name=\"twitter:data1\" content=\"1 minute\" \/>\n<script type=\"application\/ld+json\" class=\"yoast-schema-graph\">{\"@context\":\"https:\\\/\\\/schema.org\",\"@graph\":[{\"@type\":\"WebPage\",\"@id\":\"https:\\\/\\\/miamibookfair.com\\\/event\\\/the-childrens-trust-books-for-free-storytime-at-the-ymca-allapattah\\\/\",\"url\":\"https:\\\/\\\/miamibookfair.com\\\/event\\\/the-childrens-trust-books-for-free-storytime-at-the-ymca-allapattah\\\/\",\"name\":\"The Children\u2019s Trust Books for Free Storytime at the YMCA Allapattah - Miami Book Fair\",\"isPartOf\":{\"@id\":\"https:\\\/\\\/miamibookfair.com\\\/#website\"},\"primaryImageOfPage\":{\"@id\":\"https:\\\/\\\/miamibookfair.com\\\/event\\\/the-childrens-trust-books-for-free-storytime-at-the-ymca-allapattah\\\/#primaryimage\"},\"image\":{\"@id\":\"https:\\\/\\\/miamibookfair.com\\\/event\\\/the-childrens-trust-books-for-free-storytime-at-the-ymca-allapattah\\\/#primaryimage\"},\"thumbnailUrl\":\"https:\\\/\\\/miamibookfair.com\\\/wp-content\\\/uploads\\\/Free-Story-Time-at-YMCA_08-12-2026.gif\",\"datePublished\":\"2026-08-12T18:00:49+00:00\",\"breadcrumb\":{\"@id\":\"https:\\\/\\\/miamibookfair.com\\\/event\\\/the-childrens-trust-books-for-free-storytime-at-the-ymca-allapattah\\\/#breadcrumb\"},\"inLanguage\":\"ht\",\"potentialAction\":[{\"@type\":\"ReadAction\",\"target\":[\"https:\\\/\\\/miamibookfair.com\\\/event\\\/the-childrens-trust-books-for-free-storytime-at-the-ymca-allapattah\\\/\"]}]},{\"@type\":\"ImageObject\",\"inLanguage\":\"ht\",\"@id\":\"https:\\\/\\\/miamibookfair.com\\\/event\\\/the-childrens-trust-books-for-free-storytime-at-the-ymca-allapattah\\\/#primaryimage\",\"url\":\"https:\\\/\\\/miamibookfair.com\\\/wp-content\\\/uploads\\\/Free-Story-Time-at-YMCA_08-12-2026.gif\",\"contentUrl\":\"https:\\\/\\\/miamibookfair.com\\\/wp-content\\\/uploads\\\/Free-Story-Time-at-YMCA_08-12-2026.gif\",\"width\":600,\"height\":600,\"caption\":\"Free Story Time at YMCA Books\"},{\"@type\":\"BreadcrumbList\",\"@id\":\"https:\\\/\\\/miamibookfair.com\\\/event\\\/the-childrens-trust-books-for-free-storytime-at-the-ymca-allapattah\\\/#breadcrumb\",\"itemListElement\":[{\"@type\":\"ListItem\",\"position\":1,\"name\":\"Home\",\"item\":\"https:\\\/\\\/miamibookfair.com\\\/\"},{\"@type\":\"ListItem\",\"position\":2,\"name\":\"Events\",\"item\":\"https:\\\/\\\/miamibookfair.com\\\/events\\\/\"},{\"@type\":\"ListItem\",\"position\":3,\"name\":\"The Children\u2019s Trust Books for Free Storytime at the YMCA Allapattah\"}]},{\"@type\":\"WebSite\",\"@id\":\"https:\\\/\\\/miamibookfair.com\\\/#website\",\"url\":\"https:\\\/\\\/miamibookfair.com\\\/\",\"name\":\"Miami Book Fair\",\"description\":\"\",\"potentialAction\":[{\"@type\":\"SearchAction\",\"target\":{\"@type\":\"EntryPoint\",\"urlTemplate\":\"https:\\\/\\\/miamibookfair.com\\\/?s={search_term_string}\"},\"query-input\":{\"@type\":\"PropertyValueSpecification\",\"valueRequired\":true,\"valueName\":\"search_term_string\"}}],\"inLanguage\":\"ht\"}]}<\/script>\n<!-- \/ Yoast SEO plugin. -->","yoast_head_json":{"title":"The Children\u2019s Trust Books for Free Storytime at the YMCA Allapattah - Miami Book Fair","robots":{"index":"index","follow":"follow","max-snippet":"max-snippet:-1","max-image-preview":"max-image-preview:large","max-video-preview":"max-video-preview:-1"},"canonical":"https:\/\/miamibookfair.com\/ht\/event\/the-childrens-trust-books-for-free-storytime-at-the-ymca-allapattah\/","og_locale":"ht_HT","og_type":"article","og_title":"The Children\u2019s Trust Books for Free Storytime at the YMCA Allapattah - Miami Book Fair","og_description":"Join us for a special storytime and pick up some free books!\u00a0 Featuring I Voted: Making a Choice Makes a Difference by Mark Shulman and How Women Won the Vote: Alice Paul, Lucy Burns, and Their Big Idea by Susan Campbell Bartoletti.","og_url":"https:\/\/miamibookfair.com\/ht\/event\/the-childrens-trust-books-for-free-storytime-at-the-ymca-allapattah\/","og_site_name":"Miami Book Fair","og_image":[{"width":600,"height":600,"url":"https:\/\/miamibookfair.com\/wp-content\/uploads\/Free-Story-Time-at-YMCA_08-12-2026.gif","type":"image\/gif"}],"twitter_card":"summary_large_image","twitter_misc":{"Est. reading time":"1 minute"},"schema":{"@context":"https:\/\/schema.org","@graph":[{"@type":"WebPage","@id":"https:\/\/miamibookfair.com\/event\/the-childrens-trust-books-for-free-storytime-at-the-ymca-allapattah\/","url":"https:\/\/miamibookfair.com\/event\/the-childrens-trust-books-for-free-storytime-at-the-ymca-allapattah\/","name":"The Children\u2019s Trust Books for Free Storytime at the YMCA Allapattah - Miami Book Fair","isPartOf":{"@id":"https:\/\/miamibookfair.com\/#website"},"primaryImageOfPage":{"@id":"https:\/\/miamibookfair.com\/event\/the-childrens-trust-books-for-free-storytime-at-the-ymca-allapattah\/#primaryimage"},"image":{"@id":"https:\/\/miamibookfair.com\/event\/the-childrens-trust-books-for-free-storytime-at-the-ymca-allapattah\/#primaryimage"},"thumbnailUrl":"https:\/\/miamibookfair.com\/wp-content\/uploads\/Free-Story-Time-at-YMCA_08-12-2026.gif","datePublished":"2026-08-12T18:00:49+00:00","breadcrumb":{"@id":"https:\/\/miamibookfair.com\/event\/the-childrens-trust-books-for-free-storytime-at-the-ymca-allapattah\/#breadcrumb"},"inLanguage":"ht","potentialAction":[{"@type":"ReadAction","target":["https:\/\/miamibookfair.com\/event\/the-childrens-trust-books-for-free-storytime-at-the-ymca-allapattah\/"]}]},{"@type":"ImageObject","inLanguage":"ht","@id":"https:\/\/miamibookfair.com\/event\/the-childrens-trust-books-for-free-storytime-at-the-ymca-allapattah\/#primaryimage","url":"https:\/\/miamibookfair.com\/wp-content\/uploads\/Free-Story-Time-at-YMCA_08-12-2026.gif","contentUrl":"https:\/\/miamibookfair.com\/wp-content\/uploads\/Free-Story-Time-at-YMCA_08-12-2026.gif","width":600,"height":600,"caption":"Free Story Time at YMCA Books"},{"@type":"BreadcrumbList","@id":"https:\/\/miamibookfair.com\/event\/the-childrens-trust-books-for-free-storytime-at-the-ymca-allapattah\/#breadcrumb","itemListElement":[{"@type":"ListItem","position":1,"name":"Home","item":"https:\/\/miamibookfair.com\/"},{"@type":"ListItem","position":2,"name":"Events","item":"https:\/\/miamibookfair.com\/events\/"},{"@type":"ListItem","position":3,"name":"The Children\u2019s Trust Books for Free Storytime at the YMCA Allapattah"}]},{"@type":"WebSite","@id":"https:\/\/miamibookfair.com\/#website","url":"https:\/\/miamibookfair.com\/","name":"Miami Book Fair","description":"","potentialAction":[{"@type":"SearchAction","target":{"@type":"EntryPoint","urlTemplate":"https:\/\/miamibookfair.com\/?s={search_term_string}"},"query-input":{"@type":"PropertyValueSpecification","valueRequired":true,"valueName":"search_term_string"}}],"inLanguage":"ht"}]}},"_links":{"self":[{"href":"http:\/\/miamibookfair.com\/ht\/wp-json\/wp\/v2\/mec-events\/39575","targetHints":{"allow":["GET"]}}],"collection":[{"href":"http:\/\/miamibookfair.com\/ht\/wp-json\/wp\/v2\/mec-events"}],"about":[{"href":"http:\/\/miamibookfair.com\/ht\/wp-json\/wp\/v2\/types\/mec-events"}],"author":[{"embeddable":true,"href":"http:\/\/miamibookfair.com\/ht\/wp-json\/wp\/v2\/users\/9"}],"version-history":[{"count":1,"href":"http:\/\/miamibookfair.com\/ht\/wp-json\/wp\/v2\/mec-events\/39575\/revisions"}],"predecessor-version":[{"id":39577,"href":"http:\/\/miamibookfair.com\/ht\/wp-json\/wp\/v2\/mec-events\/39575\/revisions\/39577"}],"wp:featuredmedia":[{"embeddable":true,"href":"http:\/\/miamibookfair.com\/ht\/wp-json\/wp\/v2\/media\/39576"}],"wp:attachment":[{"href":"http:\/\/miamibookfair.com\/ht\/wp-json\/wp\/v2\/media?parent=39575"}],"wp:term":[{"taxonomy":"post_tag","embeddable":true,"href":"http:\/\/miamibookfair.com\/ht\/wp-json\/wp\/v2\/tags?post=39575"},{"taxonomy":"event-format","embeddable":true,"href":"http:\/\/miamibookfair.com\/ht\/wp-json\/wp\/v2\/event-format?post=39575"},{"taxonomy":"event-genre","embeddable":true,"href":"http:\/\/miamibookfair.com\/ht\/wp-json\/wp\/v2\/event-genre?post=39575"},{"taxonomy":"event-language","embeddable":true,"href":"http:\/\/miamibookfair.com\/ht\/wp-json\/wp\/v2\/event-language?post=39575"},{"taxonomy":"event-on-demand-status","embeddable":true,"href":"http:\/\/miamibookfair.com\/ht\/wp-json\/wp\/v2\/event-on-demand-status?post=39575"},{"taxonomy":"event-topic","embeddable":true,"href":"http:\/\/miamibookfair.com\/ht\/wp-json\/wp\/v2\/event-topic?post=39575"},{"taxonomy":"event-type","embeddable":true,"href":"http:\/\/miamibookfair.com\/ht\/wp-json\/wp\/v2\/event-type?post=39575"},{"taxonomy":"featured-image-status","embeddable":true,"href":"http:\/\/miamibookfair.com\/ht\/wp-json\/wp\/v2\/featured-image-status?post=39575"},{"taxonomy":"program-name","embeddable":true,"href":"http:\/\/miamibookfair.com\/ht\/wp-json\/wp\/v2\/program-name?post=39575"},{"taxonomy":"mec_category","embeddable":true,"href":"http:\/\/miamibookfair.com\/ht\/wp-json\/wp\/v2\/mec_category?post=39575"}],"curies":[{"name":"wp","href":"https:\/\/api.w.org\/{rel}","templated":true}]}}]