[{"id":39035,"date":"2026-04-30T15:23:41","date_gmt":"2026-04-30T19:23:41","guid":{"rendered":"https:\/\/miamibookfair.com\/?post_type=mec-events&#038;p=39035"},"modified":"2026-04-30T15:23:41","modified_gmt":"2026-04-30T19:23:41","slug":"pawol-granmoun-the-wisdom-of-haitian-proverbs","status":"publish","type":"mec-events","link":"http:\/\/miamibookfair.com\/ht\/event\/pawol-granmoun-the-wisdom-of-haitian-proverbs\/","title":{"rendered":"Paw\u00f2l Granmoun: Saj\u00e8s Pwov\u00e8b Ayisyen yo"},"content":{"rendered":"<p class=\"p1\"><span class=\"s1\">Paw\u00f2l Granmoun: The Wisdom of Haitian Proverbs\u00a0Historians and cultural experts explore the rich tradition of Haitian proverbs and how they transmit collective wisdom across generations, shaping conversations about love, work, politics, and survival in everyday life.\u00a0<\/span><\/p>\n<p class=\"p1\"><span class=\"s1\"><i>An krey\u00f2l ayisyen ak ent\u00e8pretasyon an angl\u00e8.<\/i><\/span><\/p>","protected":false},"excerpt":{"rendered":"<p>Paw\u00f2l Granmoun: The Wisdom of Haitian Proverbs\u00a0Historians and cultural experts explore the rich tradition of Haitian proverbs and how they transmit collective wisdom across generations, shaping conversations about love, work, politics, and survival in everyday life.\u00a0 In Haitian Creole with English interpretation.<\/p>","protected":false},"author":9,"featured_media":39009,"template":"","meta":{"_acf_changed":false,"_links_to":"","_links_to_target":""},"tags":[],"event-format":[54,50],"event-genre":[],"event-language":[63,66],"event-on-demand-status":[],"event-topic":[],"event-type":[95],"featured-image-status":[],"program-name":[859,860],"mec_category":[],"class_list":["post-39035","mec-events","type-mec-events","status-publish","has-post-thumbnail","hentry","event-format-discussion","event-format-panel","event-language-english","event-language-creole","event-type-year-round-events","program-name-iberoamerican","program-name-little-haiti-book-festival"],"acf":[],"yoast_head":"<!-- This site is optimized with the Yoast SEO plugin v27.4 - https:\/\/yoast.com\/product\/yoast-seo-wordpress\/ -->\n<title>Paw\u00f2l Granmoun: The Wisdom of Haitian Proverbs - Miami Book Fair<\/title>\n<meta name=\"robots\" content=\"index, follow, max-snippet:-1, max-image-preview:large, max-video-preview:-1\" \/>\n<link rel=\"canonical\" href=\"https:\/\/miamibookfair.com\/ht\/event\/pawol-granmoun-the-wisdom-of-haitian-proverbs\/\" \/>\n<meta property=\"og:locale\" content=\"ht_HT\" \/>\n<meta property=\"og:type\" content=\"article\" \/>\n<meta property=\"og:title\" content=\"Paw\u00f2l Granmoun: The Wisdom of Haitian Proverbs - Miami Book Fair\" \/>\n<meta property=\"og:description\" content=\"Paw\u00f2l Granmoun: The Wisdom of Haitian Proverbs\u00a0Historians and cultural experts explore the rich tradition of Haitian proverbs and how they transmit collective wisdom across generations, shaping conversations about love, work, politics, and survival in everyday life.\u00a0 In Haitian Creole with English interpretation.\" \/>\n<meta property=\"og:url\" content=\"https:\/\/miamibookfair.com\/ht\/event\/pawol-granmoun-the-wisdom-of-haitian-proverbs\/\" \/>\n<meta property=\"og:site_name\" content=\"Miami Book Fair\" \/>\n<meta property=\"og:image\" content=\"https:\/\/miamibookfair.com\/wp-content\/uploads\/LHBF-Place-Holder-2026_600.jpg\" \/>\n\t<meta property=\"og:image:width\" content=\"600\" \/>\n\t<meta property=\"og:image:height\" content=\"600\" \/>\n\t<meta property=\"og:image:type\" content=\"image\/jpeg\" \/>\n<meta name=\"twitter:card\" content=\"summary_large_image\" \/>\n<meta name=\"twitter:label1\" content=\"Est. reading time\" \/>\n\t<meta name=\"twitter:data1\" content=\"1 minute\" \/>\n<script type=\"application\/ld+json\" class=\"yoast-schema-graph\">{\"@context\":\"https:\\\/\\\/schema.org\",\"@graph\":[{\"@type\":\"WebPage\",\"@id\":\"https:\\\/\\\/miamibookfair.com\\\/event\\\/pawol-granmoun-the-wisdom-of-haitian-proverbs\\\/\",\"url\":\"https:\\\/\\\/miamibookfair.com\\\/event\\\/pawol-granmoun-the-wisdom-of-haitian-proverbs\\\/\",\"name\":\"Paw\u00f2l Granmoun: The Wisdom of Haitian Proverbs - Miami Book Fair\",\"isPartOf\":{\"@id\":\"https:\\\/\\\/miamibookfair.com\\\/#website\"},\"primaryImageOfPage\":{\"@id\":\"https:\\\/\\\/miamibookfair.com\\\/event\\\/pawol-granmoun-the-wisdom-of-haitian-proverbs\\\/#primaryimage\"},\"image\":{\"@id\":\"https:\\\/\\\/miamibookfair.com\\\/event\\\/pawol-granmoun-the-wisdom-of-haitian-proverbs\\\/#primaryimage\"},\"thumbnailUrl\":\"https:\\\/\\\/miamibookfair.com\\\/wp-content\\\/uploads\\\/LHBF-Place-Holder-2026_600.jpg\",\"datePublished\":\"2026-04-30T19:23:41+00:00\",\"breadcrumb\":{\"@id\":\"https:\\\/\\\/miamibookfair.com\\\/event\\\/pawol-granmoun-the-wisdom-of-haitian-proverbs\\\/#breadcrumb\"},\"inLanguage\":\"ht\",\"potentialAction\":[{\"@type\":\"ReadAction\",\"target\":[\"https:\\\/\\\/miamibookfair.com\\\/event\\\/pawol-granmoun-the-wisdom-of-haitian-proverbs\\\/\"]}]},{\"@type\":\"ImageObject\",\"inLanguage\":\"ht\",\"@id\":\"https:\\\/\\\/miamibookfair.com\\\/event\\\/pawol-granmoun-the-wisdom-of-haitian-proverbs\\\/#primaryimage\",\"url\":\"https:\\\/\\\/miamibookfair.com\\\/wp-content\\\/uploads\\\/LHBF-Place-Holder-2026_600.jpg\",\"contentUrl\":\"https:\\\/\\\/miamibookfair.com\\\/wp-content\\\/uploads\\\/LHBF-Place-Holder-2026_600.jpg\",\"width\":600,\"height\":600,\"caption\":\"LHBF-Place-Holder\"},{\"@type\":\"BreadcrumbList\",\"@id\":\"https:\\\/\\\/miamibookfair.com\\\/event\\\/pawol-granmoun-the-wisdom-of-haitian-proverbs\\\/#breadcrumb\",\"itemListElement\":[{\"@type\":\"ListItem\",\"position\":1,\"name\":\"Home\",\"item\":\"https:\\\/\\\/miamibookfair.com\\\/\"},{\"@type\":\"ListItem\",\"position\":2,\"name\":\"Events\",\"item\":\"https:\\\/\\\/miamibookfair.com\\\/events\\\/\"},{\"@type\":\"ListItem\",\"position\":3,\"name\":\"Paw\u00f2l Granmoun: The Wisdom of Haitian Proverbs\"}]},{\"@type\":\"WebSite\",\"@id\":\"https:\\\/\\\/miamibookfair.com\\\/#website\",\"url\":\"https:\\\/\\\/miamibookfair.com\\\/\",\"name\":\"Miami Book Fair\",\"description\":\"\",\"potentialAction\":[{\"@type\":\"SearchAction\",\"target\":{\"@type\":\"EntryPoint\",\"urlTemplate\":\"https:\\\/\\\/miamibookfair.com\\\/?s={search_term_string}\"},\"query-input\":{\"@type\":\"PropertyValueSpecification\",\"valueRequired\":true,\"valueName\":\"search_term_string\"}}],\"inLanguage\":\"ht\"}]}<\/script>\n<!-- \/ Yoast SEO plugin. -->","yoast_head_json":{"title":"Paw\u00f2l Granmoun: The Wisdom of Haitian Proverbs - Miami Book Fair","robots":{"index":"index","follow":"follow","max-snippet":"max-snippet:-1","max-image-preview":"max-image-preview:large","max-video-preview":"max-video-preview:-1"},"canonical":"https:\/\/miamibookfair.com\/ht\/event\/pawol-granmoun-the-wisdom-of-haitian-proverbs\/","og_locale":"ht_HT","og_type":"article","og_title":"Paw\u00f2l Granmoun: The Wisdom of Haitian Proverbs - Miami Book Fair","og_description":"Paw\u00f2l Granmoun: The Wisdom of Haitian Proverbs\u00a0Historians and cultural experts explore the rich tradition of Haitian proverbs and how they transmit collective wisdom across generations, shaping conversations about love, work, politics, and survival in everyday life.\u00a0 In Haitian Creole with English interpretation.","og_url":"https:\/\/miamibookfair.com\/ht\/event\/pawol-granmoun-the-wisdom-of-haitian-proverbs\/","og_site_name":"Miami Book Fair","og_image":[{"width":600,"height":600,"url":"https:\/\/miamibookfair.com\/wp-content\/uploads\/LHBF-Place-Holder-2026_600.jpg","type":"image\/jpeg"}],"twitter_card":"summary_large_image","twitter_misc":{"Est. reading time":"1 minute"},"schema":{"@context":"https:\/\/schema.org","@graph":[{"@type":"WebPage","@id":"https:\/\/miamibookfair.com\/event\/pawol-granmoun-the-wisdom-of-haitian-proverbs\/","url":"https:\/\/miamibookfair.com\/event\/pawol-granmoun-the-wisdom-of-haitian-proverbs\/","name":"Paw\u00f2l Granmoun: The Wisdom of Haitian Proverbs - Miami Book Fair","isPartOf":{"@id":"https:\/\/miamibookfair.com\/#website"},"primaryImageOfPage":{"@id":"https:\/\/miamibookfair.com\/event\/pawol-granmoun-the-wisdom-of-haitian-proverbs\/#primaryimage"},"image":{"@id":"https:\/\/miamibookfair.com\/event\/pawol-granmoun-the-wisdom-of-haitian-proverbs\/#primaryimage"},"thumbnailUrl":"https:\/\/miamibookfair.com\/wp-content\/uploads\/LHBF-Place-Holder-2026_600.jpg","datePublished":"2026-04-30T19:23:41+00:00","breadcrumb":{"@id":"https:\/\/miamibookfair.com\/event\/pawol-granmoun-the-wisdom-of-haitian-proverbs\/#breadcrumb"},"inLanguage":"ht","potentialAction":[{"@type":"ReadAction","target":["https:\/\/miamibookfair.com\/event\/pawol-granmoun-the-wisdom-of-haitian-proverbs\/"]}]},{"@type":"ImageObject","inLanguage":"ht","@id":"https:\/\/miamibookfair.com\/event\/pawol-granmoun-the-wisdom-of-haitian-proverbs\/#primaryimage","url":"https:\/\/miamibookfair.com\/wp-content\/uploads\/LHBF-Place-Holder-2026_600.jpg","contentUrl":"https:\/\/miamibookfair.com\/wp-content\/uploads\/LHBF-Place-Holder-2026_600.jpg","width":600,"height":600,"caption":"LHBF-Place-Holder"},{"@type":"BreadcrumbList","@id":"https:\/\/miamibookfair.com\/event\/pawol-granmoun-the-wisdom-of-haitian-proverbs\/#breadcrumb","itemListElement":[{"@type":"ListItem","position":1,"name":"Home","item":"https:\/\/miamibookfair.com\/"},{"@type":"ListItem","position":2,"name":"Events","item":"https:\/\/miamibookfair.com\/events\/"},{"@type":"ListItem","position":3,"name":"Paw\u00f2l Granmoun: The Wisdom of Haitian Proverbs"}]},{"@type":"WebSite","@id":"https:\/\/miamibookfair.com\/#website","url":"https:\/\/miamibookfair.com\/","name":"Miami Book Fair","description":"","potentialAction":[{"@type":"SearchAction","target":{"@type":"EntryPoint","urlTemplate":"https:\/\/miamibookfair.com\/?s={search_term_string}"},"query-input":{"@type":"PropertyValueSpecification","valueRequired":true,"valueName":"search_term_string"}}],"inLanguage":"ht"}]}},"_links":{"self":[{"href":"http:\/\/miamibookfair.com\/ht\/wp-json\/wp\/v2\/mec-events\/39035","targetHints":{"allow":["GET"]}}],"collection":[{"href":"http:\/\/miamibookfair.com\/ht\/wp-json\/wp\/v2\/mec-events"}],"about":[{"href":"http:\/\/miamibookfair.com\/ht\/wp-json\/wp\/v2\/types\/mec-events"}],"author":[{"embeddable":true,"href":"http:\/\/miamibookfair.com\/ht\/wp-json\/wp\/v2\/users\/9"}],"version-history":[{"count":0,"href":"http:\/\/miamibookfair.com\/ht\/wp-json\/wp\/v2\/mec-events\/39035\/revisions"}],"wp:featuredmedia":[{"embeddable":true,"href":"http:\/\/miamibookfair.com\/ht\/wp-json\/wp\/v2\/media\/39009"}],"wp:attachment":[{"href":"http:\/\/miamibookfair.com\/ht\/wp-json\/wp\/v2\/media?parent=39035"}],"wp:term":[{"taxonomy":"post_tag","embeddable":true,"href":"http:\/\/miamibookfair.com\/ht\/wp-json\/wp\/v2\/tags?post=39035"},{"taxonomy":"event-format","embeddable":true,"href":"http:\/\/miamibookfair.com\/ht\/wp-json\/wp\/v2\/event-format?post=39035"},{"taxonomy":"event-genre","embeddable":true,"href":"http:\/\/miamibookfair.com\/ht\/wp-json\/wp\/v2\/event-genre?post=39035"},{"taxonomy":"event-language","embeddable":true,"href":"http:\/\/miamibookfair.com\/ht\/wp-json\/wp\/v2\/event-language?post=39035"},{"taxonomy":"event-on-demand-status","embeddable":true,"href":"http:\/\/miamibookfair.com\/ht\/wp-json\/wp\/v2\/event-on-demand-status?post=39035"},{"taxonomy":"event-topic","embeddable":true,"href":"http:\/\/miamibookfair.com\/ht\/wp-json\/wp\/v2\/event-topic?post=39035"},{"taxonomy":"event-type","embeddable":true,"href":"http:\/\/miamibookfair.com\/ht\/wp-json\/wp\/v2\/event-type?post=39035"},{"taxonomy":"featured-image-status","embeddable":true,"href":"http:\/\/miamibookfair.com\/ht\/wp-json\/wp\/v2\/featured-image-status?post=39035"},{"taxonomy":"program-name","embeddable":true,"href":"http:\/\/miamibookfair.com\/ht\/wp-json\/wp\/v2\/program-name?post=39035"},{"taxonomy":"mec_category","embeddable":true,"href":"http:\/\/miamibookfair.com\/ht\/wp-json\/wp\/v2\/mec_category?post=39035"}],"curies":[{"name":"wp","href":"https:\/\/api.w.org\/{rel}","templated":true}]}},{"id":39034,"date":"2026-04-30T15:10:50","date_gmt":"2026-04-30T19:10:50","guid":{"rendered":"https:\/\/miamibookfair.com\/?post_type=mec-events&#038;p=39034"},"modified":"2026-04-30T15:10:50","modified_gmt":"2026-04-30T19:10:50","slug":"haitis-historical-contributions-in-the-making-of-america-the-world","status":"publish","type":"mec-events","link":"http:\/\/miamibookfair.com\/ht\/event\/haitis-historical-contributions-in-the-making-of-america-the-world\/","title":{"rendered":"Haiti\u2019s Historical Contributions in the Making of America &#038; the World"},"content":{"rendered":"<p class=\"p1\"><span class=\"s1\">Haiti\u2019s Historical Contributions in the Making of America &amp; the World, a discussion highlighting the role Haitians have played in shaping the United States and global movements for freedom \u2013 from the Battle of Savannah to Haiti\u2019s influence on independence movements across Latin America, the Caribbean, and Africa.\u00a0<\/span><\/p>\n<p class=\"p1\"><span class=\"s1\"><i>An krey\u00f2l ayisyen ak ent\u00e8pretasyon an angl\u00e8.<\/i><\/span><\/p>","protected":false},"excerpt":{"rendered":"<p>Haiti\u2019s Historical Contributions in the Making of America &amp; the World, a discussion highlighting the role Haitians have played in shaping the United States and global movements for freedom \u2013 from the Battle of Savannah to Haiti\u2019s influence on independence movements across Latin America, the Caribbean, and Africa.\u00a0 In Haitian Creole with English interpretation.<\/p>","protected":false},"author":9,"featured_media":39009,"template":"","meta":{"_acf_changed":false,"_links_to":"","_links_to_target":""},"tags":[],"event-format":[54,50],"event-genre":[],"event-language":[63,66],"event-on-demand-status":[],"event-topic":[],"event-type":[95],"featured-image-status":[],"program-name":[860,416],"mec_category":[],"class_list":["post-39034","mec-events","type-mec-events","status-publish","has-post-thumbnail","hentry","event-format-discussion","event-format-panel","event-language-english","event-language-creole","event-type-year-round-events","program-name-little-haiti-book-festival","program-name-readcaribbean"],"acf":[],"yoast_head":"<!-- This site is optimized with the Yoast SEO plugin v27.4 - https:\/\/yoast.com\/product\/yoast-seo-wordpress\/ -->\n<title>Haiti\u2019s Historical Contributions in the Making of America &amp; the World - Miami Book Fair<\/title>\n<meta name=\"robots\" content=\"index, follow, max-snippet:-1, max-image-preview:large, max-video-preview:-1\" \/>\n<link rel=\"canonical\" href=\"https:\/\/miamibookfair.com\/ht\/event\/haitis-historical-contributions-in-the-making-of-america-the-world\/\" \/>\n<meta property=\"og:locale\" content=\"ht_HT\" \/>\n<meta property=\"og:type\" content=\"article\" \/>\n<meta property=\"og:title\" content=\"Haiti\u2019s Historical Contributions in the Making of America &amp; the World - Miami Book Fair\" \/>\n<meta property=\"og:description\" content=\"Haiti\u2019s Historical Contributions in the Making of America &amp; the World, a discussion highlighting the role Haitians have played in shaping the United States and global movements for freedom \u2013 from the Battle of Savannah to Haiti\u2019s influence on independence movements across Latin America, the Caribbean, and Africa.\u00a0 In Haitian Creole with English interpretation.\" \/>\n<meta property=\"og:url\" content=\"https:\/\/miamibookfair.com\/ht\/event\/haitis-historical-contributions-in-the-making-of-america-the-world\/\" \/>\n<meta property=\"og:site_name\" content=\"Miami Book Fair\" \/>\n<meta property=\"og:image\" content=\"https:\/\/miamibookfair.com\/wp-content\/uploads\/LHBF-Place-Holder-2026_600.jpg\" \/>\n\t<meta property=\"og:image:width\" content=\"600\" \/>\n\t<meta property=\"og:image:height\" content=\"600\" \/>\n\t<meta property=\"og:image:type\" content=\"image\/jpeg\" \/>\n<meta name=\"twitter:card\" content=\"summary_large_image\" \/>\n<meta name=\"twitter:label1\" content=\"Est. reading time\" \/>\n\t<meta name=\"twitter:data1\" content=\"1 minute\" \/>\n<script type=\"application\/ld+json\" class=\"yoast-schema-graph\">{\"@context\":\"https:\\\/\\\/schema.org\",\"@graph\":[{\"@type\":\"WebPage\",\"@id\":\"https:\\\/\\\/miamibookfair.com\\\/event\\\/haitis-historical-contributions-in-the-making-of-america-the-world\\\/\",\"url\":\"https:\\\/\\\/miamibookfair.com\\\/event\\\/haitis-historical-contributions-in-the-making-of-america-the-world\\\/\",\"name\":\"Haiti\u2019s Historical Contributions in the Making of America & the World - Miami Book Fair\",\"isPartOf\":{\"@id\":\"https:\\\/\\\/miamibookfair.com\\\/#website\"},\"primaryImageOfPage\":{\"@id\":\"https:\\\/\\\/miamibookfair.com\\\/event\\\/haitis-historical-contributions-in-the-making-of-america-the-world\\\/#primaryimage\"},\"image\":{\"@id\":\"https:\\\/\\\/miamibookfair.com\\\/event\\\/haitis-historical-contributions-in-the-making-of-america-the-world\\\/#primaryimage\"},\"thumbnailUrl\":\"https:\\\/\\\/miamibookfair.com\\\/wp-content\\\/uploads\\\/LHBF-Place-Holder-2026_600.jpg\",\"datePublished\":\"2026-04-30T19:10:50+00:00\",\"breadcrumb\":{\"@id\":\"https:\\\/\\\/miamibookfair.com\\\/event\\\/haitis-historical-contributions-in-the-making-of-america-the-world\\\/#breadcrumb\"},\"inLanguage\":\"ht\",\"potentialAction\":[{\"@type\":\"ReadAction\",\"target\":[\"https:\\\/\\\/miamibookfair.com\\\/event\\\/haitis-historical-contributions-in-the-making-of-america-the-world\\\/\"]}]},{\"@type\":\"ImageObject\",\"inLanguage\":\"ht\",\"@id\":\"https:\\\/\\\/miamibookfair.com\\\/event\\\/haitis-historical-contributions-in-the-making-of-america-the-world\\\/#primaryimage\",\"url\":\"https:\\\/\\\/miamibookfair.com\\\/wp-content\\\/uploads\\\/LHBF-Place-Holder-2026_600.jpg\",\"contentUrl\":\"https:\\\/\\\/miamibookfair.com\\\/wp-content\\\/uploads\\\/LHBF-Place-Holder-2026_600.jpg\",\"width\":600,\"height\":600,\"caption\":\"LHBF-Place-Holder\"},{\"@type\":\"BreadcrumbList\",\"@id\":\"https:\\\/\\\/miamibookfair.com\\\/event\\\/haitis-historical-contributions-in-the-making-of-america-the-world\\\/#breadcrumb\",\"itemListElement\":[{\"@type\":\"ListItem\",\"position\":1,\"name\":\"Home\",\"item\":\"https:\\\/\\\/miamibookfair.com\\\/\"},{\"@type\":\"ListItem\",\"position\":2,\"name\":\"Events\",\"item\":\"https:\\\/\\\/miamibookfair.com\\\/events\\\/\"},{\"@type\":\"ListItem\",\"position\":3,\"name\":\"Haiti\u2019s Historical Contributions in the Making of America &#038; the World\"}]},{\"@type\":\"WebSite\",\"@id\":\"https:\\\/\\\/miamibookfair.com\\\/#website\",\"url\":\"https:\\\/\\\/miamibookfair.com\\\/\",\"name\":\"Miami Book Fair\",\"description\":\"\",\"potentialAction\":[{\"@type\":\"SearchAction\",\"target\":{\"@type\":\"EntryPoint\",\"urlTemplate\":\"https:\\\/\\\/miamibookfair.com\\\/?s={search_term_string}\"},\"query-input\":{\"@type\":\"PropertyValueSpecification\",\"valueRequired\":true,\"valueName\":\"search_term_string\"}}],\"inLanguage\":\"ht\"}]}<\/script>\n<!-- \/ Yoast SEO plugin. -->","yoast_head_json":{"title":"Haiti\u2019s Historical Contributions in the Making of America & the World - Miami Book Fair","robots":{"index":"index","follow":"follow","max-snippet":"max-snippet:-1","max-image-preview":"max-image-preview:large","max-video-preview":"max-video-preview:-1"},"canonical":"https:\/\/miamibookfair.com\/ht\/event\/haitis-historical-contributions-in-the-making-of-america-the-world\/","og_locale":"ht_HT","og_type":"article","og_title":"Haiti\u2019s Historical Contributions in the Making of America & the World - Miami Book Fair","og_description":"Haiti\u2019s Historical Contributions in the Making of America &amp; the World, a discussion highlighting the role Haitians have played in shaping the United States and global movements for freedom \u2013 from the Battle of Savannah to Haiti\u2019s influence on independence movements across Latin America, the Caribbean, and Africa.\u00a0 In Haitian Creole with English interpretation.","og_url":"https:\/\/miamibookfair.com\/ht\/event\/haitis-historical-contributions-in-the-making-of-america-the-world\/","og_site_name":"Miami Book Fair","og_image":[{"width":600,"height":600,"url":"https:\/\/miamibookfair.com\/wp-content\/uploads\/LHBF-Place-Holder-2026_600.jpg","type":"image\/jpeg"}],"twitter_card":"summary_large_image","twitter_misc":{"Est. reading time":"1 minute"},"schema":{"@context":"https:\/\/schema.org","@graph":[{"@type":"WebPage","@id":"https:\/\/miamibookfair.com\/event\/haitis-historical-contributions-in-the-making-of-america-the-world\/","url":"https:\/\/miamibookfair.com\/event\/haitis-historical-contributions-in-the-making-of-america-the-world\/","name":"Haiti\u2019s Historical Contributions in the Making of America & the World - Miami Book Fair","isPartOf":{"@id":"https:\/\/miamibookfair.com\/#website"},"primaryImageOfPage":{"@id":"https:\/\/miamibookfair.com\/event\/haitis-historical-contributions-in-the-making-of-america-the-world\/#primaryimage"},"image":{"@id":"https:\/\/miamibookfair.com\/event\/haitis-historical-contributions-in-the-making-of-america-the-world\/#primaryimage"},"thumbnailUrl":"https:\/\/miamibookfair.com\/wp-content\/uploads\/LHBF-Place-Holder-2026_600.jpg","datePublished":"2026-04-30T19:10:50+00:00","breadcrumb":{"@id":"https:\/\/miamibookfair.com\/event\/haitis-historical-contributions-in-the-making-of-america-the-world\/#breadcrumb"},"inLanguage":"ht","potentialAction":[{"@type":"ReadAction","target":["https:\/\/miamibookfair.com\/event\/haitis-historical-contributions-in-the-making-of-america-the-world\/"]}]},{"@type":"ImageObject","inLanguage":"ht","@id":"https:\/\/miamibookfair.com\/event\/haitis-historical-contributions-in-the-making-of-america-the-world\/#primaryimage","url":"https:\/\/miamibookfair.com\/wp-content\/uploads\/LHBF-Place-Holder-2026_600.jpg","contentUrl":"https:\/\/miamibookfair.com\/wp-content\/uploads\/LHBF-Place-Holder-2026_600.jpg","width":600,"height":600,"caption":"LHBF-Place-Holder"},{"@type":"BreadcrumbList","@id":"https:\/\/miamibookfair.com\/event\/haitis-historical-contributions-in-the-making-of-america-the-world\/#breadcrumb","itemListElement":[{"@type":"ListItem","position":1,"name":"Home","item":"https:\/\/miamibookfair.com\/"},{"@type":"ListItem","position":2,"name":"Events","item":"https:\/\/miamibookfair.com\/events\/"},{"@type":"ListItem","position":3,"name":"Haiti\u2019s Historical Contributions in the Making of America &#038; the World"}]},{"@type":"WebSite","@id":"https:\/\/miamibookfair.com\/#website","url":"https:\/\/miamibookfair.com\/","name":"Miami Book Fair","description":"","potentialAction":[{"@type":"SearchAction","target":{"@type":"EntryPoint","urlTemplate":"https:\/\/miamibookfair.com\/?s={search_term_string}"},"query-input":{"@type":"PropertyValueSpecification","valueRequired":true,"valueName":"search_term_string"}}],"inLanguage":"ht"}]}},"_links":{"self":[{"href":"http:\/\/miamibookfair.com\/ht\/wp-json\/wp\/v2\/mec-events\/39034","targetHints":{"allow":["GET"]}}],"collection":[{"href":"http:\/\/miamibookfair.com\/ht\/wp-json\/wp\/v2\/mec-events"}],"about":[{"href":"http:\/\/miamibookfair.com\/ht\/wp-json\/wp\/v2\/types\/mec-events"}],"author":[{"embeddable":true,"href":"http:\/\/miamibookfair.com\/ht\/wp-json\/wp\/v2\/users\/9"}],"version-history":[{"count":0,"href":"http:\/\/miamibookfair.com\/ht\/wp-json\/wp\/v2\/mec-events\/39034\/revisions"}],"wp:featuredmedia":[{"embeddable":true,"href":"http:\/\/miamibookfair.com\/ht\/wp-json\/wp\/v2\/media\/39009"}],"wp:attachment":[{"href":"http:\/\/miamibookfair.com\/ht\/wp-json\/wp\/v2\/media?parent=39034"}],"wp:term":[{"taxonomy":"post_tag","embeddable":true,"href":"http:\/\/miamibookfair.com\/ht\/wp-json\/wp\/v2\/tags?post=39034"},{"taxonomy":"event-format","embeddable":true,"href":"http:\/\/miamibookfair.com\/ht\/wp-json\/wp\/v2\/event-format?post=39034"},{"taxonomy":"event-genre","embeddable":true,"href":"http:\/\/miamibookfair.com\/ht\/wp-json\/wp\/v2\/event-genre?post=39034"},{"taxonomy":"event-language","embeddable":true,"href":"http:\/\/miamibookfair.com\/ht\/wp-json\/wp\/v2\/event-language?post=39034"},{"taxonomy":"event-on-demand-status","embeddable":true,"href":"http:\/\/miamibookfair.com\/ht\/wp-json\/wp\/v2\/event-on-demand-status?post=39034"},{"taxonomy":"event-topic","embeddable":true,"href":"http:\/\/miamibookfair.com\/ht\/wp-json\/wp\/v2\/event-topic?post=39034"},{"taxonomy":"event-type","embeddable":true,"href":"http:\/\/miamibookfair.com\/ht\/wp-json\/wp\/v2\/event-type?post=39034"},{"taxonomy":"featured-image-status","embeddable":true,"href":"http:\/\/miamibookfair.com\/ht\/wp-json\/wp\/v2\/featured-image-status?post=39034"},{"taxonomy":"program-name","embeddable":true,"href":"http:\/\/miamibookfair.com\/ht\/wp-json\/wp\/v2\/program-name?post=39034"},{"taxonomy":"mec_category","embeddable":true,"href":"http:\/\/miamibookfair.com\/ht\/wp-json\/wp\/v2\/mec_category?post=39034"}],"curies":[{"name":"wp","href":"https:\/\/api.w.org\/{rel}","templated":true}]}},{"id":39033,"date":"2026-04-30T15:05:59","date_gmt":"2026-04-30T19:05:59","guid":{"rendered":"https:\/\/miamibookfair.com\/?post_type=mec-events&#038;p=39033"},"modified":"2026-04-30T15:05:59","modified_gmt":"2026-04-30T19:05:59","slug":"roots-reckonings-family-memory-caribbean-identity","status":"publish","type":"mec-events","link":"http:\/\/miamibookfair.com\/ht\/event\/roots-reckonings-family-memory-caribbean-identity\/","title":{"rendered":"Roots &#038; Reckonings: Family, Memory &#038; Caribbean Identity"},"content":{"rendered":"<p class=\"p1\"><span class=\"s1\">Roots &amp; Reckonings: Family, Memory &amp; Caribbean Identity<\/span><span class=\"s2\">, av\u00e8k\u00a0<b>Kam\u00e8l U. Adams<\/b>\u00a0(<i>Kijan pou w pa gen manman<\/i>),\u00a0<b>Jefri Filp<\/b>\u00a0(<i>Ou ki pa ka kanpe: 50 sitasyon Marcus Garvey pou enspire grand\u00e8<\/i>), ak\u00a0<b>Monique Clesca<\/b>\u00a0(<i>Silans ak Rezistans: Memwa yon anfans fi ann Ayiti<\/i>). Ekrit\u00e8 yo reflechi sou fanmi, twom, siviv, ak f\u00f2masyon idantite Karayib la atrav\u00e8 memwa. Modere pa\u00a0<b>Chantalle F. Verna,\u00a0<\/b>, pwofes\u00e8 asosye nan politik ak relasyon ent\u00e8nasyonal nan Florida International University epi ot\u00e8\u00a0<i>Ayiti ak Itilizasyon Amerik: Pwom\u00e8s apre Okipasyon Etazini<\/i>.\u00a0<\/span><\/p>\n<p class=\"p1\"><span class=\"s2\"><i>An Angl\u00e8.<\/i><\/span><\/p>","protected":false},"excerpt":{"rendered":"<p>Roots &amp; Reckonings: Family, Memory &amp; Caribbean Identity, with\u00a0Camille U. Adams\u00a0(How to Be Unmothered),\u00a0Geoffrey Philp\u00a0(Unstoppable You: 50 Quotes from Marcus Garvey to Inspire Greatness), and\u00a0Monique Clesca\u00a0(Silence and Resistance: Memoir of a Girlhood in Haiti). Writers reflect on family, trauma, survival, and the shaping of Caribbean identity through memoir. Moderated by\u00a0Chantalle F. Verna,\u00a0associate professor of politics [&hellip;]<\/p>\n","protected":false},"author":9,"featured_media":39009,"template":"","meta":{"_acf_changed":false,"_links_to":"","_links_to_target":""},"tags":[],"event-format":[54,50],"event-genre":[],"event-language":[63],"event-on-demand-status":[],"event-topic":[],"event-type":[95],"featured-image-status":[],"program-name":[860,416],"mec_category":[],"class_list":["post-39033","mec-events","type-mec-events","status-publish","has-post-thumbnail","hentry","event-format-discussion","event-format-panel","event-language-english","event-type-year-round-events","program-name-little-haiti-book-festival","program-name-readcaribbean"],"acf":[],"yoast_head":"<!-- This site is optimized with the Yoast SEO plugin v27.4 - https:\/\/yoast.com\/product\/yoast-seo-wordpress\/ -->\n<title>Roots &amp; Reckonings: Family, Memory &amp; Caribbean Identity - Miami Book Fair<\/title>\n<meta name=\"robots\" content=\"index, follow, max-snippet:-1, max-image-preview:large, max-video-preview:-1\" \/>\n<link rel=\"canonical\" href=\"https:\/\/miamibookfair.com\/ht\/event\/roots-reckonings-family-memory-caribbean-identity\/\" \/>\n<meta property=\"og:locale\" content=\"ht_HT\" \/>\n<meta property=\"og:type\" content=\"article\" \/>\n<meta property=\"og:title\" content=\"Roots &amp; Reckonings: Family, Memory &amp; Caribbean Identity - Miami Book Fair\" \/>\n<meta property=\"og:description\" content=\"Roots &amp; Reckonings: Family, Memory &amp; Caribbean Identity, with\u00a0Camille U. Adams\u00a0(How to Be Unmothered),\u00a0Geoffrey Philp\u00a0(Unstoppable You: 50 Quotes from Marcus Garvey to Inspire Greatness), and\u00a0Monique Clesca\u00a0(Silence and Resistance: Memoir of a Girlhood in Haiti). Writers reflect on family, trauma, survival, and the shaping of Caribbean identity through memoir. Moderated by\u00a0Chantalle F. Verna,\u00a0associate professor of politics [&hellip;]\" \/>\n<meta property=\"og:url\" content=\"https:\/\/miamibookfair.com\/ht\/event\/roots-reckonings-family-memory-caribbean-identity\/\" \/>\n<meta property=\"og:site_name\" content=\"Miami Book Fair\" \/>\n<meta property=\"og:image\" content=\"https:\/\/miamibookfair.com\/wp-content\/uploads\/LHBF-Place-Holder-2026_600.jpg\" \/>\n\t<meta property=\"og:image:width\" content=\"600\" \/>\n\t<meta property=\"og:image:height\" content=\"600\" \/>\n\t<meta property=\"og:image:type\" content=\"image\/jpeg\" \/>\n<meta name=\"twitter:card\" content=\"summary_large_image\" \/>\n<meta name=\"twitter:label1\" content=\"Est. reading time\" \/>\n\t<meta name=\"twitter:data1\" content=\"1 minute\" \/>\n<script type=\"application\/ld+json\" class=\"yoast-schema-graph\">{\"@context\":\"https:\\\/\\\/schema.org\",\"@graph\":[{\"@type\":\"WebPage\",\"@id\":\"https:\\\/\\\/miamibookfair.com\\\/event\\\/roots-reckonings-family-memory-caribbean-identity\\\/\",\"url\":\"https:\\\/\\\/miamibookfair.com\\\/event\\\/roots-reckonings-family-memory-caribbean-identity\\\/\",\"name\":\"Roots & Reckonings: Family, Memory & Caribbean Identity - Miami Book Fair\",\"isPartOf\":{\"@id\":\"https:\\\/\\\/miamibookfair.com\\\/#website\"},\"primaryImageOfPage\":{\"@id\":\"https:\\\/\\\/miamibookfair.com\\\/event\\\/roots-reckonings-family-memory-caribbean-identity\\\/#primaryimage\"},\"image\":{\"@id\":\"https:\\\/\\\/miamibookfair.com\\\/event\\\/roots-reckonings-family-memory-caribbean-identity\\\/#primaryimage\"},\"thumbnailUrl\":\"https:\\\/\\\/miamibookfair.com\\\/wp-content\\\/uploads\\\/LHBF-Place-Holder-2026_600.jpg\",\"datePublished\":\"2026-04-30T19:05:59+00:00\",\"breadcrumb\":{\"@id\":\"https:\\\/\\\/miamibookfair.com\\\/event\\\/roots-reckonings-family-memory-caribbean-identity\\\/#breadcrumb\"},\"inLanguage\":\"ht\",\"potentialAction\":[{\"@type\":\"ReadAction\",\"target\":[\"https:\\\/\\\/miamibookfair.com\\\/event\\\/roots-reckonings-family-memory-caribbean-identity\\\/\"]}]},{\"@type\":\"ImageObject\",\"inLanguage\":\"ht\",\"@id\":\"https:\\\/\\\/miamibookfair.com\\\/event\\\/roots-reckonings-family-memory-caribbean-identity\\\/#primaryimage\",\"url\":\"https:\\\/\\\/miamibookfair.com\\\/wp-content\\\/uploads\\\/LHBF-Place-Holder-2026_600.jpg\",\"contentUrl\":\"https:\\\/\\\/miamibookfair.com\\\/wp-content\\\/uploads\\\/LHBF-Place-Holder-2026_600.jpg\",\"width\":600,\"height\":600,\"caption\":\"LHBF-Place-Holder\"},{\"@type\":\"BreadcrumbList\",\"@id\":\"https:\\\/\\\/miamibookfair.com\\\/event\\\/roots-reckonings-family-memory-caribbean-identity\\\/#breadcrumb\",\"itemListElement\":[{\"@type\":\"ListItem\",\"position\":1,\"name\":\"Home\",\"item\":\"https:\\\/\\\/miamibookfair.com\\\/\"},{\"@type\":\"ListItem\",\"position\":2,\"name\":\"Events\",\"item\":\"https:\\\/\\\/miamibookfair.com\\\/events\\\/\"},{\"@type\":\"ListItem\",\"position\":3,\"name\":\"Roots &#038; Reckonings: Family, Memory &#038; Caribbean Identity\"}]},{\"@type\":\"WebSite\",\"@id\":\"https:\\\/\\\/miamibookfair.com\\\/#website\",\"url\":\"https:\\\/\\\/miamibookfair.com\\\/\",\"name\":\"Miami Book Fair\",\"description\":\"\",\"potentialAction\":[{\"@type\":\"SearchAction\",\"target\":{\"@type\":\"EntryPoint\",\"urlTemplate\":\"https:\\\/\\\/miamibookfair.com\\\/?s={search_term_string}\"},\"query-input\":{\"@type\":\"PropertyValueSpecification\",\"valueRequired\":true,\"valueName\":\"search_term_string\"}}],\"inLanguage\":\"ht\"}]}<\/script>\n<!-- \/ Yoast SEO plugin. -->","yoast_head_json":{"title":"Roots & Reckonings: Family, Memory & Caribbean Identity - Miami Book Fair","robots":{"index":"index","follow":"follow","max-snippet":"max-snippet:-1","max-image-preview":"max-image-preview:large","max-video-preview":"max-video-preview:-1"},"canonical":"https:\/\/miamibookfair.com\/ht\/event\/roots-reckonings-family-memory-caribbean-identity\/","og_locale":"ht_HT","og_type":"article","og_title":"Roots & Reckonings: Family, Memory & Caribbean Identity - Miami Book Fair","og_description":"Roots &amp; Reckonings: Family, Memory &amp; Caribbean Identity, with\u00a0Camille U. Adams\u00a0(How to Be Unmothered),\u00a0Geoffrey Philp\u00a0(Unstoppable You: 50 Quotes from Marcus Garvey to Inspire Greatness), and\u00a0Monique Clesca\u00a0(Silence and Resistance: Memoir of a Girlhood in Haiti). Writers reflect on family, trauma, survival, and the shaping of Caribbean identity through memoir. Moderated by\u00a0Chantalle F. Verna,\u00a0associate professor of politics [&hellip;]","og_url":"https:\/\/miamibookfair.com\/ht\/event\/roots-reckonings-family-memory-caribbean-identity\/","og_site_name":"Miami Book Fair","og_image":[{"width":600,"height":600,"url":"https:\/\/miamibookfair.com\/wp-content\/uploads\/LHBF-Place-Holder-2026_600.jpg","type":"image\/jpeg"}],"twitter_card":"summary_large_image","twitter_misc":{"Est. reading time":"1 minute"},"schema":{"@context":"https:\/\/schema.org","@graph":[{"@type":"WebPage","@id":"https:\/\/miamibookfair.com\/event\/roots-reckonings-family-memory-caribbean-identity\/","url":"https:\/\/miamibookfair.com\/event\/roots-reckonings-family-memory-caribbean-identity\/","name":"Roots & Reckonings: Family, Memory & Caribbean Identity - Miami Book Fair","isPartOf":{"@id":"https:\/\/miamibookfair.com\/#website"},"primaryImageOfPage":{"@id":"https:\/\/miamibookfair.com\/event\/roots-reckonings-family-memory-caribbean-identity\/#primaryimage"},"image":{"@id":"https:\/\/miamibookfair.com\/event\/roots-reckonings-family-memory-caribbean-identity\/#primaryimage"},"thumbnailUrl":"https:\/\/miamibookfair.com\/wp-content\/uploads\/LHBF-Place-Holder-2026_600.jpg","datePublished":"2026-04-30T19:05:59+00:00","breadcrumb":{"@id":"https:\/\/miamibookfair.com\/event\/roots-reckonings-family-memory-caribbean-identity\/#breadcrumb"},"inLanguage":"ht","potentialAction":[{"@type":"ReadAction","target":["https:\/\/miamibookfair.com\/event\/roots-reckonings-family-memory-caribbean-identity\/"]}]},{"@type":"ImageObject","inLanguage":"ht","@id":"https:\/\/miamibookfair.com\/event\/roots-reckonings-family-memory-caribbean-identity\/#primaryimage","url":"https:\/\/miamibookfair.com\/wp-content\/uploads\/LHBF-Place-Holder-2026_600.jpg","contentUrl":"https:\/\/miamibookfair.com\/wp-content\/uploads\/LHBF-Place-Holder-2026_600.jpg","width":600,"height":600,"caption":"LHBF-Place-Holder"},{"@type":"BreadcrumbList","@id":"https:\/\/miamibookfair.com\/event\/roots-reckonings-family-memory-caribbean-identity\/#breadcrumb","itemListElement":[{"@type":"ListItem","position":1,"name":"Home","item":"https:\/\/miamibookfair.com\/"},{"@type":"ListItem","position":2,"name":"Events","item":"https:\/\/miamibookfair.com\/events\/"},{"@type":"ListItem","position":3,"name":"Roots &#038; Reckonings: Family, Memory &#038; Caribbean Identity"}]},{"@type":"WebSite","@id":"https:\/\/miamibookfair.com\/#website","url":"https:\/\/miamibookfair.com\/","name":"Miami Book Fair","description":"","potentialAction":[{"@type":"SearchAction","target":{"@type":"EntryPoint","urlTemplate":"https:\/\/miamibookfair.com\/?s={search_term_string}"},"query-input":{"@type":"PropertyValueSpecification","valueRequired":true,"valueName":"search_term_string"}}],"inLanguage":"ht"}]}},"_links":{"self":[{"href":"http:\/\/miamibookfair.com\/ht\/wp-json\/wp\/v2\/mec-events\/39033","targetHints":{"allow":["GET"]}}],"collection":[{"href":"http:\/\/miamibookfair.com\/ht\/wp-json\/wp\/v2\/mec-events"}],"about":[{"href":"http:\/\/miamibookfair.com\/ht\/wp-json\/wp\/v2\/types\/mec-events"}],"author":[{"embeddable":true,"href":"http:\/\/miamibookfair.com\/ht\/wp-json\/wp\/v2\/users\/9"}],"version-history":[{"count":0,"href":"http:\/\/miamibookfair.com\/ht\/wp-json\/wp\/v2\/mec-events\/39033\/revisions"}],"wp:featuredmedia":[{"embeddable":true,"href":"http:\/\/miamibookfair.com\/ht\/wp-json\/wp\/v2\/media\/39009"}],"wp:attachment":[{"href":"http:\/\/miamibookfair.com\/ht\/wp-json\/wp\/v2\/media?parent=39033"}],"wp:term":[{"taxonomy":"post_tag","embeddable":true,"href":"http:\/\/miamibookfair.com\/ht\/wp-json\/wp\/v2\/tags?post=39033"},{"taxonomy":"event-format","embeddable":true,"href":"http:\/\/miamibookfair.com\/ht\/wp-json\/wp\/v2\/event-format?post=39033"},{"taxonomy":"event-genre","embeddable":true,"href":"http:\/\/miamibookfair.com\/ht\/wp-json\/wp\/v2\/event-genre?post=39033"},{"taxonomy":"event-language","embeddable":true,"href":"http:\/\/miamibookfair.com\/ht\/wp-json\/wp\/v2\/event-language?post=39033"},{"taxonomy":"event-on-demand-status","embeddable":true,"href":"http:\/\/miamibookfair.com\/ht\/wp-json\/wp\/v2\/event-on-demand-status?post=39033"},{"taxonomy":"event-topic","embeddable":true,"href":"http:\/\/miamibookfair.com\/ht\/wp-json\/wp\/v2\/event-topic?post=39033"},{"taxonomy":"event-type","embeddable":true,"href":"http:\/\/miamibookfair.com\/ht\/wp-json\/wp\/v2\/event-type?post=39033"},{"taxonomy":"featured-image-status","embeddable":true,"href":"http:\/\/miamibookfair.com\/ht\/wp-json\/wp\/v2\/featured-image-status?post=39033"},{"taxonomy":"program-name","embeddable":true,"href":"http:\/\/miamibookfair.com\/ht\/wp-json\/wp\/v2\/program-name?post=39033"},{"taxonomy":"mec_category","embeddable":true,"href":"http:\/\/miamibookfair.com\/ht\/wp-json\/wp\/v2\/mec_category?post=39033"}],"curies":[{"name":"wp","href":"https:\/\/api.w.org\/{rel}","templated":true}]}},{"id":39032,"date":"2026-04-30T14:59:49","date_gmt":"2026-04-30T18:59:49","guid":{"rendered":"https:\/\/miamibookfair.com\/?post_type=mec-events&#038;p=39032"},"modified":"2026-04-30T14:59:49","modified_gmt":"2026-04-30T18:59:49","slug":"reclaiming-history-power-resistance-cultural-memory","status":"publish","type":"mec-events","link":"http:\/\/miamibookfair.com\/ht\/event\/reclaiming-history-power-resistance-cultural-memory\/","title":{"rendered":"Reclaiming History: Power, Resistance &#038; Cultural Memory"},"content":{"rendered":"<p class=\"p1\"><span class=\"s1\">Reclaiming History: Power, Resistance &amp; Cultural Memory, with\u00a0<b>Marlene Daut<\/b>\u00a0(<i>Premye ak d\u00e8nye Wa Ayiti: Mont\u00e9 ak Chute Henry Christophe<\/i>),\u00a0<b>Julia Gaffield<\/b>\u00a0(<i>Mwen Vanje Amerik: Jean-Jacques Dessalines ak Batay Ayiti pou Lib\u00e8te<\/i>, ak\u00a0<b>Olive Granmoun<\/b>\u00a0(<i>Paradi Yon Fwa: Yon Roman<\/i>). Yon konv\u00e8sasyon sou istwa revolisyon\u00e8, memwa kiltir\u00e8l, ak vwa ki ref\u00f2me fason yo konprann pase Ayiti. Modere pa\u00a0<b>Chantalle F. Verna,\u00a0<\/b>, pwofes\u00e8 asosye nan politik ak relasyon ent\u00e8nasyonal nan Florida International University epi ot\u00e8\u00a0<i>Ayiti ak Itilizasyon Amerik: Pwom\u00e8s apre Okipasyon Etazini<\/i>.\u00a0<\/span><\/p>\n<p class=\"p1\"><span class=\"s1\"><i>An Angl\u00e8.<\/i><\/span><\/p>","protected":false},"excerpt":{"rendered":"<p>Reclaiming History: Power, Resistance &amp; Cultural Memory, with\u00a0Marlene Daut\u00a0(The First and Last King of Haiti: The Rise and Fall of Henry Christophe),\u00a0Julia Gaffield\u00a0(I Have Avenged America: Jean-Jacques Dessalines and Haiti\u2019s Fight for Freedom), and\u00a0Olive Senior\u00a0(Paradise Once: A Novel). A conversation on revolutionary history, cultural memory, and the voices that reshape how Haiti\u2019s past is understood. [&hellip;]<\/p>\n","protected":false},"author":9,"featured_media":39009,"template":"","meta":{"_acf_changed":false,"_links_to":"","_links_to_target":""},"tags":[],"event-format":[54,50],"event-genre":[],"event-language":[63],"event-on-demand-status":[],"event-topic":[],"event-type":[95],"featured-image-status":[],"program-name":[860,416],"mec_category":[],"class_list":["post-39032","mec-events","type-mec-events","status-publish","has-post-thumbnail","hentry","event-format-discussion","event-format-panel","event-language-english","event-type-year-round-events","program-name-little-haiti-book-festival","program-name-readcaribbean"],"acf":[],"yoast_head":"<!-- This site is optimized with the Yoast SEO plugin v27.4 - https:\/\/yoast.com\/product\/yoast-seo-wordpress\/ -->\n<title>Reclaiming History: Power, Resistance &amp; Cultural Memory - Miami Book Fair<\/title>\n<meta name=\"robots\" content=\"index, follow, max-snippet:-1, max-image-preview:large, max-video-preview:-1\" \/>\n<link rel=\"canonical\" href=\"https:\/\/miamibookfair.com\/ht\/event\/reclaiming-history-power-resistance-cultural-memory\/\" \/>\n<meta property=\"og:locale\" content=\"ht_HT\" \/>\n<meta property=\"og:type\" content=\"article\" \/>\n<meta property=\"og:title\" content=\"Reclaiming History: Power, Resistance &amp; Cultural Memory - Miami Book Fair\" \/>\n<meta property=\"og:description\" content=\"Reclaiming History: Power, Resistance &amp; Cultural Memory, with\u00a0Marlene Daut\u00a0(The First and Last King of Haiti: The Rise and Fall of Henry Christophe),\u00a0Julia Gaffield\u00a0(I Have Avenged America: Jean-Jacques Dessalines and Haiti\u2019s Fight for Freedom), and\u00a0Olive Senior\u00a0(Paradise Once: A Novel). A conversation on revolutionary history, cultural memory, and the voices that reshape how Haiti\u2019s past is understood. [&hellip;]\" \/>\n<meta property=\"og:url\" content=\"https:\/\/miamibookfair.com\/ht\/event\/reclaiming-history-power-resistance-cultural-memory\/\" \/>\n<meta property=\"og:site_name\" content=\"Miami Book Fair\" \/>\n<meta property=\"og:image\" content=\"https:\/\/miamibookfair.com\/wp-content\/uploads\/LHBF-Place-Holder-2026_600.jpg\" \/>\n\t<meta property=\"og:image:width\" content=\"600\" \/>\n\t<meta property=\"og:image:height\" content=\"600\" \/>\n\t<meta property=\"og:image:type\" content=\"image\/jpeg\" \/>\n<meta name=\"twitter:card\" content=\"summary_large_image\" \/>\n<meta name=\"twitter:label1\" content=\"Est. reading time\" \/>\n\t<meta name=\"twitter:data1\" content=\"1 minute\" \/>\n<script type=\"application\/ld+json\" class=\"yoast-schema-graph\">{\"@context\":\"https:\\\/\\\/schema.org\",\"@graph\":[{\"@type\":\"WebPage\",\"@id\":\"https:\\\/\\\/miamibookfair.com\\\/event\\\/reclaiming-history-power-resistance-cultural-memory\\\/\",\"url\":\"https:\\\/\\\/miamibookfair.com\\\/event\\\/reclaiming-history-power-resistance-cultural-memory\\\/\",\"name\":\"Reclaiming History: Power, Resistance & Cultural Memory - Miami Book Fair\",\"isPartOf\":{\"@id\":\"https:\\\/\\\/miamibookfair.com\\\/#website\"},\"primaryImageOfPage\":{\"@id\":\"https:\\\/\\\/miamibookfair.com\\\/event\\\/reclaiming-history-power-resistance-cultural-memory\\\/#primaryimage\"},\"image\":{\"@id\":\"https:\\\/\\\/miamibookfair.com\\\/event\\\/reclaiming-history-power-resistance-cultural-memory\\\/#primaryimage\"},\"thumbnailUrl\":\"https:\\\/\\\/miamibookfair.com\\\/wp-content\\\/uploads\\\/LHBF-Place-Holder-2026_600.jpg\",\"datePublished\":\"2026-04-30T18:59:49+00:00\",\"breadcrumb\":{\"@id\":\"https:\\\/\\\/miamibookfair.com\\\/event\\\/reclaiming-history-power-resistance-cultural-memory\\\/#breadcrumb\"},\"inLanguage\":\"ht\",\"potentialAction\":[{\"@type\":\"ReadAction\",\"target\":[\"https:\\\/\\\/miamibookfair.com\\\/event\\\/reclaiming-history-power-resistance-cultural-memory\\\/\"]}]},{\"@type\":\"ImageObject\",\"inLanguage\":\"ht\",\"@id\":\"https:\\\/\\\/miamibookfair.com\\\/event\\\/reclaiming-history-power-resistance-cultural-memory\\\/#primaryimage\",\"url\":\"https:\\\/\\\/miamibookfair.com\\\/wp-content\\\/uploads\\\/LHBF-Place-Holder-2026_600.jpg\",\"contentUrl\":\"https:\\\/\\\/miamibookfair.com\\\/wp-content\\\/uploads\\\/LHBF-Place-Holder-2026_600.jpg\",\"width\":600,\"height\":600,\"caption\":\"LHBF-Place-Holder\"},{\"@type\":\"BreadcrumbList\",\"@id\":\"https:\\\/\\\/miamibookfair.com\\\/event\\\/reclaiming-history-power-resistance-cultural-memory\\\/#breadcrumb\",\"itemListElement\":[{\"@type\":\"ListItem\",\"position\":1,\"name\":\"Home\",\"item\":\"https:\\\/\\\/miamibookfair.com\\\/\"},{\"@type\":\"ListItem\",\"position\":2,\"name\":\"Events\",\"item\":\"https:\\\/\\\/miamibookfair.com\\\/events\\\/\"},{\"@type\":\"ListItem\",\"position\":3,\"name\":\"Reclaiming History: Power, Resistance &#038; Cultural Memory\"}]},{\"@type\":\"WebSite\",\"@id\":\"https:\\\/\\\/miamibookfair.com\\\/#website\",\"url\":\"https:\\\/\\\/miamibookfair.com\\\/\",\"name\":\"Miami Book Fair\",\"description\":\"\",\"potentialAction\":[{\"@type\":\"SearchAction\",\"target\":{\"@type\":\"EntryPoint\",\"urlTemplate\":\"https:\\\/\\\/miamibookfair.com\\\/?s={search_term_string}\"},\"query-input\":{\"@type\":\"PropertyValueSpecification\",\"valueRequired\":true,\"valueName\":\"search_term_string\"}}],\"inLanguage\":\"ht\"}]}<\/script>\n<!-- \/ Yoast SEO plugin. -->","yoast_head_json":{"title":"Reclaiming History: Power, Resistance & Cultural Memory - Miami Book Fair","robots":{"index":"index","follow":"follow","max-snippet":"max-snippet:-1","max-image-preview":"max-image-preview:large","max-video-preview":"max-video-preview:-1"},"canonical":"https:\/\/miamibookfair.com\/ht\/event\/reclaiming-history-power-resistance-cultural-memory\/","og_locale":"ht_HT","og_type":"article","og_title":"Reclaiming History: Power, Resistance & Cultural Memory - Miami Book Fair","og_description":"Reclaiming History: Power, Resistance &amp; Cultural Memory, with\u00a0Marlene Daut\u00a0(The First and Last King of Haiti: The Rise and Fall of Henry Christophe),\u00a0Julia Gaffield\u00a0(I Have Avenged America: Jean-Jacques Dessalines and Haiti\u2019s Fight for Freedom), and\u00a0Olive Senior\u00a0(Paradise Once: A Novel). A conversation on revolutionary history, cultural memory, and the voices that reshape how Haiti\u2019s past is understood. [&hellip;]","og_url":"https:\/\/miamibookfair.com\/ht\/event\/reclaiming-history-power-resistance-cultural-memory\/","og_site_name":"Miami Book Fair","og_image":[{"width":600,"height":600,"url":"https:\/\/miamibookfair.com\/wp-content\/uploads\/LHBF-Place-Holder-2026_600.jpg","type":"image\/jpeg"}],"twitter_card":"summary_large_image","twitter_misc":{"Est. reading time":"1 minute"},"schema":{"@context":"https:\/\/schema.org","@graph":[{"@type":"WebPage","@id":"https:\/\/miamibookfair.com\/event\/reclaiming-history-power-resistance-cultural-memory\/","url":"https:\/\/miamibookfair.com\/event\/reclaiming-history-power-resistance-cultural-memory\/","name":"Reclaiming History: Power, Resistance & Cultural Memory - Miami Book Fair","isPartOf":{"@id":"https:\/\/miamibookfair.com\/#website"},"primaryImageOfPage":{"@id":"https:\/\/miamibookfair.com\/event\/reclaiming-history-power-resistance-cultural-memory\/#primaryimage"},"image":{"@id":"https:\/\/miamibookfair.com\/event\/reclaiming-history-power-resistance-cultural-memory\/#primaryimage"},"thumbnailUrl":"https:\/\/miamibookfair.com\/wp-content\/uploads\/LHBF-Place-Holder-2026_600.jpg","datePublished":"2026-04-30T18:59:49+00:00","breadcrumb":{"@id":"https:\/\/miamibookfair.com\/event\/reclaiming-history-power-resistance-cultural-memory\/#breadcrumb"},"inLanguage":"ht","potentialAction":[{"@type":"ReadAction","target":["https:\/\/miamibookfair.com\/event\/reclaiming-history-power-resistance-cultural-memory\/"]}]},{"@type":"ImageObject","inLanguage":"ht","@id":"https:\/\/miamibookfair.com\/event\/reclaiming-history-power-resistance-cultural-memory\/#primaryimage","url":"https:\/\/miamibookfair.com\/wp-content\/uploads\/LHBF-Place-Holder-2026_600.jpg","contentUrl":"https:\/\/miamibookfair.com\/wp-content\/uploads\/LHBF-Place-Holder-2026_600.jpg","width":600,"height":600,"caption":"LHBF-Place-Holder"},{"@type":"BreadcrumbList","@id":"https:\/\/miamibookfair.com\/event\/reclaiming-history-power-resistance-cultural-memory\/#breadcrumb","itemListElement":[{"@type":"ListItem","position":1,"name":"Home","item":"https:\/\/miamibookfair.com\/"},{"@type":"ListItem","position":2,"name":"Events","item":"https:\/\/miamibookfair.com\/events\/"},{"@type":"ListItem","position":3,"name":"Reclaiming History: Power, Resistance &#038; Cultural Memory"}]},{"@type":"WebSite","@id":"https:\/\/miamibookfair.com\/#website","url":"https:\/\/miamibookfair.com\/","name":"Miami Book Fair","description":"","potentialAction":[{"@type":"SearchAction","target":{"@type":"EntryPoint","urlTemplate":"https:\/\/miamibookfair.com\/?s={search_term_string}"},"query-input":{"@type":"PropertyValueSpecification","valueRequired":true,"valueName":"search_term_string"}}],"inLanguage":"ht"}]}},"_links":{"self":[{"href":"http:\/\/miamibookfair.com\/ht\/wp-json\/wp\/v2\/mec-events\/39032","targetHints":{"allow":["GET"]}}],"collection":[{"href":"http:\/\/miamibookfair.com\/ht\/wp-json\/wp\/v2\/mec-events"}],"about":[{"href":"http:\/\/miamibookfair.com\/ht\/wp-json\/wp\/v2\/types\/mec-events"}],"author":[{"embeddable":true,"href":"http:\/\/miamibookfair.com\/ht\/wp-json\/wp\/v2\/users\/9"}],"version-history":[{"count":0,"href":"http:\/\/miamibookfair.com\/ht\/wp-json\/wp\/v2\/mec-events\/39032\/revisions"}],"wp:featuredmedia":[{"embeddable":true,"href":"http:\/\/miamibookfair.com\/ht\/wp-json\/wp\/v2\/media\/39009"}],"wp:attachment":[{"href":"http:\/\/miamibookfair.com\/ht\/wp-json\/wp\/v2\/media?parent=39032"}],"wp:term":[{"taxonomy":"post_tag","embeddable":true,"href":"http:\/\/miamibookfair.com\/ht\/wp-json\/wp\/v2\/tags?post=39032"},{"taxonomy":"event-format","embeddable":true,"href":"http:\/\/miamibookfair.com\/ht\/wp-json\/wp\/v2\/event-format?post=39032"},{"taxonomy":"event-genre","embeddable":true,"href":"http:\/\/miamibookfair.com\/ht\/wp-json\/wp\/v2\/event-genre?post=39032"},{"taxonomy":"event-language","embeddable":true,"href":"http:\/\/miamibookfair.com\/ht\/wp-json\/wp\/v2\/event-language?post=39032"},{"taxonomy":"event-on-demand-status","embeddable":true,"href":"http:\/\/miamibookfair.com\/ht\/wp-json\/wp\/v2\/event-on-demand-status?post=39032"},{"taxonomy":"event-topic","embeddable":true,"href":"http:\/\/miamibookfair.com\/ht\/wp-json\/wp\/v2\/event-topic?post=39032"},{"taxonomy":"event-type","embeddable":true,"href":"http:\/\/miamibookfair.com\/ht\/wp-json\/wp\/v2\/event-type?post=39032"},{"taxonomy":"featured-image-status","embeddable":true,"href":"http:\/\/miamibookfair.com\/ht\/wp-json\/wp\/v2\/featured-image-status?post=39032"},{"taxonomy":"program-name","embeddable":true,"href":"http:\/\/miamibookfair.com\/ht\/wp-json\/wp\/v2\/program-name?post=39032"},{"taxonomy":"mec_category","embeddable":true,"href":"http:\/\/miamibookfair.com\/ht\/wp-json\/wp\/v2\/mec_category?post=39032"}],"curies":[{"name":"wp","href":"https:\/\/api.w.org\/{rel}","templated":true}]}},{"id":39030,"date":"2026-04-30T14:47:57","date_gmt":"2026-04-30T18:47:57","guid":{"rendered":"https:\/\/miamibookfair.com\/?post_type=mec-events&#038;p=39030"},"modified":"2026-04-30T14:49:49","modified_gmt":"2026-04-30T18:49:49","slug":"across-waters-across-generations-caribbean-becoming","status":"publish","type":"mec-events","link":"http:\/\/miamibookfair.com\/ht\/event\/across-waters-across-generations-caribbean-becoming\/","title":{"rendered":"Across Waters, Across Generations: Caribbean Becoming"},"content":{"rendered":"<p class=\"p1\"><span class=\"s1\">Across Waters, Across Generations: Caribbean Becoming, with\u00a0<b>Edwidge Danticat<\/b>\u00a0(<i>F\u00e8 atansyon pou Iguana k ap tonbe<\/i>),\u00a0<b>Ryan Bachoo<\/b>\u00a0(<i>Yon Rech\u00e8ch San Fen<\/i>), ak\u00a0<b>Dwight Thompson<\/b>\u00a0(<i>Ch\u00e8 P\u00e8p Pa M<\/i>). Pan\u00e8l sa a eksplore kijan idantite Karayib la evolye atrav\u00e8 tan, jeyografi, ak jenerasyon atrav\u00e8 literati. Modere pa jounalis\u00a0<b>Anjanette Delgado<\/b>.\u00a0<\/span><\/p>\n<p class=\"p1\"><span class=\"s1\"><i>An Angl\u00e8.<\/i><\/span><\/p>","protected":false},"excerpt":{"rendered":"<p>Across Waters, Across Generations: Caribbean Becoming, with\u00a0Edwidge Danticat\u00a0(Watch Out for Falling Iguanas),\u00a0Ryan Bachoo\u00a0(An Unending Search), and\u00a0Dwight Thompson\u00a0(My Own Dear People). This panel explores how Caribbean identity evolves across time, geography, and generations through literature. Moderated by journalist\u00a0Anjanette Delgado.\u00a0 In English.<\/p>","protected":false},"author":9,"featured_media":39009,"template":"","meta":{"_acf_changed":false,"_links_to":"","_links_to_target":""},"tags":[],"event-format":[54,50],"event-genre":[],"event-language":[63],"event-on-demand-status":[],"event-topic":[],"event-type":[95],"featured-image-status":[],"program-name":[860,416],"mec_category":[],"class_list":["post-39030","mec-events","type-mec-events","status-publish","has-post-thumbnail","hentry","event-format-discussion","event-format-panel","event-language-english","event-type-year-round-events","program-name-little-haiti-book-festival","program-name-readcaribbean"],"acf":[],"yoast_head":"<!-- This site is optimized with the Yoast SEO plugin v27.4 - https:\/\/yoast.com\/product\/yoast-seo-wordpress\/ -->\n<title>Across Waters, Across Generations: Caribbean Becoming - Miami Book Fair<\/title>\n<meta name=\"robots\" content=\"index, follow, max-snippet:-1, max-image-preview:large, max-video-preview:-1\" \/>\n<link rel=\"canonical\" href=\"https:\/\/miamibookfair.com\/ht\/event\/across-waters-across-generations-caribbean-becoming\/\" \/>\n<meta property=\"og:locale\" content=\"ht_HT\" \/>\n<meta property=\"og:type\" content=\"article\" \/>\n<meta property=\"og:title\" content=\"Across Waters, Across Generations: Caribbean Becoming - Miami Book Fair\" \/>\n<meta property=\"og:description\" content=\"Across Waters, Across Generations: Caribbean Becoming, with\u00a0Edwidge Danticat\u00a0(Watch Out for Falling Iguanas),\u00a0Ryan Bachoo\u00a0(An Unending Search), and\u00a0Dwight Thompson\u00a0(My Own Dear People). This panel explores how Caribbean identity evolves across time, geography, and generations through literature. Moderated by journalist\u00a0Anjanette Delgado.\u00a0 In English.\" \/>\n<meta property=\"og:url\" content=\"https:\/\/miamibookfair.com\/ht\/event\/across-waters-across-generations-caribbean-becoming\/\" \/>\n<meta property=\"og:site_name\" content=\"Miami Book Fair\" \/>\n<meta property=\"article:modified_time\" content=\"2026-04-30T18:49:49+00:00\" \/>\n<meta property=\"og:image\" content=\"https:\/\/miamibookfair.com\/wp-content\/uploads\/LHBF-Place-Holder-2026_600.jpg\" \/>\n\t<meta property=\"og:image:width\" content=\"600\" \/>\n\t<meta property=\"og:image:height\" content=\"600\" \/>\n\t<meta property=\"og:image:type\" content=\"image\/jpeg\" \/>\n<meta name=\"twitter:card\" content=\"summary_large_image\" \/>\n<meta name=\"twitter:label1\" content=\"Est. reading time\" \/>\n\t<meta name=\"twitter:data1\" content=\"1 minute\" \/>\n<script type=\"application\/ld+json\" class=\"yoast-schema-graph\">{\"@context\":\"https:\\\/\\\/schema.org\",\"@graph\":[{\"@type\":\"WebPage\",\"@id\":\"https:\\\/\\\/miamibookfair.com\\\/event\\\/across-waters-across-generations-caribbean-becoming\\\/\",\"url\":\"https:\\\/\\\/miamibookfair.com\\\/event\\\/across-waters-across-generations-caribbean-becoming\\\/\",\"name\":\"Across Waters, Across Generations: Caribbean Becoming - Miami Book Fair\",\"isPartOf\":{\"@id\":\"https:\\\/\\\/miamibookfair.com\\\/#website\"},\"primaryImageOfPage\":{\"@id\":\"https:\\\/\\\/miamibookfair.com\\\/event\\\/across-waters-across-generations-caribbean-becoming\\\/#primaryimage\"},\"image\":{\"@id\":\"https:\\\/\\\/miamibookfair.com\\\/event\\\/across-waters-across-generations-caribbean-becoming\\\/#primaryimage\"},\"thumbnailUrl\":\"https:\\\/\\\/miamibookfair.com\\\/wp-content\\\/uploads\\\/LHBF-Place-Holder-2026_600.jpg\",\"datePublished\":\"2026-04-30T18:47:57+00:00\",\"dateModified\":\"2026-04-30T18:49:49+00:00\",\"breadcrumb\":{\"@id\":\"https:\\\/\\\/miamibookfair.com\\\/event\\\/across-waters-across-generations-caribbean-becoming\\\/#breadcrumb\"},\"inLanguage\":\"ht\",\"potentialAction\":[{\"@type\":\"ReadAction\",\"target\":[\"https:\\\/\\\/miamibookfair.com\\\/event\\\/across-waters-across-generations-caribbean-becoming\\\/\"]}]},{\"@type\":\"ImageObject\",\"inLanguage\":\"ht\",\"@id\":\"https:\\\/\\\/miamibookfair.com\\\/event\\\/across-waters-across-generations-caribbean-becoming\\\/#primaryimage\",\"url\":\"https:\\\/\\\/miamibookfair.com\\\/wp-content\\\/uploads\\\/LHBF-Place-Holder-2026_600.jpg\",\"contentUrl\":\"https:\\\/\\\/miamibookfair.com\\\/wp-content\\\/uploads\\\/LHBF-Place-Holder-2026_600.jpg\",\"width\":600,\"height\":600,\"caption\":\"LHBF-Place-Holder\"},{\"@type\":\"BreadcrumbList\",\"@id\":\"https:\\\/\\\/miamibookfair.com\\\/event\\\/across-waters-across-generations-caribbean-becoming\\\/#breadcrumb\",\"itemListElement\":[{\"@type\":\"ListItem\",\"position\":1,\"name\":\"Home\",\"item\":\"https:\\\/\\\/miamibookfair.com\\\/\"},{\"@type\":\"ListItem\",\"position\":2,\"name\":\"Events\",\"item\":\"https:\\\/\\\/miamibookfair.com\\\/events\\\/\"},{\"@type\":\"ListItem\",\"position\":3,\"name\":\"Across Waters, Across Generations: Caribbean Becoming\"}]},{\"@type\":\"WebSite\",\"@id\":\"https:\\\/\\\/miamibookfair.com\\\/#website\",\"url\":\"https:\\\/\\\/miamibookfair.com\\\/\",\"name\":\"Miami Book Fair\",\"description\":\"\",\"potentialAction\":[{\"@type\":\"SearchAction\",\"target\":{\"@type\":\"EntryPoint\",\"urlTemplate\":\"https:\\\/\\\/miamibookfair.com\\\/?s={search_term_string}\"},\"query-input\":{\"@type\":\"PropertyValueSpecification\",\"valueRequired\":true,\"valueName\":\"search_term_string\"}}],\"inLanguage\":\"ht\"}]}<\/script>\n<!-- \/ Yoast SEO plugin. -->","yoast_head_json":{"title":"Across Waters, Across Generations: Caribbean Becoming - Miami Book Fair","robots":{"index":"index","follow":"follow","max-snippet":"max-snippet:-1","max-image-preview":"max-image-preview:large","max-video-preview":"max-video-preview:-1"},"canonical":"https:\/\/miamibookfair.com\/ht\/event\/across-waters-across-generations-caribbean-becoming\/","og_locale":"ht_HT","og_type":"article","og_title":"Across Waters, Across Generations: Caribbean Becoming - Miami Book Fair","og_description":"Across Waters, Across Generations: Caribbean Becoming, with\u00a0Edwidge Danticat\u00a0(Watch Out for Falling Iguanas),\u00a0Ryan Bachoo\u00a0(An Unending Search), and\u00a0Dwight Thompson\u00a0(My Own Dear People). This panel explores how Caribbean identity evolves across time, geography, and generations through literature. Moderated by journalist\u00a0Anjanette Delgado.\u00a0 In English.","og_url":"https:\/\/miamibookfair.com\/ht\/event\/across-waters-across-generations-caribbean-becoming\/","og_site_name":"Miami Book Fair","article_modified_time":"2026-04-30T18:49:49+00:00","og_image":[{"width":600,"height":600,"url":"https:\/\/miamibookfair.com\/wp-content\/uploads\/LHBF-Place-Holder-2026_600.jpg","type":"image\/jpeg"}],"twitter_card":"summary_large_image","twitter_misc":{"Est. reading time":"1 minute"},"schema":{"@context":"https:\/\/schema.org","@graph":[{"@type":"WebPage","@id":"https:\/\/miamibookfair.com\/event\/across-waters-across-generations-caribbean-becoming\/","url":"https:\/\/miamibookfair.com\/event\/across-waters-across-generations-caribbean-becoming\/","name":"Across Waters, Across Generations: Caribbean Becoming - Miami Book Fair","isPartOf":{"@id":"https:\/\/miamibookfair.com\/#website"},"primaryImageOfPage":{"@id":"https:\/\/miamibookfair.com\/event\/across-waters-across-generations-caribbean-becoming\/#primaryimage"},"image":{"@id":"https:\/\/miamibookfair.com\/event\/across-waters-across-generations-caribbean-becoming\/#primaryimage"},"thumbnailUrl":"https:\/\/miamibookfair.com\/wp-content\/uploads\/LHBF-Place-Holder-2026_600.jpg","datePublished":"2026-04-30T18:47:57+00:00","dateModified":"2026-04-30T18:49:49+00:00","breadcrumb":{"@id":"https:\/\/miamibookfair.com\/event\/across-waters-across-generations-caribbean-becoming\/#breadcrumb"},"inLanguage":"ht","potentialAction":[{"@type":"ReadAction","target":["https:\/\/miamibookfair.com\/event\/across-waters-across-generations-caribbean-becoming\/"]}]},{"@type":"ImageObject","inLanguage":"ht","@id":"https:\/\/miamibookfair.com\/event\/across-waters-across-generations-caribbean-becoming\/#primaryimage","url":"https:\/\/miamibookfair.com\/wp-content\/uploads\/LHBF-Place-Holder-2026_600.jpg","contentUrl":"https:\/\/miamibookfair.com\/wp-content\/uploads\/LHBF-Place-Holder-2026_600.jpg","width":600,"height":600,"caption":"LHBF-Place-Holder"},{"@type":"BreadcrumbList","@id":"https:\/\/miamibookfair.com\/event\/across-waters-across-generations-caribbean-becoming\/#breadcrumb","itemListElement":[{"@type":"ListItem","position":1,"name":"Home","item":"https:\/\/miamibookfair.com\/"},{"@type":"ListItem","position":2,"name":"Events","item":"https:\/\/miamibookfair.com\/events\/"},{"@type":"ListItem","position":3,"name":"Across Waters, Across Generations: Caribbean Becoming"}]},{"@type":"WebSite","@id":"https:\/\/miamibookfair.com\/#website","url":"https:\/\/miamibookfair.com\/","name":"Miami Book Fair","description":"","potentialAction":[{"@type":"SearchAction","target":{"@type":"EntryPoint","urlTemplate":"https:\/\/miamibookfair.com\/?s={search_term_string}"},"query-input":{"@type":"PropertyValueSpecification","valueRequired":true,"valueName":"search_term_string"}}],"inLanguage":"ht"}]}},"_links":{"self":[{"href":"http:\/\/miamibookfair.com\/ht\/wp-json\/wp\/v2\/mec-events\/39030","targetHints":{"allow":["GET"]}}],"collection":[{"href":"http:\/\/miamibookfair.com\/ht\/wp-json\/wp\/v2\/mec-events"}],"about":[{"href":"http:\/\/miamibookfair.com\/ht\/wp-json\/wp\/v2\/types\/mec-events"}],"author":[{"embeddable":true,"href":"http:\/\/miamibookfair.com\/ht\/wp-json\/wp\/v2\/users\/9"}],"version-history":[{"count":0,"href":"http:\/\/miamibookfair.com\/ht\/wp-json\/wp\/v2\/mec-events\/39030\/revisions"}],"wp:featuredmedia":[{"embeddable":true,"href":"http:\/\/miamibookfair.com\/ht\/wp-json\/wp\/v2\/media\/39009"}],"wp:attachment":[{"href":"http:\/\/miamibookfair.com\/ht\/wp-json\/wp\/v2\/media?parent=39030"}],"wp:term":[{"taxonomy":"post_tag","embeddable":true,"href":"http:\/\/miamibookfair.com\/ht\/wp-json\/wp\/v2\/tags?post=39030"},{"taxonomy":"event-format","embeddable":true,"href":"http:\/\/miamibookfair.com\/ht\/wp-json\/wp\/v2\/event-format?post=39030"},{"taxonomy":"event-genre","embeddable":true,"href":"http:\/\/miamibookfair.com\/ht\/wp-json\/wp\/v2\/event-genre?post=39030"},{"taxonomy":"event-language","embeddable":true,"href":"http:\/\/miamibookfair.com\/ht\/wp-json\/wp\/v2\/event-language?post=39030"},{"taxonomy":"event-on-demand-status","embeddable":true,"href":"http:\/\/miamibookfair.com\/ht\/wp-json\/wp\/v2\/event-on-demand-status?post=39030"},{"taxonomy":"event-topic","embeddable":true,"href":"http:\/\/miamibookfair.com\/ht\/wp-json\/wp\/v2\/event-topic?post=39030"},{"taxonomy":"event-type","embeddable":true,"href":"http:\/\/miamibookfair.com\/ht\/wp-json\/wp\/v2\/event-type?post=39030"},{"taxonomy":"featured-image-status","embeddable":true,"href":"http:\/\/miamibookfair.com\/ht\/wp-json\/wp\/v2\/featured-image-status?post=39030"},{"taxonomy":"program-name","embeddable":true,"href":"http:\/\/miamibookfair.com\/ht\/wp-json\/wp\/v2\/program-name?post=39030"},{"taxonomy":"mec_category","embeddable":true,"href":"http:\/\/miamibookfair.com\/ht\/wp-json\/wp\/v2\/mec_category?post=39030"}],"curies":[{"name":"wp","href":"https:\/\/api.w.org\/{rel}","templated":true}]}},{"id":39029,"date":"2026-04-30T14:39:44","date_gmt":"2026-04-30T18:39:44","guid":{"rendered":"https:\/\/miamibookfair.com\/?post_type=mec-events&#038;p=39029"},"modified":"2026-04-30T14:54:21","modified_gmt":"2026-04-30T18:54:21","slug":"vodou-in-the-diaspora-keeping-the-spirit-alive","status":"publish","type":"mec-events","link":"http:\/\/miamibookfair.com\/ht\/event\/vodou-in-the-diaspora-keeping-the-spirit-alive\/","title":{"rendered":"Vodou in the Diaspora: Keeping the Spirit Alive"},"content":{"rendered":"<p class=\"p1\"><span class=\"s1\">Vodou in the Diaspora: Keeping the Spirit Alive<\/span><span class=\"s2\">, av\u00e8k\u00a0<b>Kar\u00f2l Demesmin<\/b>\u00a0epi\u00a0<b>Dokt\u00e8 Jerry M. Gilles<\/b>. Yon refleksyon sou Vodou k\u00f2m yon tradisyon kiltir\u00e8l ak espirity\u00e8l vivan ki soutni idantite ayisyen atrav\u00e8 jenerasyon ak fwonty\u00e8.\u00a0<b>Kare P\u00e8d<\/b>, prezantat\u00e8\u00a0<i>Chokor\u00e8la<\/i>.\u00a0<\/span><\/p>\n<p class=\"p1\"><span class=\"s2\"><i>An Angl\u00e8 ak Krey\u00f2l Ayisyen.<\/i><\/span><\/p>","protected":false},"excerpt":{"rendered":"<p>Vodou in the Diaspora: Keeping the Spirit Alive, with\u00a0Carole Demesmin\u00a0and\u00a0Dr. Jerry M. Gilles. A reflection on Vodou as a living cultural and spiritual tradition sustaining Haitian identity across generations and borders. Moderated by\u00a0Carel Pedre, host of\u00a0Chokarella.\u00a0 In English and Haitian Creole.<\/p>","protected":false},"author":9,"featured_media":39009,"template":"","meta":{"_acf_changed":false,"_links_to":"","_links_to_target":""},"tags":[],"event-format":[54,50],"event-genre":[],"event-language":[63,66],"event-on-demand-status":[],"event-topic":[],"event-type":[95],"featured-image-status":[],"program-name":[860,416],"mec_category":[],"class_list":["post-39029","mec-events","type-mec-events","status-publish","has-post-thumbnail","hentry","event-format-discussion","event-format-panel","event-language-english","event-language-creole","event-type-year-round-events","program-name-little-haiti-book-festival","program-name-readcaribbean"],"acf":[],"yoast_head":"<!-- This site is optimized with the Yoast SEO plugin v27.4 - https:\/\/yoast.com\/product\/yoast-seo-wordpress\/ -->\n<title>Vodou in the Diaspora: Keeping the Spirit Alive - Miami Book Fair<\/title>\n<meta name=\"robots\" content=\"index, follow, max-snippet:-1, max-image-preview:large, max-video-preview:-1\" \/>\n<link rel=\"canonical\" href=\"https:\/\/miamibookfair.com\/ht\/event\/vodou-in-the-diaspora-keeping-the-spirit-alive\/\" \/>\n<meta property=\"og:locale\" content=\"ht_HT\" \/>\n<meta property=\"og:type\" content=\"article\" \/>\n<meta property=\"og:title\" content=\"Vodou in the Diaspora: Keeping the Spirit Alive - Miami Book Fair\" \/>\n<meta property=\"og:description\" content=\"Vodou in the Diaspora: Keeping the Spirit Alive, with\u00a0Carole Demesmin\u00a0and\u00a0Dr. Jerry M. Gilles. A reflection on Vodou as a living cultural and spiritual tradition sustaining Haitian identity across generations and borders. Moderated by\u00a0Carel Pedre, host of\u00a0Chokarella.\u00a0 In English and Haitian Creole.\" \/>\n<meta property=\"og:url\" content=\"https:\/\/miamibookfair.com\/ht\/event\/vodou-in-the-diaspora-keeping-the-spirit-alive\/\" \/>\n<meta property=\"og:site_name\" content=\"Miami Book Fair\" \/>\n<meta property=\"article:modified_time\" content=\"2026-04-30T18:54:21+00:00\" \/>\n<meta property=\"og:image\" content=\"https:\/\/miamibookfair.com\/wp-content\/uploads\/LHBF-Place-Holder-2026_600.jpg\" \/>\n\t<meta property=\"og:image:width\" content=\"600\" \/>\n\t<meta property=\"og:image:height\" content=\"600\" \/>\n\t<meta property=\"og:image:type\" content=\"image\/jpeg\" \/>\n<meta name=\"twitter:card\" content=\"summary_large_image\" \/>\n<meta name=\"twitter:label1\" content=\"Est. reading time\" \/>\n\t<meta name=\"twitter:data1\" content=\"1 minute\" \/>\n<script type=\"application\/ld+json\" class=\"yoast-schema-graph\">{\"@context\":\"https:\\\/\\\/schema.org\",\"@graph\":[{\"@type\":\"WebPage\",\"@id\":\"https:\\\/\\\/miamibookfair.com\\\/event\\\/vodou-in-the-diaspora-keeping-the-spirit-alive\\\/\",\"url\":\"https:\\\/\\\/miamibookfair.com\\\/event\\\/vodou-in-the-diaspora-keeping-the-spirit-alive\\\/\",\"name\":\"Vodou in the Diaspora: Keeping the Spirit Alive - Miami Book Fair\",\"isPartOf\":{\"@id\":\"https:\\\/\\\/miamibookfair.com\\\/#website\"},\"primaryImageOfPage\":{\"@id\":\"https:\\\/\\\/miamibookfair.com\\\/event\\\/vodou-in-the-diaspora-keeping-the-spirit-alive\\\/#primaryimage\"},\"image\":{\"@id\":\"https:\\\/\\\/miamibookfair.com\\\/event\\\/vodou-in-the-diaspora-keeping-the-spirit-alive\\\/#primaryimage\"},\"thumbnailUrl\":\"https:\\\/\\\/miamibookfair.com\\\/wp-content\\\/uploads\\\/LHBF-Place-Holder-2026_600.jpg\",\"datePublished\":\"2026-04-30T18:39:44+00:00\",\"dateModified\":\"2026-04-30T18:54:21+00:00\",\"breadcrumb\":{\"@id\":\"https:\\\/\\\/miamibookfair.com\\\/event\\\/vodou-in-the-diaspora-keeping-the-spirit-alive\\\/#breadcrumb\"},\"inLanguage\":\"ht\",\"potentialAction\":[{\"@type\":\"ReadAction\",\"target\":[\"https:\\\/\\\/miamibookfair.com\\\/event\\\/vodou-in-the-diaspora-keeping-the-spirit-alive\\\/\"]}]},{\"@type\":\"ImageObject\",\"inLanguage\":\"ht\",\"@id\":\"https:\\\/\\\/miamibookfair.com\\\/event\\\/vodou-in-the-diaspora-keeping-the-spirit-alive\\\/#primaryimage\",\"url\":\"https:\\\/\\\/miamibookfair.com\\\/wp-content\\\/uploads\\\/LHBF-Place-Holder-2026_600.jpg\",\"contentUrl\":\"https:\\\/\\\/miamibookfair.com\\\/wp-content\\\/uploads\\\/LHBF-Place-Holder-2026_600.jpg\",\"width\":600,\"height\":600,\"caption\":\"LHBF-Place-Holder\"},{\"@type\":\"BreadcrumbList\",\"@id\":\"https:\\\/\\\/miamibookfair.com\\\/event\\\/vodou-in-the-diaspora-keeping-the-spirit-alive\\\/#breadcrumb\",\"itemListElement\":[{\"@type\":\"ListItem\",\"position\":1,\"name\":\"Home\",\"item\":\"https:\\\/\\\/miamibookfair.com\\\/\"},{\"@type\":\"ListItem\",\"position\":2,\"name\":\"Events\",\"item\":\"https:\\\/\\\/miamibookfair.com\\\/events\\\/\"},{\"@type\":\"ListItem\",\"position\":3,\"name\":\"Vodou in the Diaspora: Keeping the Spirit Alive\"}]},{\"@type\":\"WebSite\",\"@id\":\"https:\\\/\\\/miamibookfair.com\\\/#website\",\"url\":\"https:\\\/\\\/miamibookfair.com\\\/\",\"name\":\"Miami Book Fair\",\"description\":\"\",\"potentialAction\":[{\"@type\":\"SearchAction\",\"target\":{\"@type\":\"EntryPoint\",\"urlTemplate\":\"https:\\\/\\\/miamibookfair.com\\\/?s={search_term_string}\"},\"query-input\":{\"@type\":\"PropertyValueSpecification\",\"valueRequired\":true,\"valueName\":\"search_term_string\"}}],\"inLanguage\":\"ht\"}]}<\/script>\n<!-- \/ Yoast SEO plugin. -->","yoast_head_json":{"title":"Vodou in the Diaspora: Keeping the Spirit Alive - Miami Book Fair","robots":{"index":"index","follow":"follow","max-snippet":"max-snippet:-1","max-image-preview":"max-image-preview:large","max-video-preview":"max-video-preview:-1"},"canonical":"https:\/\/miamibookfair.com\/ht\/event\/vodou-in-the-diaspora-keeping-the-spirit-alive\/","og_locale":"ht_HT","og_type":"article","og_title":"Vodou in the Diaspora: Keeping the Spirit Alive - Miami Book Fair","og_description":"Vodou in the Diaspora: Keeping the Spirit Alive, with\u00a0Carole Demesmin\u00a0and\u00a0Dr. Jerry M. Gilles. A reflection on Vodou as a living cultural and spiritual tradition sustaining Haitian identity across generations and borders. Moderated by\u00a0Carel Pedre, host of\u00a0Chokarella.\u00a0 In English and Haitian Creole.","og_url":"https:\/\/miamibookfair.com\/ht\/event\/vodou-in-the-diaspora-keeping-the-spirit-alive\/","og_site_name":"Miami Book Fair","article_modified_time":"2026-04-30T18:54:21+00:00","og_image":[{"width":600,"height":600,"url":"https:\/\/miamibookfair.com\/wp-content\/uploads\/LHBF-Place-Holder-2026_600.jpg","type":"image\/jpeg"}],"twitter_card":"summary_large_image","twitter_misc":{"Est. reading time":"1 minute"},"schema":{"@context":"https:\/\/schema.org","@graph":[{"@type":"WebPage","@id":"https:\/\/miamibookfair.com\/event\/vodou-in-the-diaspora-keeping-the-spirit-alive\/","url":"https:\/\/miamibookfair.com\/event\/vodou-in-the-diaspora-keeping-the-spirit-alive\/","name":"Vodou in the Diaspora: Keeping the Spirit Alive - Miami Book Fair","isPartOf":{"@id":"https:\/\/miamibookfair.com\/#website"},"primaryImageOfPage":{"@id":"https:\/\/miamibookfair.com\/event\/vodou-in-the-diaspora-keeping-the-spirit-alive\/#primaryimage"},"image":{"@id":"https:\/\/miamibookfair.com\/event\/vodou-in-the-diaspora-keeping-the-spirit-alive\/#primaryimage"},"thumbnailUrl":"https:\/\/miamibookfair.com\/wp-content\/uploads\/LHBF-Place-Holder-2026_600.jpg","datePublished":"2026-04-30T18:39:44+00:00","dateModified":"2026-04-30T18:54:21+00:00","breadcrumb":{"@id":"https:\/\/miamibookfair.com\/event\/vodou-in-the-diaspora-keeping-the-spirit-alive\/#breadcrumb"},"inLanguage":"ht","potentialAction":[{"@type":"ReadAction","target":["https:\/\/miamibookfair.com\/event\/vodou-in-the-diaspora-keeping-the-spirit-alive\/"]}]},{"@type":"ImageObject","inLanguage":"ht","@id":"https:\/\/miamibookfair.com\/event\/vodou-in-the-diaspora-keeping-the-spirit-alive\/#primaryimage","url":"https:\/\/miamibookfair.com\/wp-content\/uploads\/LHBF-Place-Holder-2026_600.jpg","contentUrl":"https:\/\/miamibookfair.com\/wp-content\/uploads\/LHBF-Place-Holder-2026_600.jpg","width":600,"height":600,"caption":"LHBF-Place-Holder"},{"@type":"BreadcrumbList","@id":"https:\/\/miamibookfair.com\/event\/vodou-in-the-diaspora-keeping-the-spirit-alive\/#breadcrumb","itemListElement":[{"@type":"ListItem","position":1,"name":"Home","item":"https:\/\/miamibookfair.com\/"},{"@type":"ListItem","position":2,"name":"Events","item":"https:\/\/miamibookfair.com\/events\/"},{"@type":"ListItem","position":3,"name":"Vodou in the Diaspora: Keeping the Spirit Alive"}]},{"@type":"WebSite","@id":"https:\/\/miamibookfair.com\/#website","url":"https:\/\/miamibookfair.com\/","name":"Miami Book Fair","description":"","potentialAction":[{"@type":"SearchAction","target":{"@type":"EntryPoint","urlTemplate":"https:\/\/miamibookfair.com\/?s={search_term_string}"},"query-input":{"@type":"PropertyValueSpecification","valueRequired":true,"valueName":"search_term_string"}}],"inLanguage":"ht"}]}},"_links":{"self":[{"href":"http:\/\/miamibookfair.com\/ht\/wp-json\/wp\/v2\/mec-events\/39029","targetHints":{"allow":["GET"]}}],"collection":[{"href":"http:\/\/miamibookfair.com\/ht\/wp-json\/wp\/v2\/mec-events"}],"about":[{"href":"http:\/\/miamibookfair.com\/ht\/wp-json\/wp\/v2\/types\/mec-events"}],"author":[{"embeddable":true,"href":"http:\/\/miamibookfair.com\/ht\/wp-json\/wp\/v2\/users\/9"}],"version-history":[{"count":0,"href":"http:\/\/miamibookfair.com\/ht\/wp-json\/wp\/v2\/mec-events\/39029\/revisions"}],"wp:featuredmedia":[{"embeddable":true,"href":"http:\/\/miamibookfair.com\/ht\/wp-json\/wp\/v2\/media\/39009"}],"wp:attachment":[{"href":"http:\/\/miamibookfair.com\/ht\/wp-json\/wp\/v2\/media?parent=39029"}],"wp:term":[{"taxonomy":"post_tag","embeddable":true,"href":"http:\/\/miamibookfair.com\/ht\/wp-json\/wp\/v2\/tags?post=39029"},{"taxonomy":"event-format","embeddable":true,"href":"http:\/\/miamibookfair.com\/ht\/wp-json\/wp\/v2\/event-format?post=39029"},{"taxonomy":"event-genre","embeddable":true,"href":"http:\/\/miamibookfair.com\/ht\/wp-json\/wp\/v2\/event-genre?post=39029"},{"taxonomy":"event-language","embeddable":true,"href":"http:\/\/miamibookfair.com\/ht\/wp-json\/wp\/v2\/event-language?post=39029"},{"taxonomy":"event-on-demand-status","embeddable":true,"href":"http:\/\/miamibookfair.com\/ht\/wp-json\/wp\/v2\/event-on-demand-status?post=39029"},{"taxonomy":"event-topic","embeddable":true,"href":"http:\/\/miamibookfair.com\/ht\/wp-json\/wp\/v2\/event-topic?post=39029"},{"taxonomy":"event-type","embeddable":true,"href":"http:\/\/miamibookfair.com\/ht\/wp-json\/wp\/v2\/event-type?post=39029"},{"taxonomy":"featured-image-status","embeddable":true,"href":"http:\/\/miamibookfair.com\/ht\/wp-json\/wp\/v2\/featured-image-status?post=39029"},{"taxonomy":"program-name","embeddable":true,"href":"http:\/\/miamibookfair.com\/ht\/wp-json\/wp\/v2\/program-name?post=39029"},{"taxonomy":"mec_category","embeddable":true,"href":"http:\/\/miamibookfair.com\/ht\/wp-json\/wp\/v2\/mec_category?post=39029"}],"curies":[{"name":"wp","href":"https:\/\/api.w.org\/{rel}","templated":true}]}},{"id":39019,"date":"2026-04-28T18:44:21","date_gmt":"2026-04-28T22:44:21","guid":{"rendered":"https:\/\/miamibookfair.com\/?post_type=mec-events&#038;p=39019"},"modified":"2026-04-28T18:58:44","modified_gmt":"2026-04-28T22:58:44","slug":"presentacion-del-libro-el-oficio-de-vivir-la-vida-de-fernando-godo","status":"publish","type":"mec-events","link":"http:\/\/miamibookfair.com\/ht\/event\/presentacion-del-libro-el-oficio-de-vivir-la-vida-de-fernando-godo\/","title":{"rendered":"Presentaci\u00f3n del Libro &#8220;El oficio de vivir la vida&#8221; de Fernando Godo"},"content":{"rendered":"<p data-prosemirror-content-type=\"node\" data-prosemirror-node-name=\"paragraph\" data-prosemirror-node-block=\"true\"><strong data-prosemirror-content-type=\"mark\" data-prosemirror-mark-name=\"strong\">RG Publishing<\/strong> y la <strong data-prosemirror-content-type=\"mark\" data-prosemirror-mark-name=\"strong\">Fwa Liv Miami<\/strong> lo invitan a la presentaci\u00f3n de <em data-prosemirror-content-type=\"mark\" data-prosemirror-mark-name=\"em\">El oficio de vivir la vida<\/em> (Memorias de Recaredo Guti\u00e9rrez) de <strong data-prosemirror-content-type=\"mark\" data-prosemirror-mark-name=\"strong\">Fernando Godo<\/strong>. Habr\u00e1 mariachis, brindis y firma de ejemplares.<\/p>\n<h5 data-prosemirror-content-type=\"node\" data-prosemirror-node-name=\"heading\" data-prosemirror-node-block=\"true\"><strong data-prosemirror-content-type=\"mark\" data-prosemirror-mark-name=\"strong\">Sobre el Libro (Rese\u00f1a de Jorge Luis S\u00e1nchez Grass)<\/strong><\/h5>\n<p data-prosemirror-content-type=\"node\" data-prosemirror-node-name=\"paragraph\" data-prosemirror-node-block=\"true\">La obra se describe como mucho m\u00e1s que unas simples memorias; es una &#8220;autobiograf\u00eda coral&#8221; donde el protagonista, Recaredo Guti\u00e9rrez, abre su mente y coraz\u00f3n para ser escrutado por los dem\u00e1s.<\/p>\n<p data-prosemirror-content-type=\"node\" data-prosemirror-node-name=\"paragraph\" data-prosemirror-node-block=\"true\">En el texto conviven personajes variopintos: desde diplom\u00e1ticos y h\u00e9roes hasta &#8220;cabareteras espl\u00e9ndidas&#8221;, pol\u00edticos y figuras ic\u00f3nicas como Beny Mor\u00e9. No es un relato de venganza, sino el ejercicio de memoria de un hombre que sigue siendo un &#8220;estudiante de la universidad de la calle&#8221;, rescatando a cientos de personajes desde la noche de lo ef\u00edmero con un estilo punzante y honesto.<\/p>\n<p data-prosemirror-content-type=\"node\" data-prosemirror-node-name=\"paragraph\" data-prosemirror-node-block=\"true\"><strong data-prosemirror-content-type=\"mark\" data-prosemirror-mark-name=\"strong\">______________<\/strong><\/p>\n<p data-prosemirror-content-type=\"node\" data-prosemirror-node-name=\"paragraph\" data-prosemirror-node-block=\"true\"><strong data-prosemirror-content-type=\"mark\" data-prosemirror-mark-name=\"strong\">Fernando Godo,<\/strong> licenciado en historia, escritor y analista pol\u00edtico, editor en jefe de la Revista 1%. Posee el T\u00edtulo Dalf de la Alianza Francesa de Par\u00eds, es maestro de ajedrez con rating internacional.<\/p>","protected":false},"excerpt":{"rendered":"<p>RG Publishing y la Feria del Libro de Miami lo invitan a la presentaci\u00f3n de El oficio de vivir la vida (Memorias de Recaredo Guti\u00e9rrez) de Fernando Godo. Habr\u00e1 mariachis, brindis y firma de ejemplares. Sobre el Libro (Rese\u00f1a de Jorge Luis S\u00e1nchez Grass) La obra se describe como mucho m\u00e1s que unas simples memorias; [&hellip;]<\/p>\n","protected":false},"author":9,"featured_media":39020,"template":"","meta":{"_acf_changed":false,"_links_to":"","_links_to_target":""},"tags":[],"event-format":[],"event-genre":[],"event-language":[64],"event-on-demand-status":[],"event-topic":[],"event-type":[95],"featured-image-status":[],"program-name":[],"mec_category":[],"class_list":["post-39019","mec-events","type-mec-events","status-publish","has-post-thumbnail","hentry","event-language-spanish","event-type-year-round-events"],"acf":[],"yoast_head":"<!-- This site is optimized with the Yoast SEO plugin v27.4 - https:\/\/yoast.com\/product\/yoast-seo-wordpress\/ -->\n<title>Presentaci\u00f3n del Libro &quot;El oficio de vivir la vida&quot; de Fernando Godo - Miami Book Fair<\/title>\n<meta name=\"robots\" content=\"index, follow, max-snippet:-1, max-image-preview:large, max-video-preview:-1\" \/>\n<link rel=\"canonical\" href=\"https:\/\/miamibookfair.com\/ht\/event\/presentacion-del-libro-el-oficio-de-vivir-la-vida-de-fernando-godo\/\" \/>\n<meta property=\"og:locale\" content=\"ht_HT\" \/>\n<meta property=\"og:type\" content=\"article\" \/>\n<meta property=\"og:title\" content=\"Presentaci\u00f3n del Libro &quot;El oficio de vivir la vida&quot; de Fernando Godo - Miami Book Fair\" \/>\n<meta property=\"og:description\" content=\"RG Publishing y la Feria del Libro de Miami lo invitan a la presentaci\u00f3n de El oficio de vivir la vida (Memorias de Recaredo Guti\u00e9rrez) de Fernando Godo. Habr\u00e1 mariachis, brindis y firma de ejemplares. Sobre el Libro (Rese\u00f1a de Jorge Luis S\u00e1nchez Grass) La obra se describe como mucho m\u00e1s que unas simples memorias; [&hellip;]\" \/>\n<meta property=\"og:url\" content=\"https:\/\/miamibookfair.com\/ht\/event\/presentacion-del-libro-el-oficio-de-vivir-la-vida-de-fernando-godo\/\" \/>\n<meta property=\"og:site_name\" content=\"Miami Book Fair\" \/>\n<meta property=\"article:modified_time\" content=\"2026-04-28T22:58:44+00:00\" \/>\n<meta property=\"og:image\" content=\"https:\/\/miamibookfair.com\/wp-content\/uploads\/El-Oficio-2026_600.jpg\" \/>\n\t<meta property=\"og:image:width\" content=\"600\" \/>\n\t<meta property=\"og:image:height\" content=\"600\" \/>\n\t<meta property=\"og:image:type\" content=\"image\/jpeg\" \/>\n<meta name=\"twitter:card\" content=\"summary_large_image\" \/>\n<meta name=\"twitter:label1\" content=\"Est. reading time\" \/>\n\t<meta name=\"twitter:data1\" content=\"1 minute\" \/>\n<script type=\"application\/ld+json\" class=\"yoast-schema-graph\">{\"@context\":\"https:\\\/\\\/schema.org\",\"@graph\":[{\"@type\":\"WebPage\",\"@id\":\"https:\\\/\\\/miamibookfair.com\\\/event\\\/presentacion-del-libro-el-oficio-de-vivir-la-vida-de-fernando-godo\\\/\",\"url\":\"https:\\\/\\\/miamibookfair.com\\\/event\\\/presentacion-del-libro-el-oficio-de-vivir-la-vida-de-fernando-godo\\\/\",\"name\":\"Presentaci\u00f3n del Libro \\\"El oficio de vivir la vida\\\" de Fernando Godo - Miami Book Fair\",\"isPartOf\":{\"@id\":\"https:\\\/\\\/miamibookfair.com\\\/#website\"},\"primaryImageOfPage\":{\"@id\":\"https:\\\/\\\/miamibookfair.com\\\/event\\\/presentacion-del-libro-el-oficio-de-vivir-la-vida-de-fernando-godo\\\/#primaryimage\"},\"image\":{\"@id\":\"https:\\\/\\\/miamibookfair.com\\\/event\\\/presentacion-del-libro-el-oficio-de-vivir-la-vida-de-fernando-godo\\\/#primaryimage\"},\"thumbnailUrl\":\"https:\\\/\\\/miamibookfair.com\\\/wp-content\\\/uploads\\\/El-Oficio-2026_600.jpg\",\"datePublished\":\"2026-04-28T22:44:21+00:00\",\"dateModified\":\"2026-04-28T22:58:44+00:00\",\"breadcrumb\":{\"@id\":\"https:\\\/\\\/miamibookfair.com\\\/event\\\/presentacion-del-libro-el-oficio-de-vivir-la-vida-de-fernando-godo\\\/#breadcrumb\"},\"inLanguage\":\"ht\",\"potentialAction\":[{\"@type\":\"ReadAction\",\"target\":[\"https:\\\/\\\/miamibookfair.com\\\/event\\\/presentacion-del-libro-el-oficio-de-vivir-la-vida-de-fernando-godo\\\/\"]}]},{\"@type\":\"ImageObject\",\"inLanguage\":\"ht\",\"@id\":\"https:\\\/\\\/miamibookfair.com\\\/event\\\/presentacion-del-libro-el-oficio-de-vivir-la-vida-de-fernando-godo\\\/#primaryimage\",\"url\":\"https:\\\/\\\/miamibookfair.com\\\/wp-content\\\/uploads\\\/El-Oficio-2026_600.jpg\",\"contentUrl\":\"https:\\\/\\\/miamibookfair.com\\\/wp-content\\\/uploads\\\/El-Oficio-2026_600.jpg\",\"width\":600,\"height\":600,\"caption\":\"El Oficio de Vivir la vida\"},{\"@type\":\"BreadcrumbList\",\"@id\":\"https:\\\/\\\/miamibookfair.com\\\/event\\\/presentacion-del-libro-el-oficio-de-vivir-la-vida-de-fernando-godo\\\/#breadcrumb\",\"itemListElement\":[{\"@type\":\"ListItem\",\"position\":1,\"name\":\"Home\",\"item\":\"https:\\\/\\\/miamibookfair.com\\\/\"},{\"@type\":\"ListItem\",\"position\":2,\"name\":\"Events\",\"item\":\"https:\\\/\\\/miamibookfair.com\\\/events\\\/\"},{\"@type\":\"ListItem\",\"position\":3,\"name\":\"Presentaci\u00f3n del Libro &#8220;El oficio de vivir la vida&#8221; de Fernando Godo\"}]},{\"@type\":\"WebSite\",\"@id\":\"https:\\\/\\\/miamibookfair.com\\\/#website\",\"url\":\"https:\\\/\\\/miamibookfair.com\\\/\",\"name\":\"Miami Book Fair\",\"description\":\"\",\"potentialAction\":[{\"@type\":\"SearchAction\",\"target\":{\"@type\":\"EntryPoint\",\"urlTemplate\":\"https:\\\/\\\/miamibookfair.com\\\/?s={search_term_string}\"},\"query-input\":{\"@type\":\"PropertyValueSpecification\",\"valueRequired\":true,\"valueName\":\"search_term_string\"}}],\"inLanguage\":\"ht\"}]}<\/script>\n<!-- \/ Yoast SEO plugin. -->","yoast_head_json":{"title":"Presentaci\u00f3n del Libro \"El oficio de vivir la vida\" de Fernando Godo - Miami Book Fair","robots":{"index":"index","follow":"follow","max-snippet":"max-snippet:-1","max-image-preview":"max-image-preview:large","max-video-preview":"max-video-preview:-1"},"canonical":"https:\/\/miamibookfair.com\/ht\/event\/presentacion-del-libro-el-oficio-de-vivir-la-vida-de-fernando-godo\/","og_locale":"ht_HT","og_type":"article","og_title":"Presentaci\u00f3n del Libro \"El oficio de vivir la vida\" de Fernando Godo - Miami Book Fair","og_description":"RG Publishing y la Feria del Libro de Miami lo invitan a la presentaci\u00f3n de El oficio de vivir la vida (Memorias de Recaredo Guti\u00e9rrez) de Fernando Godo. Habr\u00e1 mariachis, brindis y firma de ejemplares. Sobre el Libro (Rese\u00f1a de Jorge Luis S\u00e1nchez Grass) La obra se describe como mucho m\u00e1s que unas simples memorias; [&hellip;]","og_url":"https:\/\/miamibookfair.com\/ht\/event\/presentacion-del-libro-el-oficio-de-vivir-la-vida-de-fernando-godo\/","og_site_name":"Miami Book Fair","article_modified_time":"2026-04-28T22:58:44+00:00","og_image":[{"width":600,"height":600,"url":"https:\/\/miamibookfair.com\/wp-content\/uploads\/El-Oficio-2026_600.jpg","type":"image\/jpeg"}],"twitter_card":"summary_large_image","twitter_misc":{"Est. reading time":"1 minute"},"schema":{"@context":"https:\/\/schema.org","@graph":[{"@type":"WebPage","@id":"https:\/\/miamibookfair.com\/event\/presentacion-del-libro-el-oficio-de-vivir-la-vida-de-fernando-godo\/","url":"https:\/\/miamibookfair.com\/event\/presentacion-del-libro-el-oficio-de-vivir-la-vida-de-fernando-godo\/","name":"Presentaci\u00f3n del Libro \"El oficio de vivir la vida\" de Fernando Godo - Miami Book Fair","isPartOf":{"@id":"https:\/\/miamibookfair.com\/#website"},"primaryImageOfPage":{"@id":"https:\/\/miamibookfair.com\/event\/presentacion-del-libro-el-oficio-de-vivir-la-vida-de-fernando-godo\/#primaryimage"},"image":{"@id":"https:\/\/miamibookfair.com\/event\/presentacion-del-libro-el-oficio-de-vivir-la-vida-de-fernando-godo\/#primaryimage"},"thumbnailUrl":"https:\/\/miamibookfair.com\/wp-content\/uploads\/El-Oficio-2026_600.jpg","datePublished":"2026-04-28T22:44:21+00:00","dateModified":"2026-04-28T22:58:44+00:00","breadcrumb":{"@id":"https:\/\/miamibookfair.com\/event\/presentacion-del-libro-el-oficio-de-vivir-la-vida-de-fernando-godo\/#breadcrumb"},"inLanguage":"ht","potentialAction":[{"@type":"ReadAction","target":["https:\/\/miamibookfair.com\/event\/presentacion-del-libro-el-oficio-de-vivir-la-vida-de-fernando-godo\/"]}]},{"@type":"ImageObject","inLanguage":"ht","@id":"https:\/\/miamibookfair.com\/event\/presentacion-del-libro-el-oficio-de-vivir-la-vida-de-fernando-godo\/#primaryimage","url":"https:\/\/miamibookfair.com\/wp-content\/uploads\/El-Oficio-2026_600.jpg","contentUrl":"https:\/\/miamibookfair.com\/wp-content\/uploads\/El-Oficio-2026_600.jpg","width":600,"height":600,"caption":"El Oficio de Vivir la vida"},{"@type":"BreadcrumbList","@id":"https:\/\/miamibookfair.com\/event\/presentacion-del-libro-el-oficio-de-vivir-la-vida-de-fernando-godo\/#breadcrumb","itemListElement":[{"@type":"ListItem","position":1,"name":"Home","item":"https:\/\/miamibookfair.com\/"},{"@type":"ListItem","position":2,"name":"Events","item":"https:\/\/miamibookfair.com\/events\/"},{"@type":"ListItem","position":3,"name":"Presentaci\u00f3n del Libro &#8220;El oficio de vivir la vida&#8221; de Fernando Godo"}]},{"@type":"WebSite","@id":"https:\/\/miamibookfair.com\/#website","url":"https:\/\/miamibookfair.com\/","name":"Miami Book Fair","description":"","potentialAction":[{"@type":"SearchAction","target":{"@type":"EntryPoint","urlTemplate":"https:\/\/miamibookfair.com\/?s={search_term_string}"},"query-input":{"@type":"PropertyValueSpecification","valueRequired":true,"valueName":"search_term_string"}}],"inLanguage":"ht"}]}},"_links":{"self":[{"href":"http:\/\/miamibookfair.com\/ht\/wp-json\/wp\/v2\/mec-events\/39019","targetHints":{"allow":["GET"]}}],"collection":[{"href":"http:\/\/miamibookfair.com\/ht\/wp-json\/wp\/v2\/mec-events"}],"about":[{"href":"http:\/\/miamibookfair.com\/ht\/wp-json\/wp\/v2\/types\/mec-events"}],"author":[{"embeddable":true,"href":"http:\/\/miamibookfair.com\/ht\/wp-json\/wp\/v2\/users\/9"}],"version-history":[{"count":0,"href":"http:\/\/miamibookfair.com\/ht\/wp-json\/wp\/v2\/mec-events\/39019\/revisions"}],"wp:featuredmedia":[{"embeddable":true,"href":"http:\/\/miamibookfair.com\/ht\/wp-json\/wp\/v2\/media\/39020"}],"wp:attachment":[{"href":"http:\/\/miamibookfair.com\/ht\/wp-json\/wp\/v2\/media?parent=39019"}],"wp:term":[{"taxonomy":"post_tag","embeddable":true,"href":"http:\/\/miamibookfair.com\/ht\/wp-json\/wp\/v2\/tags?post=39019"},{"taxonomy":"event-format","embeddable":true,"href":"http:\/\/miamibookfair.com\/ht\/wp-json\/wp\/v2\/event-format?post=39019"},{"taxonomy":"event-genre","embeddable":true,"href":"http:\/\/miamibookfair.com\/ht\/wp-json\/wp\/v2\/event-genre?post=39019"},{"taxonomy":"event-language","embeddable":true,"href":"http:\/\/miamibookfair.com\/ht\/wp-json\/wp\/v2\/event-language?post=39019"},{"taxonomy":"event-on-demand-status","embeddable":true,"href":"http:\/\/miamibookfair.com\/ht\/wp-json\/wp\/v2\/event-on-demand-status?post=39019"},{"taxonomy":"event-topic","embeddable":true,"href":"http:\/\/miamibookfair.com\/ht\/wp-json\/wp\/v2\/event-topic?post=39019"},{"taxonomy":"event-type","embeddable":true,"href":"http:\/\/miamibookfair.com\/ht\/wp-json\/wp\/v2\/event-type?post=39019"},{"taxonomy":"featured-image-status","embeddable":true,"href":"http:\/\/miamibookfair.com\/ht\/wp-json\/wp\/v2\/featured-image-status?post=39019"},{"taxonomy":"program-name","embeddable":true,"href":"http:\/\/miamibookfair.com\/ht\/wp-json\/wp\/v2\/program-name?post=39019"},{"taxonomy":"mec_category","embeddable":true,"href":"http:\/\/miamibookfair.com\/ht\/wp-json\/wp\/v2\/mec_category?post=39019"}],"curies":[{"name":"wp","href":"https:\/\/api.w.org\/{rel}","templated":true}]}},{"id":39015,"date":"2026-04-28T15:29:51","date_gmt":"2026-04-28T19:29:51","guid":{"rendered":"https:\/\/miamibookfair.com\/?post_type=mec-events&#038;p=39015"},"modified":"2026-04-30T10:42:27","modified_gmt":"2026-04-30T14:42:27","slug":"tomate-una-copa-y-escribe-mejor-con-rosie-inguanzo-2","status":"publish","type":"mec-events","link":"http:\/\/miamibookfair.com\/ht\/event\/tomate-una-copa-y-escribe-mejor-con-rosie-inguanzo-2\/","title":{"rendered":"T\u00f3mate una copa, y escribe mejor! con Rosie Inguanzo"},"content":{"rendered":"<p data-prosemirror-content-type=\"node\" data-prosemirror-node-name=\"paragraph\" data-prosemirror-node-block=\"true\">Yon ti diskisyon liter\u00e8 gide. Bay edit\u00e8 ent\u00e8n ou a yon gwo d\u00f2z alk\u00f2l epi eksprime t\u00e8t ou ak lib\u00e8te.<\/p>\n<p data-prosemirror-content-type=\"node\" data-prosemirror-node-name=\"paragraph\" data-prosemirror-node-block=\"true\">As\u00ed es como funciona: Te damos un tema, escribes diez minutos, si quieres compartes con el resto de los participantes. Hacemos una pausa para socializar y tomar una copa.<\/p>\n<p data-prosemirror-content-type=\"node\" data-prosemirror-node-name=\"paragraph\" data-prosemirror-node-block=\"true\"><strong data-prosemirror-content-type=\"mark\" data-prosemirror-mark-name=\"strong\">______________<\/strong><\/p>\n<p data-prosemirror-content-type=\"node\" data-prosemirror-node-name=\"paragraph\" data-prosemirror-node-block=\"true\"><strong data-prosemirror-content-type=\"mark\" data-prosemirror-mark-name=\"strong\">Woz\u00ec Inguanzo<\/strong> ROSIE INGUANZO (Kiba, 1966) se yon ekriven, aktris ak p\u00e8f\u00f2m\u00e8. Li ent\u00e8prete alter ego li, Eslinda Cifuentes, nan p\u00e8f\u00f2mans ansanm ak violonis ak konpozit\u00e8 Alfredo Triff. Li gen yon doktora nan literati ib\u00e8roameriken e li se yon pwofes\u00e8 iniv\u00e8sit\u00e8. Li pibliye woman La Habana sentimental (Bokeh, 2018) ak liv pwezi Deseo de donde se era (Nos y Otros Editores, 2001), La vida de la vida (Hypermedia, 2018) ak Baladas crueles (Ediciones Furtivas, 2023).<\/p>\n<p data-prosemirror-content-type=\"node\" data-prosemirror-node-name=\"paragraph\" data-prosemirror-node-block=\"true\"><img decoding=\"async\" class=\"wp-image-39016 aligncenter\" src=\"https:\/\/miamibookfair.com\/wp-content\/uploads\/IMAGO-POR-LAS-ARTES-LOGO-300x298.png\" alt=\"IMAGO Logo\" width=\"87\" height=\"86\" srcset=\"https:\/\/miamibookfair.com\/wp-content\/uploads\/IMAGO-POR-LAS-ARTES-LOGO-300x300.png 300w, https:\/\/miamibookfair.com\/wp-content\/uploads\/IMAGO-POR-LAS-ARTES-LOGO-1024x1018.png 1024w, https:\/\/miamibookfair.com\/wp-content\/uploads\/IMAGO-POR-LAS-ARTES-LOGO-150x150.png 150w, https:\/\/miamibookfair.com\/wp-content\/uploads\/IMAGO-POR-LAS-ARTES-LOGO-768x764.png 768w, https:\/\/miamibookfair.com\/wp-content\/uploads\/IMAGO-POR-LAS-ARTES-LOGO-500x500.png 500w, https:\/\/miamibookfair.com\/wp-content\/uploads\/IMAGO-POR-LAS-ARTES-LOGO-1536x1527.png 1536w, https:\/\/miamibookfair.com\/wp-content\/uploads\/IMAGO-POR-LAS-ARTES-LOGO-2048x2037.png 2048w, https:\/\/miamibookfair.com\/wp-content\/uploads\/IMAGO-POR-LAS-ARTES-LOGO-12x12.png 12w\" sizes=\"(max-width: 87px) 100vw, 87px\" \/><\/p>","protected":false},"excerpt":{"rendered":"<p>Una tertulia literaria guiada. Embriaga a tu editor interno y expr\u00e9sate con libertad. As\u00ed es como funciona: Te damos un tema, escribes diez minutos, si quieres compartes con el resto de los participantes. Hacemos una pausa para socializar y tomar una copa. ______________ Rosie Inguanzo (Cuba, 1966) es escritora, actriz y performer. Caracteriza a su [&hellip;]<\/p>\n","protected":false},"author":9,"featured_media":39017,"template":"","meta":{"_acf_changed":false,"_links_to":"","_links_to_target":""},"tags":[],"event-format":[],"event-genre":[],"event-language":[64],"event-on-demand-status":[],"event-topic":[],"event-type":[95],"featured-image-status":[],"program-name":[439],"mec_category":[],"class_list":["post-39015","mec-events","type-mec-events","status-publish","has-post-thumbnail","hentry","event-language-spanish","event-type-year-round-events","program-name-tomate-una-copa-y-escribe-mejor"],"acf":[],"yoast_head":"<!-- This site is optimized with the Yoast SEO plugin v27.4 - https:\/\/yoast.com\/product\/yoast-seo-wordpress\/ -->\n<title>T\u00f3mate una copa, y escribe mejor! con Rosie Inguanzo - Miami Book Fair<\/title>\n<meta name=\"robots\" content=\"index, follow, max-snippet:-1, max-image-preview:large, max-video-preview:-1\" \/>\n<link rel=\"canonical\" href=\"https:\/\/miamibookfair.com\/ht\/event\/tomate-una-copa-y-escribe-mejor-con-rosie-inguanzo-2\/\" \/>\n<meta property=\"og:locale\" content=\"ht_HT\" \/>\n<meta property=\"og:type\" content=\"article\" \/>\n<meta property=\"og:title\" content=\"T\u00f3mate una copa, y escribe mejor! con Rosie Inguanzo - Miami Book Fair\" \/>\n<meta property=\"og:description\" content=\"Una tertulia literaria guiada. Embriaga a tu editor interno y expr\u00e9sate con libertad. As\u00ed es como funciona: Te damos un tema, escribes diez minutos, si quieres compartes con el resto de los participantes. Hacemos una pausa para socializar y tomar una copa. ______________ Rosie Inguanzo (Cuba, 1966) es escritora, actriz y performer. Caracteriza a su [&hellip;]\" \/>\n<meta property=\"og:url\" content=\"https:\/\/miamibookfair.com\/ht\/event\/tomate-una-copa-y-escribe-mejor-con-rosie-inguanzo-2\/\" \/>\n<meta property=\"og:site_name\" content=\"Miami Book Fair\" \/>\n<meta property=\"article:modified_time\" content=\"2026-04-30T14:42:27+00:00\" \/>\n<meta property=\"og:image\" content=\"https:\/\/miamibookfair.com\/wp-content\/uploads\/Inguanzo_Rosie-2026_600.jpg\" \/>\n\t<meta property=\"og:image:width\" content=\"600\" \/>\n\t<meta property=\"og:image:height\" content=\"600\" \/>\n\t<meta property=\"og:image:type\" content=\"image\/jpeg\" \/>\n<meta name=\"twitter:card\" content=\"summary_large_image\" \/>\n<meta name=\"twitter:label1\" content=\"Est. reading time\" \/>\n\t<meta name=\"twitter:data1\" content=\"1 minute\" \/>\n<script type=\"application\/ld+json\" class=\"yoast-schema-graph\">{\"@context\":\"https:\\\/\\\/schema.org\",\"@graph\":[{\"@type\":\"WebPage\",\"@id\":\"https:\\\/\\\/miamibookfair.com\\\/event\\\/tomate-una-copa-y-escribe-mejor-con-rosie-inguanzo-2\\\/\",\"url\":\"https:\\\/\\\/miamibookfair.com\\\/event\\\/tomate-una-copa-y-escribe-mejor-con-rosie-inguanzo-2\\\/\",\"name\":\"T\u00f3mate una copa, y escribe mejor! con Rosie Inguanzo - Miami Book Fair\",\"isPartOf\":{\"@id\":\"https:\\\/\\\/miamibookfair.com\\\/#website\"},\"primaryImageOfPage\":{\"@id\":\"https:\\\/\\\/miamibookfair.com\\\/event\\\/tomate-una-copa-y-escribe-mejor-con-rosie-inguanzo-2\\\/#primaryimage\"},\"image\":{\"@id\":\"https:\\\/\\\/miamibookfair.com\\\/event\\\/tomate-una-copa-y-escribe-mejor-con-rosie-inguanzo-2\\\/#primaryimage\"},\"thumbnailUrl\":\"https:\\\/\\\/miamibookfair.com\\\/wp-content\\\/uploads\\\/Inguanzo_Rosie-2026_600.jpg\",\"datePublished\":\"2026-04-28T19:29:51+00:00\",\"dateModified\":\"2026-04-30T14:42:27+00:00\",\"breadcrumb\":{\"@id\":\"https:\\\/\\\/miamibookfair.com\\\/event\\\/tomate-una-copa-y-escribe-mejor-con-rosie-inguanzo-2\\\/#breadcrumb\"},\"inLanguage\":\"ht\",\"potentialAction\":[{\"@type\":\"ReadAction\",\"target\":[\"https:\\\/\\\/miamibookfair.com\\\/event\\\/tomate-una-copa-y-escribe-mejor-con-rosie-inguanzo-2\\\/\"]}]},{\"@type\":\"ImageObject\",\"inLanguage\":\"ht\",\"@id\":\"https:\\\/\\\/miamibookfair.com\\\/event\\\/tomate-una-copa-y-escribe-mejor-con-rosie-inguanzo-2\\\/#primaryimage\",\"url\":\"https:\\\/\\\/miamibookfair.com\\\/wp-content\\\/uploads\\\/Inguanzo_Rosie-2026_600.jpg\",\"contentUrl\":\"https:\\\/\\\/miamibookfair.com\\\/wp-content\\\/uploads\\\/Inguanzo_Rosie-2026_600.jpg\",\"width\":600,\"height\":600,\"caption\":\"Rosie Inguanzo\"},{\"@type\":\"BreadcrumbList\",\"@id\":\"https:\\\/\\\/miamibookfair.com\\\/event\\\/tomate-una-copa-y-escribe-mejor-con-rosie-inguanzo-2\\\/#breadcrumb\",\"itemListElement\":[{\"@type\":\"ListItem\",\"position\":1,\"name\":\"Home\",\"item\":\"https:\\\/\\\/miamibookfair.com\\\/\"},{\"@type\":\"ListItem\",\"position\":2,\"name\":\"Events\",\"item\":\"https:\\\/\\\/miamibookfair.com\\\/events\\\/\"},{\"@type\":\"ListItem\",\"position\":3,\"name\":\"T\u00f3mate una copa, y escribe mejor! con Rosie Inguanzo\"}]},{\"@type\":\"WebSite\",\"@id\":\"https:\\\/\\\/miamibookfair.com\\\/#website\",\"url\":\"https:\\\/\\\/miamibookfair.com\\\/\",\"name\":\"Miami Book Fair\",\"description\":\"\",\"potentialAction\":[{\"@type\":\"SearchAction\",\"target\":{\"@type\":\"EntryPoint\",\"urlTemplate\":\"https:\\\/\\\/miamibookfair.com\\\/?s={search_term_string}\"},\"query-input\":{\"@type\":\"PropertyValueSpecification\",\"valueRequired\":true,\"valueName\":\"search_term_string\"}}],\"inLanguage\":\"ht\"}]}<\/script>\n<!-- \/ Yoast SEO plugin. -->","yoast_head_json":{"title":"T\u00f3mate una copa, y escribe mejor! con Rosie Inguanzo - Miami Book Fair","robots":{"index":"index","follow":"follow","max-snippet":"max-snippet:-1","max-image-preview":"max-image-preview:large","max-video-preview":"max-video-preview:-1"},"canonical":"https:\/\/miamibookfair.com\/ht\/event\/tomate-una-copa-y-escribe-mejor-con-rosie-inguanzo-2\/","og_locale":"ht_HT","og_type":"article","og_title":"T\u00f3mate una copa, y escribe mejor! con Rosie Inguanzo - Miami Book Fair","og_description":"Una tertulia literaria guiada. Embriaga a tu editor interno y expr\u00e9sate con libertad. As\u00ed es como funciona: Te damos un tema, escribes diez minutos, si quieres compartes con el resto de los participantes. Hacemos una pausa para socializar y tomar una copa. ______________ Rosie Inguanzo (Cuba, 1966) es escritora, actriz y performer. Caracteriza a su [&hellip;]","og_url":"https:\/\/miamibookfair.com\/ht\/event\/tomate-una-copa-y-escribe-mejor-con-rosie-inguanzo-2\/","og_site_name":"Miami Book Fair","article_modified_time":"2026-04-30T14:42:27+00:00","og_image":[{"width":600,"height":600,"url":"https:\/\/miamibookfair.com\/wp-content\/uploads\/Inguanzo_Rosie-2026_600.jpg","type":"image\/jpeg"}],"twitter_card":"summary_large_image","twitter_misc":{"Est. reading time":"1 minute"},"schema":{"@context":"https:\/\/schema.org","@graph":[{"@type":"WebPage","@id":"https:\/\/miamibookfair.com\/event\/tomate-una-copa-y-escribe-mejor-con-rosie-inguanzo-2\/","url":"https:\/\/miamibookfair.com\/event\/tomate-una-copa-y-escribe-mejor-con-rosie-inguanzo-2\/","name":"T\u00f3mate una copa, y escribe mejor! con Rosie Inguanzo - Miami Book Fair","isPartOf":{"@id":"https:\/\/miamibookfair.com\/#website"},"primaryImageOfPage":{"@id":"https:\/\/miamibookfair.com\/event\/tomate-una-copa-y-escribe-mejor-con-rosie-inguanzo-2\/#primaryimage"},"image":{"@id":"https:\/\/miamibookfair.com\/event\/tomate-una-copa-y-escribe-mejor-con-rosie-inguanzo-2\/#primaryimage"},"thumbnailUrl":"https:\/\/miamibookfair.com\/wp-content\/uploads\/Inguanzo_Rosie-2026_600.jpg","datePublished":"2026-04-28T19:29:51+00:00","dateModified":"2026-04-30T14:42:27+00:00","breadcrumb":{"@id":"https:\/\/miamibookfair.com\/event\/tomate-una-copa-y-escribe-mejor-con-rosie-inguanzo-2\/#breadcrumb"},"inLanguage":"ht","potentialAction":[{"@type":"ReadAction","target":["https:\/\/miamibookfair.com\/event\/tomate-una-copa-y-escribe-mejor-con-rosie-inguanzo-2\/"]}]},{"@type":"ImageObject","inLanguage":"ht","@id":"https:\/\/miamibookfair.com\/event\/tomate-una-copa-y-escribe-mejor-con-rosie-inguanzo-2\/#primaryimage","url":"https:\/\/miamibookfair.com\/wp-content\/uploads\/Inguanzo_Rosie-2026_600.jpg","contentUrl":"https:\/\/miamibookfair.com\/wp-content\/uploads\/Inguanzo_Rosie-2026_600.jpg","width":600,"height":600,"caption":"Rosie Inguanzo"},{"@type":"BreadcrumbList","@id":"https:\/\/miamibookfair.com\/event\/tomate-una-copa-y-escribe-mejor-con-rosie-inguanzo-2\/#breadcrumb","itemListElement":[{"@type":"ListItem","position":1,"name":"Home","item":"https:\/\/miamibookfair.com\/"},{"@type":"ListItem","position":2,"name":"Events","item":"https:\/\/miamibookfair.com\/events\/"},{"@type":"ListItem","position":3,"name":"T\u00f3mate una copa, y escribe mejor! con Rosie Inguanzo"}]},{"@type":"WebSite","@id":"https:\/\/miamibookfair.com\/#website","url":"https:\/\/miamibookfair.com\/","name":"Miami Book Fair","description":"","potentialAction":[{"@type":"SearchAction","target":{"@type":"EntryPoint","urlTemplate":"https:\/\/miamibookfair.com\/?s={search_term_string}"},"query-input":{"@type":"PropertyValueSpecification","valueRequired":true,"valueName":"search_term_string"}}],"inLanguage":"ht"}]}},"_links":{"self":[{"href":"http:\/\/miamibookfair.com\/ht\/wp-json\/wp\/v2\/mec-events\/39015","targetHints":{"allow":["GET"]}}],"collection":[{"href":"http:\/\/miamibookfair.com\/ht\/wp-json\/wp\/v2\/mec-events"}],"about":[{"href":"http:\/\/miamibookfair.com\/ht\/wp-json\/wp\/v2\/types\/mec-events"}],"author":[{"embeddable":true,"href":"http:\/\/miamibookfair.com\/ht\/wp-json\/wp\/v2\/users\/9"}],"version-history":[{"count":0,"href":"http:\/\/miamibookfair.com\/ht\/wp-json\/wp\/v2\/mec-events\/39015\/revisions"}],"wp:featuredmedia":[{"embeddable":true,"href":"http:\/\/miamibookfair.com\/ht\/wp-json\/wp\/v2\/media\/39017"}],"wp:attachment":[{"href":"http:\/\/miamibookfair.com\/ht\/wp-json\/wp\/v2\/media?parent=39015"}],"wp:term":[{"taxonomy":"post_tag","embeddable":true,"href":"http:\/\/miamibookfair.com\/ht\/wp-json\/wp\/v2\/tags?post=39015"},{"taxonomy":"event-format","embeddable":true,"href":"http:\/\/miamibookfair.com\/ht\/wp-json\/wp\/v2\/event-format?post=39015"},{"taxonomy":"event-genre","embeddable":true,"href":"http:\/\/miamibookfair.com\/ht\/wp-json\/wp\/v2\/event-genre?post=39015"},{"taxonomy":"event-language","embeddable":true,"href":"http:\/\/miamibookfair.com\/ht\/wp-json\/wp\/v2\/event-language?post=39015"},{"taxonomy":"event-on-demand-status","embeddable":true,"href":"http:\/\/miamibookfair.com\/ht\/wp-json\/wp\/v2\/event-on-demand-status?post=39015"},{"taxonomy":"event-topic","embeddable":true,"href":"http:\/\/miamibookfair.com\/ht\/wp-json\/wp\/v2\/event-topic?post=39015"},{"taxonomy":"event-type","embeddable":true,"href":"http:\/\/miamibookfair.com\/ht\/wp-json\/wp\/v2\/event-type?post=39015"},{"taxonomy":"featured-image-status","embeddable":true,"href":"http:\/\/miamibookfair.com\/ht\/wp-json\/wp\/v2\/featured-image-status?post=39015"},{"taxonomy":"program-name","embeddable":true,"href":"http:\/\/miamibookfair.com\/ht\/wp-json\/wp\/v2\/program-name?post=39015"},{"taxonomy":"mec_category","embeddable":true,"href":"http:\/\/miamibookfair.com\/ht\/wp-json\/wp\/v2\/mec_category?post=39015"}],"curies":[{"name":"wp","href":"https:\/\/api.w.org\/{rel}","templated":true}]}},{"id":39006,"date":"2026-04-24T13:42:17","date_gmt":"2026-04-24T17:42:17","guid":{"rendered":"https:\/\/miamibookfair.com\/?post_type=mec-events&#038;p=39006"},"modified":"2026-04-24T13:48:54","modified_gmt":"2026-04-24T17:48:54","slug":"haitian-health-mind-body-community","status":"publish","type":"mec-events","link":"http:\/\/miamibookfair.com\/ht\/event\/haitian-health-mind-body-community\/","title":{"rendered":"Haitian Health: Mind, Body &#038; Community"},"content":{"rendered":"<p class=\"p1\"><span class=\"s1\">Haitian Health: Mind, Body &amp; Community, with\u00a0<b>Dokt\u00e8 Judite Blan<\/b>,\u00a0<b>Dokt\u00e8 Jean-Baptiste Charlot<\/b>, ak\u00a0<b>Dokt\u00e8 Angelo Gousse<\/b>. Yon diskisyon sou byenn\u00e8t mantal, sante fizik, ak fakt\u00e8 kiltir\u00e8l k ap f\u00f2me gerizon ak rezilyans nan kominote ayisyen yo. Modere pa\u00a0<b>Kare P\u00e8d<\/b>, prezantat\u00e8\u00a0<i>Chokor\u00e8la<\/i>.\u00a0<\/span><\/p>\n<p class=\"p1\"><span class=\"s1\"><i>An Angl\u00e8.<\/i><\/span><\/p>\n<p>&nbsp;<\/p>","protected":false},"excerpt":{"rendered":"<p>Haitian Health: Mind, Body &amp; Community, with\u00a0Dr. Judite Blanc,\u00a0Dr. Jean-Baptiste Charlot, and\u00a0Dr. Angelo Gousse. A discussion on mental wellness, physical health, and the cultural factors shaping healing and resilience in Haitian communities. Moderated by\u00a0Carel Pedre, host of\u00a0Chokarella.\u00a0 In English. &nbsp;<\/p>","protected":false},"author":9,"featured_media":39009,"template":"","meta":{"_acf_changed":false,"_links_to":"","_links_to_target":""},"tags":[],"event-format":[54,50],"event-genre":[],"event-language":[63],"event-on-demand-status":[],"event-topic":[],"event-type":[95],"featured-image-status":[],"program-name":[860,416],"mec_category":[],"class_list":["post-39006","mec-events","type-mec-events","status-publish","has-post-thumbnail","hentry","event-format-discussion","event-format-panel","event-language-english","event-type-year-round-events","program-name-little-haiti-book-festival","program-name-readcaribbean"],"acf":[],"yoast_head":"<!-- This site is optimized with the Yoast SEO plugin v27.4 - https:\/\/yoast.com\/product\/yoast-seo-wordpress\/ -->\n<title>Haitian Health: Mind, Body &amp; Community - Miami Book Fair<\/title>\n<meta name=\"robots\" content=\"index, follow, max-snippet:-1, max-image-preview:large, max-video-preview:-1\" \/>\n<link rel=\"canonical\" href=\"https:\/\/miamibookfair.com\/ht\/event\/haitian-health-mind-body-community\/\" \/>\n<meta property=\"og:locale\" content=\"ht_HT\" \/>\n<meta property=\"og:type\" content=\"article\" \/>\n<meta property=\"og:title\" content=\"Haitian Health: Mind, Body &amp; Community - Miami Book Fair\" \/>\n<meta property=\"og:description\" content=\"Haitian Health: Mind, Body &amp; Community, with\u00a0Dr. Judite Blanc,\u00a0Dr. Jean-Baptiste Charlot, and\u00a0Dr. Angelo Gousse. A discussion on mental wellness, physical health, and the cultural factors shaping healing and resilience in Haitian communities. Moderated by\u00a0Carel Pedre, host of\u00a0Chokarella.\u00a0 In English. &nbsp;\" \/>\n<meta property=\"og:url\" content=\"https:\/\/miamibookfair.com\/ht\/event\/haitian-health-mind-body-community\/\" \/>\n<meta property=\"og:site_name\" content=\"Miami Book Fair\" \/>\n<meta property=\"article:modified_time\" content=\"2026-04-24T17:48:54+00:00\" \/>\n<meta property=\"og:image\" content=\"https:\/\/miamibookfair.com\/wp-content\/uploads\/LHBF-Place-Holder-2026_600.jpg\" \/>\n\t<meta property=\"og:image:width\" content=\"600\" \/>\n\t<meta property=\"og:image:height\" content=\"600\" \/>\n\t<meta property=\"og:image:type\" content=\"image\/jpeg\" \/>\n<meta name=\"twitter:card\" content=\"summary_large_image\" \/>\n<meta name=\"twitter:label1\" content=\"Est. reading time\" \/>\n\t<meta name=\"twitter:data1\" content=\"1 minute\" \/>\n<script type=\"application\/ld+json\" class=\"yoast-schema-graph\">{\"@context\":\"https:\\\/\\\/schema.org\",\"@graph\":[{\"@type\":\"WebPage\",\"@id\":\"https:\\\/\\\/miamibookfair.com\\\/event\\\/haitian-health-mind-body-community\\\/\",\"url\":\"https:\\\/\\\/miamibookfair.com\\\/event\\\/haitian-health-mind-body-community\\\/\",\"name\":\"Haitian Health: Mind, Body & Community - Miami Book Fair\",\"isPartOf\":{\"@id\":\"https:\\\/\\\/miamibookfair.com\\\/#website\"},\"primaryImageOfPage\":{\"@id\":\"https:\\\/\\\/miamibookfair.com\\\/event\\\/haitian-health-mind-body-community\\\/#primaryimage\"},\"image\":{\"@id\":\"https:\\\/\\\/miamibookfair.com\\\/event\\\/haitian-health-mind-body-community\\\/#primaryimage\"},\"thumbnailUrl\":\"https:\\\/\\\/miamibookfair.com\\\/wp-content\\\/uploads\\\/LHBF-Place-Holder-2026_600.jpg\",\"datePublished\":\"2026-04-24T17:42:17+00:00\",\"dateModified\":\"2026-04-24T17:48:54+00:00\",\"breadcrumb\":{\"@id\":\"https:\\\/\\\/miamibookfair.com\\\/event\\\/haitian-health-mind-body-community\\\/#breadcrumb\"},\"inLanguage\":\"ht\",\"potentialAction\":[{\"@type\":\"ReadAction\",\"target\":[\"https:\\\/\\\/miamibookfair.com\\\/event\\\/haitian-health-mind-body-community\\\/\"]}]},{\"@type\":\"ImageObject\",\"inLanguage\":\"ht\",\"@id\":\"https:\\\/\\\/miamibookfair.com\\\/event\\\/haitian-health-mind-body-community\\\/#primaryimage\",\"url\":\"https:\\\/\\\/miamibookfair.com\\\/wp-content\\\/uploads\\\/LHBF-Place-Holder-2026_600.jpg\",\"contentUrl\":\"https:\\\/\\\/miamibookfair.com\\\/wp-content\\\/uploads\\\/LHBF-Place-Holder-2026_600.jpg\",\"width\":600,\"height\":600,\"caption\":\"LHBF-Place-Holder\"},{\"@type\":\"BreadcrumbList\",\"@id\":\"https:\\\/\\\/miamibookfair.com\\\/event\\\/haitian-health-mind-body-community\\\/#breadcrumb\",\"itemListElement\":[{\"@type\":\"ListItem\",\"position\":1,\"name\":\"Home\",\"item\":\"https:\\\/\\\/miamibookfair.com\\\/\"},{\"@type\":\"ListItem\",\"position\":2,\"name\":\"Events\",\"item\":\"https:\\\/\\\/miamibookfair.com\\\/events\\\/\"},{\"@type\":\"ListItem\",\"position\":3,\"name\":\"Haitian Health: Mind, Body &#038; Community\"}]},{\"@type\":\"WebSite\",\"@id\":\"https:\\\/\\\/miamibookfair.com\\\/#website\",\"url\":\"https:\\\/\\\/miamibookfair.com\\\/\",\"name\":\"Miami Book Fair\",\"description\":\"\",\"potentialAction\":[{\"@type\":\"SearchAction\",\"target\":{\"@type\":\"EntryPoint\",\"urlTemplate\":\"https:\\\/\\\/miamibookfair.com\\\/?s={search_term_string}\"},\"query-input\":{\"@type\":\"PropertyValueSpecification\",\"valueRequired\":true,\"valueName\":\"search_term_string\"}}],\"inLanguage\":\"ht\"}]}<\/script>\n<!-- \/ Yoast SEO plugin. -->","yoast_head_json":{"title":"Haitian Health: Mind, Body & Community - Miami Book Fair","robots":{"index":"index","follow":"follow","max-snippet":"max-snippet:-1","max-image-preview":"max-image-preview:large","max-video-preview":"max-video-preview:-1"},"canonical":"https:\/\/miamibookfair.com\/ht\/event\/haitian-health-mind-body-community\/","og_locale":"ht_HT","og_type":"article","og_title":"Haitian Health: Mind, Body & Community - Miami Book Fair","og_description":"Haitian Health: Mind, Body &amp; Community, with\u00a0Dr. Judite Blanc,\u00a0Dr. Jean-Baptiste Charlot, and\u00a0Dr. Angelo Gousse. A discussion on mental wellness, physical health, and the cultural factors shaping healing and resilience in Haitian communities. Moderated by\u00a0Carel Pedre, host of\u00a0Chokarella.\u00a0 In English. &nbsp;","og_url":"https:\/\/miamibookfair.com\/ht\/event\/haitian-health-mind-body-community\/","og_site_name":"Miami Book Fair","article_modified_time":"2026-04-24T17:48:54+00:00","og_image":[{"width":600,"height":600,"url":"https:\/\/miamibookfair.com\/wp-content\/uploads\/LHBF-Place-Holder-2026_600.jpg","type":"image\/jpeg"}],"twitter_card":"summary_large_image","twitter_misc":{"Est. reading time":"1 minute"},"schema":{"@context":"https:\/\/schema.org","@graph":[{"@type":"WebPage","@id":"https:\/\/miamibookfair.com\/event\/haitian-health-mind-body-community\/","url":"https:\/\/miamibookfair.com\/event\/haitian-health-mind-body-community\/","name":"Haitian Health: Mind, Body & Community - Miami Book Fair","isPartOf":{"@id":"https:\/\/miamibookfair.com\/#website"},"primaryImageOfPage":{"@id":"https:\/\/miamibookfair.com\/event\/haitian-health-mind-body-community\/#primaryimage"},"image":{"@id":"https:\/\/miamibookfair.com\/event\/haitian-health-mind-body-community\/#primaryimage"},"thumbnailUrl":"https:\/\/miamibookfair.com\/wp-content\/uploads\/LHBF-Place-Holder-2026_600.jpg","datePublished":"2026-04-24T17:42:17+00:00","dateModified":"2026-04-24T17:48:54+00:00","breadcrumb":{"@id":"https:\/\/miamibookfair.com\/event\/haitian-health-mind-body-community\/#breadcrumb"},"inLanguage":"ht","potentialAction":[{"@type":"ReadAction","target":["https:\/\/miamibookfair.com\/event\/haitian-health-mind-body-community\/"]}]},{"@type":"ImageObject","inLanguage":"ht","@id":"https:\/\/miamibookfair.com\/event\/haitian-health-mind-body-community\/#primaryimage","url":"https:\/\/miamibookfair.com\/wp-content\/uploads\/LHBF-Place-Holder-2026_600.jpg","contentUrl":"https:\/\/miamibookfair.com\/wp-content\/uploads\/LHBF-Place-Holder-2026_600.jpg","width":600,"height":600,"caption":"LHBF-Place-Holder"},{"@type":"BreadcrumbList","@id":"https:\/\/miamibookfair.com\/event\/haitian-health-mind-body-community\/#breadcrumb","itemListElement":[{"@type":"ListItem","position":1,"name":"Home","item":"https:\/\/miamibookfair.com\/"},{"@type":"ListItem","position":2,"name":"Events","item":"https:\/\/miamibookfair.com\/events\/"},{"@type":"ListItem","position":3,"name":"Haitian Health: Mind, Body &#038; Community"}]},{"@type":"WebSite","@id":"https:\/\/miamibookfair.com\/#website","url":"https:\/\/miamibookfair.com\/","name":"Miami Book Fair","description":"","potentialAction":[{"@type":"SearchAction","target":{"@type":"EntryPoint","urlTemplate":"https:\/\/miamibookfair.com\/?s={search_term_string}"},"query-input":{"@type":"PropertyValueSpecification","valueRequired":true,"valueName":"search_term_string"}}],"inLanguage":"ht"}]}},"_links":{"self":[{"href":"http:\/\/miamibookfair.com\/ht\/wp-json\/wp\/v2\/mec-events\/39006","targetHints":{"allow":["GET"]}}],"collection":[{"href":"http:\/\/miamibookfair.com\/ht\/wp-json\/wp\/v2\/mec-events"}],"about":[{"href":"http:\/\/miamibookfair.com\/ht\/wp-json\/wp\/v2\/types\/mec-events"}],"author":[{"embeddable":true,"href":"http:\/\/miamibookfair.com\/ht\/wp-json\/wp\/v2\/users\/9"}],"version-history":[{"count":0,"href":"http:\/\/miamibookfair.com\/ht\/wp-json\/wp\/v2\/mec-events\/39006\/revisions"}],"wp:featuredmedia":[{"embeddable":true,"href":"http:\/\/miamibookfair.com\/ht\/wp-json\/wp\/v2\/media\/39009"}],"wp:attachment":[{"href":"http:\/\/miamibookfair.com\/ht\/wp-json\/wp\/v2\/media?parent=39006"}],"wp:term":[{"taxonomy":"post_tag","embeddable":true,"href":"http:\/\/miamibookfair.com\/ht\/wp-json\/wp\/v2\/tags?post=39006"},{"taxonomy":"event-format","embeddable":true,"href":"http:\/\/miamibookfair.com\/ht\/wp-json\/wp\/v2\/event-format?post=39006"},{"taxonomy":"event-genre","embeddable":true,"href":"http:\/\/miamibookfair.com\/ht\/wp-json\/wp\/v2\/event-genre?post=39006"},{"taxonomy":"event-language","embeddable":true,"href":"http:\/\/miamibookfair.com\/ht\/wp-json\/wp\/v2\/event-language?post=39006"},{"taxonomy":"event-on-demand-status","embeddable":true,"href":"http:\/\/miamibookfair.com\/ht\/wp-json\/wp\/v2\/event-on-demand-status?post=39006"},{"taxonomy":"event-topic","embeddable":true,"href":"http:\/\/miamibookfair.com\/ht\/wp-json\/wp\/v2\/event-topic?post=39006"},{"taxonomy":"event-type","embeddable":true,"href":"http:\/\/miamibookfair.com\/ht\/wp-json\/wp\/v2\/event-type?post=39006"},{"taxonomy":"featured-image-status","embeddable":true,"href":"http:\/\/miamibookfair.com\/ht\/wp-json\/wp\/v2\/featured-image-status?post=39006"},{"taxonomy":"program-name","embeddable":true,"href":"http:\/\/miamibookfair.com\/ht\/wp-json\/wp\/v2\/program-name?post=39006"},{"taxonomy":"mec_category","embeddable":true,"href":"http:\/\/miamibookfair.com\/ht\/wp-json\/wp\/v2\/mec_category?post=39006"}],"curies":[{"name":"wp","href":"https:\/\/api.w.org\/{rel}","templated":true}]}},{"id":39004,"date":"2026-04-24T13:26:42","date_gmt":"2026-04-24T17:26:42","guid":{"rendered":"https:\/\/miamibookfair.com\/?post_type=mec-events&#038;p=39004"},"modified":"2026-04-24T13:34:49","modified_gmt":"2026-04-24T17:34:49","slug":"celebrate-score-with-kennedy-ryan-in-miami","status":"publish","type":"mec-events","link":"http:\/\/miamibookfair.com\/ht\/event\/celebrate-score-with-kennedy-ryan-in-miami\/","title":{"rendered":"Celebrate Score with Kennedy Ryan in Miami!"},"content":{"rendered":"<div data-elementor-type=\"wp-post\" data-elementor-id=\"39004\" class=\"elementor elementor-39004\" data-elementor-post-type=\"mec-events\">\n\t\t\t\t<div class=\"elementor-element elementor-element-1f2e1c6 e-flex e-con-boxed e-con e-parent\" data-id=\"1f2e1c6\" data-element_type=\"container\" data-e-type=\"container\">\n\t\t\t\t\t<div class=\"e-con-inner\">\n\t\t\t\t<div class=\"elementor-element elementor-element-209b61d elementor-widget elementor-widget-text-editor\" data-id=\"209b61d\" data-element_type=\"widget\" data-e-type=\"widget\" data-widget_type=\"text-editor.default\">\n\t\t\t\t\t\t<div class=\"elementor-widget-container\">\n\t\t\t\t\t\t\t\t\t<p>Join us for a special evening with author Kennedy Ryan and content creatiors and podcasters, Jourdan and Jordana\u00e9, for the release of Kennedy&#8217;s book, <em>Score<\/em> .<\/p><p><strong>Ticket i<span style=\"font-family: -apple-system, BlinkMacSystemFont, 'Segoe UI', Roboto, 'Helvetica Neue', Arial, 'Noto Sans', sans-serif, 'Apple Color Emoji', 'Segoe UI Emoji', 'Segoe UI Symbol', 'Noto Color Emoji';\">ncludes a paperback copy of\u00a0<\/span><i style=\"font-family: -apple-system, BlinkMacSystemFont, 'Segoe UI', Roboto, 'Helvetica Neue', Arial, 'Noto Sans', sans-serif, 'Apple Color Emoji', 'Segoe UI Emoji', 'Segoe UI Symbol', 'Noto Color Emoji';\">Score.<\/i><\/strong><\/p>\t\t\t\t\t\t\t\t<\/div>\n\t\t\t\t<\/div>\n\t\t\t\t\t<\/div>\n\t\t\t\t<\/div>\n\t\t<div class=\"elementor-element elementor-element-6628b09 e-flex e-con-boxed e-con e-parent\" data-id=\"6628b09\" data-element_type=\"container\" data-e-type=\"container\">\n\t\t\t\t\t<div class=\"e-con-inner\">\n\t\t\t\t<div class=\"elementor-element elementor-element-bfe9fa5 elementor-align-left elementor-widget elementor-widget-button\" data-id=\"bfe9fa5\" data-element_type=\"widget\" data-e-type=\"widget\" data-widget_type=\"button.default\">\n\t\t\t\t\t\t<div class=\"elementor-widget-container\">\n\t\t\t\t\t\t\t\t\t<div class=\"elementor-button-wrapper\">\n\t\t\t\t\t<a class=\"elementor-button elementor-button-link elementor-size-sm\" href=\"https:\/\/steamylitbookstore.com\/products\/celebrate-score-with-kennedy-ryan-in-miami?srsltid=AfmBOoqUwsJpse9Vythndf0b87LjrCuyKCDVgBilnZ1W9nG-BOnUMtR7\">\n\t\t\t\t\t\t<span class=\"elementor-button-content-wrapper\">\n\t\t\t\t\t\t<span class=\"elementor-button-icon\">\n\t\t\t\t<i aria-hidden=\"true\" class=\"fas fa-ticket-alt\"><\/i>\t\t\t<\/span>\n\t\t\t\t\t\t\t\t\t<span class=\"elementor-button-text\">Buy Ticket<\/span>\n\t\t\t\t\t<\/span>\n\t\t\t\t\t<\/a>\n\t\t\t\t<\/div>\n\t\t\t\t\t\t\t\t<\/div>\n\t\t\t\t<\/div>\n\t\t\t\t<div class=\"elementor-element elementor-element-ba0a81c elementor-widget elementor-widget-spacer\" data-id=\"ba0a81c\" data-element_type=\"widget\" data-e-type=\"widget\" data-widget_type=\"spacer.default\">\n\t\t\t\t\t\t<div class=\"elementor-widget-container\">\n\t\t\t\t\t\t\t<div class=\"elementor-spacer\">\n\t\t\t<div class=\"elementor-spacer-inner\"><\/div>\n\t\t<\/div>\n\t\t\t\t\t\t<\/div>\n\t\t\t\t<\/div>\n\t\t\t\t\t<\/div>\n\t\t\t\t<\/div>\n\t\t<div class=\"elementor-element elementor-element-5f62b7d e-flex e-con-boxed e-con e-parent\" data-id=\"5f62b7d\" data-element_type=\"container\" data-e-type=\"container\">\n\t\t\t\t\t<div class=\"e-con-inner\">\n\t\t\t\t<div class=\"elementor-element elementor-element-33e71f3a elementor-widget elementor-widget-text-editor\" data-id=\"33e71f3a\" data-element_type=\"widget\" data-e-type=\"widget\" data-widget_type=\"text-editor.default\">\n\t\t\t\t\t\t<div class=\"elementor-widget-container\">\n\t\t\t\t\t\t\t\t\t<div class=\"product__description rte quick-add-hidden\"><div class=\"ai-truncate__contents\"><p><b>A scorching second-chance romance between a talented screenwriter and a phenomenal musician from the\u00a0<i>New York Times<\/i>\u00a0ot\u00e8 ki pi vann\u00a0<i>Before I Let Go<\/i>.<br \/><\/b><br \/>You never forget your first love. Isn\u2019t that what they say? Verity Hill knows this truth intimately. She didn\u2019t simply miss Wright \u201cMonk\u201d Bellamy when they parted ways in college. She\u2019s haunted by his touch. Every kiss, any lover since\u2014it\u2019s a shadow of what they had.Time heals all wounds. Isn\u2019t that what they say? Monk doesn\u2019t believe that for a second. He wasn\u2019t simply betrayed when he and Verity split. He was devastated, with parts of him left behind in the ruins of all that was destroyed.<\/p><p>More than a decade after their disastrous breakup, Verity and Monk must work together on the set of an epic Harlem Renaissance biopic. With Monk, now a world-class musician, creating the score, and Verity, an award-winning screenwriter, penning the script, there\u2019s Oscar buzz before shooting even begins. This once-in-a-lifetime project could catapult them both to new heights, but can they can put the past behind them for the sake of the film \u2026 for the sake of something more?<\/p><\/div><div><em>New York Times<\/em> epi <em>Etazini Jodi a<\/em> ot\u00e8 ki pi vann <strong>Kennedy Ryan<\/strong> writes for women from all walks of life, empowering them and placing them firmly at the center of each story and in charge of their own destinies. An <em>EBONY<\/em> Power 100 Honoree, Kennedy and her writings have been featured in NPR, <em>Entertainment Weekly<\/em>, <em>Etazini Jodi a<\/em>, <em>Glamour<\/em>, <em>Cosmo<\/em>, <em>Tan<\/em>, and many others. Kennedy is an executive producer for her Skyland series, which is currently in development for television at Peacock. The cofounder of LIFT 4 Autism, an annual charitable book auction, Kennedy has a passion for raising Autism awareness. Dubbed the Queen of Hugs by her readers, she is a wife to her \u201clifetime lover\u201d and mother to an extraordinary son.<\/div><p><strong>Jourdan and Jordana\u00e9<\/strong> are two content creators who connected through their love for Black Romance and community. The duo partnered to curate and host a Valentine\u2019s Day Bookstore Crawl in NYC, taking a group of diverse readers to six indie bookstores. They recently launched their podcast, Just Audacity, which is centered on adult friendship, intentional connections and brand building.<\/p><hr \/><p><strong>All books will be pre-signed by Kennedy.\u00a0<\/strong><b>There will not be a traditional meet and greet. The event will include a modified photo op with the author, special photo op for you and your friends, and a few other surprises.<\/b><\/p><p><b>There won&#8217;t be personalization or signing of additional books.\u00a0<\/b><\/p><p>Yon fwa ou achte yon tik\u00e8, w ap resevwa yon nimewo konfimasyon e se li menm ki p\u00e8m\u00e8t ou antre nan ev\u00e8nman an. Li pral par\u00e8t k\u00f2m Order # sou paj konfimasyon an.<\/p><p><strong>Tik\u00e8 a pa ranbousab. Si w gen nenp\u00f2t kesyon, tanpri voye yon im\u00e8l. <a href=\"mailto:hello@steamylit.com\">hello@steamylit.com<\/a><\/strong><\/p><p>One ticket = one person. Your purchase confirmation is your ticket to the event. Event tickets are non-refundable and non-transferable. For our full event policy and information, please visit our FAQ page or store policy on our website!<\/p><\/div>\t\t\t\t\t\t\t\t<\/div>\n\t\t\t\t<\/div>\n\t\t\t\t\t<\/div>\n\t\t\t\t<\/div>\n\t\t\t\t<\/div>","protected":false},"excerpt":{"rendered":"<p>Join us for a special evening with author Kennedy Ryan and content creatiors and podcasters, Jourdan and Jordana\u00e9, for the release of Kennedy&#8217;s book, Score . Ticket includes a paperback copy of\u00a0Score. Buy Ticket A scorching second-chance romance between a talented screenwriter and a phenomenal musician from the\u00a0New York Times\u00a0bestselling author of\u00a0Before I Let Go.You [&hellip;]<\/p>\n","protected":false},"author":8,"featured_media":39005,"template":"","meta":{"_acf_changed":false,"_links_to":"","_links_to_target":""},"tags":[],"event-format":[54,51],"event-genre":[55],"event-language":[63],"event-on-demand-status":[],"event-topic":[469],"event-type":[95],"featured-image-status":[],"program-name":[],"mec_category":[],"class_list":["post-39004","mec-events","type-mec-events","status-publish","has-post-thumbnail","hentry","event-format-discussion","event-format-reading","event-genre-fiction","event-language-english","event-topic-romance","event-type-year-round-events"],"acf":[],"yoast_head":"<!-- This site is optimized with the Yoast SEO plugin v27.4 - https:\/\/yoast.com\/product\/yoast-seo-wordpress\/ -->\n<title>Celebrate Score with Kennedy Ryan in Miami! - Miami Book Fair<\/title>\n<meta name=\"robots\" content=\"index, follow, max-snippet:-1, max-image-preview:large, max-video-preview:-1\" \/>\n<link rel=\"canonical\" href=\"https:\/\/miamibookfair.com\/ht\/event\/celebrate-score-with-kennedy-ryan-in-miami\/\" \/>\n<meta property=\"og:locale\" content=\"ht_HT\" \/>\n<meta property=\"og:type\" content=\"article\" \/>\n<meta property=\"og:title\" content=\"Celebrate Score with Kennedy Ryan in Miami! - Miami Book Fair\" \/>\n<meta property=\"og:description\" content=\"Join us for a special evening with author Kennedy Ryan and content creatiors and podcasters, Jourdan and Jordana\u00e9, for the release of Kennedy&#8217;s book, Score . Ticket includes a paperback copy of\u00a0Score. Buy Ticket A scorching second-chance romance between a talented screenwriter and a phenomenal musician from the\u00a0New York Times\u00a0bestselling author of\u00a0Before I Let Go.You [&hellip;]\" \/>\n<meta property=\"og:url\" content=\"https:\/\/miamibookfair.com\/ht\/event\/celebrate-score-with-kennedy-ryan-in-miami\/\" \/>\n<meta property=\"og:site_name\" content=\"Miami Book Fair\" \/>\n<meta property=\"article:modified_time\" content=\"2026-04-24T17:34:49+00:00\" \/>\n<meta property=\"og:image\" content=\"https:\/\/miamibookfair.com\/wp-content\/uploads\/kennedy-ryan.jpg\" \/>\n\t<meta property=\"og:image:width\" content=\"600\" \/>\n\t<meta property=\"og:image:height\" content=\"600\" \/>\n\t<meta property=\"og:image:type\" content=\"image\/jpeg\" \/>\n<meta name=\"twitter:card\" content=\"summary_large_image\" \/>\n<meta name=\"twitter:label1\" content=\"Est. reading time\" \/>\n\t<meta name=\"twitter:data1\" content=\"3 minutes\" \/>\n<script type=\"application\/ld+json\" class=\"yoast-schema-graph\">{\"@context\":\"https:\\\/\\\/schema.org\",\"@graph\":[{\"@type\":\"WebPage\",\"@id\":\"https:\\\/\\\/miamibookfair.com\\\/event\\\/celebrate-score-with-kennedy-ryan-in-miami\\\/\",\"url\":\"https:\\\/\\\/miamibookfair.com\\\/event\\\/celebrate-score-with-kennedy-ryan-in-miami\\\/\",\"name\":\"Celebrate Score with Kennedy Ryan in Miami! - Miami Book Fair\",\"isPartOf\":{\"@id\":\"https:\\\/\\\/miamibookfair.com\\\/#website\"},\"primaryImageOfPage\":{\"@id\":\"https:\\\/\\\/miamibookfair.com\\\/event\\\/celebrate-score-with-kennedy-ryan-in-miami\\\/#primaryimage\"},\"image\":{\"@id\":\"https:\\\/\\\/miamibookfair.com\\\/event\\\/celebrate-score-with-kennedy-ryan-in-miami\\\/#primaryimage\"},\"thumbnailUrl\":\"https:\\\/\\\/miamibookfair.com\\\/wp-content\\\/uploads\\\/kennedy-ryan.jpg\",\"datePublished\":\"2026-04-24T17:26:42+00:00\",\"dateModified\":\"2026-04-24T17:34:49+00:00\",\"breadcrumb\":{\"@id\":\"https:\\\/\\\/miamibookfair.com\\\/event\\\/celebrate-score-with-kennedy-ryan-in-miami\\\/#breadcrumb\"},\"inLanguage\":\"ht\",\"potentialAction\":[{\"@type\":\"ReadAction\",\"target\":[\"https:\\\/\\\/miamibookfair.com\\\/event\\\/celebrate-score-with-kennedy-ryan-in-miami\\\/\"]}]},{\"@type\":\"ImageObject\",\"inLanguage\":\"ht\",\"@id\":\"https:\\\/\\\/miamibookfair.com\\\/event\\\/celebrate-score-with-kennedy-ryan-in-miami\\\/#primaryimage\",\"url\":\"https:\\\/\\\/miamibookfair.com\\\/wp-content\\\/uploads\\\/kennedy-ryan.jpg\",\"contentUrl\":\"https:\\\/\\\/miamibookfair.com\\\/wp-content\\\/uploads\\\/kennedy-ryan.jpg\",\"width\":600,\"height\":600,\"caption\":\"Kennedy Ryan\"},{\"@type\":\"BreadcrumbList\",\"@id\":\"https:\\\/\\\/miamibookfair.com\\\/event\\\/celebrate-score-with-kennedy-ryan-in-miami\\\/#breadcrumb\",\"itemListElement\":[{\"@type\":\"ListItem\",\"position\":1,\"name\":\"Home\",\"item\":\"https:\\\/\\\/miamibookfair.com\\\/\"},{\"@type\":\"ListItem\",\"position\":2,\"name\":\"Events\",\"item\":\"https:\\\/\\\/miamibookfair.com\\\/events\\\/\"},{\"@type\":\"ListItem\",\"position\":3,\"name\":\"Celebrate Score with Kennedy Ryan in Miami!\"}]},{\"@type\":\"WebSite\",\"@id\":\"https:\\\/\\\/miamibookfair.com\\\/#website\",\"url\":\"https:\\\/\\\/miamibookfair.com\\\/\",\"name\":\"Miami Book Fair\",\"description\":\"\",\"potentialAction\":[{\"@type\":\"SearchAction\",\"target\":{\"@type\":\"EntryPoint\",\"urlTemplate\":\"https:\\\/\\\/miamibookfair.com\\\/?s={search_term_string}\"},\"query-input\":{\"@type\":\"PropertyValueSpecification\",\"valueRequired\":true,\"valueName\":\"search_term_string\"}}],\"inLanguage\":\"ht\"}]}<\/script>\n<!-- \/ Yoast SEO plugin. -->","yoast_head_json":{"title":"Celebrate Score with Kennedy Ryan in Miami! - Miami Book Fair","robots":{"index":"index","follow":"follow","max-snippet":"max-snippet:-1","max-image-preview":"max-image-preview:large","max-video-preview":"max-video-preview:-1"},"canonical":"https:\/\/miamibookfair.com\/ht\/event\/celebrate-score-with-kennedy-ryan-in-miami\/","og_locale":"ht_HT","og_type":"article","og_title":"Celebrate Score with Kennedy Ryan in Miami! - Miami Book Fair","og_description":"Join us for a special evening with author Kennedy Ryan and content creatiors and podcasters, Jourdan and Jordana\u00e9, for the release of Kennedy&#8217;s book, Score . Ticket includes a paperback copy of\u00a0Score. Buy Ticket A scorching second-chance romance between a talented screenwriter and a phenomenal musician from the\u00a0New York Times\u00a0bestselling author of\u00a0Before I Let Go.You [&hellip;]","og_url":"https:\/\/miamibookfair.com\/ht\/event\/celebrate-score-with-kennedy-ryan-in-miami\/","og_site_name":"Miami Book Fair","article_modified_time":"2026-04-24T17:34:49+00:00","og_image":[{"width":600,"height":600,"url":"https:\/\/miamibookfair.com\/wp-content\/uploads\/kennedy-ryan.jpg","type":"image\/jpeg"}],"twitter_card":"summary_large_image","twitter_misc":{"Est. reading time":"3 minutes"},"schema":{"@context":"https:\/\/schema.org","@graph":[{"@type":"WebPage","@id":"https:\/\/miamibookfair.com\/event\/celebrate-score-with-kennedy-ryan-in-miami\/","url":"https:\/\/miamibookfair.com\/event\/celebrate-score-with-kennedy-ryan-in-miami\/","name":"Celebrate Score with Kennedy Ryan in Miami! - Miami Book Fair","isPartOf":{"@id":"https:\/\/miamibookfair.com\/#website"},"primaryImageOfPage":{"@id":"https:\/\/miamibookfair.com\/event\/celebrate-score-with-kennedy-ryan-in-miami\/#primaryimage"},"image":{"@id":"https:\/\/miamibookfair.com\/event\/celebrate-score-with-kennedy-ryan-in-miami\/#primaryimage"},"thumbnailUrl":"https:\/\/miamibookfair.com\/wp-content\/uploads\/kennedy-ryan.jpg","datePublished":"2026-04-24T17:26:42+00:00","dateModified":"2026-04-24T17:34:49+00:00","breadcrumb":{"@id":"https:\/\/miamibookfair.com\/event\/celebrate-score-with-kennedy-ryan-in-miami\/#breadcrumb"},"inLanguage":"ht","potentialAction":[{"@type":"ReadAction","target":["https:\/\/miamibookfair.com\/event\/celebrate-score-with-kennedy-ryan-in-miami\/"]}]},{"@type":"ImageObject","inLanguage":"ht","@id":"https:\/\/miamibookfair.com\/event\/celebrate-score-with-kennedy-ryan-in-miami\/#primaryimage","url":"https:\/\/miamibookfair.com\/wp-content\/uploads\/kennedy-ryan.jpg","contentUrl":"https:\/\/miamibookfair.com\/wp-content\/uploads\/kennedy-ryan.jpg","width":600,"height":600,"caption":"Kennedy Ryan"},{"@type":"BreadcrumbList","@id":"https:\/\/miamibookfair.com\/event\/celebrate-score-with-kennedy-ryan-in-miami\/#breadcrumb","itemListElement":[{"@type":"ListItem","position":1,"name":"Home","item":"https:\/\/miamibookfair.com\/"},{"@type":"ListItem","position":2,"name":"Events","item":"https:\/\/miamibookfair.com\/events\/"},{"@type":"ListItem","position":3,"name":"Celebrate Score with Kennedy Ryan in Miami!"}]},{"@type":"WebSite","@id":"https:\/\/miamibookfair.com\/#website","url":"https:\/\/miamibookfair.com\/","name":"Miami Book Fair","description":"","potentialAction":[{"@type":"SearchAction","target":{"@type":"EntryPoint","urlTemplate":"https:\/\/miamibookfair.com\/?s={search_term_string}"},"query-input":{"@type":"PropertyValueSpecification","valueRequired":true,"valueName":"search_term_string"}}],"inLanguage":"ht"}]}},"_links":{"self":[{"href":"http:\/\/miamibookfair.com\/ht\/wp-json\/wp\/v2\/mec-events\/39004","targetHints":{"allow":["GET"]}}],"collection":[{"href":"http:\/\/miamibookfair.com\/ht\/wp-json\/wp\/v2\/mec-events"}],"about":[{"href":"http:\/\/miamibookfair.com\/ht\/wp-json\/wp\/v2\/types\/mec-events"}],"author":[{"embeddable":true,"href":"http:\/\/miamibookfair.com\/ht\/wp-json\/wp\/v2\/users\/8"}],"version-history":[{"count":0,"href":"http:\/\/miamibookfair.com\/ht\/wp-json\/wp\/v2\/mec-events\/39004\/revisions"}],"wp:featuredmedia":[{"embeddable":true,"href":"http:\/\/miamibookfair.com\/ht\/wp-json\/wp\/v2\/media\/39005"}],"wp:attachment":[{"href":"http:\/\/miamibookfair.com\/ht\/wp-json\/wp\/v2\/media?parent=39004"}],"wp:term":[{"taxonomy":"post_tag","embeddable":true,"href":"http:\/\/miamibookfair.com\/ht\/wp-json\/wp\/v2\/tags?post=39004"},{"taxonomy":"event-format","embeddable":true,"href":"http:\/\/miamibookfair.com\/ht\/wp-json\/wp\/v2\/event-format?post=39004"},{"taxonomy":"event-genre","embeddable":true,"href":"http:\/\/miamibookfair.com\/ht\/wp-json\/wp\/v2\/event-genre?post=39004"},{"taxonomy":"event-language","embeddable":true,"href":"http:\/\/miamibookfair.com\/ht\/wp-json\/wp\/v2\/event-language?post=39004"},{"taxonomy":"event-on-demand-status","embeddable":true,"href":"http:\/\/miamibookfair.com\/ht\/wp-json\/wp\/v2\/event-on-demand-status?post=39004"},{"taxonomy":"event-topic","embeddable":true,"href":"http:\/\/miamibookfair.com\/ht\/wp-json\/wp\/v2\/event-topic?post=39004"},{"taxonomy":"event-type","embeddable":true,"href":"http:\/\/miamibookfair.com\/ht\/wp-json\/wp\/v2\/event-type?post=39004"},{"taxonomy":"featured-image-status","embeddable":true,"href":"http:\/\/miamibookfair.com\/ht\/wp-json\/wp\/v2\/featured-image-status?post=39004"},{"taxonomy":"program-name","embeddable":true,"href":"http:\/\/miamibookfair.com\/ht\/wp-json\/wp\/v2\/program-name?post=39004"},{"taxonomy":"mec_category","embeddable":true,"href":"http:\/\/miamibookfair.com\/ht\/wp-json\/wp\/v2\/mec_category?post=39004"}],"curies":[{"name":"wp","href":"https:\/\/api.w.org\/{rel}","templated":true}]}}]